{"id":524,"date":"2015-07-15T08:31:22","date_gmt":"2015-07-15T08:31:22","guid":{"rendered":"http:\/\/attractiveservices.co.uk\/se\/flensburg\/?page_id=524"},"modified":"2022-08-07T22:20:49","modified_gmt":"2022-08-07T21:20:49","slug":"gallery","status":"publish","type":"page","link":"https:\/\/bergmuehle-flensburg.com\/?page_id=524","title":{"rendered":"Galerie"},"content":{"rendered":"\r\n<div id=\"sb_instagram\"  class=\"sbi sbi_mob_col_1 sbi_tab_col_2 sbi_col_3 sbi_width_resp\" style=\"padding-bottom: 10px;width: 100%;height: 100%;\" data-feedid=\"*1\"  data-res=\"auto\" data-cols=\"3\" data-colsmobile=\"1\" data-colstablet=\"2\" data-num=\"50\" data-nummobile=\"\" data-shortcode-atts=\"{}\"  data-postid=\"524\" data-locatornonce=\"d60070d8da\" data-sbi-flags=\"favorLocal\">\r\n\t\r\n    <div id=\"sbi_images\"  style=\"padding: 5px;\">\r\n\t\t<div class=\"sbi_item sbi_type_image sbi_new sbi_transition\" id=\"sbi_17991964517347746\" data-date=\"1709571854\">\r\n    <div class=\"sbi_photo_wrap\">\r\n        <a class=\"sbi_photo\" href=\"https:\/\/www.instagram.com\/p\/C4GZxs_Mvjf\/\" target=\"_blank\" rel=\"noopener nofollow\" data-full-res=\"https:\/\/scontent-fra5-1.cdninstagram.com\/v\/t39.30808-6\/429797242_807434881429620_4699529513397134326_n.jpg?_nc_cat=110&#038;ccb=1-7&#038;_nc_sid=18de74&#038;_nc_ohc=fCGqOUiQf6kAX_vZq0u&#038;_nc_oc=AQnC4kNQttzfSdVtrwzSmo-9dPlG0pEzfSryuhERNNOU93Bj0PrNZbocJlXzokQBTvbgpnlKoImanMnm07n_n1-V&#038;_nc_ht=scontent-fra5-1.cdninstagram.com&#038;edm=ANo9K5cEAAAA&#038;oh=00_AfC_cfqjxBsucE6xhB6IQmam1ZB0ZfmfBTRroRF77TfPdA&#038;oe=65EC876C\" data-img-src-set=\"{&quot;d&quot;:&quot;https:\\\/\\\/scontent-fra5-1.cdninstagram.com\\\/v\\\/t39.30808-6\\\/429797242_807434881429620_4699529513397134326_n.jpg?_nc_cat=110&amp;ccb=1-7&amp;_nc_sid=18de74&amp;_nc_ohc=fCGqOUiQf6kAX_vZq0u&amp;_nc_oc=AQnC4kNQttzfSdVtrwzSmo-9dPlG0pEzfSryuhERNNOU93Bj0PrNZbocJlXzokQBTvbgpnlKoImanMnm07n_n1-V&amp;_nc_ht=scontent-fra5-1.cdninstagram.com&amp;edm=ANo9K5cEAAAA&amp;oh=00_AfC_cfqjxBsucE6xhB6IQmam1ZB0ZfmfBTRroRF77TfPdA&amp;oe=65EC876C&quot;,&quot;150&quot;:&quot;https:\\\/\\\/scontent-fra5-1.cdninstagram.com\\\/v\\\/t39.30808-6\\\/429797242_807434881429620_4699529513397134326_n.jpg?_nc_cat=110&amp;ccb=1-7&amp;_nc_sid=18de74&amp;_nc_ohc=fCGqOUiQf6kAX_vZq0u&amp;_nc_oc=AQnC4kNQttzfSdVtrwzSmo-9dPlG0pEzfSryuhERNNOU93Bj0PrNZbocJlXzokQBTvbgpnlKoImanMnm07n_n1-V&amp;_nc_ht=scontent-fra5-1.cdninstagram.com&amp;edm=ANo9K5cEAAAA&amp;oh=00_AfC_cfqjxBsucE6xhB6IQmam1ZB0ZfmfBTRroRF77TfPdA&amp;oe=65EC876C&quot;,&quot;320&quot;:&quot;https:\\\/\\\/scontent-fra5-1.cdninstagram.com\\\/v\\\/t39.30808-6\\\/429797242_807434881429620_4699529513397134326_n.jpg?_nc_cat=110&amp;ccb=1-7&amp;_nc_sid=18de74&amp;_nc_ohc=fCGqOUiQf6kAX_vZq0u&amp;_nc_oc=AQnC4kNQttzfSdVtrwzSmo-9dPlG0pEzfSryuhERNNOU93Bj0PrNZbocJlXzokQBTvbgpnlKoImanMnm07n_n1-V&amp;_nc_ht=scontent-fra5-1.cdninstagram.com&amp;edm=ANo9K5cEAAAA&amp;oh=00_AfC_cfqjxBsucE6xhB6IQmam1ZB0ZfmfBTRroRF77TfPdA&amp;oe=65EC876C&quot;,&quot;640&quot;:&quot;https:\\\/\\\/scontent-fra5-1.cdninstagram.com\\\/v\\\/t39.30808-6\\\/429797242_807434881429620_4699529513397134326_n.jpg?_nc_cat=110&amp;ccb=1-7&amp;_nc_sid=18de74&amp;_nc_ohc=fCGqOUiQf6kAX_vZq0u&amp;_nc_oc=AQnC4kNQttzfSdVtrwzSmo-9dPlG0pEzfSryuhERNNOU93Bj0PrNZbocJlXzokQBTvbgpnlKoImanMnm07n_n1-V&amp;_nc_ht=scontent-fra5-1.cdninstagram.com&amp;edm=ANo9K5cEAAAA&amp;oh=00_AfC_cfqjxBsucE6xhB6IQmam1ZB0ZfmfBTRroRF77TfPdA&amp;oe=65EC876C&quot;}\">\r\n            <span class=\"sbi-screenreader\">Brotgespr\u00e4che in der Bergm\u00fchle\n5. M\u00e4rz 2024, 18<\/span>\r\n            \t                    <img decoding=\"async\" src=\"https:\/\/bergmuehle-flensburg.com\/wp-content\/plugins\/instagram-feed\/img\/placeholder.png\" alt=\"Brotgespr\u00e4che in der Bergm\u00fchle\n5. M\u00e4rz 2024, 18 bis 20 Uhr \n\n\u201eDas wird man(n) ja noch sagen d\u00fcrfen!\u201c \u2013 oder: \u2026Schweigen ist eben doch manchmal \u201egold\u201c\n\nIn Deutschland gibt es rund 3000 verschiedene Brotsorten. Gelegentlich bezeichnet man uns auch als \u201eBrot-Republik-Deutschland\u201c. Wenn Menschen gefragt werden, was sie auf ihrer Reise durch die Welt am meisten vermisst haben, so antworten viele: Schwarzbrot! Wer kennt nicht die Lebensweise: \u201eWelches Brot ich e\u00df, des Lied ich sing!\u201c, \u201eHartes Brot ist nicht hart, kein Brot ist hart!\u201c, \u201eBrot wegwerfen, das ist S\u00fcnde\u201c. \u201eBrot und Salz\u201c werden weltweit als Synonym f\u00fcr \u201eFrieden, Wohlsein, Gastfreundschaft\u201c angesehen und erst \u201ein der Not schmeckt \u2026\u201c\n\nNun \u201elebt der Mensch nicht vom Brot allein\u201c, sondern auch vom Teilen desselben und genau darum geht es bei einem guten Gespr\u00e4ch, dem \u201eGrundlebensmittel\u201c schlechthin. Mitteilen, wonach es mich \u201ehungert\u201c; erkennen was mich \u201es\u00e4ttigt\u201c; verstehen, was wir \u201ebrauchen\u201c; \u2013 darum geht\u2019s in unseren \u201eBrotgespr\u00e4chen\u201c. \n\nKontakt &amp; Infos: Torsten Finger, beratung(at)gmx.de oder Mobil 0178 265 76 59\n\nOrganisiert und unterst\u00fctzt durch: Bergm\u00fchle Flensburg, Internationaler Vers\u00f6hnungsbund (Deutscher Zweig\/RG Nord SH\/HH), Dicker-Willis Koppel e.V., Gemeinwohl\u00f6konomie \u2013 RG Schleswig-Holstein Nord, Adelby1 \u2013 Familienzentrum an der Bergm\u00fchle, Radieschen &amp; Co e.V.\n#brotgespr\u00e4che #flensburg #bergm\u00fchleflensburg #nordstadt #m\u00fchlenladen\">\r\n        <\/a>\r\n    <\/div>\r\n<\/div><div class=\"sbi_item sbi_type_image sbi_new sbi_transition\" id=\"sbi_18016032359502708\" data-date=\"1709145247\">\r\n    <div class=\"sbi_photo_wrap\">\r\n        <a class=\"sbi_photo\" href=\"https:\/\/www.instagram.com\/p\/C35sFrDun9G\/\" target=\"_blank\" rel=\"noopener nofollow\" data-full-res=\"https:\/\/scontent-fra3-1.cdninstagram.com\/v\/t39.30808-6\/429681797_804480008391774_1125154544183435285_n.jpg?_nc_cat=103&#038;ccb=1-7&#038;_nc_sid=18de74&#038;_nc_ohc=D3yheJQ5rqIAX-8z2qq&#038;_nc_ht=scontent-fra3-1.cdninstagram.com&#038;edm=ANo9K5cEAAAA&#038;oh=00_AfAlkVsBpW_atzA5wnrZ47m0ledkdilaKh74ldnK2U1ltg&#038;oe=65ED059F\" data-img-src-set=\"{&quot;d&quot;:&quot;https:\\\/\\\/scontent-fra3-1.cdninstagram.com\\\/v\\\/t39.30808-6\\\/429681797_804480008391774_1125154544183435285_n.jpg?_nc_cat=103&amp;ccb=1-7&amp;_nc_sid=18de74&amp;_nc_ohc=D3yheJQ5rqIAX-8z2qq&amp;_nc_ht=scontent-fra3-1.cdninstagram.com&amp;edm=ANo9K5cEAAAA&amp;oh=00_AfAlkVsBpW_atzA5wnrZ47m0ledkdilaKh74ldnK2U1ltg&amp;oe=65ED059F&quot;,&quot;150&quot;:&quot;https:\\\/\\\/scontent-fra3-1.cdninstagram.com\\\/v\\\/t39.30808-6\\\/429681797_804480008391774_1125154544183435285_n.jpg?_nc_cat=103&amp;ccb=1-7&amp;_nc_sid=18de74&amp;_nc_ohc=D3yheJQ5rqIAX-8z2qq&amp;_nc_ht=scontent-fra3-1.cdninstagram.com&amp;edm=ANo9K5cEAAAA&amp;oh=00_AfAlkVsBpW_atzA5wnrZ47m0ledkdilaKh74ldnK2U1ltg&amp;oe=65ED059F&quot;,&quot;320&quot;:&quot;https:\\\/\\\/scontent-fra3-1.cdninstagram.com\\\/v\\\/t39.30808-6\\\/429681797_804480008391774_1125154544183435285_n.jpg?_nc_cat=103&amp;ccb=1-7&amp;_nc_sid=18de74&amp;_nc_ohc=D3yheJQ5rqIAX-8z2qq&amp;_nc_ht=scontent-fra3-1.cdninstagram.com&amp;edm=ANo9K5cEAAAA&amp;oh=00_AfAlkVsBpW_atzA5wnrZ47m0ledkdilaKh74ldnK2U1ltg&amp;oe=65ED059F&quot;,&quot;640&quot;:&quot;https:\\\/\\\/scontent-fra3-1.cdninstagram.com\\\/v\\\/t39.30808-6\\\/429681797_804480008391774_1125154544183435285_n.jpg?_nc_cat=103&amp;ccb=1-7&amp;_nc_sid=18de74&amp;_nc_ohc=D3yheJQ5rqIAX-8z2qq&amp;_nc_ht=scontent-fra3-1.cdninstagram.com&amp;edm=ANo9K5cEAAAA&amp;oh=00_AfAlkVsBpW_atzA5wnrZ47m0ledkdilaKh74ldnK2U1ltg&amp;oe=65ED059F&quot;}\">\r\n            <span class=\"sbi-screenreader\">Kaffee, Kuchen &amp; Kl\u00f6nschnack: \nDonnerstag, 7. M\u00e4<\/span>\r\n            \t                    <img decoding=\"async\" src=\"https:\/\/bergmuehle-flensburg.com\/wp-content\/plugins\/instagram-feed\/img\/placeholder.png\" alt=\"Kaffee, Kuchen &amp; Kl\u00f6nschnack: \nDonnerstag, 7. M\u00e4rz 2024, 15 Uhr \n\n\u00bbGesundheit \u2013 unser h\u00f6chstes Gut\u00ab\nEin Vortrag von Dr. med. Henning Schmidt\n\nZeitungen und Magazine sind voll von Artikeln und Serien \u00fcber Gesundheit. Kein Tag vergeht ohne Gesundheitssendung im Fernsehen und ohne Arztserien. Kein Tag vergeht ,an dem wir uns nicht neue Krankheiten, neue sensationelle Behandlungsmethoden, Selbstuntersuchungen, alarmierende Erkrankungszahlen, Empfehlungen zu Fitness- und Wellness-Programmen, Veranstaltungen zur Sturzprophylaxen, zur Inkontinenz, zum Schlaganfall \u00fcber Anti-Aging-Ratschl\u00e4ge und Sch\u00f6nheitschirurgie und ein bisschen lieber noch \u00fcber katastrophale \u00e4rztliche und pflegerische Irrt\u00fcmer, Fehler und Vers\u00e4umnisse, oder Ungerechtigkeiten des Gesundheitssystems informieren k\u00f6nnen. Dem Internet k\u00f6nnen wir die neuesten wissenschaftlichen Erkenntnisse entnehmen und uns so bestens gewappnet auf den Besuch unseres Arztes vorbereiten, den wir selbstverst\u00e4ndlich auch aus dem Netz ermittelt oder den Rankinglisten der Medien entnommen haben. Der beste Arzt ist gerade gut genug f\u00fcr uns. Es geht wohl auch kein Tag, an dem wir nicht jemandem Gesundheit w\u00fcnschen oder unsere Gesundheit hinterfragt wird und wir Welt selbst um unsere Gesundheit besorgt sind. Was ist eigentlich Gesundheit, Gesundsein? \n\nWie immer gibt es Kaffee und leckeren Kuchen, meist selbst gebacken und gegen eine kleine Spende serviert. Die Teilnahme ist kostenfrei. Eine Anmeldung ist nicht notwendig. Wir freuen uns auf euch. \n\nEntgegen der Ank\u00fcndigung im neuen Veranstaltungsprogramm der Bergm\u00fchle findet \u00bbKaffee, Kuchen &amp; Kl\u00f6nschnack\u00ab jeweils am 1. und 3. Donnerstag eines Monats statt. Die weiteren Themen werden rechtzeitig bekanntgegeben.\n#Gesundheit #henningschmidt #vortrag #flensburg #bergm\u00fchleflensburg #nordstadt #m\u00fchlenladen\">\r\n        <\/a>\r\n    <\/div>\r\n<\/div><div class=\"sbi_item sbi_type_image sbi_new sbi_transition\" id=\"sbi_18005666750368270\" data-date=\"1708624828\">\r\n    <div class=\"sbi_photo_wrap\">\r\n        <a class=\"sbi_photo\" href=\"https:\/\/www.instagram.com\/p\/C3qLd8ktI1_\/\" target=\"_blank\" rel=\"noopener nofollow\" data-full-res=\"https:\/\/scontent-fra5-2.cdninstagram.com\/v\/t39.30808-6\/409035908_801030225403419_2010652761204772924_n.jpg?_nc_cat=106&#038;ccb=1-7&#038;_nc_sid=18de74&#038;_nc_ohc=4PSc8IOMICEAX8D4JTW&#038;_nc_ht=scontent-fra5-2.cdninstagram.com&#038;edm=ANo9K5cEAAAA&#038;oh=00_AfDd5pvZ9Gx2gjTh_QM8BYfgyQxJyNHc086msGRvWrRZXw&#038;oe=65EE01E8\" data-img-src-set=\"{&quot;d&quot;:&quot;https:\\\/\\\/scontent-fra5-2.cdninstagram.com\\\/v\\\/t39.30808-6\\\/409035908_801030225403419_2010652761204772924_n.jpg?_nc_cat=106&amp;ccb=1-7&amp;_nc_sid=18de74&amp;_nc_ohc=4PSc8IOMICEAX8D4JTW&amp;_nc_ht=scontent-fra5-2.cdninstagram.com&amp;edm=ANo9K5cEAAAA&amp;oh=00_AfDd5pvZ9Gx2gjTh_QM8BYfgyQxJyNHc086msGRvWrRZXw&amp;oe=65EE01E8&quot;,&quot;150&quot;:&quot;https:\\\/\\\/scontent-fra5-2.cdninstagram.com\\\/v\\\/t39.30808-6\\\/409035908_801030225403419_2010652761204772924_n.jpg?_nc_cat=106&amp;ccb=1-7&amp;_nc_sid=18de74&amp;_nc_ohc=4PSc8IOMICEAX8D4JTW&amp;_nc_ht=scontent-fra5-2.cdninstagram.com&amp;edm=ANo9K5cEAAAA&amp;oh=00_AfDd5pvZ9Gx2gjTh_QM8BYfgyQxJyNHc086msGRvWrRZXw&amp;oe=65EE01E8&quot;,&quot;320&quot;:&quot;https:\\\/\\\/scontent-fra5-2.cdninstagram.com\\\/v\\\/t39.30808-6\\\/409035908_801030225403419_2010652761204772924_n.jpg?_nc_cat=106&amp;ccb=1-7&amp;_nc_sid=18de74&amp;_nc_ohc=4PSc8IOMICEAX8D4JTW&amp;_nc_ht=scontent-fra5-2.cdninstagram.com&amp;edm=ANo9K5cEAAAA&amp;oh=00_AfDd5pvZ9Gx2gjTh_QM8BYfgyQxJyNHc086msGRvWrRZXw&amp;oe=65EE01E8&quot;,&quot;640&quot;:&quot;https:\\\/\\\/scontent-fra5-2.cdninstagram.com\\\/v\\\/t39.30808-6\\\/409035908_801030225403419_2010652761204772924_n.jpg?_nc_cat=106&amp;ccb=1-7&amp;_nc_sid=18de74&amp;_nc_ohc=4PSc8IOMICEAX8D4JTW&amp;_nc_ht=scontent-fra5-2.cdninstagram.com&amp;edm=ANo9K5cEAAAA&amp;oh=00_AfDd5pvZ9Gx2gjTh_QM8BYfgyQxJyNHc086msGRvWrRZXw&amp;oe=65EE01E8&quot;}\">\r\n            <span class=\"sbi-screenreader\">\ud83c\udf37Wir freuen uns sehr, dass unser langj\u00e4hriges <\/span>\r\n            \t                    <img decoding=\"async\" src=\"https:\/\/bergmuehle-flensburg.com\/wp-content\/plugins\/instagram-feed\/img\/placeholder.png\" alt=\"\ud83c\udf37Wir freuen uns sehr, dass unser langj\u00e4hriges Mitglied Frau Jutta Rosenthal f\u00fcr Ihr gro\u00dfes ehrenamtliches Engagement, dass Sie in verschiedenen Vereinen des Flensburger Norden (Verein Schutzengel e. V., Rotary Club Flensburg-Nordertor, Verein zur Erhaltung der Bergm\u00fchle e. V.) leistet, mit der Verdienstmedaille des Verdienstordens der Bundesrepublik Deutschland f\u00fcr ehrenamtliches Engagement durch den Ministerpr\u00e4sidenten des Landes Schleswig-Holstein ausgezeichnet wird. Wir m\u00f6chten uns ebenfalls f\u00fcr das Engagement und die tolle Zusammenarbeit bei der Organisation verschiedener Veranstaltungen, insbesondere im Rahmen der \u201eWinterzeit-Aktionen\u201c bedanken. Dadurch war es m\u00f6glich, dass mit den Einnahmen, Spenden und Erl\u00f6sen aus den Events sowie der Tombola verschiedene Vereine und Organisationen wie Schutzengel e. V. , Jugendtreff ADS Speicher, Verein Lichtblick e. V. und die Lebenshilfe e. V. unterst\u00fctzt werden konnten. \nUnser Dank gilt Frau Jutta Rosenthal! \n#juttarosenthal #verdienstmedaillie #ehrenamt #engagement #flensburg #bergm\u00fchleflensburg #nordstadt\">\r\n        <\/a>\r\n    <\/div>\r\n<\/div><div class=\"sbi_item sbi_type_image sbi_new sbi_transition\" id=\"sbi_18000410891396738\" data-date=\"1708455842\">\r\n    <div class=\"sbi_photo_wrap\">\r\n        <a class=\"sbi_photo\" href=\"https:\/\/www.instagram.com\/p\/C3lJJ2OLCR6\/\" target=\"_blank\" rel=\"noopener nofollow\" data-full-res=\"https:\/\/scontent-fra3-1.cdninstagram.com\/v\/t39.30808-6\/424928870_799609082212200_6857200216379440198_n.jpg?_nc_cat=105&#038;ccb=1-7&#038;_nc_sid=18de74&#038;_nc_ohc=Y_qiLFNoDUgAX-OUqg5&#038;_nc_ht=scontent-fra3-1.cdninstagram.com&#038;edm=ANo9K5cEAAAA&#038;oh=00_AfAOR01Jl29RzPTBiUKc6Vljnd5kNbltQReQzJSQ3cFKTg&#038;oe=65ED31AC\" data-img-src-set=\"{&quot;d&quot;:&quot;https:\\\/\\\/scontent-fra3-1.cdninstagram.com\\\/v\\\/t39.30808-6\\\/424928870_799609082212200_6857200216379440198_n.jpg?_nc_cat=105&amp;ccb=1-7&amp;_nc_sid=18de74&amp;_nc_ohc=Y_qiLFNoDUgAX-OUqg5&amp;_nc_ht=scontent-fra3-1.cdninstagram.com&amp;edm=ANo9K5cEAAAA&amp;oh=00_AfAOR01Jl29RzPTBiUKc6Vljnd5kNbltQReQzJSQ3cFKTg&amp;oe=65ED31AC&quot;,&quot;150&quot;:&quot;https:\\\/\\\/scontent-fra3-1.cdninstagram.com\\\/v\\\/t39.30808-6\\\/424928870_799609082212200_6857200216379440198_n.jpg?_nc_cat=105&amp;ccb=1-7&amp;_nc_sid=18de74&amp;_nc_ohc=Y_qiLFNoDUgAX-OUqg5&amp;_nc_ht=scontent-fra3-1.cdninstagram.com&amp;edm=ANo9K5cEAAAA&amp;oh=00_AfAOR01Jl29RzPTBiUKc6Vljnd5kNbltQReQzJSQ3cFKTg&amp;oe=65ED31AC&quot;,&quot;320&quot;:&quot;https:\\\/\\\/scontent-fra3-1.cdninstagram.com\\\/v\\\/t39.30808-6\\\/424928870_799609082212200_6857200216379440198_n.jpg?_nc_cat=105&amp;ccb=1-7&amp;_nc_sid=18de74&amp;_nc_ohc=Y_qiLFNoDUgAX-OUqg5&amp;_nc_ht=scontent-fra3-1.cdninstagram.com&amp;edm=ANo9K5cEAAAA&amp;oh=00_AfAOR01Jl29RzPTBiUKc6Vljnd5kNbltQReQzJSQ3cFKTg&amp;oe=65ED31AC&quot;,&quot;640&quot;:&quot;https:\\\/\\\/scontent-fra3-1.cdninstagram.com\\\/v\\\/t39.30808-6\\\/424928870_799609082212200_6857200216379440198_n.jpg?_nc_cat=105&amp;ccb=1-7&amp;_nc_sid=18de74&amp;_nc_ohc=Y_qiLFNoDUgAX-OUqg5&amp;_nc_ht=scontent-fra3-1.cdninstagram.com&amp;edm=ANo9K5cEAAAA&amp;oh=00_AfAOR01Jl29RzPTBiUKc6Vljnd5kNbltQReQzJSQ3cFKTg&amp;oe=65ED31AC&quot;}\">\r\n            <span class=\"sbi-screenreader\">JAZZ IN DER M\u00dcHLE\nmit J\u00f6rg M\u00fcller-Kern\nMittwoch<\/span>\r\n            \t                    <img decoding=\"async\" src=\"https:\/\/bergmuehle-flensburg.com\/wp-content\/plugins\/instagram-feed\/img\/placeholder.png\" alt=\"JAZZ IN DER M\u00dcHLE\nmit J\u00f6rg M\u00fcller-Kern\nMittwoch, 28. Februar, 2024 um 19.30 Uhr, Hutkonzert\n(Einlass ab 19 Uhr. Es gibt kleine Snacks &amp; Getr\u00e4nke)\nDie Jazzer der Region treffen sich wieder zur Session in der Bergm\u00fchle. Diesmal hat Kontrabassist Kai Stemmler den Trompeter J\u00f6rg M\u00fcller-Kern als Solisten f\u00fcr das Opener-Set eingeladen. Kennengelernt haben sich die beiden schon vor fast 20 Jahren in der Dolleruper Destille bei der \u201eAngelner Jazz-Session\u201c. Daraus ist eine musikalische und pers\u00f6nliche Freundschaft gewachsen. Gemeinsam spielen sie im Trio \u201eChetlag\u201c und immer wieder in unterschiedlichen Projekten. J\u00f6rg ist au\u00dferdem seit Jahren der Lead-Trompeter in der Flensburger \u201eJazzCoast Big Band\u201c. Besucher der Session in der Bergm\u00fchle kennen J\u00f6rg M\u00fcller-Kern bereits gut, da er mit seinem geschmeidigen Trompetenspiel auch bisher schon f\u00fcr das Gelingen der Abende ein entscheidender Gast war. Gespannt sein d\u00fcrfen dennoch alle, denn J\u00f6rg hat angek\u00fcndigt, diesmal nicht nur Trompete zu spielen, sondern auch St\u00fccke zu singen. In der Rhythmusgruppe wird Jens Robbers am Klavier sein. Mit ihm spielen Kontrabassist Kai Stemmler und Drummer Mario Wissmann. Nach der Opener-Serie k\u00f6nnen wieder Jazzmusiker*Innen aller Stilrichtungen dazu kommen!\n\nHinweis: Der Eintritt ist frei, der Hut geht \u02bcrum.\nVorverkauf oder eine Platzreservierung ist nicht m\u00f6glich.\n\nWeitere Termine (jeweils letzter Mittwoch im Monat): 27. M\u00e4rz | 24. April | 29. Mai | 26. Juni\nVeranstalter: Verein zur Erhaltung der Bergm\u00fchle e.V. in Kooperation mit dem Verein Creakult e.V.\n#jazzinderm\u00fchle #j\u00f6rgm\u00fcllerkern #livemusic #konzert #flensburg #bergm\u00fchleflensburg #nordstadt #m\u00fchlenladen #m\u00fchlengenuss\">\r\n        <\/a>\r\n    <\/div>\r\n<\/div><div class=\"sbi_item sbi_type_image sbi_new sbi_transition\" id=\"sbi_18008051237097344\" data-date=\"1708368368\">\r\n    <div class=\"sbi_photo_wrap\">\r\n        <a class=\"sbi_photo\" href=\"https:\/\/www.instagram.com\/p\/C3iiT4hvyp_\/\" target=\"_blank\" rel=\"noopener nofollow\" data-full-res=\"https:\/\/scontent-fra5-1.cdninstagram.com\/v\/t39.30808-6\/428603627_799629388876836_3765708578835025829_n.jpg?_nc_cat=110&#038;ccb=1-7&#038;_nc_sid=18de74&#038;_nc_ohc=WznRfp6QaHkAX_SPBVL&#038;_nc_ht=scontent-fra5-1.cdninstagram.com&#038;edm=ANo9K5cEAAAA&#038;oh=00_AfAFEhRN71U8G2PyJJU7yKfuyPgbKZ1-g8JPS2_qJ9PyHg&#038;oe=65ECB301\" data-img-src-set=\"{&quot;d&quot;:&quot;https:\\\/\\\/scontent-fra5-1.cdninstagram.com\\\/v\\\/t39.30808-6\\\/428603627_799629388876836_3765708578835025829_n.jpg?_nc_cat=110&amp;ccb=1-7&amp;_nc_sid=18de74&amp;_nc_ohc=WznRfp6QaHkAX_SPBVL&amp;_nc_ht=scontent-fra5-1.cdninstagram.com&amp;edm=ANo9K5cEAAAA&amp;oh=00_AfAFEhRN71U8G2PyJJU7yKfuyPgbKZ1-g8JPS2_qJ9PyHg&amp;oe=65ECB301&quot;,&quot;150&quot;:&quot;https:\\\/\\\/scontent-fra5-1.cdninstagram.com\\\/v\\\/t39.30808-6\\\/428603627_799629388876836_3765708578835025829_n.jpg?_nc_cat=110&amp;ccb=1-7&amp;_nc_sid=18de74&amp;_nc_ohc=WznRfp6QaHkAX_SPBVL&amp;_nc_ht=scontent-fra5-1.cdninstagram.com&amp;edm=ANo9K5cEAAAA&amp;oh=00_AfAFEhRN71U8G2PyJJU7yKfuyPgbKZ1-g8JPS2_qJ9PyHg&amp;oe=65ECB301&quot;,&quot;320&quot;:&quot;https:\\\/\\\/scontent-fra5-1.cdninstagram.com\\\/v\\\/t39.30808-6\\\/428603627_799629388876836_3765708578835025829_n.jpg?_nc_cat=110&amp;ccb=1-7&amp;_nc_sid=18de74&amp;_nc_ohc=WznRfp6QaHkAX_SPBVL&amp;_nc_ht=scontent-fra5-1.cdninstagram.com&amp;edm=ANo9K5cEAAAA&amp;oh=00_AfAFEhRN71U8G2PyJJU7yKfuyPgbKZ1-g8JPS2_qJ9PyHg&amp;oe=65ECB301&quot;,&quot;640&quot;:&quot;https:\\\/\\\/scontent-fra5-1.cdninstagram.com\\\/v\\\/t39.30808-6\\\/428603627_799629388876836_3765708578835025829_n.jpg?_nc_cat=110&amp;ccb=1-7&amp;_nc_sid=18de74&amp;_nc_ohc=WznRfp6QaHkAX_SPBVL&amp;_nc_ht=scontent-fra5-1.cdninstagram.com&amp;edm=ANo9K5cEAAAA&amp;oh=00_AfAFEhRN71U8G2PyJJU7yKfuyPgbKZ1-g8JPS2_qJ9PyHg&amp;oe=65ECB301&quot;}\">\r\n            <span class=\"sbi-screenreader\">Live in der Bergm\u00fchle:\nTHE WOODYS\nFreitag, 1. M\u00e4<\/span>\r\n            \t                    <img decoding=\"async\" src=\"https:\/\/bergmuehle-flensburg.com\/wp-content\/plugins\/instagram-feed\/img\/placeholder.png\" alt=\"Live in der Bergm\u00fchle:\nTHE WOODYS\nFreitag, 1. M\u00e4rz 2024 um 20 Uhr, Hutkonzert \n(Einlass ab 19 Uhr. Wie immer gibt es kleine Snacks &amp; Getr\u00e4nke)\n\nThe Woodys, die Americana-Band von der Flensburger F\u00f6rde: Bodenst\u00e4ndigkeit und ehrliche, handgemachte Musik. Seit vielen Jahren stehen sie auf den B\u00fchnen und bearbeiten das musikalische Feld zwischen Rockabilly, Rhythm &amp; Blues, Country und Polka. Auf Festivals, in Kneipen und Konzerts\u00e4len stellen sie ihre Live-Qualit\u00e4t unter Beweis. Mit Liebe zur Musik, elektrischen &amp; akustischen Instrumenten, verschiedenen Gesangsstimmen und Spielfreude ist es den Woodys ein brennendes Bed\u00fcrfnis, Jung und Alt und alles dazwischen mitzurei\u00dfen und in Feierlaune zu versetzen. \n\nDer Eintritt ist frei. Der Hut geht \u2019rum.\nVorverkauf oder Platzreservierung ist nicht m\u00f6glich. \n#thewoodys #livemusic #konzert #flensburg #bergm\u00fchleflensburg #nordstadt #m\u00fchlengenuss #m\u00fchlenladen\">\r\n        <\/a>\r\n    <\/div>\r\n<\/div><div class=\"sbi_item sbi_type_image sbi_new sbi_transition\" id=\"sbi_18307737625127304\" data-date=\"1708022231\">\r\n    <div class=\"sbi_photo_wrap\">\r\n        <a class=\"sbi_photo\" href=\"https:\/\/www.instagram.com\/p\/C3YOGyXvwSf\/\" target=\"_blank\" rel=\"noopener nofollow\" data-full-res=\"https:\/\/scontent-fra5-1.cdninstagram.com\/v\/t39.30808-6\/426489448_797291505777291_5298383048074197418_n.jpg?_nc_cat=100&#038;ccb=1-7&#038;_nc_sid=18de74&#038;_nc_ohc=-xTah_xcNtkAX8bC1OI&#038;_nc_ht=scontent-fra5-1.cdninstagram.com&#038;edm=ANo9K5cEAAAA&#038;oh=00_AfDPqaOH3zko_MOHhvJEgUluMROfhgkra3sb4aD8i1yUNA&#038;oe=65EE447F\" data-img-src-set=\"{&quot;d&quot;:&quot;https:\\\/\\\/scontent-fra5-1.cdninstagram.com\\\/v\\\/t39.30808-6\\\/426489448_797291505777291_5298383048074197418_n.jpg?_nc_cat=100&amp;ccb=1-7&amp;_nc_sid=18de74&amp;_nc_ohc=-xTah_xcNtkAX8bC1OI&amp;_nc_ht=scontent-fra5-1.cdninstagram.com&amp;edm=ANo9K5cEAAAA&amp;oh=00_AfDPqaOH3zko_MOHhvJEgUluMROfhgkra3sb4aD8i1yUNA&amp;oe=65EE447F&quot;,&quot;150&quot;:&quot;https:\\\/\\\/scontent-fra5-1.cdninstagram.com\\\/v\\\/t39.30808-6\\\/426489448_797291505777291_5298383048074197418_n.jpg?_nc_cat=100&amp;ccb=1-7&amp;_nc_sid=18de74&amp;_nc_ohc=-xTah_xcNtkAX8bC1OI&amp;_nc_ht=scontent-fra5-1.cdninstagram.com&amp;edm=ANo9K5cEAAAA&amp;oh=00_AfDPqaOH3zko_MOHhvJEgUluMROfhgkra3sb4aD8i1yUNA&amp;oe=65EE447F&quot;,&quot;320&quot;:&quot;https:\\\/\\\/scontent-fra5-1.cdninstagram.com\\\/v\\\/t39.30808-6\\\/426489448_797291505777291_5298383048074197418_n.jpg?_nc_cat=100&amp;ccb=1-7&amp;_nc_sid=18de74&amp;_nc_ohc=-xTah_xcNtkAX8bC1OI&amp;_nc_ht=scontent-fra5-1.cdninstagram.com&amp;edm=ANo9K5cEAAAA&amp;oh=00_AfDPqaOH3zko_MOHhvJEgUluMROfhgkra3sb4aD8i1yUNA&amp;oe=65EE447F&quot;,&quot;640&quot;:&quot;https:\\\/\\\/scontent-fra5-1.cdninstagram.com\\\/v\\\/t39.30808-6\\\/426489448_797291505777291_5298383048074197418_n.jpg?_nc_cat=100&amp;ccb=1-7&amp;_nc_sid=18de74&amp;_nc_ohc=-xTah_xcNtkAX8bC1OI&amp;_nc_ht=scontent-fra5-1.cdninstagram.com&amp;edm=ANo9K5cEAAAA&amp;oh=00_AfDPqaOH3zko_MOHhvJEgUluMROfhgkra3sb4aD8i1yUNA&amp;oe=65EE447F&quot;}\">\r\n            <span class=\"sbi-screenreader\">Achtung Baustelle!!!\nDie Zufahrt zur Bergm\u00fchle \u00fc<\/span>\r\n            \t                    <img decoding=\"async\" src=\"https:\/\/bergmuehle-flensburg.com\/wp-content\/plugins\/instagram-feed\/img\/placeholder.png\" alt=\"Achtung Baustelle!!!\nDie Zufahrt zur Bergm\u00fchle \u00fcber die Bauer Landstra\u00dfe ist im unteren Teil (Neustadt\/Apenrader Str.) aufgrund einer Baustelle f\u00fcr Autos gesperrt. Bitte einplanen und bei dem Besuch von Veranstaltungen in der Bergm\u00fchle ber\u00fccksichtigen.\n#baustelle #flensburg #bergm\u00fchleflensburg #nordstadt #m\u00fchlengenuss #m\u00fchlenladen\">\r\n        <\/a>\r\n    <\/div>\r\n<\/div><div class=\"sbi_item sbi_type_image sbi_new sbi_transition\" id=\"sbi_18010311086056514\" data-date=\"1707504729\">\r\n    <div class=\"sbi_photo_wrap\">\r\n        <a class=\"sbi_photo\" href=\"https:\/\/www.instagram.com\/p\/C3IzDJOJozd\/\" target=\"_blank\" rel=\"noopener nofollow\" data-full-res=\"https:\/\/scontent-fra3-1.cdninstagram.com\/v\/t39.30808-6\/426131416_793348686171573_6774769958860116524_n.jpg?_nc_cat=101&#038;ccb=1-7&#038;_nc_sid=18de74&#038;_nc_ohc=_dfQQ69P_HcAX_OOFYJ&#038;_nc_ht=scontent-fra3-1.cdninstagram.com&#038;edm=ANo9K5cEAAAA&#038;oh=00_AfBPM9wyBHYPXMiDtMavms7xH1p7iggXWXPGDW8yWzSVeA&#038;oe=65EE2698\" data-img-src-set=\"{&quot;d&quot;:&quot;https:\\\/\\\/scontent-fra3-1.cdninstagram.com\\\/v\\\/t39.30808-6\\\/426131416_793348686171573_6774769958860116524_n.jpg?_nc_cat=101&amp;ccb=1-7&amp;_nc_sid=18de74&amp;_nc_ohc=_dfQQ69P_HcAX_OOFYJ&amp;_nc_ht=scontent-fra3-1.cdninstagram.com&amp;edm=ANo9K5cEAAAA&amp;oh=00_AfBPM9wyBHYPXMiDtMavms7xH1p7iggXWXPGDW8yWzSVeA&amp;oe=65EE2698&quot;,&quot;150&quot;:&quot;https:\\\/\\\/scontent-fra3-1.cdninstagram.com\\\/v\\\/t39.30808-6\\\/426131416_793348686171573_6774769958860116524_n.jpg?_nc_cat=101&amp;ccb=1-7&amp;_nc_sid=18de74&amp;_nc_ohc=_dfQQ69P_HcAX_OOFYJ&amp;_nc_ht=scontent-fra3-1.cdninstagram.com&amp;edm=ANo9K5cEAAAA&amp;oh=00_AfBPM9wyBHYPXMiDtMavms7xH1p7iggXWXPGDW8yWzSVeA&amp;oe=65EE2698&quot;,&quot;320&quot;:&quot;https:\\\/\\\/scontent-fra3-1.cdninstagram.com\\\/v\\\/t39.30808-6\\\/426131416_793348686171573_6774769958860116524_n.jpg?_nc_cat=101&amp;ccb=1-7&amp;_nc_sid=18de74&amp;_nc_ohc=_dfQQ69P_HcAX_OOFYJ&amp;_nc_ht=scontent-fra3-1.cdninstagram.com&amp;edm=ANo9K5cEAAAA&amp;oh=00_AfBPM9wyBHYPXMiDtMavms7xH1p7iggXWXPGDW8yWzSVeA&amp;oe=65EE2698&quot;,&quot;640&quot;:&quot;https:\\\/\\\/scontent-fra3-1.cdninstagram.com\\\/v\\\/t39.30808-6\\\/426131416_793348686171573_6774769958860116524_n.jpg?_nc_cat=101&amp;ccb=1-7&amp;_nc_sid=18de74&amp;_nc_ohc=_dfQQ69P_HcAX_OOFYJ&amp;_nc_ht=scontent-fra3-1.cdninstagram.com&amp;edm=ANo9K5cEAAAA&amp;oh=00_AfBPM9wyBHYPXMiDtMavms7xH1p7iggXWXPGDW8yWzSVeA&amp;oe=65EE2698&quot;}\">\r\n            <span class=\"sbi-screenreader\">Kaffee, Kuchen &amp; Kl\u00f6nschnack: \nDonnerstag, 15. Fe<\/span>\r\n            \t                    <img decoding=\"async\" src=\"https:\/\/bergmuehle-flensburg.com\/wp-content\/plugins\/instagram-feed\/img\/placeholder.png\" alt=\"Kaffee, Kuchen &amp; Kl\u00f6nschnack: \nDonnerstag, 15. Februar 2024, 15 Uhr \n\nAlles rund um den Verbraucherschutz und Verbraucherrechte. Jasmin Zahedi von der Verbraucherzentrale Flensburg steht Rede und Antwort. \n\nEntgegen der Ank\u00fcndigung im neuen Veranstaltungsprogramm der Bergm\u00fchle findet \u00bbKaffee, Kuchen &amp; Kl\u00f6nschnack\u00ab jeweils am 1. und 3. Donnerstag eines Monats statt. Die weiteren Themen werden rechtzeitig bekanntgegeben.\n\nWie immer gibt es Kaffee und leckeren Kuchen, meist selbst gebacken und gegen eine kleine Spende serviert. Die Teilnahme ist kostenfrei. Eine Anmeldung ist nicht notwendig. Wir freuen uns auf euch. \n#verbraucherrechte #verbraucherzentrale #verbraucherschutz #flensburg #bergm\u00fchleflensburg #nordstadt #m\u00fchlenladen\">\r\n        <\/a>\r\n    <\/div>\r\n<\/div><div class=\"sbi_item sbi_type_image sbi_new sbi_transition\" id=\"sbi_18086510971412034\" data-date=\"1706726771\">\r\n    <div class=\"sbi_photo_wrap\">\r\n        <a class=\"sbi_photo\" href=\"https:\/\/www.instagram.com\/p\/C2xnNhmPhn4\/\" target=\"_blank\" rel=\"noopener nofollow\" data-full-res=\"https:\/\/scontent-fra5-1.cdninstagram.com\/v\/t39.30808-6\/424668447_787810353392073_3717150974515608334_n.jpg?_nc_cat=110&#038;ccb=1-7&#038;_nc_sid=18de74&#038;_nc_ohc=OnO-EQ2pGwUAX9kB_l9&#038;_nc_ht=scontent-fra5-1.cdninstagram.com&#038;edm=ANo9K5cEAAAA&#038;oh=00_AfDuukMC29yx3uRTbEm3kOvf_DqkjUEImf3Q7NHNiymuvg&#038;oe=65EDBEEC\" data-img-src-set=\"{&quot;d&quot;:&quot;https:\\\/\\\/scontent-fra5-1.cdninstagram.com\\\/v\\\/t39.30808-6\\\/424668447_787810353392073_3717150974515608334_n.jpg?_nc_cat=110&amp;ccb=1-7&amp;_nc_sid=18de74&amp;_nc_ohc=OnO-EQ2pGwUAX9kB_l9&amp;_nc_ht=scontent-fra5-1.cdninstagram.com&amp;edm=ANo9K5cEAAAA&amp;oh=00_AfDuukMC29yx3uRTbEm3kOvf_DqkjUEImf3Q7NHNiymuvg&amp;oe=65EDBEEC&quot;,&quot;150&quot;:&quot;https:\\\/\\\/scontent-fra5-1.cdninstagram.com\\\/v\\\/t39.30808-6\\\/424668447_787810353392073_3717150974515608334_n.jpg?_nc_cat=110&amp;ccb=1-7&amp;_nc_sid=18de74&amp;_nc_ohc=OnO-EQ2pGwUAX9kB_l9&amp;_nc_ht=scontent-fra5-1.cdninstagram.com&amp;edm=ANo9K5cEAAAA&amp;oh=00_AfDuukMC29yx3uRTbEm3kOvf_DqkjUEImf3Q7NHNiymuvg&amp;oe=65EDBEEC&quot;,&quot;320&quot;:&quot;https:\\\/\\\/scontent-fra5-1.cdninstagram.com\\\/v\\\/t39.30808-6\\\/424668447_787810353392073_3717150974515608334_n.jpg?_nc_cat=110&amp;ccb=1-7&amp;_nc_sid=18de74&amp;_nc_ohc=OnO-EQ2pGwUAX9kB_l9&amp;_nc_ht=scontent-fra5-1.cdninstagram.com&amp;edm=ANo9K5cEAAAA&amp;oh=00_AfDuukMC29yx3uRTbEm3kOvf_DqkjUEImf3Q7NHNiymuvg&amp;oe=65EDBEEC&quot;,&quot;640&quot;:&quot;https:\\\/\\\/scontent-fra5-1.cdninstagram.com\\\/v\\\/t39.30808-6\\\/424668447_787810353392073_3717150974515608334_n.jpg?_nc_cat=110&amp;ccb=1-7&amp;_nc_sid=18de74&amp;_nc_ohc=OnO-EQ2pGwUAX9kB_l9&amp;_nc_ht=scontent-fra5-1.cdninstagram.com&amp;edm=ANo9K5cEAAAA&amp;oh=00_AfDuukMC29yx3uRTbEm3kOvf_DqkjUEImf3Q7NHNiymuvg&amp;oe=65EDBEEC&quot;}\">\r\n            <span class=\"sbi-screenreader\">Live in der Bergm\u00fchle:\nL\u00fcbberty\n\nFreitag, 16. Fe<\/span>\r\n            \t                    <img decoding=\"async\" src=\"https:\/\/bergmuehle-flensburg.com\/wp-content\/plugins\/instagram-feed\/img\/placeholder.png\" alt=\"Live in der Bergm\u00fchle:\nL\u00fcbberty\n\nFreitag, 16. Feb. 2024 um 20 Uhr, Hutkonzert \n(Einlass ab 19 Uhr. Wie immer gibt es kleine Snacks &amp; Getr\u00e4nke)\n\nL\u00fcbberty. Freiheit f\u00fcr die Ohren.\n \nDas Trio um den Hamburger Gitarristen Arne L\u00fcbbert bringt frischen Wind auf die Ohren. Unerh\u00f6rt freudig und fantasievoll kommen die drei daher. Ausgefeilter Sound, bedingungsloses Zusammenspiel und dazu Eigenkompositionen, die von sph\u00e4rischen Kl\u00e4ngen, \u00fcber straighten Swing hin zu tighten Grooves einiges im Gep\u00e4ck haben. \u00dcberraschungen und Kurzweil sind hier inklusive. \n \nArne L\u00fcbbert (g), Lars Hansen (b) und Anne Diedrichsen (dr) - die drei haben sich gesucht und gefunden. Was L\u00fcbberty f\u00fcr sie ausmacht? Gemeinsam frei zu sein: ausprobieren, Grenzen dehnen, Neues entdecken, zusammen klingen, und sich dabei aufeinander verlassen k\u00f6nnen. So entsteht melodische Musik, die sich nicht so Recht in eine Schublade stecken lassen will \u2013 eben Freiheit f\u00fcr die Ohren.\n\nLink zu unserem YouTube-Kanal:\nhttps:\/\/www.youtube.com\/@lubberty\n\nDer Eintritt ist frei. Der Hut geht \u2019rum.\nVorverkauf oder Platzreservierung ist nicht m\u00f6glich.\n#l\u00fcbberty #livemusic #jazz #konzert #flensburg #bergm\u00fchleflensburg #nordstadt #m\u00fchlengenuss #m\u00fchlenladen\">\r\n        <\/a>\r\n    <\/div>\r\n<\/div><div class=\"sbi_item sbi_type_image sbi_new sbi_transition\" id=\"sbi_18323175367143578\" data-date=\"1706201371\">\r\n    <div class=\"sbi_photo_wrap\">\r\n        <a class=\"sbi_photo\" href=\"https:\/\/www.instagram.com\/p\/C2h9F0JOP0Z\/\" target=\"_blank\" rel=\"noopener nofollow\" data-full-res=\"https:\/\/scontent-fra3-2.cdninstagram.com\/v\/t39.30808-6\/421539664_784325467073895_648965389542023959_n.jpg?_nc_cat=107&#038;ccb=1-7&#038;_nc_sid=18de74&#038;_nc_ohc=YC0XOmxMisUAX-9WNr5&#038;_nc_ht=scontent-fra3-2.cdninstagram.com&#038;edm=ANo9K5cEAAAA&#038;oh=00_AfCMKX02sVWXLI-VyYBaVLWxNpvGnsRZtVfE0jqDfBnOEQ&#038;oe=65ED606F\" data-img-src-set=\"{&quot;d&quot;:&quot;https:\\\/\\\/scontent-fra3-2.cdninstagram.com\\\/v\\\/t39.30808-6\\\/421539664_784325467073895_648965389542023959_n.jpg?_nc_cat=107&amp;ccb=1-7&amp;_nc_sid=18de74&amp;_nc_ohc=YC0XOmxMisUAX-9WNr5&amp;_nc_ht=scontent-fra3-2.cdninstagram.com&amp;edm=ANo9K5cEAAAA&amp;oh=00_AfCMKX02sVWXLI-VyYBaVLWxNpvGnsRZtVfE0jqDfBnOEQ&amp;oe=65ED606F&quot;,&quot;150&quot;:&quot;https:\\\/\\\/scontent-fra3-2.cdninstagram.com\\\/v\\\/t39.30808-6\\\/421539664_784325467073895_648965389542023959_n.jpg?_nc_cat=107&amp;ccb=1-7&amp;_nc_sid=18de74&amp;_nc_ohc=YC0XOmxMisUAX-9WNr5&amp;_nc_ht=scontent-fra3-2.cdninstagram.com&amp;edm=ANo9K5cEAAAA&amp;oh=00_AfCMKX02sVWXLI-VyYBaVLWxNpvGnsRZtVfE0jqDfBnOEQ&amp;oe=65ED606F&quot;,&quot;320&quot;:&quot;https:\\\/\\\/scontent-fra3-2.cdninstagram.com\\\/v\\\/t39.30808-6\\\/421539664_784325467073895_648965389542023959_n.jpg?_nc_cat=107&amp;ccb=1-7&amp;_nc_sid=18de74&amp;_nc_ohc=YC0XOmxMisUAX-9WNr5&amp;_nc_ht=scontent-fra3-2.cdninstagram.com&amp;edm=ANo9K5cEAAAA&amp;oh=00_AfCMKX02sVWXLI-VyYBaVLWxNpvGnsRZtVfE0jqDfBnOEQ&amp;oe=65ED606F&quot;,&quot;640&quot;:&quot;https:\\\/\\\/scontent-fra3-2.cdninstagram.com\\\/v\\\/t39.30808-6\\\/421539664_784325467073895_648965389542023959_n.jpg?_nc_cat=107&amp;ccb=1-7&amp;_nc_sid=18de74&amp;_nc_ohc=YC0XOmxMisUAX-9WNr5&amp;_nc_ht=scontent-fra3-2.cdninstagram.com&amp;edm=ANo9K5cEAAAA&amp;oh=00_AfCMKX02sVWXLI-VyYBaVLWxNpvGnsRZtVfE0jqDfBnOEQ&amp;oe=65ED606F&quot;}\">\r\n            <span class=\"sbi-screenreader\">Kaffee, Kuchen &amp; Kl\u00f6nschnack: \nDonnerstag, 1. Feb<\/span>\r\n            \t                    <img decoding=\"async\" src=\"https:\/\/bergmuehle-flensburg.com\/wp-content\/plugins\/instagram-feed\/img\/placeholder.png\" alt=\"Kaffee, Kuchen &amp; Kl\u00f6nschnack: \nDonnerstag, 1. Februar 2024, 15 Uhr \n\nDer Winterschlaf ist vorbei. In der Bergm\u00fchle kann wieder \u00bbgekl\u00f6nschnackt\u00ab werden. Entgegen der Ank\u00fcndigung im neuen Veranstaltungsprogramm der Bergm\u00fchle findet \u00bbKaffee, Kuchen &amp; Kl\u00f6nschnack\u00ab nur jeweils am 1. und 3. Donnerstag eines Monats statt. Die Themen werden rechtzeitig bekanntgegeben. Heute feiern wir Wiedersehen. Wir freuen uns auf euch. \n #kl\u00f6nschnack #flensburg #bergm\u00fchleflensburg #nordstadt #m\u00fchlenladen\">\r\n        <\/a>\r\n    <\/div>\r\n<\/div><div class=\"sbi_item sbi_type_image sbi_new sbi_transition\" id=\"sbi_18007431269207338\" data-date=\"1705951452\">\r\n    <div class=\"sbi_photo_wrap\">\r\n        <a class=\"sbi_photo\" href=\"https:\/\/www.instagram.com\/p\/C2agaErN708\/\" target=\"_blank\" rel=\"noopener nofollow\" data-full-res=\"https:\/\/scontent-fra3-1.cdninstagram.com\/v\/t39.30808-6\/421842825_782353597271082_1984908029377205476_n.jpg?_nc_cat=101&#038;ccb=1-7&#038;_nc_sid=18de74&#038;_nc_ohc=PrOM95LGUg0AX_nuqTR&#038;_nc_ht=scontent-fra3-1.cdninstagram.com&#038;edm=ANo9K5cEAAAA&#038;oh=00_AfDOYDRpTrjUza_eACoYh-sKoPWI-EMyDa46GUyW6DY_0A&#038;oe=65EC5486\" data-img-src-set=\"{&quot;d&quot;:&quot;https:\\\/\\\/scontent-fra3-1.cdninstagram.com\\\/v\\\/t39.30808-6\\\/421842825_782353597271082_1984908029377205476_n.jpg?_nc_cat=101&amp;ccb=1-7&amp;_nc_sid=18de74&amp;_nc_ohc=PrOM95LGUg0AX_nuqTR&amp;_nc_ht=scontent-fra3-1.cdninstagram.com&amp;edm=ANo9K5cEAAAA&amp;oh=00_AfDOYDRpTrjUza_eACoYh-sKoPWI-EMyDa46GUyW6DY_0A&amp;oe=65EC5486&quot;,&quot;150&quot;:&quot;https:\\\/\\\/scontent-fra3-1.cdninstagram.com\\\/v\\\/t39.30808-6\\\/421842825_782353597271082_1984908029377205476_n.jpg?_nc_cat=101&amp;ccb=1-7&amp;_nc_sid=18de74&amp;_nc_ohc=PrOM95LGUg0AX_nuqTR&amp;_nc_ht=scontent-fra3-1.cdninstagram.com&amp;edm=ANo9K5cEAAAA&amp;oh=00_AfDOYDRpTrjUza_eACoYh-sKoPWI-EMyDa46GUyW6DY_0A&amp;oe=65EC5486&quot;,&quot;320&quot;:&quot;https:\\\/\\\/scontent-fra3-1.cdninstagram.com\\\/v\\\/t39.30808-6\\\/421842825_782353597271082_1984908029377205476_n.jpg?_nc_cat=101&amp;ccb=1-7&amp;_nc_sid=18de74&amp;_nc_ohc=PrOM95LGUg0AX_nuqTR&amp;_nc_ht=scontent-fra3-1.cdninstagram.com&amp;edm=ANo9K5cEAAAA&amp;oh=00_AfDOYDRpTrjUza_eACoYh-sKoPWI-EMyDa46GUyW6DY_0A&amp;oe=65EC5486&quot;,&quot;640&quot;:&quot;https:\\\/\\\/scontent-fra3-1.cdninstagram.com\\\/v\\\/t39.30808-6\\\/421842825_782353597271082_1984908029377205476_n.jpg?_nc_cat=101&amp;ccb=1-7&amp;_nc_sid=18de74&amp;_nc_ohc=PrOM95LGUg0AX_nuqTR&amp;_nc_ht=scontent-fra3-1.cdninstagram.com&amp;edm=ANo9K5cEAAAA&amp;oh=00_AfDOYDRpTrjUza_eACoYh-sKoPWI-EMyDa46GUyW6DY_0A&amp;oe=65EC5486&quot;}\">\r\n            <span class=\"sbi-screenreader\">Im M\u00fchlenladen \u2026 \n\n\u2026 bekommt Ihr feinsten Din<\/span>\r\n            \t                    <img decoding=\"async\" src=\"https:\/\/bergmuehle-flensburg.com\/wp-content\/plugins\/instagram-feed\/img\/placeholder.png\" alt=\"Im M\u00fchlenladen \u2026 \n\n\u2026 bekommt Ihr feinsten Dinkel, Weizen &amp; Roggen (ganzes Korn oder geschrotet in Demeter-Qualit\u00e4t), frisch gequetschte Haferflocken, Honig, Raps\u00f6l, leckeren M\u00fchlenburgunder, Merlot &amp; M\u00fcllerschluck. Das komplette Angebot findet Ihr im Webshop auf der Homepage: www.bergmuehle-flensburg.com\n\nBestellungen k\u00f6nnen jeweils bis Freitag 15 Uhr im Webshop auf der Homepage: www.bergmuehle-flensburg.com mit einem Bestellformular ganz einfach abgegeben werden. Unter der Rufnummer 0160 456 92 83 (Anrufbeantworter) kann ebenfalls bestellt werden.\n\nDie bestellte Ware kann dann am folgenden Samstag zwischen 11 und 12 Uhr in der M\u00fchle abgeholt werden. Im M\u00fchlenladen kann auch bargeldlos mit Karte bezahlt werden. Die Ware wird nicht verschickt.\n\nW\u00e4hrend der Veranstaltungen in der Bergm\u00fchle hat der M\u00fchlenladen selbstverst\u00e4ndlich weiterhin ge\u00f6ffnet.\n\n#flensburg #bergm\u00fchleflensburg #nordstadt #m\u00fchlenladen\">\r\n        <\/a>\r\n    <\/div>\r\n<\/div><div class=\"sbi_item sbi_type_image sbi_new sbi_transition\" id=\"sbi_18018663467067059\" data-date=\"1705519988\">\r\n    <div class=\"sbi_photo_wrap\">\r\n        <a class=\"sbi_photo\" href=\"https:\/\/www.instagram.com\/p\/C2NpdFsivBB\/\" target=\"_blank\" rel=\"noopener nofollow\" data-full-res=\"https:\/\/scontent-fra3-1.cdninstagram.com\/v\/t39.30808-6\/420178739_779290154244093_5004882626101541431_n.jpg?_nc_cat=101&#038;ccb=1-7&#038;_nc_sid=18de74&#038;_nc_ohc=6vkBoXbx5PkAX8zoPux&#038;_nc_ht=scontent-fra3-1.cdninstagram.com&#038;edm=ANo9K5cEAAAA&#038;oh=00_AfD9-zr-4Ukt9CqFFfDP1fChw7i_xenqjNSVKoMWpSWVEA&#038;oe=65ECFF9E\" data-img-src-set=\"{&quot;d&quot;:&quot;https:\\\/\\\/scontent-fra3-1.cdninstagram.com\\\/v\\\/t39.30808-6\\\/420178739_779290154244093_5004882626101541431_n.jpg?_nc_cat=101&amp;ccb=1-7&amp;_nc_sid=18de74&amp;_nc_ohc=6vkBoXbx5PkAX8zoPux&amp;_nc_ht=scontent-fra3-1.cdninstagram.com&amp;edm=ANo9K5cEAAAA&amp;oh=00_AfD9-zr-4Ukt9CqFFfDP1fChw7i_xenqjNSVKoMWpSWVEA&amp;oe=65ECFF9E&quot;,&quot;150&quot;:&quot;https:\\\/\\\/scontent-fra3-1.cdninstagram.com\\\/v\\\/t39.30808-6\\\/420178739_779290154244093_5004882626101541431_n.jpg?_nc_cat=101&amp;ccb=1-7&amp;_nc_sid=18de74&amp;_nc_ohc=6vkBoXbx5PkAX8zoPux&amp;_nc_ht=scontent-fra3-1.cdninstagram.com&amp;edm=ANo9K5cEAAAA&amp;oh=00_AfD9-zr-4Ukt9CqFFfDP1fChw7i_xenqjNSVKoMWpSWVEA&amp;oe=65ECFF9E&quot;,&quot;320&quot;:&quot;https:\\\/\\\/scontent-fra3-1.cdninstagram.com\\\/v\\\/t39.30808-6\\\/420178739_779290154244093_5004882626101541431_n.jpg?_nc_cat=101&amp;ccb=1-7&amp;_nc_sid=18de74&amp;_nc_ohc=6vkBoXbx5PkAX8zoPux&amp;_nc_ht=scontent-fra3-1.cdninstagram.com&amp;edm=ANo9K5cEAAAA&amp;oh=00_AfD9-zr-4Ukt9CqFFfDP1fChw7i_xenqjNSVKoMWpSWVEA&amp;oe=65ECFF9E&quot;,&quot;640&quot;:&quot;https:\\\/\\\/scontent-fra3-1.cdninstagram.com\\\/v\\\/t39.30808-6\\\/420178739_779290154244093_5004882626101541431_n.jpg?_nc_cat=101&amp;ccb=1-7&amp;_nc_sid=18de74&amp;_nc_ohc=6vkBoXbx5PkAX8zoPux&amp;_nc_ht=scontent-fra3-1.cdninstagram.com&amp;edm=ANo9K5cEAAAA&amp;oh=00_AfD9-zr-4Ukt9CqFFfDP1fChw7i_xenqjNSVKoMWpSWVEA&amp;oe=65ECFF9E&quot;}\">\r\n            <span class=\"sbi-screenreader\">JAZZ IN DER M\u00dcHLE\nMittwoch, 31. Januar, 2024 um 1<\/span>\r\n            \t                    <img decoding=\"async\" src=\"https:\/\/bergmuehle-flensburg.com\/wp-content\/plugins\/instagram-feed\/img\/placeholder.png\" alt=\"JAZZ IN DER M\u00dcHLE\nMittwoch, 31. Januar, 2024 um 19.30 Uhr, Hutkonzert \n(Einlass ab 19 Uhr. Es gibt kleine Snacks &amp; Getr\u00e4nke)\nDie erste Jazzsession in diesem Jahr:\nKontrabassist Kai Stemmler hat diesmal die Flensburger S\u00e4ngerin Birga G\u00f6rtz als Frontfrau eingeladen. Beide kennen und sch\u00e4tzen sich seit Jahren bei der \u201eAngelner Jazz-Session\u201c.\nBirga G\u00f6rtz zelebriert jeden Song mit Seele und Hingabe. Auf der B\u00fchne verspr\u00fcht sie Charme und Esprit. \u00dcber sich selbst sagt sie, seit sie denken k\u00f6nne, bestimme das Singen ihr Leben. Mit 17 Jahren nahm sie ihre ersten Gesangstunden in ihrer Geburtsstadt L\u00fcbeck, sp\u00e4ter bei Hanne R\u00f6mer. Sie studierte Musik auf Lehramt mit dem Hauptfach Gesang in Flensburg und singt, seit sie 22 ist, Jazz, Soul, Chanson, Pop und Rock. Derzeit sind ihre Hauptprojekte die Bands \u201eSoulfood\u201c und \u201eBaltic Groovetops\u201c in ihrer Wahlheimat Flensburg. \nIn der Rhythmusgruppe spielen diesmal, neben dem Bassisten Kai Stemmler, Mario Wissmann (Drums) und Sascha Goldmann (Piano). Wie immer sind nach der Opener-Serie die Jazzmusiker*Innen aller Stilrichtungen herzlich eingeladen dazu zu sto\u00dfen!\nHinweis: Der Eintritt ist frei, der Hut geht \u02bcrum. \nVorverkauf oder eine Platzreservierung ist nicht m\u00f6glich.\nWeitere Termine (jeweils letzter Mittwoch im Monat): 28. Feb. | 27. M\u00e4rz | 24. April | 29. Mai | 26. Juni \nVeranstalter: Verein zur Erhaltung der Bergm\u00fchle e.V. in Kooperation mit dem Verein Creakult e.V.\n#jazz #jazzinderm\u00fchle #konzert #livemusic #flensburg #bergm\u00fchleflensburg #nordstadt #m\u00fchlengenuss #m\u00fchlenladen\">\r\n        <\/a>\r\n    <\/div>\r\n<\/div><div class=\"sbi_item sbi_type_image sbi_new sbi_transition\" id=\"sbi_17843060064149308\" data-date=\"1704826816\">\r\n    <div class=\"sbi_photo_wrap\">\r\n        <a class=\"sbi_photo\" href=\"https:\/\/www.instagram.com\/p\/C14_VgYvHjW\/\" target=\"_blank\" rel=\"noopener nofollow\" data-full-res=\"https:\/\/scontent-fra5-2.cdninstagram.com\/v\/t39.30808-6\/418447373_773727184800390_7218115091024058249_n.jpg?_nc_cat=109&#038;ccb=1-7&#038;_nc_sid=18de74&#038;_nc_ohc=tdfkcix38asAX_RuXXZ&#038;_nc_ht=scontent-fra5-2.cdninstagram.com&#038;edm=ANo9K5cEAAAA&#038;oh=00_AfAUaDkNy2ABp7Qe7-xqRU3wN2N2c9CKXlCXUhGxnPgpZA&#038;oe=65EC7978\" data-img-src-set=\"{&quot;d&quot;:&quot;https:\\\/\\\/scontent-fra5-2.cdninstagram.com\\\/v\\\/t39.30808-6\\\/418447373_773727184800390_7218115091024058249_n.jpg?_nc_cat=109&amp;ccb=1-7&amp;_nc_sid=18de74&amp;_nc_ohc=tdfkcix38asAX_RuXXZ&amp;_nc_ht=scontent-fra5-2.cdninstagram.com&amp;edm=ANo9K5cEAAAA&amp;oh=00_AfAUaDkNy2ABp7Qe7-xqRU3wN2N2c9CKXlCXUhGxnPgpZA&amp;oe=65EC7978&quot;,&quot;150&quot;:&quot;https:\\\/\\\/scontent-fra5-2.cdninstagram.com\\\/v\\\/t39.30808-6\\\/418447373_773727184800390_7218115091024058249_n.jpg?_nc_cat=109&amp;ccb=1-7&amp;_nc_sid=18de74&amp;_nc_ohc=tdfkcix38asAX_RuXXZ&amp;_nc_ht=scontent-fra5-2.cdninstagram.com&amp;edm=ANo9K5cEAAAA&amp;oh=00_AfAUaDkNy2ABp7Qe7-xqRU3wN2N2c9CKXlCXUhGxnPgpZA&amp;oe=65EC7978&quot;,&quot;320&quot;:&quot;https:\\\/\\\/scontent-fra5-2.cdninstagram.com\\\/v\\\/t39.30808-6\\\/418447373_773727184800390_7218115091024058249_n.jpg?_nc_cat=109&amp;ccb=1-7&amp;_nc_sid=18de74&amp;_nc_ohc=tdfkcix38asAX_RuXXZ&amp;_nc_ht=scontent-fra5-2.cdninstagram.com&amp;edm=ANo9K5cEAAAA&amp;oh=00_AfAUaDkNy2ABp7Qe7-xqRU3wN2N2c9CKXlCXUhGxnPgpZA&amp;oe=65EC7978&quot;,&quot;640&quot;:&quot;https:\\\/\\\/scontent-fra5-2.cdninstagram.com\\\/v\\\/t39.30808-6\\\/418447373_773727184800390_7218115091024058249_n.jpg?_nc_cat=109&amp;ccb=1-7&amp;_nc_sid=18de74&amp;_nc_ohc=tdfkcix38asAX_RuXXZ&amp;_nc_ht=scontent-fra5-2.cdninstagram.com&amp;edm=ANo9K5cEAAAA&amp;oh=00_AfAUaDkNy2ABp7Qe7-xqRU3wN2N2c9CKXlCXUhGxnPgpZA&amp;oe=65EC7978&quot;}\">\r\n            <span class=\"sbi-screenreader\">Live in der Bergm\u00fchle:\nKRAMER, BATTISTON &amp; SCHMED<\/span>\r\n            \t                    <img decoding=\"async\" src=\"https:\/\/bergmuehle-flensburg.com\/wp-content\/plugins\/instagram-feed\/img\/placeholder.png\" alt=\"Live in der Bergm\u00fchle:\nKRAMER, BATTISTON &amp; SCHMEDEKE\n\nFreitag, 2. Feb. 2024 um 20 Uhr, Hutkonzert \n(Einlass ab 19 Uhr. Wie immer gibt es kleine Snacks &amp; Getr\u00e4nke)\n\nFrank R\u00fchmann alias Kramer (Gesang, Akustik-Gitarre, Piano), Benito Battiston (E- und Akustik-Gitarre) und Ralph Schmedeke (Cajon und Percussion) sind viel mehr als nur ihre Musik! Die drei Ausnahmemusiker schmieden eine meisterhafte, kraftvolle und souver\u00e4ne Symbiose. Unterst\u00fctzt werden die drei an diesem Abend von Michael Becker am Cello.\n\nSongwriter und S\u00e4nger Kramer ber\u00fchrt. Mit seinen autobiographischen Kompositionen, der unverwechselbaren Stimme und gro\u00dfer Erfahrung zaubert er eine magische Musik, die authentisch und raffiniert erschallt. Benito Battiston legt eine ungebremste Spielfreude an den Tag, die regelm\u00e4\u00dfig beim Publikum Begeisterungsst\u00fcrme ausl\u00f6st. Der routinierte Perkussionist Ralph Schmedeke setzt mit seinem perfekten Rhythmusspiel immer wieder interessante Impulse. Ihre musikalischen F\u00e4higkeiten sind verbl\u00fcffend und unterstreichen ihr interaktives Zusammenspiel, was das Trio wie eine gro\u00dfe Band klingen l\u00e4sst. Durch diese kreative, eigenst\u00e4ndige Art wird jedes Konzert dieses Ensembles zu einem einmaligen Erlebnis!\n\nDer Eintritt ist frei. Der Hut geht \u2019rum.\nVorverkauf oder eine Platzreservierung ist nicht m\u00f6glich.\n#kramerbattistonundschmedeke #konzert #livemusic #flensburg #bergm\u00fchleflensburg #nordstadt #m\u00fchlengenuss #m\u00fchlenladen\">\r\n        <\/a>\r\n    <\/div>\r\n<\/div><div class=\"sbi_item sbi_type_image sbi_new sbi_transition\" id=\"sbi_18036981415661205\" data-date=\"1704739210\">\r\n    <div class=\"sbi_photo_wrap\">\r\n        <a class=\"sbi_photo\" href=\"https:\/\/www.instagram.com\/p\/C12YPXANeUa\/\" target=\"_blank\" rel=\"noopener nofollow\" data-full-res=\"https:\/\/scontent-fra3-2.cdninstagram.com\/v\/t39.30808-6\/417574249_773758278130614_5979841220263806888_n.jpg?_nc_cat=104&#038;ccb=1-7&#038;_nc_sid=18de74&#038;_nc_ohc=bKUN6FFYB9EAX_FBlFF&#038;_nc_ht=scontent-fra3-2.cdninstagram.com&#038;edm=ANo9K5cEAAAA&#038;oh=00_AfCXyUUJ6rwCK_eJ32HOGvMa-wxf2K5abRqyZ5ox4lXwmQ&#038;oe=65ED05F6\" data-img-src-set=\"{&quot;d&quot;:&quot;https:\\\/\\\/scontent-fra3-2.cdninstagram.com\\\/v\\\/t39.30808-6\\\/417574249_773758278130614_5979841220263806888_n.jpg?_nc_cat=104&amp;ccb=1-7&amp;_nc_sid=18de74&amp;_nc_ohc=bKUN6FFYB9EAX_FBlFF&amp;_nc_ht=scontent-fra3-2.cdninstagram.com&amp;edm=ANo9K5cEAAAA&amp;oh=00_AfCXyUUJ6rwCK_eJ32HOGvMa-wxf2K5abRqyZ5ox4lXwmQ&amp;oe=65ED05F6&quot;,&quot;150&quot;:&quot;https:\\\/\\\/scontent-fra3-2.cdninstagram.com\\\/v\\\/t39.30808-6\\\/417574249_773758278130614_5979841220263806888_n.jpg?_nc_cat=104&amp;ccb=1-7&amp;_nc_sid=18de74&amp;_nc_ohc=bKUN6FFYB9EAX_FBlFF&amp;_nc_ht=scontent-fra3-2.cdninstagram.com&amp;edm=ANo9K5cEAAAA&amp;oh=00_AfCXyUUJ6rwCK_eJ32HOGvMa-wxf2K5abRqyZ5ox4lXwmQ&amp;oe=65ED05F6&quot;,&quot;320&quot;:&quot;https:\\\/\\\/scontent-fra3-2.cdninstagram.com\\\/v\\\/t39.30808-6\\\/417574249_773758278130614_5979841220263806888_n.jpg?_nc_cat=104&amp;ccb=1-7&amp;_nc_sid=18de74&amp;_nc_ohc=bKUN6FFYB9EAX_FBlFF&amp;_nc_ht=scontent-fra3-2.cdninstagram.com&amp;edm=ANo9K5cEAAAA&amp;oh=00_AfCXyUUJ6rwCK_eJ32HOGvMa-wxf2K5abRqyZ5ox4lXwmQ&amp;oe=65ED05F6&quot;,&quot;640&quot;:&quot;https:\\\/\\\/scontent-fra3-2.cdninstagram.com\\\/v\\\/t39.30808-6\\\/417574249_773758278130614_5979841220263806888_n.jpg?_nc_cat=104&amp;ccb=1-7&amp;_nc_sid=18de74&amp;_nc_ohc=bKUN6FFYB9EAX_FBlFF&amp;_nc_ht=scontent-fra3-2.cdninstagram.com&amp;edm=ANo9K5cEAAAA&amp;oh=00_AfCXyUUJ6rwCK_eJ32HOGvMa-wxf2K5abRqyZ5ox4lXwmQ&amp;oe=65ED05F6&quot;}\">\r\n            <span class=\"sbi-screenreader\">NEU!!! \nSeit ein paar Tagen ist das neue Veranstal<\/span>\r\n            \t                    <img decoding=\"async\" src=\"https:\/\/bergmuehle-flensburg.com\/wp-content\/plugins\/instagram-feed\/img\/placeholder.png\" alt=\"NEU!!! \nSeit ein paar Tagen ist das neue Veranstaltungsprogramm der Bergm\u00fchle bis Juni 2024 druckfrisch verf\u00fcgbar. Wer neugierig ist, kann es sich in der Bergm\u00fchle oder in vielen anderen Auslagestellen in Flensburg abholen. Alle Veranstaltungen sind auch unter www.bergmuehle-flensburg.com abrufbar.\n#programm #veranstaltungen #bergm\u00fchleflensburg #flensburg #nordstadt #m\u00fchlengenuss #m\u00fchlenladen\">\r\n        <\/a>\r\n    <\/div>\r\n<\/div><div class=\"sbi_item sbi_type_image sbi_new sbi_transition\" id=\"sbi_18171116410291230\" data-date=\"1704707701\">\r\n    <div class=\"sbi_photo_wrap\">\r\n        <a class=\"sbi_photo\" href=\"https:\/\/www.instagram.com\/p\/C11cJEnOq_U\/\" target=\"_blank\" rel=\"noopener nofollow\" data-full-res=\"https:\/\/scontent-fra5-1.cdninstagram.com\/v\/t39.30808-6\/416689516_773722134800895_9107710317737341610_n.jpg?_nc_cat=102&#038;ccb=1-7&#038;_nc_sid=18de74&#038;_nc_ohc=OMi1UqRnLMsAX-8S24F&#038;_nc_ht=scontent-fra5-1.cdninstagram.com&#038;edm=ANo9K5cEAAAA&#038;oh=00_AfBwjct4zRR0qxCYd_eiTwPkunEz9x5wGjbDRtn_TkUXTA&#038;oe=65EC674F\" data-img-src-set=\"{&quot;d&quot;:&quot;https:\\\/\\\/scontent-fra5-1.cdninstagram.com\\\/v\\\/t39.30808-6\\\/416689516_773722134800895_9107710317737341610_n.jpg?_nc_cat=102&amp;ccb=1-7&amp;_nc_sid=18de74&amp;_nc_ohc=OMi1UqRnLMsAX-8S24F&amp;_nc_ht=scontent-fra5-1.cdninstagram.com&amp;edm=ANo9K5cEAAAA&amp;oh=00_AfBwjct4zRR0qxCYd_eiTwPkunEz9x5wGjbDRtn_TkUXTA&amp;oe=65EC674F&quot;,&quot;150&quot;:&quot;https:\\\/\\\/scontent-fra5-1.cdninstagram.com\\\/v\\\/t39.30808-6\\\/416689516_773722134800895_9107710317737341610_n.jpg?_nc_cat=102&amp;ccb=1-7&amp;_nc_sid=18de74&amp;_nc_ohc=OMi1UqRnLMsAX-8S24F&amp;_nc_ht=scontent-fra5-1.cdninstagram.com&amp;edm=ANo9K5cEAAAA&amp;oh=00_AfBwjct4zRR0qxCYd_eiTwPkunEz9x5wGjbDRtn_TkUXTA&amp;oe=65EC674F&quot;,&quot;320&quot;:&quot;https:\\\/\\\/scontent-fra5-1.cdninstagram.com\\\/v\\\/t39.30808-6\\\/416689516_773722134800895_9107710317737341610_n.jpg?_nc_cat=102&amp;ccb=1-7&amp;_nc_sid=18de74&amp;_nc_ohc=OMi1UqRnLMsAX-8S24F&amp;_nc_ht=scontent-fra5-1.cdninstagram.com&amp;edm=ANo9K5cEAAAA&amp;oh=00_AfBwjct4zRR0qxCYd_eiTwPkunEz9x5wGjbDRtn_TkUXTA&amp;oe=65EC674F&quot;,&quot;640&quot;:&quot;https:\\\/\\\/scontent-fra5-1.cdninstagram.com\\\/v\\\/t39.30808-6\\\/416689516_773722134800895_9107710317737341610_n.jpg?_nc_cat=102&amp;ccb=1-7&amp;_nc_sid=18de74&amp;_nc_ohc=OMi1UqRnLMsAX-8S24F&amp;_nc_ht=scontent-fra5-1.cdninstagram.com&amp;edm=ANo9K5cEAAAA&amp;oh=00_AfBwjct4zRR0qxCYd_eiTwPkunEz9x5wGjbDRtn_TkUXTA&amp;oe=65EC674F&quot;}\">\r\n            <span class=\"sbi-screenreader\">JAZZ IN DER M\u00dcHLE\nMittwoch, 31. Januar, 2024 um 1<\/span>\r\n            \t                    <img decoding=\"async\" src=\"https:\/\/bergmuehle-flensburg.com\/wp-content\/plugins\/instagram-feed\/img\/placeholder.png\" alt=\"JAZZ IN DER M\u00dcHLE\nMittwoch, 31. Januar, 2024 um 19.30 Uhr, Hutkonzert \n(Einlass ab 19 Uhr. Es gibt kleine Snacks &amp; Getr\u00e4nke)\nDie Flensburger Jazz-Session: Die M\u00f6glichkeit f\u00fcr alle Jazzer der Region zusammen zu jammen! Weder das Alter noch das Instrument spielen eine Rolle, auch nicht in welchem Jazz-Stil man sich zu Hause f\u00fchlt. Der Kontrabassist Kai Stemmler l\u00e4dt einen lokalen oder \u00fcberregional bekannten Solisten f\u00fcr das Opener-Set ein und stellt dazu eine Rhythmusgruppe zusammen. Danach k\u00f6nnen alle, die mindestens drei St\u00fccke vorstellen k\u00f6nnen, einsteigen oder selbst Sets anf\u00fchren. Am Ende gibt\u2019s als H\u00f6hepunkt einige Songs mit der Grundband und m\u00f6glichst vielen Musikern gemeinsam!\nHinweis: Der Eintritt ist frei, der Hut geht \u02bcrum. \nVorverkauf oder eine Platzreservierung ist nicht m\u00f6glich.\nWeitere Termine (jeweils letzter Mittwoch im Monat): 28. Feb. | 27. M\u00e4rz | 24. April | 29. Mai | 26. Juni \nVeranstalter: Verein zur Erhaltung der Bergm\u00fchle e.V. in Kooperation mit dem Verein Creakult e.V.\n #jazz #jazzinderm\u00fchle #konzert #livemusic #flensburg #bergm\u00fchleflensburg #nordstadt #m\u00fchlengenuss #m\u00fchlenladen\">\r\n        <\/a>\r\n    <\/div>\r\n<\/div><div class=\"sbi_item sbi_type_image sbi_new sbi_transition\" id=\"sbi_18065101804470531\" data-date=\"1704295973\">\r\n    <div class=\"sbi_photo_wrap\">\r\n        <a class=\"sbi_photo\" href=\"https:\/\/www.instagram.com\/p\/C1pK1KsIUPi\/\" target=\"_blank\" rel=\"noopener nofollow\" data-full-res=\"https:\/\/scontent-fra3-1.cdninstagram.com\/v\/t39.30808-6\/415181691_771038158402626_1319230951339119597_n.jpg?_nc_cat=103&#038;ccb=1-7&#038;_nc_sid=18de74&#038;_nc_ohc=knSjg3qLl34AX9BK4mQ&#038;_nc_ht=scontent-fra3-1.cdninstagram.com&#038;edm=ANo9K5cEAAAA&#038;oh=00_AfDX08M6fh8Dr_9EhXGj8jv72OYHBqJpeUKwigbB3yGTIA&#038;oe=65EC8A6A\" data-img-src-set=\"{&quot;d&quot;:&quot;https:\\\/\\\/scontent-fra3-1.cdninstagram.com\\\/v\\\/t39.30808-6\\\/415181691_771038158402626_1319230951339119597_n.jpg?_nc_cat=103&amp;ccb=1-7&amp;_nc_sid=18de74&amp;_nc_ohc=knSjg3qLl34AX9BK4mQ&amp;_nc_ht=scontent-fra3-1.cdninstagram.com&amp;edm=ANo9K5cEAAAA&amp;oh=00_AfDX08M6fh8Dr_9EhXGj8jv72OYHBqJpeUKwigbB3yGTIA&amp;oe=65EC8A6A&quot;,&quot;150&quot;:&quot;https:\\\/\\\/scontent-fra3-1.cdninstagram.com\\\/v\\\/t39.30808-6\\\/415181691_771038158402626_1319230951339119597_n.jpg?_nc_cat=103&amp;ccb=1-7&amp;_nc_sid=18de74&amp;_nc_ohc=knSjg3qLl34AX9BK4mQ&amp;_nc_ht=scontent-fra3-1.cdninstagram.com&amp;edm=ANo9K5cEAAAA&amp;oh=00_AfDX08M6fh8Dr_9EhXGj8jv72OYHBqJpeUKwigbB3yGTIA&amp;oe=65EC8A6A&quot;,&quot;320&quot;:&quot;https:\\\/\\\/scontent-fra3-1.cdninstagram.com\\\/v\\\/t39.30808-6\\\/415181691_771038158402626_1319230951339119597_n.jpg?_nc_cat=103&amp;ccb=1-7&amp;_nc_sid=18de74&amp;_nc_ohc=knSjg3qLl34AX9BK4mQ&amp;_nc_ht=scontent-fra3-1.cdninstagram.com&amp;edm=ANo9K5cEAAAA&amp;oh=00_AfDX08M6fh8Dr_9EhXGj8jv72OYHBqJpeUKwigbB3yGTIA&amp;oe=65EC8A6A&quot;,&quot;640&quot;:&quot;https:\\\/\\\/scontent-fra3-1.cdninstagram.com\\\/v\\\/t39.30808-6\\\/415181691_771038158402626_1319230951339119597_n.jpg?_nc_cat=103&amp;ccb=1-7&amp;_nc_sid=18de74&amp;_nc_ohc=knSjg3qLl34AX9BK4mQ&amp;_nc_ht=scontent-fra3-1.cdninstagram.com&amp;edm=ANo9K5cEAAAA&amp;oh=00_AfDX08M6fh8Dr_9EhXGj8jv72OYHBqJpeUKwigbB3yGTIA&amp;oe=65EC8A6A&quot;}\">\r\n            <span class=\"sbi-screenreader\">Live in der Bergm\u00fchle:\nBLUE ROCKS\nFreitag, 12. Ja<\/span>\r\n            \t                    <img decoding=\"async\" src=\"https:\/\/bergmuehle-flensburg.com\/wp-content\/plugins\/instagram-feed\/img\/placeholder.png\" alt=\"Live in der Bergm\u00fchle:\nBLUE ROCKS\nFreitag, 12. Jan., 2024 um 20 Uhr, Hutkonzert \n(Einlass ab 19 Uhr. Wie immer gibt es kleine Snacks &amp; Getr\u00e4nke)\n\nBLUE ROCKS, die jung gebliebene Band aus Flensburg\/Gl\u00fccksburg, interpretiert und covert mit Begeisterung und viel Herzblut Songs aus 8 Jahrzehnten. Ein lebendiger Mix von Beth Hart bis Whitesnake. Bevorzugte Musikgenres bei den ambitionierten Musiker*innen sind Classic Rock, Blues und Blues-Rock, Pop und Pop-Rock. Freuen Sie sich auf ein abwechslungsreiches Konzert. Gute Stimmung und viel Spa\u00df sind garantiert. \n\nDer Eintritt ist frei. Der Hut geht \u2019rum.\nVorverkauf oder Platzreservierung ist nicht m\u00f6glich.\n#bluerocks #konzert #livemusic #flensburg #bergm\u00fchleflensburg #nordstadt #m\u00fchlengenuss #m\u00fchlenladen\">\r\n        <\/a>\r\n    <\/div>\r\n<\/div><div class=\"sbi_item sbi_type_image sbi_new sbi_transition\" id=\"sbi_17860744860039425\" data-date=\"1703358368\">\r\n    <div class=\"sbi_photo_wrap\">\r\n        <a class=\"sbi_photo\" href=\"https:\/\/www.instagram.com\/p\/C1NOfnSrdrj\/\" target=\"_blank\" rel=\"noopener nofollow\" data-full-res=\"https:\/\/scontent-fra5-1.cdninstagram.com\/v\/t39.30808-6\/412711255_762455305927578_7374972735516127478_n.jpg?_nc_cat=102&#038;ccb=1-7&#038;_nc_sid=18de74&#038;_nc_ohc=BxxnVNNDMTQAX9TPO65&#038;_nc_ht=scontent-fra5-1.cdninstagram.com&#038;edm=ANo9K5cEAAAA&#038;oh=00_AfBJDa8katqpBYCyukmsFZ9cLeoK-6yiuSjGbCSiuR2iNw&#038;oe=65ED6F62\" data-img-src-set=\"{&quot;d&quot;:&quot;https:\\\/\\\/scontent-fra5-1.cdninstagram.com\\\/v\\\/t39.30808-6\\\/412711255_762455305927578_7374972735516127478_n.jpg?_nc_cat=102&amp;ccb=1-7&amp;_nc_sid=18de74&amp;_nc_ohc=BxxnVNNDMTQAX9TPO65&amp;_nc_ht=scontent-fra5-1.cdninstagram.com&amp;edm=ANo9K5cEAAAA&amp;oh=00_AfBJDa8katqpBYCyukmsFZ9cLeoK-6yiuSjGbCSiuR2iNw&amp;oe=65ED6F62&quot;,&quot;150&quot;:&quot;https:\\\/\\\/scontent-fra5-1.cdninstagram.com\\\/v\\\/t39.30808-6\\\/412711255_762455305927578_7374972735516127478_n.jpg?_nc_cat=102&amp;ccb=1-7&amp;_nc_sid=18de74&amp;_nc_ohc=BxxnVNNDMTQAX9TPO65&amp;_nc_ht=scontent-fra5-1.cdninstagram.com&amp;edm=ANo9K5cEAAAA&amp;oh=00_AfBJDa8katqpBYCyukmsFZ9cLeoK-6yiuSjGbCSiuR2iNw&amp;oe=65ED6F62&quot;,&quot;320&quot;:&quot;https:\\\/\\\/scontent-fra5-1.cdninstagram.com\\\/v\\\/t39.30808-6\\\/412711255_762455305927578_7374972735516127478_n.jpg?_nc_cat=102&amp;ccb=1-7&amp;_nc_sid=18de74&amp;_nc_ohc=BxxnVNNDMTQAX9TPO65&amp;_nc_ht=scontent-fra5-1.cdninstagram.com&amp;edm=ANo9K5cEAAAA&amp;oh=00_AfBJDa8katqpBYCyukmsFZ9cLeoK-6yiuSjGbCSiuR2iNw&amp;oe=65ED6F62&quot;,&quot;640&quot;:&quot;https:\\\/\\\/scontent-fra5-1.cdninstagram.com\\\/v\\\/t39.30808-6\\\/412711255_762455305927578_7374972735516127478_n.jpg?_nc_cat=102&amp;ccb=1-7&amp;_nc_sid=18de74&amp;_nc_ohc=BxxnVNNDMTQAX9TPO65&amp;_nc_ht=scontent-fra5-1.cdninstagram.com&amp;edm=ANo9K5cEAAAA&amp;oh=00_AfBJDa8katqpBYCyukmsFZ9cLeoK-6yiuSjGbCSiuR2iNw&amp;oe=65ED6F62&quot;}\">\r\n            <span class=\"sbi-screenreader\">Jazz in der M\u00fchle\nWEIHNACHTS-JAZZSESSION\nMittwoch<\/span>\r\n            \t                    <img decoding=\"async\" src=\"https:\/\/bergmuehle-flensburg.com\/wp-content\/plugins\/instagram-feed\/img\/placeholder.png\" alt=\"Jazz in der M\u00fchle\nWEIHNACHTS-JAZZSESSION\nMittwoch, 27. Dezember, 2023 um 19.30 Uhr, Hutkonzert \n(Einlass ab 19 Uhr. Es gibt kleine Snacks &amp; Getr\u00e4nke)\n\nDirekt nach den Feiertagen steigt in der Bergm\u00fchle die n\u00e4chste Jazzsession. Kontrabassist Kai Stemmler hat diesmal den Hamburger Posaunisten Markus Voigt als Frontman eingeladen.\nMARKUS VOIGT lebt und arbeitet als Komponist, Arrangeur, Texter, Musiker und Schauspieler in Hamburg. Als studierter Jazzmusiker ist er seit vielen Jahren musikalischer Leiter am Schmidts Tivoli und Schmidt Theater. Neben diversen Bandprojekten arbeitete er u.a. f\u00fcr das Deutsche Schauspielhaus, das Thalia Theater, die Neuk\u00f6llner Oper, das Ernst Deutsch Theater und vielen freien Produktionen.\nDie musikalischen Interessen von Markus Voigt sind zwar weit gef\u00e4chert. Angefangen hat er aber als Jazzmusiker im Swing und traditionellen Stil und diese spielt er auch heute noch in diversen Besetzungen. Dies bietet f\u00fcr Gast-Musiker, die ebenso aus diesem Genre stammen, die M\u00f6glichkeit auf der Session ihre Schwerpunkte zu setzen.\nNat\u00fcrlich ist der Abend aber \u2013 wie immer \u2013 offen f\u00fcr Jazzmusiker aller Stilrichtungen. Vielleicht sto\u00dfen auf dieser Session auch der eine oder die andere, die inzwischen woanders studieren oder leben, dazu, wenn sie zu einem Weihnachts-Besuch in Flensburg weilen?\n\nHinweis: Der Eintritt ist frei, der Hut geht rum. \nVorverkauf oder eine Platzreservierung ist nicht m\u00f6glich.\n\nWeitere Termine (jeweils letzter Mittwoch im Monat): 31. Jan. | 28. Feb. | 27. M\u00e4rz | 24. April | 29. Mai | 26. Juni \nVeranstalter: Verein zur Erhaltung der Bergm\u00fchle e.V. in Kooperation mit dem Verein Creakult e.V.\n#jazzinderm\u00fchle #markusvoigt #jazz #jazzsession #konzert #flensburg #bergm\u00fchleflensburg #nordstadt #m\u00fchlengenuss #m\u00fchlenladen\">\r\n        <\/a>\r\n    <\/div>\r\n<\/div><div class=\"sbi_item sbi_type_image sbi_new sbi_transition\" id=\"sbi_18239382403223632\" data-date=\"1703098749\">\r\n    <div class=\"sbi_photo_wrap\">\r\n        <a class=\"sbi_photo\" href=\"https:\/\/www.instagram.com\/p\/C1FfT0JM3pM\/\" target=\"_blank\" rel=\"noopener nofollow\" data-full-res=\"https:\/\/scontent-fra3-2.cdninstagram.com\/v\/t39.30808-6\/410850627_762383009268141_7683695309820388505_n.jpg?_nc_cat=107&#038;ccb=1-7&#038;_nc_sid=18de74&#038;_nc_ohc=UpA5AuWogdgAX8a2ky2&#038;_nc_ht=scontent-fra3-2.cdninstagram.com&#038;edm=ANo9K5cEAAAA&#038;oh=00_AfAsMzXFcMYbtcfGmZU-XSX18zHRlZ--9Cg46OXxOK8O2w&#038;oe=65ED268A\" data-img-src-set=\"{&quot;d&quot;:&quot;https:\\\/\\\/scontent-fra3-2.cdninstagram.com\\\/v\\\/t39.30808-6\\\/410850627_762383009268141_7683695309820388505_n.jpg?_nc_cat=107&amp;ccb=1-7&amp;_nc_sid=18de74&amp;_nc_ohc=UpA5AuWogdgAX8a2ky2&amp;_nc_ht=scontent-fra3-2.cdninstagram.com&amp;edm=ANo9K5cEAAAA&amp;oh=00_AfAsMzXFcMYbtcfGmZU-XSX18zHRlZ--9Cg46OXxOK8O2w&amp;oe=65ED268A&quot;,&quot;150&quot;:&quot;https:\\\/\\\/scontent-fra3-2.cdninstagram.com\\\/v\\\/t39.30808-6\\\/410850627_762383009268141_7683695309820388505_n.jpg?_nc_cat=107&amp;ccb=1-7&amp;_nc_sid=18de74&amp;_nc_ohc=UpA5AuWogdgAX8a2ky2&amp;_nc_ht=scontent-fra3-2.cdninstagram.com&amp;edm=ANo9K5cEAAAA&amp;oh=00_AfAsMzXFcMYbtcfGmZU-XSX18zHRlZ--9Cg46OXxOK8O2w&amp;oe=65ED268A&quot;,&quot;320&quot;:&quot;https:\\\/\\\/scontent-fra3-2.cdninstagram.com\\\/v\\\/t39.30808-6\\\/410850627_762383009268141_7683695309820388505_n.jpg?_nc_cat=107&amp;ccb=1-7&amp;_nc_sid=18de74&amp;_nc_ohc=UpA5AuWogdgAX8a2ky2&amp;_nc_ht=scontent-fra3-2.cdninstagram.com&amp;edm=ANo9K5cEAAAA&amp;oh=00_AfAsMzXFcMYbtcfGmZU-XSX18zHRlZ--9Cg46OXxOK8O2w&amp;oe=65ED268A&quot;,&quot;640&quot;:&quot;https:\\\/\\\/scontent-fra3-2.cdninstagram.com\\\/v\\\/t39.30808-6\\\/410850627_762383009268141_7683695309820388505_n.jpg?_nc_cat=107&amp;ccb=1-7&amp;_nc_sid=18de74&amp;_nc_ohc=UpA5AuWogdgAX8a2ky2&amp;_nc_ht=scontent-fra3-2.cdninstagram.com&amp;edm=ANo9K5cEAAAA&amp;oh=00_AfAsMzXFcMYbtcfGmZU-XSX18zHRlZ--9Cg46OXxOK8O2w&amp;oe=65ED268A&quot;}\">\r\n            <span class=\"sbi-screenreader\">Jazz in der M\u00fchle\nWEIHNACHTS-JAZZSESSION\nMittwoch<\/span>\r\n            \t                    <img decoding=\"async\" src=\"https:\/\/bergmuehle-flensburg.com\/wp-content\/plugins\/instagram-feed\/img\/placeholder.png\" alt=\"Jazz in der M\u00fchle\nWEIHNACHTS-JAZZSESSION\nMittwoch, 27. Dezember, 2023 um 19.30 Uhr, Hutkonzert \n(Einlass ab 19 Uhr. Es gibt kleine Snacks &amp; Getr\u00e4nke)\n\nDirekt nach den Feiertagen steigt in der Bergm\u00fchle die n\u00e4chste Jazzsession. Kontrabassist Kai Stemmler hat diesmal den Hamburger Posaunisten Markus Voigt als Frontman eingeladen.\nMARKUS VOIGT lebt und arbeitet als Komponist, Arrangeur, Texter, Musiker und Schauspieler in Hamburg. Als studierter Jazzmusiker ist er seit vielen Jahren musikalischer Leiter am Schmidts Tivoli und Schmidt Theater. Neben diversen Bandprojekten arbeitete er u.a. f\u00fcr das Deutsche Schauspielhaus, das Thalia Theater, die Neuk\u00f6llner Oper, das Ernst Deutsch Theater und vielen freien Produktionen.\nDie musikalischen Interessen von Markus Voigt sind zwar weit gef\u00e4chert. Angefangen hat er aber als Jazzmusiker im Swing und traditionellen Stil und diese spielt er auch heute noch in diversen Besetzungen. Dies bietet f\u00fcr Gast-Musiker, die ebenso aus diesem Genre stammen, die M\u00f6glichkeit auf der Session ihre Schwerpunkte zu setzen.\nNat\u00fcrlich ist der Abend aber \u2013 wie immer \u2013 offen f\u00fcr Jazzmusiker aller Stilrichtungen. Vielleicht sto\u00dfen auf dieser Session auch der eine oder die andere, die inzwischen woanders studieren oder leben, dazu, wenn sie zu einem Weihnachts-Besuch in Flensburg weilen?\n\nHinweis: Der Eintritt ist frei, der Hut geht rum. \nVorverkauf oder eine Platzreservierung ist nicht m\u00f6glich.\n\nWeitere Termine (jeweils letzter Mittwoch im Monat): 31. Jan. | 28. Feb. | 27. M\u00e4rz | 24. April | 29. Mai | 26. Juni \nVeranstalter: Verein zur Erhaltung der Bergm\u00fchle e.V. in Kooperation mit dem Verein Creakult e.V.\n#jazzinderm\u00fchle #markusvoigt #jazz #jazzsession #konzert #flensburg #bergm\u00fchleflensburg #nordstadt #m\u00fchlengenuss #m\u00fchlenladen\">\r\n        <\/a>\r\n    <\/div>\r\n<\/div><div class=\"sbi_item sbi_type_image sbi_new sbi_transition\" id=\"sbi_18323118739105380\" data-date=\"1702398122\">\r\n    <div class=\"sbi_photo_wrap\">\r\n        <a class=\"sbi_photo\" href=\"https:\/\/www.instagram.com\/p\/C0wm991oJz1\/\" target=\"_blank\" rel=\"noopener nofollow\" data-full-res=\"https:\/\/scontent-fra5-2.cdninstagram.com\/v\/t39.30808-6\/410126154_757814419725000_560329075501965814_n.jpg?_nc_cat=109&#038;ccb=1-7&#038;_nc_sid=18de74&#038;_nc_ohc=IPhOsaeN0AAAX9_l8wu&#038;_nc_ht=scontent-fra5-2.cdninstagram.com&#038;edm=ANo9K5cEAAAA&#038;oh=00_AfCaGvIZJq18qLFGXJ26fnyWX9faS6bwK72e9U5BB2uolg&#038;oe=65EDA608\" data-img-src-set=\"{&quot;d&quot;:&quot;https:\\\/\\\/scontent-fra5-2.cdninstagram.com\\\/v\\\/t39.30808-6\\\/410126154_757814419725000_560329075501965814_n.jpg?_nc_cat=109&amp;ccb=1-7&amp;_nc_sid=18de74&amp;_nc_ohc=IPhOsaeN0AAAX9_l8wu&amp;_nc_ht=scontent-fra5-2.cdninstagram.com&amp;edm=ANo9K5cEAAAA&amp;oh=00_AfCaGvIZJq18qLFGXJ26fnyWX9faS6bwK72e9U5BB2uolg&amp;oe=65EDA608&quot;,&quot;150&quot;:&quot;https:\\\/\\\/scontent-fra5-2.cdninstagram.com\\\/v\\\/t39.30808-6\\\/410126154_757814419725000_560329075501965814_n.jpg?_nc_cat=109&amp;ccb=1-7&amp;_nc_sid=18de74&amp;_nc_ohc=IPhOsaeN0AAAX9_l8wu&amp;_nc_ht=scontent-fra5-2.cdninstagram.com&amp;edm=ANo9K5cEAAAA&amp;oh=00_AfCaGvIZJq18qLFGXJ26fnyWX9faS6bwK72e9U5BB2uolg&amp;oe=65EDA608&quot;,&quot;320&quot;:&quot;https:\\\/\\\/scontent-fra5-2.cdninstagram.com\\\/v\\\/t39.30808-6\\\/410126154_757814419725000_560329075501965814_n.jpg?_nc_cat=109&amp;ccb=1-7&amp;_nc_sid=18de74&amp;_nc_ohc=IPhOsaeN0AAAX9_l8wu&amp;_nc_ht=scontent-fra5-2.cdninstagram.com&amp;edm=ANo9K5cEAAAA&amp;oh=00_AfCaGvIZJq18qLFGXJ26fnyWX9faS6bwK72e9U5BB2uolg&amp;oe=65EDA608&quot;,&quot;640&quot;:&quot;https:\\\/\\\/scontent-fra5-2.cdninstagram.com\\\/v\\\/t39.30808-6\\\/410126154_757814419725000_560329075501965814_n.jpg?_nc_cat=109&amp;ccb=1-7&amp;_nc_sid=18de74&amp;_nc_ohc=IPhOsaeN0AAAX9_l8wu&amp;_nc_ht=scontent-fra5-2.cdninstagram.com&amp;edm=ANo9K5cEAAAA&amp;oh=00_AfCaGvIZJq18qLFGXJ26fnyWX9faS6bwK72e9U5BB2uolg&amp;oe=65EDA608&quot;}\">\r\n            <span class=\"sbi-screenreader\">Kaffee, Kuchen &amp; Kl\u00f6nschnack: \nDonnerstag, 1. Feb<\/span>\r\n            \t                    <img decoding=\"async\" src=\"https:\/\/bergmuehle-flensburg.com\/wp-content\/plugins\/instagram-feed\/img\/placeholder.png\" alt=\"Kaffee, Kuchen &amp; Kl\u00f6nschnack: \nDonnerstag, 1. Februar 2024, 15 Uhr \n\nGeduld ist gefragt. Der Kl\u00f6nschnack pausiert. Weiter geht es im n\u00e4chsten Jahr erst am 1. Februar mit neuem Programm. Wir freuen uns euch wiederzusehen.\n#kl\u00f6nschnack #flensburg #bergm\u00fchleflensburg #nordstadt\">\r\n        <\/a>\r\n    <\/div>\r\n<\/div><div class=\"sbi_item sbi_type_image sbi_new sbi_transition\" id=\"sbi_18019249372764749\" data-date=\"1701541513\">\r\n    <div class=\"sbi_photo_wrap\">\r\n        <a class=\"sbi_photo\" href=\"https:\/\/www.instagram.com\/p\/C0XFHitvjNX\/\" target=\"_blank\" rel=\"noopener nofollow\" data-full-res=\"https:\/\/scontent-fra3-2.cdninstagram.com\/v\/t39.30808-6\/406598231_751142930392149_3526440355932093519_n.jpg?_nc_cat=111&#038;ccb=1-7&#038;_nc_sid=18de74&#038;_nc_ohc=m-wkh5SocYgAX_5fbdZ&#038;_nc_ht=scontent-fra3-2.cdninstagram.com&#038;edm=ANo9K5cEAAAA&#038;oh=00_AfCxaDHRrHYQZ5oysEio2p0wolY29vFhta9sVv58GxhrkQ&#038;oe=65EE2A6A\" data-img-src-set=\"{&quot;d&quot;:&quot;https:\\\/\\\/scontent-fra3-2.cdninstagram.com\\\/v\\\/t39.30808-6\\\/406598231_751142930392149_3526440355932093519_n.jpg?_nc_cat=111&amp;ccb=1-7&amp;_nc_sid=18de74&amp;_nc_ohc=m-wkh5SocYgAX_5fbdZ&amp;_nc_ht=scontent-fra3-2.cdninstagram.com&amp;edm=ANo9K5cEAAAA&amp;oh=00_AfCxaDHRrHYQZ5oysEio2p0wolY29vFhta9sVv58GxhrkQ&amp;oe=65EE2A6A&quot;,&quot;150&quot;:&quot;https:\\\/\\\/scontent-fra3-2.cdninstagram.com\\\/v\\\/t39.30808-6\\\/406598231_751142930392149_3526440355932093519_n.jpg?_nc_cat=111&amp;ccb=1-7&amp;_nc_sid=18de74&amp;_nc_ohc=m-wkh5SocYgAX_5fbdZ&amp;_nc_ht=scontent-fra3-2.cdninstagram.com&amp;edm=ANo9K5cEAAAA&amp;oh=00_AfCxaDHRrHYQZ5oysEio2p0wolY29vFhta9sVv58GxhrkQ&amp;oe=65EE2A6A&quot;,&quot;320&quot;:&quot;https:\\\/\\\/scontent-fra3-2.cdninstagram.com\\\/v\\\/t39.30808-6\\\/406598231_751142930392149_3526440355932093519_n.jpg?_nc_cat=111&amp;ccb=1-7&amp;_nc_sid=18de74&amp;_nc_ohc=m-wkh5SocYgAX_5fbdZ&amp;_nc_ht=scontent-fra3-2.cdninstagram.com&amp;edm=ANo9K5cEAAAA&amp;oh=00_AfCxaDHRrHYQZ5oysEio2p0wolY29vFhta9sVv58GxhrkQ&amp;oe=65EE2A6A&quot;,&quot;640&quot;:&quot;https:\\\/\\\/scontent-fra3-2.cdninstagram.com\\\/v\\\/t39.30808-6\\\/406598231_751142930392149_3526440355932093519_n.jpg?_nc_cat=111&amp;ccb=1-7&amp;_nc_sid=18de74&amp;_nc_ohc=m-wkh5SocYgAX_5fbdZ&amp;_nc_ht=scontent-fra3-2.cdninstagram.com&amp;edm=ANo9K5cEAAAA&amp;oh=00_AfCxaDHRrHYQZ5oysEio2p0wolY29vFhta9sVv58GxhrkQ&amp;oe=65EE2A6A&quot;}\">\r\n            <span class=\"sbi-screenreader\">LEBENDIGER ADVENTSKALENDER\nMontag, 11. Dez. 2023, <\/span>\r\n            \t                    <img decoding=\"async\" src=\"https:\/\/bergmuehle-flensburg.com\/wp-content\/plugins\/instagram-feed\/img\/placeholder.png\" alt=\"LEBENDIGER ADVENTSKALENDER\nMontag, 11. Dez. 2023, 18 Uhr\nin der Bergm\u00fchle\n\nZusammen mit der St. Petri Kirchengemeinde laden wir herzlich zum \u00bbLebendigen Adventskalender\u00ab-Abend in unsere Bergm\u00fchle ein. In diesem Jahr begleitet uns der Neustadt-Chor mit seinen\nLiedern zur Weihnachtszeit. Und wir h\u00f6ren kleine adventliche Geschichten.\n\nDer Eintritt ist frei. \nDer M\u00fchlenladen hat ge\u00f6ffnet.\n#neustadtchor #lebendigeradvent #flensburg #bergm\u00fchleflensburg #nordstadt #m\u00fchlenladen\">\r\n        <\/a>\r\n    <\/div>\r\n<\/div><div class=\"sbi_item sbi_type_image sbi_new sbi_transition\" id=\"sbi_17985558503325367\" data-date=\"1701454329\">\r\n    <div class=\"sbi_photo_wrap\">\r\n        <a class=\"sbi_photo\" href=\"https:\/\/www.instagram.com\/p\/C0Ue06MvWDF\/\" target=\"_blank\" rel=\"noopener nofollow\" data-full-res=\"https:\/\/scontent-fra5-1.cdninstagram.com\/v\/t39.30808-6\/406588591_751136647059444_8062229298374699241_n.jpg?_nc_cat=108&#038;ccb=1-7&#038;_nc_sid=18de74&#038;_nc_ohc=1F8cnengSfIAX_g71S9&#038;_nc_ht=scontent-fra5-1.cdninstagram.com&#038;edm=ANo9K5cEAAAA&#038;oh=00_AfCSaPcN9K7xaxG2JUfMlkf3_UCac-JFMB7ELNZRkTpb2w&#038;oe=65ECE459\" data-img-src-set=\"{&quot;d&quot;:&quot;https:\\\/\\\/scontent-fra5-1.cdninstagram.com\\\/v\\\/t39.30808-6\\\/406588591_751136647059444_8062229298374699241_n.jpg?_nc_cat=108&amp;ccb=1-7&amp;_nc_sid=18de74&amp;_nc_ohc=1F8cnengSfIAX_g71S9&amp;_nc_ht=scontent-fra5-1.cdninstagram.com&amp;edm=ANo9K5cEAAAA&amp;oh=00_AfCSaPcN9K7xaxG2JUfMlkf3_UCac-JFMB7ELNZRkTpb2w&amp;oe=65ECE459&quot;,&quot;150&quot;:&quot;https:\\\/\\\/scontent-fra5-1.cdninstagram.com\\\/v\\\/t39.30808-6\\\/406588591_751136647059444_8062229298374699241_n.jpg?_nc_cat=108&amp;ccb=1-7&amp;_nc_sid=18de74&amp;_nc_ohc=1F8cnengSfIAX_g71S9&amp;_nc_ht=scontent-fra5-1.cdninstagram.com&amp;edm=ANo9K5cEAAAA&amp;oh=00_AfCSaPcN9K7xaxG2JUfMlkf3_UCac-JFMB7ELNZRkTpb2w&amp;oe=65ECE459&quot;,&quot;320&quot;:&quot;https:\\\/\\\/scontent-fra5-1.cdninstagram.com\\\/v\\\/t39.30808-6\\\/406588591_751136647059444_8062229298374699241_n.jpg?_nc_cat=108&amp;ccb=1-7&amp;_nc_sid=18de74&amp;_nc_ohc=1F8cnengSfIAX_g71S9&amp;_nc_ht=scontent-fra5-1.cdninstagram.com&amp;edm=ANo9K5cEAAAA&amp;oh=00_AfCSaPcN9K7xaxG2JUfMlkf3_UCac-JFMB7ELNZRkTpb2w&amp;oe=65ECE459&quot;,&quot;640&quot;:&quot;https:\\\/\\\/scontent-fra5-1.cdninstagram.com\\\/v\\\/t39.30808-6\\\/406588591_751136647059444_8062229298374699241_n.jpg?_nc_cat=108&amp;ccb=1-7&amp;_nc_sid=18de74&amp;_nc_ohc=1F8cnengSfIAX_g71S9&amp;_nc_ht=scontent-fra5-1.cdninstagram.com&amp;edm=ANo9K5cEAAAA&amp;oh=00_AfCSaPcN9K7xaxG2JUfMlkf3_UCac-JFMB7ELNZRkTpb2w&amp;oe=65ECE459&quot;}\">\r\n            <span class=\"sbi-screenreader\">2. Advent:\nKLEINER WEIHNACHTSBASAR\nin der Bergm\u00fch<\/span>\r\n            \t                    <img decoding=\"async\" src=\"https:\/\/bergmuehle-flensburg.com\/wp-content\/plugins\/instagram-feed\/img\/placeholder.png\" alt=\"2. Advent:\nKLEINER WEIHNACHTSBASAR\nin der Bergm\u00fchle\n\nSonntag, 10. Dez. 2023, 10\u201317 Uhr\nEintritt frei\n\nAm 2. Advent findet in der Bergm\u00fchle von 10 bis 17 Uhr ein kleiner Basar statt. Angeboten werden: Keramik, Kekse, gen\u00e4hte Dinge und Weihnachtliches. F\u00fcr das leibliche Wohl wird im M\u00fchlencaf\u00e9 gesorgt: Suppe, Schmalzbrot, Kaffee &amp; Kuchen, Punsch und vieles mehr. Wir freuen uns auf Euch.\n#weihnachten #basar #weihnachtsbasar #punch #advent #flensburg #bergm\u00fchleflensburg #nordstadt #m\u00fchlenladen\">\r\n        <\/a>\r\n    <\/div>\r\n<\/div><div class=\"sbi_item sbi_type_image sbi_new sbi_transition\" id=\"sbi_18324629818099368\" data-date=\"1701367509\">\r\n    <div class=\"sbi_photo_wrap\">\r\n        <a class=\"sbi_photo\" href=\"https:\/\/www.instagram.com\/p\/C0R5Ou-NwHQ\/\" target=\"_blank\" rel=\"noopener nofollow\" data-full-res=\"https:\/\/scontent-fra5-1.cdninstagram.com\/v\/t39.30808-6\/406648566_751133617059747_4792630769578397825_n.jpg?_nc_cat=102&#038;ccb=1-7&#038;_nc_sid=18de74&#038;_nc_ohc=8RPtWSuU79IAX-K3l_f&#038;_nc_ht=scontent-fra5-1.cdninstagram.com&#038;edm=ANo9K5cEAAAA&#038;oh=00_AfDj-dctueOsmElfxMPYGC6bKtAkXXqF0i7A8ZrMBzgA7w&#038;oe=65EC6310\" data-img-src-set=\"{&quot;d&quot;:&quot;https:\\\/\\\/scontent-fra5-1.cdninstagram.com\\\/v\\\/t39.30808-6\\\/406648566_751133617059747_4792630769578397825_n.jpg?_nc_cat=102&amp;ccb=1-7&amp;_nc_sid=18de74&amp;_nc_ohc=8RPtWSuU79IAX-K3l_f&amp;_nc_ht=scontent-fra5-1.cdninstagram.com&amp;edm=ANo9K5cEAAAA&amp;oh=00_AfDj-dctueOsmElfxMPYGC6bKtAkXXqF0i7A8ZrMBzgA7w&amp;oe=65EC6310&quot;,&quot;150&quot;:&quot;https:\\\/\\\/scontent-fra5-1.cdninstagram.com\\\/v\\\/t39.30808-6\\\/406648566_751133617059747_4792630769578397825_n.jpg?_nc_cat=102&amp;ccb=1-7&amp;_nc_sid=18de74&amp;_nc_ohc=8RPtWSuU79IAX-K3l_f&amp;_nc_ht=scontent-fra5-1.cdninstagram.com&amp;edm=ANo9K5cEAAAA&amp;oh=00_AfDj-dctueOsmElfxMPYGC6bKtAkXXqF0i7A8ZrMBzgA7w&amp;oe=65EC6310&quot;,&quot;320&quot;:&quot;https:\\\/\\\/scontent-fra5-1.cdninstagram.com\\\/v\\\/t39.30808-6\\\/406648566_751133617059747_4792630769578397825_n.jpg?_nc_cat=102&amp;ccb=1-7&amp;_nc_sid=18de74&amp;_nc_ohc=8RPtWSuU79IAX-K3l_f&amp;_nc_ht=scontent-fra5-1.cdninstagram.com&amp;edm=ANo9K5cEAAAA&amp;oh=00_AfDj-dctueOsmElfxMPYGC6bKtAkXXqF0i7A8ZrMBzgA7w&amp;oe=65EC6310&quot;,&quot;640&quot;:&quot;https:\\\/\\\/scontent-fra5-1.cdninstagram.com\\\/v\\\/t39.30808-6\\\/406648566_751133617059747_4792630769578397825_n.jpg?_nc_cat=102&amp;ccb=1-7&amp;_nc_sid=18de74&amp;_nc_ohc=8RPtWSuU79IAX-K3l_f&amp;_nc_ht=scontent-fra5-1.cdninstagram.com&amp;edm=ANo9K5cEAAAA&amp;oh=00_AfDj-dctueOsmElfxMPYGC6bKtAkXXqF0i7A8ZrMBzgA7w&amp;oe=65EC6310&quot;}\">\r\n            <span class=\"sbi-screenreader\">Kaffee, Kuchen &amp; Kl\u00f6nschnack:\n\u00bbWeihnahtsgeschich<\/span>\r\n            \t                    <img decoding=\"async\" src=\"https:\/\/bergmuehle-flensburg.com\/wp-content\/plugins\/instagram-feed\/img\/placeholder.png\" alt=\"Kaffee, Kuchen &amp; Kl\u00f6nschnack:\n\u00bbWeihnahtsgeschichten\u00ab \nDonnerstag, 7. Dezember 2023, 15 Uhr \n\nSp\u00e4testens heute wird es weihnachtlich: Passend zum Anlass gibt es Weihnachtsgeschichten. Zusammengestellt und vorgelesen von Dagmar Sievers.\n\nWie immer gibt es Kaffee und leckeren Kuchen, meist selbst gebacken und gegen eine kleine Spende serviert. Alle sind herzlich willkommen.\n#weihnachten #weihnachtsgeschichten #kl\u00f6nschnack #flensburg #bergm\u00fchleflensburg #nordstadt #m\u00fchlenladen\">\r\n        <\/a>\r\n    <\/div>\r\n<\/div><div class=\"sbi_item sbi_type_image sbi_new sbi_transition\" id=\"sbi_17942905517744549\" data-date=\"1701351829\">\r\n    <div class=\"sbi_photo_wrap\">\r\n        <a class=\"sbi_photo\" href=\"https:\/\/www.instagram.com\/p\/C0RbUs6I_DN\/\" target=\"_blank\" rel=\"noopener nofollow\" data-full-res=\"https:\/\/scontent-fra3-1.cdninstagram.com\/v\/t39.30808-6\/406643225_751187277054381_7662885793187403298_n.jpg?_nc_cat=101&#038;ccb=1-7&#038;_nc_sid=18de74&#038;_nc_ohc=L084TC_grwwAX91CMEL&#038;_nc_ht=scontent-fra3-1.cdninstagram.com&#038;edm=ANo9K5cEAAAA&#038;oh=00_AfC4ox1OmwOnH0W0Po8cDzlZbk4lPyM-RJifnBO1GF78zg&#038;oe=65ED6391\" data-img-src-set=\"{&quot;d&quot;:&quot;https:\\\/\\\/scontent-fra3-1.cdninstagram.com\\\/v\\\/t39.30808-6\\\/406643225_751187277054381_7662885793187403298_n.jpg?_nc_cat=101&amp;ccb=1-7&amp;_nc_sid=18de74&amp;_nc_ohc=L084TC_grwwAX91CMEL&amp;_nc_ht=scontent-fra3-1.cdninstagram.com&amp;edm=ANo9K5cEAAAA&amp;oh=00_AfC4ox1OmwOnH0W0Po8cDzlZbk4lPyM-RJifnBO1GF78zg&amp;oe=65ED6391&quot;,&quot;150&quot;:&quot;https:\\\/\\\/scontent-fra3-1.cdninstagram.com\\\/v\\\/t39.30808-6\\\/406643225_751187277054381_7662885793187403298_n.jpg?_nc_cat=101&amp;ccb=1-7&amp;_nc_sid=18de74&amp;_nc_ohc=L084TC_grwwAX91CMEL&amp;_nc_ht=scontent-fra3-1.cdninstagram.com&amp;edm=ANo9K5cEAAAA&amp;oh=00_AfC4ox1OmwOnH0W0Po8cDzlZbk4lPyM-RJifnBO1GF78zg&amp;oe=65ED6391&quot;,&quot;320&quot;:&quot;https:\\\/\\\/scontent-fra3-1.cdninstagram.com\\\/v\\\/t39.30808-6\\\/406643225_751187277054381_7662885793187403298_n.jpg?_nc_cat=101&amp;ccb=1-7&amp;_nc_sid=18de74&amp;_nc_ohc=L084TC_grwwAX91CMEL&amp;_nc_ht=scontent-fra3-1.cdninstagram.com&amp;edm=ANo9K5cEAAAA&amp;oh=00_AfC4ox1OmwOnH0W0Po8cDzlZbk4lPyM-RJifnBO1GF78zg&amp;oe=65ED6391&quot;,&quot;640&quot;:&quot;https:\\\/\\\/scontent-fra3-1.cdninstagram.com\\\/v\\\/t39.30808-6\\\/406643225_751187277054381_7662885793187403298_n.jpg?_nc_cat=101&amp;ccb=1-7&amp;_nc_sid=18de74&amp;_nc_ohc=L084TC_grwwAX91CMEL&amp;_nc_ht=scontent-fra3-1.cdninstagram.com&amp;edm=ANo9K5cEAAAA&amp;oh=00_AfC4ox1OmwOnH0W0Po8cDzlZbk4lPyM-RJifnBO1GF78zg&amp;oe=65ED6391&quot;}\">\r\n            <span class=\"sbi-screenreader\">\ud83c\udfb8\ud83c\udfba\ud83e\udd41 Jazz in der M\u00fchle\n\nJazz vom Feinsten<\/span>\r\n            \t                    <img decoding=\"async\" src=\"https:\/\/bergmuehle-flensburg.com\/wp-content\/plugins\/instagram-feed\/img\/placeholder.png\" alt=\"\ud83c\udfb8\ud83c\udfba\ud83e\udd41 Jazz in der M\u00fchle\n\nJazz vom Feinsten gestern in der Bergm\u00fchle: Kai Stemmler (Kontrabass) hat den gro\u00dfartigen Berliner Saxofonisten und Fl\u00f6tisten Karl-Heinz \u201eKalle\u201c B\u00f6hm nach Flensburg gelockt und mit Hauke Dittloff (Piano) und Mario Wissmann (Drums) eine tolle Jam-Session auf die B\u00fchne gebracht. Im Laufe des Abends sind dann einige lokale Jazzer eingestiegen. Beswingter Abend!\n\nN\u00e4chster Termin: 27. Dez. 2023, 19.30 Uhr\n(oder jeweils letzter Mittwoch im Monat)\n#jazzinderm\u00fchle #live #konzert #jazz #karlheinzb\u00f6hm #flensburg #bergm\u00fchleflensburg #nordstadt #m\u00fchlengenuss #m\u00fchlenladen\">\r\n        <\/a>\r\n    <\/div>\r\n<\/div><div class=\"sbi_item sbi_type_image sbi_new sbi_transition\" id=\"sbi_18012165665079146\" data-date=\"1701168201\">\r\n    <div class=\"sbi_photo_wrap\">\r\n        <a class=\"sbi_photo\" href=\"https:\/\/www.instagram.com\/p\/C0L9FLhsQAf\/\" target=\"_blank\" rel=\"noopener nofollow\" data-full-res=\"https:\/\/scontent-fra3-1.cdninstagram.com\/v\/t39.30808-6\/405693865_749898307183278_1255593969175297333_n.jpg?_nc_cat=101&#038;ccb=1-7&#038;_nc_sid=18de74&#038;_nc_ohc=anJt1eiUMBoAX8gCFfA&#038;_nc_ht=scontent-fra3-1.cdninstagram.com&#038;edm=ANo9K5cEAAAA&#038;oh=00_AfC6kQkxQ5D9vAb_GaglNWwAWj2PEVy4ppu4iHJ-oj9kXQ&#038;oe=65ED4F19\" data-img-src-set=\"{&quot;d&quot;:&quot;https:\\\/\\\/scontent-fra3-1.cdninstagram.com\\\/v\\\/t39.30808-6\\\/405693865_749898307183278_1255593969175297333_n.jpg?_nc_cat=101&amp;ccb=1-7&amp;_nc_sid=18de74&amp;_nc_ohc=anJt1eiUMBoAX8gCFfA&amp;_nc_ht=scontent-fra3-1.cdninstagram.com&amp;edm=ANo9K5cEAAAA&amp;oh=00_AfC6kQkxQ5D9vAb_GaglNWwAWj2PEVy4ppu4iHJ-oj9kXQ&amp;oe=65ED4F19&quot;,&quot;150&quot;:&quot;https:\\\/\\\/scontent-fra3-1.cdninstagram.com\\\/v\\\/t39.30808-6\\\/405693865_749898307183278_1255593969175297333_n.jpg?_nc_cat=101&amp;ccb=1-7&amp;_nc_sid=18de74&amp;_nc_ohc=anJt1eiUMBoAX8gCFfA&amp;_nc_ht=scontent-fra3-1.cdninstagram.com&amp;edm=ANo9K5cEAAAA&amp;oh=00_AfC6kQkxQ5D9vAb_GaglNWwAWj2PEVy4ppu4iHJ-oj9kXQ&amp;oe=65ED4F19&quot;,&quot;320&quot;:&quot;https:\\\/\\\/scontent-fra3-1.cdninstagram.com\\\/v\\\/t39.30808-6\\\/405693865_749898307183278_1255593969175297333_n.jpg?_nc_cat=101&amp;ccb=1-7&amp;_nc_sid=18de74&amp;_nc_ohc=anJt1eiUMBoAX8gCFfA&amp;_nc_ht=scontent-fra3-1.cdninstagram.com&amp;edm=ANo9K5cEAAAA&amp;oh=00_AfC6kQkxQ5D9vAb_GaglNWwAWj2PEVy4ppu4iHJ-oj9kXQ&amp;oe=65ED4F19&quot;,&quot;640&quot;:&quot;https:\\\/\\\/scontent-fra3-1.cdninstagram.com\\\/v\\\/t39.30808-6\\\/405693865_749898307183278_1255593969175297333_n.jpg?_nc_cat=101&amp;ccb=1-7&amp;_nc_sid=18de74&amp;_nc_ohc=anJt1eiUMBoAX8gCFfA&amp;_nc_ht=scontent-fra3-1.cdninstagram.com&amp;edm=ANo9K5cEAAAA&amp;oh=00_AfC6kQkxQ5D9vAb_GaglNWwAWj2PEVy4ppu4iHJ-oj9kXQ&amp;oe=65ED4F19&quot;}\">\r\n            <span class=\"sbi-screenreader\">Der M\u00fchlenladen bleibt bis zum 30. M\u00e4rz 2024 ges<\/span>\r\n            \t                    <img decoding=\"async\" src=\"https:\/\/bergmuehle-flensburg.com\/wp-content\/plugins\/instagram-feed\/img\/placeholder.png\" alt=\"Der M\u00fchlenladen bleibt bis zum 30. M\u00e4rz 2024 geschlossen. \n\nDeshalb k\u00f6nnen Bestellungen jeweils bis Freitag 15 Uhr im Webshop auf der Homepage: www.bergmuehle-flensburg.com mit einem Bestellformular ganz einfach abgegeben werden. Unter der Rufnummer 0160 456 92 83 (Anrufbeantworter) kann ebenfalls bestellt werden.\n\nDie bestellte Ware kann dann am folgenden Samstag zwischen 11 und 12 Uhr in der M\u00fchle abgeholt werden. Im M\u00fchlenladen kann auch bargeldlos mit Karte bezahlt werden. Die Ware wird nicht verschickt.\n\nW\u00e4hrend der Veranstaltungen in der Bergm\u00fchle hat der M\u00fchlenladen selbstverst\u00e4ndlich weiterhin ge\u00f6ffnet.\n\nIm M\u00fchlenladen bekommt Ihr feinsten Dinkel, Weizen &amp; Roggen (ganzes Korn oder geschrotet in Demeter-Qualit\u00e4t), frisch gequetschte Haferflocken, Honig, Raps\u00f6l, leckeren M\u00fchlenburgunder, Merlot &amp; M\u00fcllerschluck. Das komplette Angebot findet Ihr im Webshop auf der Homepage: www.bergmuehle-flensburg.com\n\nBergm\u00fchle Flensburg \nAn der Bergm\u00fchle 7 \n24939 Flensburg\n\n#flensburg #bergm\u00fchleflensburg #nordstadt #m\u00fchlenladen\">\r\n        <\/a>\r\n    <\/div>\r\n<\/div><div class=\"sbi_item sbi_type_image sbi_new sbi_transition\" id=\"sbi_18011638172092043\" data-date=\"1701115688\">\r\n    <div class=\"sbi_photo_wrap\">\r\n        <a class=\"sbi_photo\" href=\"https:\/\/www.instagram.com\/p\/C0KY66zMXFc\/\" target=\"_blank\" rel=\"noopener nofollow\" data-full-res=\"https:\/\/scontent-fra3-2.cdninstagram.com\/v\/t39.30808-6\/406023122_749496260556816_5730362029208882744_n.jpg?_nc_cat=107&#038;ccb=1-7&#038;_nc_sid=18de74&#038;_nc_ohc=XBJEWL9YBFUAX-I2yO1&#038;_nc_ht=scontent-fra3-2.cdninstagram.com&#038;edm=ANo9K5cEAAAA&#038;oh=00_AfAIRUn4XrnoGNkfzXv26PWKN5tM6oPnkCKMgF2yLgdHpg&#038;oe=65EE0624\" data-img-src-set=\"{&quot;d&quot;:&quot;https:\\\/\\\/scontent-fra3-2.cdninstagram.com\\\/v\\\/t39.30808-6\\\/406023122_749496260556816_5730362029208882744_n.jpg?_nc_cat=107&amp;ccb=1-7&amp;_nc_sid=18de74&amp;_nc_ohc=XBJEWL9YBFUAX-I2yO1&amp;_nc_ht=scontent-fra3-2.cdninstagram.com&amp;edm=ANo9K5cEAAAA&amp;oh=00_AfAIRUn4XrnoGNkfzXv26PWKN5tM6oPnkCKMgF2yLgdHpg&amp;oe=65EE0624&quot;,&quot;150&quot;:&quot;https:\\\/\\\/scontent-fra3-2.cdninstagram.com\\\/v\\\/t39.30808-6\\\/406023122_749496260556816_5730362029208882744_n.jpg?_nc_cat=107&amp;ccb=1-7&amp;_nc_sid=18de74&amp;_nc_ohc=XBJEWL9YBFUAX-I2yO1&amp;_nc_ht=scontent-fra3-2.cdninstagram.com&amp;edm=ANo9K5cEAAAA&amp;oh=00_AfAIRUn4XrnoGNkfzXv26PWKN5tM6oPnkCKMgF2yLgdHpg&amp;oe=65EE0624&quot;,&quot;320&quot;:&quot;https:\\\/\\\/scontent-fra3-2.cdninstagram.com\\\/v\\\/t39.30808-6\\\/406023122_749496260556816_5730362029208882744_n.jpg?_nc_cat=107&amp;ccb=1-7&amp;_nc_sid=18de74&amp;_nc_ohc=XBJEWL9YBFUAX-I2yO1&amp;_nc_ht=scontent-fra3-2.cdninstagram.com&amp;edm=ANo9K5cEAAAA&amp;oh=00_AfAIRUn4XrnoGNkfzXv26PWKN5tM6oPnkCKMgF2yLgdHpg&amp;oe=65EE0624&quot;,&quot;640&quot;:&quot;https:\\\/\\\/scontent-fra3-2.cdninstagram.com\\\/v\\\/t39.30808-6\\\/406023122_749496260556816_5730362029208882744_n.jpg?_nc_cat=107&amp;ccb=1-7&amp;_nc_sid=18de74&amp;_nc_ohc=XBJEWL9YBFUAX-I2yO1&amp;_nc_ht=scontent-fra3-2.cdninstagram.com&amp;edm=ANo9K5cEAAAA&amp;oh=00_AfAIRUn4XrnoGNkfzXv26PWKN5tM6oPnkCKMgF2yLgdHpg&amp;oe=65EE0624&quot;}\">\r\n            <span class=\"sbi-screenreader\">Brotgespr\u00e4che in der Bergm\u00fchle\n5. Dezember 2023,<\/span>\r\n            \t                    <img decoding=\"async\" src=\"https:\/\/bergmuehle-flensburg.com\/wp-content\/plugins\/instagram-feed\/img\/placeholder.png\" alt=\"Brotgespr\u00e4che in der Bergm\u00fchle\n5. Dezember 2023, 18 bis 20 Uhr \n\nVon dem Fischer und syner Fru\u201c \u2013 ein norddeutsches Weihnachtsm\u00e4rchen\n\nWas haben die Weihnachtsm\u00e4rchen und -legenden gemeinsam? Sie beschreiben menschlichste Bed\u00fcrfnisse und fordern die H\u00f6renden auf \u2013 (auf)- zu-h\u00f6ren, auf-zu-stehen, auf-zu-brechen \u2013 eben auf \u201eReise zu gehen\u201c. Eine solche \u201eReise\u201c in ein \u201eLand, indem das W\u00fcnschen noch hilft\u201c, stellt das wundervolle M\u00e4rchen von Philipp Otto Runge dar. So kurz vor Weihnachten muss es eben nicht nur 95mal \u201eAschenbr\u00f6del\u201c sein, auch dieses M\u00e4rchen bietet uns mehr \u201eSeelenbrot\u201c als es auf dem ersten Blick scheint. \u201eKnabbern\u201c wir uns also in die Advents- und Weihnachtszeit mit einem Meisterwerk zeitloser \u201enorddeutscher Literatur\u201c!\n\nKontakt &amp; Infos: Torsten Finger, beratung(at)gmx.de oder Mobil 01590 189 44 02\n\nOrganisiert und unterst\u00fctzt durch: Bergm\u00fchle Flensburg, Internationaler Vers\u00f6hnungsbund (Deutscher Zweig\/RG Nord SH\/HH), Dicker-Willis Koppel e.V., Gemeinwohl\u00f6konomie \u2013 RG Schleswig-Holstein Nord, Adelby1 \u2013 Familienzentrum an der Bergm\u00fchle, Radieschen &amp; Co e.V.\n #brotgespr\u00e4che #flensburg #bergm\u00fchleflensburg #nordstadt #m\u00fchlenladen\">\r\n        <\/a>\r\n    <\/div>\r\n<\/div><div class=\"sbi_item sbi_type_image sbi_new sbi_transition\" id=\"sbi_17904948044869768\" data-date=\"1701109813\">\r\n    <div class=\"sbi_photo_wrap\">\r\n        <a class=\"sbi_photo\" href=\"https:\/\/www.instagram.com\/p\/C0KNtwIrKPJ\/\" target=\"_blank\" rel=\"noopener nofollow\" data-full-res=\"https:\/\/scontent-fra5-2.cdninstagram.com\/v\/t39.30808-6\/406045139_749446647228444_4441157221865125715_n.jpg?_nc_cat=106&#038;ccb=1-7&#038;_nc_sid=18de74&#038;_nc_ohc=tKEFaVbSyD8AX8RMQUX&#038;_nc_ht=scontent-fra5-2.cdninstagram.com&#038;edm=ANo9K5cEAAAA&#038;oh=00_AfABDJT_fVAvah_vbJWI1oEJJTeFV7NvLTAuoCrea6lV4g&#038;oe=65EDF10B\" data-img-src-set=\"{&quot;d&quot;:&quot;https:\\\/\\\/scontent-fra5-2.cdninstagram.com\\\/v\\\/t39.30808-6\\\/406045139_749446647228444_4441157221865125715_n.jpg?_nc_cat=106&amp;ccb=1-7&amp;_nc_sid=18de74&amp;_nc_ohc=tKEFaVbSyD8AX8RMQUX&amp;_nc_ht=scontent-fra5-2.cdninstagram.com&amp;edm=ANo9K5cEAAAA&amp;oh=00_AfABDJT_fVAvah_vbJWI1oEJJTeFV7NvLTAuoCrea6lV4g&amp;oe=65EDF10B&quot;,&quot;150&quot;:&quot;https:\\\/\\\/scontent-fra5-2.cdninstagram.com\\\/v\\\/t39.30808-6\\\/406045139_749446647228444_4441157221865125715_n.jpg?_nc_cat=106&amp;ccb=1-7&amp;_nc_sid=18de74&amp;_nc_ohc=tKEFaVbSyD8AX8RMQUX&amp;_nc_ht=scontent-fra5-2.cdninstagram.com&amp;edm=ANo9K5cEAAAA&amp;oh=00_AfABDJT_fVAvah_vbJWI1oEJJTeFV7NvLTAuoCrea6lV4g&amp;oe=65EDF10B&quot;,&quot;320&quot;:&quot;https:\\\/\\\/scontent-fra5-2.cdninstagram.com\\\/v\\\/t39.30808-6\\\/406045139_749446647228444_4441157221865125715_n.jpg?_nc_cat=106&amp;ccb=1-7&amp;_nc_sid=18de74&amp;_nc_ohc=tKEFaVbSyD8AX8RMQUX&amp;_nc_ht=scontent-fra5-2.cdninstagram.com&amp;edm=ANo9K5cEAAAA&amp;oh=00_AfABDJT_fVAvah_vbJWI1oEJJTeFV7NvLTAuoCrea6lV4g&amp;oe=65EDF10B&quot;,&quot;640&quot;:&quot;https:\\\/\\\/scontent-fra5-2.cdninstagram.com\\\/v\\\/t39.30808-6\\\/406045139_749446647228444_4441157221865125715_n.jpg?_nc_cat=106&amp;ccb=1-7&amp;_nc_sid=18de74&amp;_nc_ohc=tKEFaVbSyD8AX8RMQUX&amp;_nc_ht=scontent-fra5-2.cdninstagram.com&amp;edm=ANo9K5cEAAAA&amp;oh=00_AfABDJT_fVAvah_vbJWI1oEJJTeFV7NvLTAuoCrea6lV4g&amp;oe=65EDF10B&quot;}\">\r\n            <span class=\"sbi-screenreader\">Benefizkonzert f\u00fcr die Aktion \u201eWinterzeit in de<\/span>\r\n            \t                    <img decoding=\"async\" src=\"https:\/\/bergmuehle-flensburg.com\/wp-content\/plugins\/instagram-feed\/img\/placeholder.png\" alt=\"Benefizkonzert f\u00fcr die Aktion \u201eWinterzeit in der Nordstadt\u201c:\nENGINES\nSamstag, 2. Dez., 2023 um 20 Uhr, Hutkonzert \n(Einlass ab 19 Uhr. Wie immer gibt es kleine Snacks &amp; Getr\u00e4nke)\n\nWer Lust auf knackige Rockmusik, gef\u00fchlvolle Balladen, Edelsteine aus der Popgeschichte und handgemachte Live-Mugge hat, ist bei der f\u00fcnfk\u00f6pfigen Kapelle ENGINES genau richtig. Gegr\u00fcndet einst im Newsroom des sh:z an der F\u00f6rdestra\u00dfe als reine Journaille-Band, geh\u00f6ren heute immerhin noch drei Journalisten der Gruppe an. Im Zentrum steht die charismatische S\u00e4ngerin Antje Walther, die stil- und genresicher Songs von Alanis Morrisette und Edie Brickell, von Jefferson Airplane und Cranberries, von Sheryl Crow und Skunk Anansie interpretiert.\n\nDer Eintritt ist frei. Der Hut geht \u2019rum.\nVorverkauf oder Platzreservierung ist nicht m\u00f6glich.\n#engines #konzert #winterzeit #livemusic #flensburg #bergm\u00fchleflensburg #nordstadt #m\u00fchlengenuss #m\u00fchlenladen #musik\">\r\n        <\/a>\r\n    <\/div>\r\n<\/div><div class=\"sbi_item sbi_type_image sbi_new sbi_transition\" id=\"sbi_18023433553865166\" data-date=\"1701096083\">\r\n    <div class=\"sbi_photo_wrap\">\r\n        <a class=\"sbi_photo\" href=\"https:\/\/www.instagram.com\/p\/C0Jzhr_obwK\/\" target=\"_blank\" rel=\"noopener nofollow\" data-full-res=\"https:\/\/scontent-fra5-1.cdninstagram.com\/v\/t39.30808-6\/406043087_749438213895954_8499886940612377183_n.jpg?_nc_cat=100&#038;ccb=1-7&#038;_nc_sid=18de74&#038;_nc_ohc=AijKRH9SyKgAX8KB5fF&#038;_nc_ht=scontent-fra5-1.cdninstagram.com&#038;edm=ANo9K5cEAAAA&#038;oh=00_AfDWr3R0BO6zXrJ6vlAOKMYaXRi1eqaHd5YlhL5zAVLxww&#038;oe=65EE0DA0\" data-img-src-set=\"{&quot;d&quot;:&quot;https:\\\/\\\/scontent-fra5-1.cdninstagram.com\\\/v\\\/t39.30808-6\\\/406043087_749438213895954_8499886940612377183_n.jpg?_nc_cat=100&amp;ccb=1-7&amp;_nc_sid=18de74&amp;_nc_ohc=AijKRH9SyKgAX8KB5fF&amp;_nc_ht=scontent-fra5-1.cdninstagram.com&amp;edm=ANo9K5cEAAAA&amp;oh=00_AfDWr3R0BO6zXrJ6vlAOKMYaXRi1eqaHd5YlhL5zAVLxww&amp;oe=65EE0DA0&quot;,&quot;150&quot;:&quot;https:\\\/\\\/scontent-fra5-1.cdninstagram.com\\\/v\\\/t39.30808-6\\\/406043087_749438213895954_8499886940612377183_n.jpg?_nc_cat=100&amp;ccb=1-7&amp;_nc_sid=18de74&amp;_nc_ohc=AijKRH9SyKgAX8KB5fF&amp;_nc_ht=scontent-fra5-1.cdninstagram.com&amp;edm=ANo9K5cEAAAA&amp;oh=00_AfDWr3R0BO6zXrJ6vlAOKMYaXRi1eqaHd5YlhL5zAVLxww&amp;oe=65EE0DA0&quot;,&quot;320&quot;:&quot;https:\\\/\\\/scontent-fra5-1.cdninstagram.com\\\/v\\\/t39.30808-6\\\/406043087_749438213895954_8499886940612377183_n.jpg?_nc_cat=100&amp;ccb=1-7&amp;_nc_sid=18de74&amp;_nc_ohc=AijKRH9SyKgAX8KB5fF&amp;_nc_ht=scontent-fra5-1.cdninstagram.com&amp;edm=ANo9K5cEAAAA&amp;oh=00_AfDWr3R0BO6zXrJ6vlAOKMYaXRi1eqaHd5YlhL5zAVLxww&amp;oe=65EE0DA0&quot;,&quot;640&quot;:&quot;https:\\\/\\\/scontent-fra5-1.cdninstagram.com\\\/v\\\/t39.30808-6\\\/406043087_749438213895954_8499886940612377183_n.jpg?_nc_cat=100&amp;ccb=1-7&amp;_nc_sid=18de74&amp;_nc_ohc=AijKRH9SyKgAX8KB5fF&amp;_nc_ht=scontent-fra5-1.cdninstagram.com&amp;edm=ANo9K5cEAAAA&amp;oh=00_AfDWr3R0BO6zXrJ6vlAOKMYaXRi1eqaHd5YlhL5zAVLxww&amp;oe=65EE0DA0&quot;}\">\r\n            <span class=\"sbi-screenreader\">Live in der Bergm\u00fchle:\nPETER PUR \ud83c\udfb8\nFreitag, 1.<\/span>\r\n            \t                    <img decoding=\"async\" src=\"https:\/\/bergmuehle-flensburg.com\/wp-content\/plugins\/instagram-feed\/img\/placeholder.png\" alt=\"Live in der Bergm\u00fchle:\nPETER PUR \ud83c\udfb8\nFreitag, 1. Dez., 2023 um 20 Uhr, Hutkonzert \n(Einlass ab 19 Uhr. Wie immer gibt es kleine Snacks &amp; Getr\u00e4nke)\n\nPETER PUR ist in Angeln zu Hause und bezeichnet sich gern als Musikant. Er interpretiert Songs von deutschen und internationalen K\u00fcnstlern, verschiedener Genres, wie Rock, Pop und Singer\/Songwriter. Neben der Arbeit mit verschiedenen Bands hat er die Stra\u00dfenmusik f\u00fcr sich entdeckt und bringt diese auch stimmungsvoll auf die B\u00fchne. Freut Euch auf einen kurzweiligen Abend mit Gitarre, Ukulele und Gesang. \n\nDer Eintritt ist frei. Der Hut geht \u2019rum.\nVorverkauf oder Platzreservierung ist nicht m\u00f6glich.\n#peterpur #konzert #live #music #livemusic #flensburg #bergm\u00fchleflensburg #nordstadt #m\u00fchlengenuss #m\u00fchlenladen\">\r\n        <\/a>\r\n    <\/div>\r\n<\/div><div class=\"sbi_item sbi_type_image sbi_new sbi_transition\" id=\"sbi_17871816035964171\" data-date=\"1700761508\">\r\n    <div class=\"sbi_photo_wrap\">\r\n        <a class=\"sbi_photo\" href=\"https:\/\/www.instagram.com\/p\/Cz_1YElse2_\/\" target=\"_blank\" rel=\"noopener nofollow\" data-full-res=\"https:\/\/scontent-fra5-1.cdninstagram.com\/v\/t39.30808-6\/405514642_747356637437445_736895742082048965_n.jpg?_nc_cat=110&#038;ccb=1-7&#038;_nc_sid=18de74&#038;_nc_ohc=m6jLuFtgzU4AX8ov1pi&#038;_nc_ht=scontent-fra5-1.cdninstagram.com&#038;edm=ANo9K5cEAAAA&#038;oh=00_AfD_JrzAqOTGOLKANEWvwtj7KTp8rW8PA0nn0JG9L-SqYQ&#038;oe=65ED5204\" data-img-src-set=\"{&quot;d&quot;:&quot;https:\\\/\\\/scontent-fra5-1.cdninstagram.com\\\/v\\\/t39.30808-6\\\/405514642_747356637437445_736895742082048965_n.jpg?_nc_cat=110&amp;ccb=1-7&amp;_nc_sid=18de74&amp;_nc_ohc=m6jLuFtgzU4AX8ov1pi&amp;_nc_ht=scontent-fra5-1.cdninstagram.com&amp;edm=ANo9K5cEAAAA&amp;oh=00_AfD_JrzAqOTGOLKANEWvwtj7KTp8rW8PA0nn0JG9L-SqYQ&amp;oe=65ED5204&quot;,&quot;150&quot;:&quot;https:\\\/\\\/scontent-fra5-1.cdninstagram.com\\\/v\\\/t39.30808-6\\\/405514642_747356637437445_736895742082048965_n.jpg?_nc_cat=110&amp;ccb=1-7&amp;_nc_sid=18de74&amp;_nc_ohc=m6jLuFtgzU4AX8ov1pi&amp;_nc_ht=scontent-fra5-1.cdninstagram.com&amp;edm=ANo9K5cEAAAA&amp;oh=00_AfD_JrzAqOTGOLKANEWvwtj7KTp8rW8PA0nn0JG9L-SqYQ&amp;oe=65ED5204&quot;,&quot;320&quot;:&quot;https:\\\/\\\/scontent-fra5-1.cdninstagram.com\\\/v\\\/t39.30808-6\\\/405514642_747356637437445_736895742082048965_n.jpg?_nc_cat=110&amp;ccb=1-7&amp;_nc_sid=18de74&amp;_nc_ohc=m6jLuFtgzU4AX8ov1pi&amp;_nc_ht=scontent-fra5-1.cdninstagram.com&amp;edm=ANo9K5cEAAAA&amp;oh=00_AfD_JrzAqOTGOLKANEWvwtj7KTp8rW8PA0nn0JG9L-SqYQ&amp;oe=65ED5204&quot;,&quot;640&quot;:&quot;https:\\\/\\\/scontent-fra5-1.cdninstagram.com\\\/v\\\/t39.30808-6\\\/405514642_747356637437445_736895742082048965_n.jpg?_nc_cat=110&amp;ccb=1-7&amp;_nc_sid=18de74&amp;_nc_ohc=m6jLuFtgzU4AX8ov1pi&amp;_nc_ht=scontent-fra5-1.cdninstagram.com&amp;edm=ANo9K5cEAAAA&amp;oh=00_AfD_JrzAqOTGOLKANEWvwtj7KTp8rW8PA0nn0JG9L-SqYQ&amp;oe=65ED5204&quot;}\">\r\n            <span class=\"sbi-screenreader\">Kaffee, Kuchen &amp; Kl\u00f6nschnack:\n\u00bbWie funktioniert <\/span>\r\n            \t                    <img decoding=\"async\" src=\"https:\/\/bergmuehle-flensburg.com\/wp-content\/plugins\/instagram-feed\/img\/placeholder.png\" alt=\"Kaffee, Kuchen &amp; Kl\u00f6nschnack:\n\u00bbWie funktioniert ein Bio- und Demeterhof?\u00ab \nDonnerstag, 30. November 2023, 15 Uhr \n\nMartin Delz stellt den Demeterbetrieb \u00bbHof Delz\u00ab in Ulsnis an der Schlei vor. Er erz\u00e4hlt von den Herausforderungen und Schwierigkeiten einen b\u00e4uerlichen Hof mit hohem Anspruch zu betreiben. Nat\u00fcrlich beantwortet er auch die ein oder andere Frage. \u00dcbrigens, das Getreide und das Raps\u00f6l im M\u00fchlenladen wird dort hergestellt. \n\nWie immer gibt es Kaffee und leckeren Kuchen, meist selbst gebacken und gegen eine kleine Spende serviert. Alle sind herzlich willkommen.\n#hofdelz #demeter #flensburg #kl\u00f6nschnack #bergm\u00fchleflensburg #nordstadt #m\u00fchlenladen\">\r\n        <\/a>\r\n    <\/div>\r\n<\/div><div class=\"sbi_item sbi_type_image sbi_new sbi_transition\" id=\"sbi_17857250523038948\" data-date=\"1700730875\">\r\n    <div class=\"sbi_photo_wrap\">\r\n        <a class=\"sbi_photo\" href=\"https:\/\/www.instagram.com\/p\/Cz-68r_sm2M\/\" target=\"_blank\" rel=\"noopener nofollow\" data-full-res=\"https:\/\/scontent-fra5-2.cdninstagram.com\/v\/t39.30808-6\/405579519_747123907460718_3375424904196080988_n.jpg?_nc_cat=109&#038;ccb=1-7&#038;_nc_sid=18de74&#038;_nc_ohc=j6WMrsQfGZwAX9NUg4z&#038;_nc_ht=scontent-fra5-2.cdninstagram.com&#038;edm=ANo9K5cEAAAA&#038;oh=00_AfClamb3mTz1NC_WDpCoVAVki6g5ddazy7NIpGMkrNurPQ&#038;oe=65ED4360\" data-img-src-set=\"{&quot;d&quot;:&quot;https:\\\/\\\/scontent-fra5-2.cdninstagram.com\\\/v\\\/t39.30808-6\\\/405579519_747123907460718_3375424904196080988_n.jpg?_nc_cat=109&amp;ccb=1-7&amp;_nc_sid=18de74&amp;_nc_ohc=j6WMrsQfGZwAX9NUg4z&amp;_nc_ht=scontent-fra5-2.cdninstagram.com&amp;edm=ANo9K5cEAAAA&amp;oh=00_AfClamb3mTz1NC_WDpCoVAVki6g5ddazy7NIpGMkrNurPQ&amp;oe=65ED4360&quot;,&quot;150&quot;:&quot;https:\\\/\\\/scontent-fra5-2.cdninstagram.com\\\/v\\\/t39.30808-6\\\/405579519_747123907460718_3375424904196080988_n.jpg?_nc_cat=109&amp;ccb=1-7&amp;_nc_sid=18de74&amp;_nc_ohc=j6WMrsQfGZwAX9NUg4z&amp;_nc_ht=scontent-fra5-2.cdninstagram.com&amp;edm=ANo9K5cEAAAA&amp;oh=00_AfClamb3mTz1NC_WDpCoVAVki6g5ddazy7NIpGMkrNurPQ&amp;oe=65ED4360&quot;,&quot;320&quot;:&quot;https:\\\/\\\/scontent-fra5-2.cdninstagram.com\\\/v\\\/t39.30808-6\\\/405579519_747123907460718_3375424904196080988_n.jpg?_nc_cat=109&amp;ccb=1-7&amp;_nc_sid=18de74&amp;_nc_ohc=j6WMrsQfGZwAX9NUg4z&amp;_nc_ht=scontent-fra5-2.cdninstagram.com&amp;edm=ANo9K5cEAAAA&amp;oh=00_AfClamb3mTz1NC_WDpCoVAVki6g5ddazy7NIpGMkrNurPQ&amp;oe=65ED4360&quot;,&quot;640&quot;:&quot;https:\\\/\\\/scontent-fra5-2.cdninstagram.com\\\/v\\\/t39.30808-6\\\/405579519_747123907460718_3375424904196080988_n.jpg?_nc_cat=109&amp;ccb=1-7&amp;_nc_sid=18de74&amp;_nc_ohc=j6WMrsQfGZwAX9NUg4z&amp;_nc_ht=scontent-fra5-2.cdninstagram.com&amp;edm=ANo9K5cEAAAA&amp;oh=00_AfClamb3mTz1NC_WDpCoVAVki6g5ddazy7NIpGMkrNurPQ&amp;oe=65ED4360&quot;}\">\r\n            <span class=\"sbi-screenreader\">Winterkleid &amp; Schneedecke \u2013 \nwohlig warme M\u00e4rch<\/span>\r\n            \t                    <img decoding=\"async\" src=\"https:\/\/bergmuehle-flensburg.com\/wp-content\/plugins\/instagram-feed\/img\/placeholder.png\" alt=\"Winterkleid &amp; Schneedecke \u2013 \nwohlig warme M\u00e4rchen gegen kalte F\u00fc\u00dfe\nSonntag, 26. November 2023 um 16 bis 17.30 Uhr\nBei diesem Erz\u00e4hlabend f\u00fcr die ganze Familie verzaubert euch Geschichtenerz\u00e4hlerin Katharina G\u00f6tz mit spannenden M\u00e4rchen, die nicht nur die F\u00fc\u00dfe und sondern auch das Herz erw\u00e4rmen.\nDer Eintritt ist frei, es geht ein Hut rum. Eine Anmeldung ist nicht erforderlich. \nF\u00fcr Kaffee und Kuchen gegen Spende sorgt der \u00abLadiescircle\u00ab\nWeitere Infos unter: www.lauschkorb.de\nVeranstalter: Schutzengel e.V.\nWinterkleid &amp; Schneedecke \u2013 wohlig warme M\u00e4rchen gegen kalte F\u00fc\u00dfe\nSonntag, 26. November 2023 um 16 bis 17.30 Uhr\nBei diesem Erz\u00e4hlabend f\u00fcr die ganze Familie verzaubert euch Geschichtenerz\u00e4hlerin Katharina G\u00f6tz mit spannenden M\u00e4rchen, die nicht nur die F\u00fc\u00dfe und sondern auch das Herz erw\u00e4rmen.\nDer Eintritt ist frei, es geht ein Hut rum. Eine Anmeldung ist nicht erforderlich. \nF\u00fcr Kaffee und Kuchen gegen Spende sorgt der \u00abLadiescircle\u00ab\nWeitere Infos unter: www.lauschkorb.de\nVeranstalter: Schutzengel e.V.\n#winterzeit #m\u00e4rchen #schutzengel #katharinag\u00f6tz #flensburg #bergm\u00fchleflensburg #nordstadt #m\u00fchlenladen\">\r\n        <\/a>\r\n    <\/div>\r\n<\/div><div class=\"sbi_item sbi_type_image sbi_new sbi_transition\" id=\"sbi_18398961826056039\" data-date=\"1700046147\">\r\n    <div class=\"sbi_photo_wrap\">\r\n        <a class=\"sbi_photo\" href=\"https:\/\/www.instagram.com\/p\/Czqg7upORkI\/\" target=\"_blank\" rel=\"noopener nofollow\" data-full-res=\"https:\/\/scontent-fra5-1.cdninstagram.com\/v\/t39.30808-6\/399642006_742884887884620_4135148127148332750_n.jpg?_nc_cat=100&#038;ccb=1-7&#038;_nc_sid=18de74&#038;_nc_ohc=GVttYOrDmFQAX8kNDU2&#038;_nc_ht=scontent-fra5-1.cdninstagram.com&#038;edm=ANo9K5cEAAAA&#038;oh=00_AfDl3IM5Z32WPw7Lqbo9OARjvki4h0r09Dql5fqT1C2pkQ&#038;oe=65ECDC06\" data-img-src-set=\"{&quot;d&quot;:&quot;https:\\\/\\\/scontent-fra5-1.cdninstagram.com\\\/v\\\/t39.30808-6\\\/399642006_742884887884620_4135148127148332750_n.jpg?_nc_cat=100&amp;ccb=1-7&amp;_nc_sid=18de74&amp;_nc_ohc=GVttYOrDmFQAX8kNDU2&amp;_nc_ht=scontent-fra5-1.cdninstagram.com&amp;edm=ANo9K5cEAAAA&amp;oh=00_AfDl3IM5Z32WPw7Lqbo9OARjvki4h0r09Dql5fqT1C2pkQ&amp;oe=65ECDC06&quot;,&quot;150&quot;:&quot;https:\\\/\\\/scontent-fra5-1.cdninstagram.com\\\/v\\\/t39.30808-6\\\/399642006_742884887884620_4135148127148332750_n.jpg?_nc_cat=100&amp;ccb=1-7&amp;_nc_sid=18de74&amp;_nc_ohc=GVttYOrDmFQAX8kNDU2&amp;_nc_ht=scontent-fra5-1.cdninstagram.com&amp;edm=ANo9K5cEAAAA&amp;oh=00_AfDl3IM5Z32WPw7Lqbo9OARjvki4h0r09Dql5fqT1C2pkQ&amp;oe=65ECDC06&quot;,&quot;320&quot;:&quot;https:\\\/\\\/scontent-fra5-1.cdninstagram.com\\\/v\\\/t39.30808-6\\\/399642006_742884887884620_4135148127148332750_n.jpg?_nc_cat=100&amp;ccb=1-7&amp;_nc_sid=18de74&amp;_nc_ohc=GVttYOrDmFQAX8kNDU2&amp;_nc_ht=scontent-fra5-1.cdninstagram.com&amp;edm=ANo9K5cEAAAA&amp;oh=00_AfDl3IM5Z32WPw7Lqbo9OARjvki4h0r09Dql5fqT1C2pkQ&amp;oe=65ECDC06&quot;,&quot;640&quot;:&quot;https:\\\/\\\/scontent-fra5-1.cdninstagram.com\\\/v\\\/t39.30808-6\\\/399642006_742884887884620_4135148127148332750_n.jpg?_nc_cat=100&amp;ccb=1-7&amp;_nc_sid=18de74&amp;_nc_ohc=GVttYOrDmFQAX8kNDU2&amp;_nc_ht=scontent-fra5-1.cdninstagram.com&amp;edm=ANo9K5cEAAAA&amp;oh=00_AfDl3IM5Z32WPw7Lqbo9OARjvki4h0r09Dql5fqT1C2pkQ&amp;oe=65ECDC06&quot;}\">\r\n            <span class=\"sbi-screenreader\">WEINPROBE\ud83c\udf77\ud83c\udf47\nSonntag, der 19. Nov. 2023\nvon 1<\/span>\r\n            \t                    <img decoding=\"async\" src=\"https:\/\/bergmuehle-flensburg.com\/wp-content\/plugins\/instagram-feed\/img\/placeholder.png\" alt=\"WEINPROBE\ud83c\udf77\ud83c\udf47\nSonntag, der 19. Nov. 2023\nvon 15 bis 19 Uhr\n\u00bbDer Weinladen\u00ab l\u00e4dt zu einer Weinprobe in die Bergm\u00fchle ein.\nDer Eintritt ist frei\n\n#weinprobe #derweinladen #flensburg #bergm\u00fchleflensburg #nordstadt #m\u00fchlenladen\">\r\n        <\/a>\r\n    <\/div>\r\n<\/div><div class=\"sbi_item sbi_type_image sbi_new sbi_transition\" id=\"sbi_17894381699919908\" data-date=\"1699468090\">\r\n    <div class=\"sbi_photo_wrap\">\r\n        <a class=\"sbi_photo\" href=\"https:\/\/www.instagram.com\/p\/CzZSYCyCNeW\/\" target=\"_blank\" rel=\"noopener nofollow\" data-full-res=\"https:\/\/scontent-fra3-1.cdninstagram.com\/v\/t39.30808-6\/399645817_738168851689557_2731213069815056812_n.jpg?_nc_cat=101&#038;ccb=1-7&#038;_nc_sid=18de74&#038;_nc_ohc=BGJ5EmItB34AX-KHWy5&#038;_nc_ht=scontent-fra3-1.cdninstagram.com&#038;edm=ANo9K5cEAAAA&#038;oh=00_AfBJTGPft9bgwbSCyGHkx9DwHeYt-0RrbdanN6d4E_m0aA&#038;oe=65ED98A5\" data-img-src-set=\"{&quot;d&quot;:&quot;https:\\\/\\\/scontent-fra3-1.cdninstagram.com\\\/v\\\/t39.30808-6\\\/399645817_738168851689557_2731213069815056812_n.jpg?_nc_cat=101&amp;ccb=1-7&amp;_nc_sid=18de74&amp;_nc_ohc=BGJ5EmItB34AX-KHWy5&amp;_nc_ht=scontent-fra3-1.cdninstagram.com&amp;edm=ANo9K5cEAAAA&amp;oh=00_AfBJTGPft9bgwbSCyGHkx9DwHeYt-0RrbdanN6d4E_m0aA&amp;oe=65ED98A5&quot;,&quot;150&quot;:&quot;https:\\\/\\\/scontent-fra3-1.cdninstagram.com\\\/v\\\/t39.30808-6\\\/399645817_738168851689557_2731213069815056812_n.jpg?_nc_cat=101&amp;ccb=1-7&amp;_nc_sid=18de74&amp;_nc_ohc=BGJ5EmItB34AX-KHWy5&amp;_nc_ht=scontent-fra3-1.cdninstagram.com&amp;edm=ANo9K5cEAAAA&amp;oh=00_AfBJTGPft9bgwbSCyGHkx9DwHeYt-0RrbdanN6d4E_m0aA&amp;oe=65ED98A5&quot;,&quot;320&quot;:&quot;https:\\\/\\\/scontent-fra3-1.cdninstagram.com\\\/v\\\/t39.30808-6\\\/399645817_738168851689557_2731213069815056812_n.jpg?_nc_cat=101&amp;ccb=1-7&amp;_nc_sid=18de74&amp;_nc_ohc=BGJ5EmItB34AX-KHWy5&amp;_nc_ht=scontent-fra3-1.cdninstagram.com&amp;edm=ANo9K5cEAAAA&amp;oh=00_AfBJTGPft9bgwbSCyGHkx9DwHeYt-0RrbdanN6d4E_m0aA&amp;oe=65ED98A5&quot;,&quot;640&quot;:&quot;https:\\\/\\\/scontent-fra3-1.cdninstagram.com\\\/v\\\/t39.30808-6\\\/399645817_738168851689557_2731213069815056812_n.jpg?_nc_cat=101&amp;ccb=1-7&amp;_nc_sid=18de74&amp;_nc_ohc=BGJ5EmItB34AX-KHWy5&amp;_nc_ht=scontent-fra3-1.cdninstagram.com&amp;edm=ANo9K5cEAAAA&amp;oh=00_AfBJTGPft9bgwbSCyGHkx9DwHeYt-0RrbdanN6d4E_m0aA&amp;oe=65ED98A5&quot;}\">\r\n            <span class=\"sbi-screenreader\">\ud83e\udd41\ud83c\udfb8\ud83c\udfba Live in der Bergm\u00fchle:\nJAZZ IN DER M<\/span>\r\n            \t                    <img decoding=\"async\" src=\"https:\/\/bergmuehle-flensburg.com\/wp-content\/plugins\/instagram-feed\/img\/placeholder.png\" alt=\"\ud83e\udd41\ud83c\udfb8\ud83c\udfba Live in der Bergm\u00fchle:\nJAZZ IN DER M\u00dcHLE\nMittwoch, 29. November, 2023 um 19.30 Uhr, Hutkonzert \n(Einlass ab 19 Uhr. Wie immer gibt es kleine Snacks &amp; Getr\u00e4nke)\nJazz in der M\u00fchle: Die M\u00f6glichkeit f\u00fcr alle Jazzer der Region zusammen zu jammen! Weder das Alter noch das Instrument spielen eine Rolle, auch nicht in welchem Jazz-Stil man sich zu Hause f\u00fchlt. Der Kontrabassist Kai Stemmler l\u00e4dt einen lokalen oder \u00fcberregional bekannten Solisten f\u00fcr das Opener-Set ein und stellt dazu eine Rhythmusgruppe zusammen. Danach k\u00f6nnen alle, die mindestens drei St\u00fccke vorstellen k\u00f6nnen, einsteigen oder selbst Sets anf\u00fchren. Am Ende gibt\u2019s als H\u00f6hepunkt einige Songs mit der Grundband und m\u00f6glichst vielen Musikern gemeinsam!\nHinweis: Der Eintritt ist frei, der Hut geht rum. \nVorverkauf oder eine Platzreservierung ist nicht m\u00f6glich.\nWeitere Termine (jeweils letzter Mittwoch im Monat): 27. Dez. | 31. Jan. | 28. Feb. | 27. M\u00e4rz | 24. April | 29. Mai | 26. Juni \nVeranstalter: Verein Creakult e.V. in Kooperation mit dem Verein zur Erhaltung der Bergm\u00fchle e.V.\n#jazzinderm\u00fchle #konzert #musik #jazz #flensburg #bergm\u00fchleflensburg #nordstadt #m\u00fchlenladen\">\r\n        <\/a>\r\n    <\/div>\r\n<\/div><div class=\"sbi_item sbi_type_image sbi_new sbi_transition\" id=\"sbi_17996466368512448\" data-date=\"1699381983\">\r\n    <div class=\"sbi_photo_wrap\">\r\n        <a class=\"sbi_photo\" href=\"https:\/\/www.instagram.com\/p\/CzWuI-dtDZ2\/\" target=\"_blank\" rel=\"noopener nofollow\" data-full-res=\"https:\/\/scontent-fra5-2.cdninstagram.com\/v\/t39.30808-6\/399990389_738170838356025_3856425877199325344_n.jpg?_nc_cat=109&#038;ccb=1-7&#038;_nc_sid=18de74&#038;_nc_ohc=mlsHHShM16EAX9dtgqT&#038;_nc_ht=scontent-fra5-2.cdninstagram.com&#038;edm=ANo9K5cEAAAA&#038;oh=00_AfDMqlqn-h3ppXhKnZmqXUhgpMumywKXeOlTJerC73p4PQ&#038;oe=65ECDBED\" data-img-src-set=\"{&quot;d&quot;:&quot;https:\\\/\\\/scontent-fra5-2.cdninstagram.com\\\/v\\\/t39.30808-6\\\/399990389_738170838356025_3856425877199325344_n.jpg?_nc_cat=109&amp;ccb=1-7&amp;_nc_sid=18de74&amp;_nc_ohc=mlsHHShM16EAX9dtgqT&amp;_nc_ht=scontent-fra5-2.cdninstagram.com&amp;edm=ANo9K5cEAAAA&amp;oh=00_AfDMqlqn-h3ppXhKnZmqXUhgpMumywKXeOlTJerC73p4PQ&amp;oe=65ECDBED&quot;,&quot;150&quot;:&quot;https:\\\/\\\/scontent-fra5-2.cdninstagram.com\\\/v\\\/t39.30808-6\\\/399990389_738170838356025_3856425877199325344_n.jpg?_nc_cat=109&amp;ccb=1-7&amp;_nc_sid=18de74&amp;_nc_ohc=mlsHHShM16EAX9dtgqT&amp;_nc_ht=scontent-fra5-2.cdninstagram.com&amp;edm=ANo9K5cEAAAA&amp;oh=00_AfDMqlqn-h3ppXhKnZmqXUhgpMumywKXeOlTJerC73p4PQ&amp;oe=65ECDBED&quot;,&quot;320&quot;:&quot;https:\\\/\\\/scontent-fra5-2.cdninstagram.com\\\/v\\\/t39.30808-6\\\/399990389_738170838356025_3856425877199325344_n.jpg?_nc_cat=109&amp;ccb=1-7&amp;_nc_sid=18de74&amp;_nc_ohc=mlsHHShM16EAX9dtgqT&amp;_nc_ht=scontent-fra5-2.cdninstagram.com&amp;edm=ANo9K5cEAAAA&amp;oh=00_AfDMqlqn-h3ppXhKnZmqXUhgpMumywKXeOlTJerC73p4PQ&amp;oe=65ECDBED&quot;,&quot;640&quot;:&quot;https:\\\/\\\/scontent-fra5-2.cdninstagram.com\\\/v\\\/t39.30808-6\\\/399990389_738170838356025_3856425877199325344_n.jpg?_nc_cat=109&amp;ccb=1-7&amp;_nc_sid=18de74&amp;_nc_ohc=mlsHHShM16EAX9dtgqT&amp;_nc_ht=scontent-fra5-2.cdninstagram.com&amp;edm=ANo9K5cEAAAA&amp;oh=00_AfDMqlqn-h3ppXhKnZmqXUhgpMumywKXeOlTJerC73p4PQ&amp;oe=65ECDBED&quot;}\">\r\n            <span class=\"sbi-screenreader\">Kaffee, Kuchen &amp; Kl\u00f6nschnack:\n\u00bbDer Oberb\u00fcrgerme<\/span>\r\n            \t                    <img decoding=\"async\" src=\"https:\/\/bergmuehle-flensburg.com\/wp-content\/plugins\/instagram-feed\/img\/placeholder.png\" alt=\"Kaffee, Kuchen &amp; Kl\u00f6nschnack:\n\u00bbDer Oberb\u00fcrgermeister kommt\u00ab \nDonnerstag, 23. November 2023, 15 Uhr \n\nDr. Fabian Geyer, der Oberb\u00fcrgermeister der Stadt Flensburg, besucht die Bergm\u00fchle. Er spricht \u00fcber sein Amt, seine Vorstellungen &amp; Ziele und \u00fcber Flensburg. Nat\u00fcrlich beantwortet er auch die ein oder andere Frage.\n\nWie immer gibt es Kaffee und leckeren Kuchen, meist selbst gebacken und gegen eine kleine Spende serviert. Alle sind herzlich willkommen.\n#fabiangeyer #kl\u00f6nschnack #flensburg #bergm\u00fchleflensburg #nordstadt #m\u00fchlenladen\">\r\n        <\/a>\r\n    <\/div>\r\n<\/div><div class=\"sbi_item sbi_type_image sbi_new sbi_transition\" id=\"sbi_18272153500094782\" data-date=\"1699297088\">\r\n    <div class=\"sbi_photo_wrap\">\r\n        <a class=\"sbi_photo\" href=\"https:\/\/www.instagram.com\/p\/CzUMNyzOp3Z\/\" target=\"_blank\" rel=\"noopener nofollow\" data-full-res=\"https:\/\/scontent-fra3-2.cdninstagram.com\/v\/t39.30808-6\/399174770_738157301690712_1113675729319082069_n.jpg?_nc_cat=111&#038;ccb=1-7&#038;_nc_sid=18de74&#038;_nc_ohc=R3tmhYqtrtYAX9V7N94&#038;_nc_ht=scontent-fra3-2.cdninstagram.com&#038;edm=ANo9K5cEAAAA&#038;oh=00_AfAetTQo9NCiqnzhx2RGYNeuGIEWo2yB2fq4Rhvn3BY1XQ&#038;oe=65EDD8EC\" data-img-src-set=\"{&quot;d&quot;:&quot;https:\\\/\\\/scontent-fra3-2.cdninstagram.com\\\/v\\\/t39.30808-6\\\/399174770_738157301690712_1113675729319082069_n.jpg?_nc_cat=111&amp;ccb=1-7&amp;_nc_sid=18de74&amp;_nc_ohc=R3tmhYqtrtYAX9V7N94&amp;_nc_ht=scontent-fra3-2.cdninstagram.com&amp;edm=ANo9K5cEAAAA&amp;oh=00_AfAetTQo9NCiqnzhx2RGYNeuGIEWo2yB2fq4Rhvn3BY1XQ&amp;oe=65EDD8EC&quot;,&quot;150&quot;:&quot;https:\\\/\\\/scontent-fra3-2.cdninstagram.com\\\/v\\\/t39.30808-6\\\/399174770_738157301690712_1113675729319082069_n.jpg?_nc_cat=111&amp;ccb=1-7&amp;_nc_sid=18de74&amp;_nc_ohc=R3tmhYqtrtYAX9V7N94&amp;_nc_ht=scontent-fra3-2.cdninstagram.com&amp;edm=ANo9K5cEAAAA&amp;oh=00_AfAetTQo9NCiqnzhx2RGYNeuGIEWo2yB2fq4Rhvn3BY1XQ&amp;oe=65EDD8EC&quot;,&quot;320&quot;:&quot;https:\\\/\\\/scontent-fra3-2.cdninstagram.com\\\/v\\\/t39.30808-6\\\/399174770_738157301690712_1113675729319082069_n.jpg?_nc_cat=111&amp;ccb=1-7&amp;_nc_sid=18de74&amp;_nc_ohc=R3tmhYqtrtYAX9V7N94&amp;_nc_ht=scontent-fra3-2.cdninstagram.com&amp;edm=ANo9K5cEAAAA&amp;oh=00_AfAetTQo9NCiqnzhx2RGYNeuGIEWo2yB2fq4Rhvn3BY1XQ&amp;oe=65EDD8EC&quot;,&quot;640&quot;:&quot;https:\\\/\\\/scontent-fra3-2.cdninstagram.com\\\/v\\\/t39.30808-6\\\/399174770_738157301690712_1113675729319082069_n.jpg?_nc_cat=111&amp;ccb=1-7&amp;_nc_sid=18de74&amp;_nc_ohc=R3tmhYqtrtYAX9V7N94&amp;_nc_ht=scontent-fra3-2.cdninstagram.com&amp;edm=ANo9K5cEAAAA&amp;oh=00_AfAetTQo9NCiqnzhx2RGYNeuGIEWo2yB2fq4Rhvn3BY1XQ&amp;oe=65EDD8EC&quot;}\">\r\n            <span class=\"sbi-screenreader\">Kaffee, Kuchen &amp; Kl\u00f6nschnack:\n\u00bbWie geht es in de<\/span>\r\n            \t                    <img decoding=\"async\" src=\"https:\/\/bergmuehle-flensburg.com\/wp-content\/plugins\/instagram-feed\/img\/placeholder.png\" alt=\"Kaffee, Kuchen &amp; Kl\u00f6nschnack:\n\u00bbWie geht es in der Neustadt weiter?\u00ab \nDonnerstag, 16. November 2023, 15 Uhr \n\nTheresa Lamego vom \u00bbIHR Sanierungstr\u00e4ger\u00ab stellt das Sanierungsgebiet Flensburg-Neustadt vor, informiert \u00fcber Zielsetzungen &amp; Zeitpl\u00e4ne und beantwortet Fragen.\n\nWie immer gibt es Kaffee und leckeren Kuchen, meist selbst gebacken und gegen eine kleine Spende serviert. Alle sind herzlich willkommen. \n#neustadt #sanierungsgebiet #flensburg #bergm\u00fchleflensburg #nordstadt #m\u00fchlenladen\">\r\n        <\/a>\r\n    <\/div>\r\n<\/div><div class=\"sbi_item sbi_type_image sbi_new sbi_transition\" id=\"sbi_18069789334429991\" data-date=\"1698681689\">\r\n    <div class=\"sbi_photo_wrap\">\r\n        <a class=\"sbi_photo\" href=\"https:\/\/www.instagram.com\/p\/CzB2b1bBDJR\/\" target=\"_blank\" rel=\"noopener nofollow\" data-full-res=\"https:\/\/scontent-fra5-2.cdninstagram.com\/v\/t39.30808-6\/398128232_734479582058484_1267865127383557638_n.jpg?_nc_cat=109&#038;ccb=1-7&#038;_nc_sid=18de74&#038;_nc_ohc=rBMoWQWNRyoAX_YnFDN&#038;_nc_ht=scontent-fra5-2.cdninstagram.com&#038;edm=ANo9K5cEAAAA&#038;oh=00_AfCiNnOEMOPvQtN4ZP3L7xgQqFla32HKrbIDgknow9Ks4A&#038;oe=65ED157F\" data-img-src-set=\"{&quot;d&quot;:&quot;https:\\\/\\\/scontent-fra5-2.cdninstagram.com\\\/v\\\/t39.30808-6\\\/398128232_734479582058484_1267865127383557638_n.jpg?_nc_cat=109&amp;ccb=1-7&amp;_nc_sid=18de74&amp;_nc_ohc=rBMoWQWNRyoAX_YnFDN&amp;_nc_ht=scontent-fra5-2.cdninstagram.com&amp;edm=ANo9K5cEAAAA&amp;oh=00_AfCiNnOEMOPvQtN4ZP3L7xgQqFla32HKrbIDgknow9Ks4A&amp;oe=65ED157F&quot;,&quot;150&quot;:&quot;https:\\\/\\\/scontent-fra5-2.cdninstagram.com\\\/v\\\/t39.30808-6\\\/398128232_734479582058484_1267865127383557638_n.jpg?_nc_cat=109&amp;ccb=1-7&amp;_nc_sid=18de74&amp;_nc_ohc=rBMoWQWNRyoAX_YnFDN&amp;_nc_ht=scontent-fra5-2.cdninstagram.com&amp;edm=ANo9K5cEAAAA&amp;oh=00_AfCiNnOEMOPvQtN4ZP3L7xgQqFla32HKrbIDgknow9Ks4A&amp;oe=65ED157F&quot;,&quot;320&quot;:&quot;https:\\\/\\\/scontent-fra5-2.cdninstagram.com\\\/v\\\/t39.30808-6\\\/398128232_734479582058484_1267865127383557638_n.jpg?_nc_cat=109&amp;ccb=1-7&amp;_nc_sid=18de74&amp;_nc_ohc=rBMoWQWNRyoAX_YnFDN&amp;_nc_ht=scontent-fra5-2.cdninstagram.com&amp;edm=ANo9K5cEAAAA&amp;oh=00_AfCiNnOEMOPvQtN4ZP3L7xgQqFla32HKrbIDgknow9Ks4A&amp;oe=65ED157F&quot;,&quot;640&quot;:&quot;https:\\\/\\\/scontent-fra5-2.cdninstagram.com\\\/v\\\/t39.30808-6\\\/398128232_734479582058484_1267865127383557638_n.jpg?_nc_cat=109&amp;ccb=1-7&amp;_nc_sid=18de74&amp;_nc_ohc=rBMoWQWNRyoAX_YnFDN&amp;_nc_ht=scontent-fra5-2.cdninstagram.com&amp;edm=ANo9K5cEAAAA&amp;oh=00_AfCiNnOEMOPvQtN4ZP3L7xgQqFla32HKrbIDgknow9Ks4A&amp;oe=65ED157F&quot;}\">\r\n            <span class=\"sbi-screenreader\">\ud83d\udcd6 \u00bbPlattdeutsche Geschichten\u00ab \nLesung von Dr.<\/span>\r\n            \t                    <img decoding=\"async\" src=\"https:\/\/bergmuehle-flensburg.com\/wp-content\/plugins\/instagram-feed\/img\/placeholder.png\" alt=\"\ud83d\udcd6 \u00bbPlattdeutsche Geschichten\u00ab \nLesung von Dr. Margrit Hansen\nDonnerstag, 9. November 2023, 15 Uhr \n\nDie Autorin Dr. Margrit Hansen liest eigene Geschichte \u2013 nat\u00fcrlich auf plattdeutsch.\n\nWie immer gibt es Kaffee und leckeren Kuchen, meist selbst gebacken und gegen eine kleine Spende serviert. Alle sind herzlich willkommen.\n#Lesung #plattdeutsch #flensburg #bergm\u00fchleflensburg #nordstadt #m\u00fchlenladen\">\r\n        <\/a>\r\n    <\/div>\r\n<\/div><div class=\"sbi_item sbi_type_image sbi_new sbi_transition\" id=\"sbi_18019381966869928\" data-date=\"1698673897\">\r\n    <div class=\"sbi_photo_wrap\">\r\n        <a class=\"sbi_photo\" href=\"https:\/\/www.instagram.com\/p\/CzBnkqOIL7J\/\" target=\"_blank\" rel=\"noopener nofollow\" data-full-res=\"https:\/\/scontent-fra3-2.cdninstagram.com\/v\/t39.30808-6\/396908861_734433165396459_4421319570879334112_n.jpg?_nc_cat=104&#038;ccb=1-7&#038;_nc_sid=18de74&#038;_nc_ohc=1mCfTwFR2_MAX_ptVo0&#038;_nc_ht=scontent-fra3-2.cdninstagram.com&#038;edm=ANo9K5cEAAAA&#038;oh=00_AfCjv2vfEW2dZqTz7wADru3I2RFNgVA_6jp2MZMBYLekvA&#038;oe=65ED4EF0\" data-img-src-set=\"{&quot;d&quot;:&quot;https:\\\/\\\/scontent-fra3-2.cdninstagram.com\\\/v\\\/t39.30808-6\\\/396908861_734433165396459_4421319570879334112_n.jpg?_nc_cat=104&amp;ccb=1-7&amp;_nc_sid=18de74&amp;_nc_ohc=1mCfTwFR2_MAX_ptVo0&amp;_nc_ht=scontent-fra3-2.cdninstagram.com&amp;edm=ANo9K5cEAAAA&amp;oh=00_AfCjv2vfEW2dZqTz7wADru3I2RFNgVA_6jp2MZMBYLekvA&amp;oe=65ED4EF0&quot;,&quot;150&quot;:&quot;https:\\\/\\\/scontent-fra3-2.cdninstagram.com\\\/v\\\/t39.30808-6\\\/396908861_734433165396459_4421319570879334112_n.jpg?_nc_cat=104&amp;ccb=1-7&amp;_nc_sid=18de74&amp;_nc_ohc=1mCfTwFR2_MAX_ptVo0&amp;_nc_ht=scontent-fra3-2.cdninstagram.com&amp;edm=ANo9K5cEAAAA&amp;oh=00_AfCjv2vfEW2dZqTz7wADru3I2RFNgVA_6jp2MZMBYLekvA&amp;oe=65ED4EF0&quot;,&quot;320&quot;:&quot;https:\\\/\\\/scontent-fra3-2.cdninstagram.com\\\/v\\\/t39.30808-6\\\/396908861_734433165396459_4421319570879334112_n.jpg?_nc_cat=104&amp;ccb=1-7&amp;_nc_sid=18de74&amp;_nc_ohc=1mCfTwFR2_MAX_ptVo0&amp;_nc_ht=scontent-fra3-2.cdninstagram.com&amp;edm=ANo9K5cEAAAA&amp;oh=00_AfCjv2vfEW2dZqTz7wADru3I2RFNgVA_6jp2MZMBYLekvA&amp;oe=65ED4EF0&quot;,&quot;640&quot;:&quot;https:\\\/\\\/scontent-fra3-2.cdninstagram.com\\\/v\\\/t39.30808-6\\\/396908861_734433165396459_4421319570879334112_n.jpg?_nc_cat=104&amp;ccb=1-7&amp;_nc_sid=18de74&amp;_nc_ohc=1mCfTwFR2_MAX_ptVo0&amp;_nc_ht=scontent-fra3-2.cdninstagram.com&amp;edm=ANo9K5cEAAAA&amp;oh=00_AfCjv2vfEW2dZqTz7wADru3I2RFNgVA_6jp2MZMBYLekvA&amp;oe=65ED4EF0&quot;}\">\r\n            <span class=\"sbi-screenreader\">\ud83d\ude14 Sorry, die Veranstaltung \u00bbVERSPIELEN\u00ab in de<\/span>\r\n            \t                    <img decoding=\"async\" src=\"https:\/\/bergmuehle-flensburg.com\/wp-content\/plugins\/instagram-feed\/img\/placeholder.png\" alt=\"\ud83d\ude14 Sorry, die Veranstaltung \u00bbVERSPIELEN\u00ab in der Bergm\u00fchle\nam Samstag, dem 11. Nov. 2023 um 18 Uhr ist leider ausverkauft. Es besteht keine M\u00f6glichkeit mehr Pl\u00e4tze zu reservieren. Bitte nicht mehr anrufen.\n #verspielen #flensburg #bergm\u00fchleflensburg #nordstadt #m\u00fchlenladen\">\r\n        <\/a>\r\n    <\/div>\r\n<\/div><div class=\"sbi_item sbi_type_image sbi_new sbi_transition\" id=\"sbi_17857139301018269\" data-date=\"1698258490\">\r\n    <div class=\"sbi_photo_wrap\">\r\n        <a class=\"sbi_photo\" href=\"https:\/\/www.instagram.com\/p\/Cy1PPtvCvD0\/\" target=\"_blank\" rel=\"noopener nofollow\" data-full-res=\"https:\/\/scontent-fra3-1.cdninstagram.com\/v\/t39.30808-6\/393820840_730631459109963_5749315497050380035_n.jpg?_nc_cat=103&#038;ccb=1-7&#038;_nc_sid=18de74&#038;_nc_ohc=8_fgsrJZZikAX_6zVGR&#038;_nc_ht=scontent-fra3-1.cdninstagram.com&#038;edm=ANo9K5cEAAAA&#038;oh=00_AfADpf6u16VOZASYiXPcM46X5qP63AoRWh9JL2MLSaIErQ&#038;oe=65EE1717\" data-img-src-set=\"{&quot;d&quot;:&quot;https:\\\/\\\/scontent-fra3-1.cdninstagram.com\\\/v\\\/t39.30808-6\\\/393820840_730631459109963_5749315497050380035_n.jpg?_nc_cat=103&amp;ccb=1-7&amp;_nc_sid=18de74&amp;_nc_ohc=8_fgsrJZZikAX_6zVGR&amp;_nc_ht=scontent-fra3-1.cdninstagram.com&amp;edm=ANo9K5cEAAAA&amp;oh=00_AfADpf6u16VOZASYiXPcM46X5qP63AoRWh9JL2MLSaIErQ&amp;oe=65EE1717&quot;,&quot;150&quot;:&quot;https:\\\/\\\/scontent-fra3-1.cdninstagram.com\\\/v\\\/t39.30808-6\\\/393820840_730631459109963_5749315497050380035_n.jpg?_nc_cat=103&amp;ccb=1-7&amp;_nc_sid=18de74&amp;_nc_ohc=8_fgsrJZZikAX_6zVGR&amp;_nc_ht=scontent-fra3-1.cdninstagram.com&amp;edm=ANo9K5cEAAAA&amp;oh=00_AfADpf6u16VOZASYiXPcM46X5qP63AoRWh9JL2MLSaIErQ&amp;oe=65EE1717&quot;,&quot;320&quot;:&quot;https:\\\/\\\/scontent-fra3-1.cdninstagram.com\\\/v\\\/t39.30808-6\\\/393820840_730631459109963_5749315497050380035_n.jpg?_nc_cat=103&amp;ccb=1-7&amp;_nc_sid=18de74&amp;_nc_ohc=8_fgsrJZZikAX_6zVGR&amp;_nc_ht=scontent-fra3-1.cdninstagram.com&amp;edm=ANo9K5cEAAAA&amp;oh=00_AfADpf6u16VOZASYiXPcM46X5qP63AoRWh9JL2MLSaIErQ&amp;oe=65EE1717&quot;,&quot;640&quot;:&quot;https:\\\/\\\/scontent-fra3-1.cdninstagram.com\\\/v\\\/t39.30808-6\\\/393820840_730631459109963_5749315497050380035_n.jpg?_nc_cat=103&amp;ccb=1-7&amp;_nc_sid=18de74&amp;_nc_ohc=8_fgsrJZZikAX_6zVGR&amp;_nc_ht=scontent-fra3-1.cdninstagram.com&amp;edm=ANo9K5cEAAAA&amp;oh=00_AfADpf6u16VOZASYiXPcM46X5qP63AoRWh9JL2MLSaIErQ&amp;oe=65EE1717&quot;}\">\r\n            <span class=\"sbi-screenreader\">VERSPIELEN \nin der Bergm\u00fchle\nam Samstag, dem 11. <\/span>\r\n            \t                    <img decoding=\"async\" src=\"https:\/\/bergmuehle-flensburg.com\/wp-content\/plugins\/instagram-feed\/img\/placeholder.png\" alt=\"VERSPIELEN \nin der Bergm\u00fchle\nam Samstag, dem 11. Nov. 2023 um 18 Uhr\n\n12 \u20ac Mindesteinsatz f\u00fcr 3 Spielkarten.\nEs warten tolle Gewinne auf euch.\n\nNat\u00fcrlich gibt es auch Getr\u00e4nke &amp; Snacks in der M\u00fchle.\nDas Mindestalter der Teilnehmer ist 18 Jahre.\n\nDa nur eine begrenzte Zahl an Pl\u00e4tzen vorhanden ist, solltet ihr euch rechtzeitig telefonisch bei Kirsten Lorenzen anmelden: (0461) 909 62 91\n\n #verspielen #flensburg #bergm\u00fchleflensburg #nordstadt #m\u00fchlengenuss #m\u00fchlenladen\">\r\n        <\/a>\r\n    <\/div>\r\n<\/div><div class=\"sbi_item sbi_type_image sbi_new sbi_transition\" id=\"sbi_18278843074152979\" data-date=\"1698171308\">\r\n    <div class=\"sbi_photo_wrap\">\r\n        <a class=\"sbi_photo\" href=\"https:\/\/www.instagram.com\/p\/Cyyo9Z9ouOs\/\" target=\"_blank\" rel=\"noopener nofollow\" data-full-res=\"https:\/\/scontent-fra5-1.cdninstagram.com\/v\/t39.30808-6\/392935816_730624865777289_171206252841063278_n.jpg?_nc_cat=102&#038;ccb=1-7&#038;_nc_sid=18de74&#038;_nc_ohc=nfH2AuveLIAAX_8VtcF&#038;_nc_ht=scontent-fra5-1.cdninstagram.com&#038;edm=ANo9K5cEAAAA&#038;oh=00_AfBed-MxnCbDNTTt91ahxjE-zKH2_nRhUhF8LIjkG-8-Cw&#038;oe=65ED7B80\" data-img-src-set=\"{&quot;d&quot;:&quot;https:\\\/\\\/scontent-fra5-1.cdninstagram.com\\\/v\\\/t39.30808-6\\\/392935816_730624865777289_171206252841063278_n.jpg?_nc_cat=102&amp;ccb=1-7&amp;_nc_sid=18de74&amp;_nc_ohc=nfH2AuveLIAAX_8VtcF&amp;_nc_ht=scontent-fra5-1.cdninstagram.com&amp;edm=ANo9K5cEAAAA&amp;oh=00_AfBed-MxnCbDNTTt91ahxjE-zKH2_nRhUhF8LIjkG-8-Cw&amp;oe=65ED7B80&quot;,&quot;150&quot;:&quot;https:\\\/\\\/scontent-fra5-1.cdninstagram.com\\\/v\\\/t39.30808-6\\\/392935816_730624865777289_171206252841063278_n.jpg?_nc_cat=102&amp;ccb=1-7&amp;_nc_sid=18de74&amp;_nc_ohc=nfH2AuveLIAAX_8VtcF&amp;_nc_ht=scontent-fra5-1.cdninstagram.com&amp;edm=ANo9K5cEAAAA&amp;oh=00_AfBed-MxnCbDNTTt91ahxjE-zKH2_nRhUhF8LIjkG-8-Cw&amp;oe=65ED7B80&quot;,&quot;320&quot;:&quot;https:\\\/\\\/scontent-fra5-1.cdninstagram.com\\\/v\\\/t39.30808-6\\\/392935816_730624865777289_171206252841063278_n.jpg?_nc_cat=102&amp;ccb=1-7&amp;_nc_sid=18de74&amp;_nc_ohc=nfH2AuveLIAAX_8VtcF&amp;_nc_ht=scontent-fra5-1.cdninstagram.com&amp;edm=ANo9K5cEAAAA&amp;oh=00_AfBed-MxnCbDNTTt91ahxjE-zKH2_nRhUhF8LIjkG-8-Cw&amp;oe=65ED7B80&quot;,&quot;640&quot;:&quot;https:\\\/\\\/scontent-fra5-1.cdninstagram.com\\\/v\\\/t39.30808-6\\\/392935816_730624865777289_171206252841063278_n.jpg?_nc_cat=102&amp;ccb=1-7&amp;_nc_sid=18de74&amp;_nc_ohc=nfH2AuveLIAAX_8VtcF&amp;_nc_ht=scontent-fra5-1.cdninstagram.com&amp;edm=ANo9K5cEAAAA&amp;oh=00_AfBed-MxnCbDNTTt91ahxjE-zKH2_nRhUhF8LIjkG-8-Cw&amp;oe=65ED7B80&quot;}\">\r\n            <span class=\"sbi-screenreader\">Live in der Bergm\u00fchle:\n\ud83c\udfb8GATE-7 \ud83e\udd41\nFreitag, 3<\/span>\r\n            \t                    <img decoding=\"async\" src=\"https:\/\/bergmuehle-flensburg.com\/wp-content\/plugins\/instagram-feed\/img\/placeholder.png\" alt=\"Live in der Bergm\u00fchle:\n\ud83c\udfb8GATE-7 \ud83e\udd41\nFreitag, 3. Nov., 2023 um 20 Uhr, Hutkonzert \n(Einlass ab 19 Uhr. Wie immer gibt es kleine Snacks &amp; Getr\u00e4nke)\n\nVorsicht! Wer sich keinen Ohrwurm einfangen m\u00f6chte, der sollte sich die Songs von GATE-7 auf keinen Fall anh\u00f6ren. Ihr aktuelles Album \u00bbYes Or No\u00ab verursacht des \u00d6fteren unterbewusste Mitsingschleifen und einen zwanghaften Wunsch nach Wiederholung. GATE-7-Songs erz\u00e4hlen von Lebenssituationen und -stationen, dem Fairen und Unfairen, der Freude, dem Leid, dem Sch\u00f6nen, der Sehnsucht, von Tr\u00e4umen und nat\u00fcrlich auch der Liebe. Die vier K\u00f6pfe hinter GATE-7 verbindet eine langj\u00e4hrige gemeinsame, musikalische und private Reise.\n\nHutkonzert, Vorverkauf oder eine Platzreservierung ist nicht m\u00f6glich.\n#gate7 #konzert #livemusic #flensburg #bergm\u00fchleflensburg #nordstadt #m\u00fchlengenuss #m\u00fchlenladen\">\r\n        <\/a>\r\n    <\/div>\r\n<\/div><div class=\"sbi_item sbi_type_image sbi_new sbi_transition\" id=\"sbi_17898868625893130\" data-date=\"1698133048\">\r\n    <div class=\"sbi_photo_wrap\">\r\n        <a class=\"sbi_photo\" href=\"https:\/\/www.instagram.com\/p\/Cyxf_LjMzkE\/\" target=\"_blank\" rel=\"noopener nofollow\" data-full-res=\"https:\/\/scontent-fra3-2.cdninstagram.com\/v\/t39.30808-6\/394614080_730988995740876_1068461253480088612_n.jpg?_nc_cat=104&#038;ccb=1-7&#038;_nc_sid=18de74&#038;_nc_ohc=_nXzZWNmsYoAX_RX0bj&#038;_nc_ht=scontent-fra3-2.cdninstagram.com&#038;edm=ANo9K5cEAAAA&#038;oh=00_AfB61CEYSN--0S_CFnnqHDQ5husDNqPGTmCbtWGidDQJIA&#038;oe=65ECDA42\" data-img-src-set=\"{&quot;d&quot;:&quot;https:\\\/\\\/scontent-fra3-2.cdninstagram.com\\\/v\\\/t39.30808-6\\\/394614080_730988995740876_1068461253480088612_n.jpg?_nc_cat=104&amp;ccb=1-7&amp;_nc_sid=18de74&amp;_nc_ohc=_nXzZWNmsYoAX_RX0bj&amp;_nc_ht=scontent-fra3-2.cdninstagram.com&amp;edm=ANo9K5cEAAAA&amp;oh=00_AfB61CEYSN--0S_CFnnqHDQ5husDNqPGTmCbtWGidDQJIA&amp;oe=65ECDA42&quot;,&quot;150&quot;:&quot;https:\\\/\\\/scontent-fra3-2.cdninstagram.com\\\/v\\\/t39.30808-6\\\/394614080_730988995740876_1068461253480088612_n.jpg?_nc_cat=104&amp;ccb=1-7&amp;_nc_sid=18de74&amp;_nc_ohc=_nXzZWNmsYoAX_RX0bj&amp;_nc_ht=scontent-fra3-2.cdninstagram.com&amp;edm=ANo9K5cEAAAA&amp;oh=00_AfB61CEYSN--0S_CFnnqHDQ5husDNqPGTmCbtWGidDQJIA&amp;oe=65ECDA42&quot;,&quot;320&quot;:&quot;https:\\\/\\\/scontent-fra3-2.cdninstagram.com\\\/v\\\/t39.30808-6\\\/394614080_730988995740876_1068461253480088612_n.jpg?_nc_cat=104&amp;ccb=1-7&amp;_nc_sid=18de74&amp;_nc_ohc=_nXzZWNmsYoAX_RX0bj&amp;_nc_ht=scontent-fra3-2.cdninstagram.com&amp;edm=ANo9K5cEAAAA&amp;oh=00_AfB61CEYSN--0S_CFnnqHDQ5husDNqPGTmCbtWGidDQJIA&amp;oe=65ECDA42&quot;,&quot;640&quot;:&quot;https:\\\/\\\/scontent-fra3-2.cdninstagram.com\\\/v\\\/t39.30808-6\\\/394614080_730988995740876_1068461253480088612_n.jpg?_nc_cat=104&amp;ccb=1-7&amp;_nc_sid=18de74&amp;_nc_ohc=_nXzZWNmsYoAX_RX0bj&amp;_nc_ht=scontent-fra3-2.cdninstagram.com&amp;edm=ANo9K5cEAAAA&amp;oh=00_AfB61CEYSN--0S_CFnnqHDQ5husDNqPGTmCbtWGidDQJIA&amp;oe=65ECDA42&quot;}\">\r\n            <span class=\"sbi-screenreader\">Brotgespr\u00e4che in der Bergm\u00fchle\n7. November 2023,<\/span>\r\n            \t                    <img decoding=\"async\" src=\"https:\/\/bergmuehle-flensburg.com\/wp-content\/plugins\/instagram-feed\/img\/placeholder.png\" alt=\"Brotgespr\u00e4che in der Bergm\u00fchle\n7. November 2023, 18 bis 20 Uhr \n\n\u201eArm aber sexy!?\u201c\n\nWer arm ist, lebt k\u00fcrzer, wird generations\u00fcbergreifend diskriminiert und lebt oft in einem permanenten Mangelstress. Diese Verunsicherung f\u00fchrt nicht nur zu erh\u00f6hter Krankheitsanf\u00e4lligkeit, sondern spaltet auch eine solidarisch(gemeinte) Gesellschaft. Die damit einhergehende Ver\u00e4ngstigung von Armut bedrohter Menschen, Vereinsamung, Selbst- und Fremdabwertung sowie Entw\u00fcrdigung verschiedener Gruppen bereiten einen Boden f\u00fcr ungutes Handeln. Daneben steht ein \u201eArmutsideal\u201c (Verzichtsbewegung). Wie und wo \u201ependeln\u201c wir uns ein zwischen diesen Polen? Was folgern wir daraus?\n\nOrganisiert und unterst\u00fctzt durch: Bergm\u00fchle Flensburg, Internationaler Vers\u00f6hnungsbund (Deutscher Zweig\/RG Nord SH\/HH), Dicker-Willis Koppel e.V., Gemeinwohl\u00f6konomie \u2013 RG Schleswig-Holstein Nord, Adelby1 \u2013 Familienzentrum an der Bergm\u00fchle, Radieschen &amp; Co e.V.\n\nKontakt &amp; Infos: Torsten Finger, beratung(at)gmx.de oder Mobil 01590 189 44 02 #brotgespr\u00e4che #armabersexy #flensburg #bergm\u00fchleflensburg #nordstadt\">\r\n        <\/a>\r\n    <\/div>\r\n<\/div><div class=\"sbi_item sbi_type_image sbi_new sbi_transition\" id=\"sbi_17867332977007048\" data-date=\"1698075665\">\r\n    <div class=\"sbi_photo_wrap\">\r\n        <a class=\"sbi_photo\" href=\"https:\/\/www.instagram.com\/p\/CyvyiUeOoNZ\/\" target=\"_blank\" rel=\"noopener nofollow\" data-full-res=\"https:\/\/scontent-fra3-2.cdninstagram.com\/v\/t39.30808-6\/392931572_730614215778354_4379063228151813851_n.jpg?_nc_cat=104&#038;ccb=1-7&#038;_nc_sid=18de74&#038;_nc_ohc=RV0Pl06H9EgAX8qGwJA&#038;_nc_ht=scontent-fra3-2.cdninstagram.com&#038;edm=ANo9K5cEAAAA&#038;oh=00_AfAMwaWivsV8czVkl7icI70rVdKmw6iZ00VwGrpSJvW9HA&#038;oe=65ED10AD\" data-img-src-set=\"{&quot;d&quot;:&quot;https:\\\/\\\/scontent-fra3-2.cdninstagram.com\\\/v\\\/t39.30808-6\\\/392931572_730614215778354_4379063228151813851_n.jpg?_nc_cat=104&amp;ccb=1-7&amp;_nc_sid=18de74&amp;_nc_ohc=RV0Pl06H9EgAX8qGwJA&amp;_nc_ht=scontent-fra3-2.cdninstagram.com&amp;edm=ANo9K5cEAAAA&amp;oh=00_AfAMwaWivsV8czVkl7icI70rVdKmw6iZ00VwGrpSJvW9HA&amp;oe=65ED10AD&quot;,&quot;150&quot;:&quot;https:\\\/\\\/scontent-fra3-2.cdninstagram.com\\\/v\\\/t39.30808-6\\\/392931572_730614215778354_4379063228151813851_n.jpg?_nc_cat=104&amp;ccb=1-7&amp;_nc_sid=18de74&amp;_nc_ohc=RV0Pl06H9EgAX8qGwJA&amp;_nc_ht=scontent-fra3-2.cdninstagram.com&amp;edm=ANo9K5cEAAAA&amp;oh=00_AfAMwaWivsV8czVkl7icI70rVdKmw6iZ00VwGrpSJvW9HA&amp;oe=65ED10AD&quot;,&quot;320&quot;:&quot;https:\\\/\\\/scontent-fra3-2.cdninstagram.com\\\/v\\\/t39.30808-6\\\/392931572_730614215778354_4379063228151813851_n.jpg?_nc_cat=104&amp;ccb=1-7&amp;_nc_sid=18de74&amp;_nc_ohc=RV0Pl06H9EgAX8qGwJA&amp;_nc_ht=scontent-fra3-2.cdninstagram.com&amp;edm=ANo9K5cEAAAA&amp;oh=00_AfAMwaWivsV8czVkl7icI70rVdKmw6iZ00VwGrpSJvW9HA&amp;oe=65ED10AD&quot;,&quot;640&quot;:&quot;https:\\\/\\\/scontent-fra3-2.cdninstagram.com\\\/v\\\/t39.30808-6\\\/392931572_730614215778354_4379063228151813851_n.jpg?_nc_cat=104&amp;ccb=1-7&amp;_nc_sid=18de74&amp;_nc_ohc=RV0Pl06H9EgAX8qGwJA&amp;_nc_ht=scontent-fra3-2.cdninstagram.com&amp;edm=ANo9K5cEAAAA&amp;oh=00_AfAMwaWivsV8czVkl7icI70rVdKmw6iZ00VwGrpSJvW9HA&amp;oe=65ED10AD&quot;}\">\r\n            <span class=\"sbi-screenreader\">\u201eDie Bergm\u00fchle Flensburg im Wandel\u201c \n\ud83c\udfac ein<\/span>\r\n            \t                    <img decoding=\"async\" src=\"https:\/\/bergmuehle-flensburg.com\/wp-content\/plugins\/instagram-feed\/img\/placeholder.png\" alt=\"\u201eDie Bergm\u00fchle Flensburg im Wandel\u201c \n\ud83c\udfac ein Film vom Filmteam 1.4\nDonnerstag, 2. November 2023 um 15 Uhr\n\nDas Filmteam 1.4 hat die Renovierungsarbeiten und einige Veranstaltungen in der M\u00fchle, im Speicher und im Garten von Anfang an im Jahre 2019 mit der Kamera begleitet und daraus eine 90-min\u00fctige Dokumentation produziert. Bereits jetzt ein historisches Filmdokument.\n\nDer Eintritt ist frei, alle sind willkommen.\nNat\u00fcrlich gibt es Kaffee und leckeren Kuchen, meist selbst gebacken und gegen eine kleine Spende serviert. Alle sind herzlich willkommen.\n#film #kl\u00f6nschnack #flensburg #bergm\u00fchleflensburg #nordstadt\">\r\n        <\/a>\r\n    <\/div>\r\n<\/div><div class=\"sbi_item sbi_type_image sbi_new sbi_transition\" id=\"sbi_18024124798683948\" data-date=\"1697482510\">\r\n    <div class=\"sbi_photo_wrap\">\r\n        <a class=\"sbi_photo\" href=\"https:\/\/www.instagram.com\/p\/CyeHLpjyEEn\/\" target=\"_blank\" rel=\"noopener nofollow\" data-full-res=\"https:\/\/scontent-fra5-2.cdninstagram.com\/v\/t39.30808-6\/392875730_726499212856521_4520636382863697445_n.jpg?_nc_cat=109&#038;ccb=1-7&#038;_nc_sid=18de74&#038;_nc_ohc=2scdVIDfooIAX9kIyOK&#038;_nc_ht=scontent-fra5-2.cdninstagram.com&#038;edm=ANo9K5cEAAAA&#038;oh=00_AfAzJnZoAk8zG9YKoyyHThlMdfEPWLJuqBdg56KtQ5hcbw&#038;oe=65ED88CB\" data-img-src-set=\"{&quot;d&quot;:&quot;https:\\\/\\\/scontent-fra5-2.cdninstagram.com\\\/v\\\/t39.30808-6\\\/392875730_726499212856521_4520636382863697445_n.jpg?_nc_cat=109&amp;ccb=1-7&amp;_nc_sid=18de74&amp;_nc_ohc=2scdVIDfooIAX9kIyOK&amp;_nc_ht=scontent-fra5-2.cdninstagram.com&amp;edm=ANo9K5cEAAAA&amp;oh=00_AfAzJnZoAk8zG9YKoyyHThlMdfEPWLJuqBdg56KtQ5hcbw&amp;oe=65ED88CB&quot;,&quot;150&quot;:&quot;https:\\\/\\\/scontent-fra5-2.cdninstagram.com\\\/v\\\/t39.30808-6\\\/392875730_726499212856521_4520636382863697445_n.jpg?_nc_cat=109&amp;ccb=1-7&amp;_nc_sid=18de74&amp;_nc_ohc=2scdVIDfooIAX9kIyOK&amp;_nc_ht=scontent-fra5-2.cdninstagram.com&amp;edm=ANo9K5cEAAAA&amp;oh=00_AfAzJnZoAk8zG9YKoyyHThlMdfEPWLJuqBdg56KtQ5hcbw&amp;oe=65ED88CB&quot;,&quot;320&quot;:&quot;https:\\\/\\\/scontent-fra5-2.cdninstagram.com\\\/v\\\/t39.30808-6\\\/392875730_726499212856521_4520636382863697445_n.jpg?_nc_cat=109&amp;ccb=1-7&amp;_nc_sid=18de74&amp;_nc_ohc=2scdVIDfooIAX9kIyOK&amp;_nc_ht=scontent-fra5-2.cdninstagram.com&amp;edm=ANo9K5cEAAAA&amp;oh=00_AfAzJnZoAk8zG9YKoyyHThlMdfEPWLJuqBdg56KtQ5hcbw&amp;oe=65ED88CB&quot;,&quot;640&quot;:&quot;https:\\\/\\\/scontent-fra5-2.cdninstagram.com\\\/v\\\/t39.30808-6\\\/392875730_726499212856521_4520636382863697445_n.jpg?_nc_cat=109&amp;ccb=1-7&amp;_nc_sid=18de74&amp;_nc_ohc=2scdVIDfooIAX9kIyOK&amp;_nc_ht=scontent-fra5-2.cdninstagram.com&amp;edm=ANo9K5cEAAAA&amp;oh=00_AfAzJnZoAk8zG9YKoyyHThlMdfEPWLJuqBdg56KtQ5hcbw&amp;oe=65ED88CB&quot;}\">\r\n            <span class=\"sbi-screenreader\">Live in der Bergm\u00fchle:\nJAZZ IN DER M\u00dcHLE\nMittwoc<\/span>\r\n            \t                    <img decoding=\"async\" src=\"https:\/\/bergmuehle-flensburg.com\/wp-content\/plugins\/instagram-feed\/img\/placeholder.png\" alt=\"Live in der Bergm\u00fchle:\nJAZZ IN DER M\u00dcHLE\nMittwoch, 25. Oktober, 2023 um 19.30 Uhr, Hutkonzert \n(Einlass ab 19 Uhr. Wie immer gibt es kleine Snacks &amp; Getr\u00e4nke)\n\nEs treffen sich die Jazzer der Region zur Jam-Session. Regelm\u00e4\u00dfig finden sich auch \u00fcberregional bekannte Musiker ein. Dabei spielt weder das Alter noch das Instrument eine Rolle. Auch die Frage ob Profi oder ambitionierter Laie ist nicht wichtig. Der Kontrabassist Kai Stemmler stellt eine Rhythmusgruppe zusammen und l\u00e4dt einen Solisten f\u00fcr das Opener-Set ein. Danach k\u00f6nnen alle, die mindestens drei St\u00fccke vorstellen k\u00f6nnen, einsteigen oder selbst Sets anf\u00fchren. Als Schlusspunkt gibt\u2019s einige Songs mit der Grundband und m\u00f6glichst vielen Musikern gemeinsam!\nHinweis: Der Eintritt ist frei, der Hut geht rum. \nVorverkauf oder eine Platzreservierung ist nicht m\u00f6glich.\nWeitere Termine (jeweils letzter Mittwoch im Monat): 29. Nov. | 27. Dez. | 31. Jan. | 28. Feb.\nVeranstalter: Verein Creakult e.V. in Kooperation mit dem Verein zur Erhaltung der Bergm\u00fchle e.V.\n#jazzinderm\u00fchle #jazz #konzert #musik #flensburg #bergm\u00fchleflensburg #nordstadt #m\u00fchlengenuss\">\r\n        <\/a>\r\n    <\/div>\r\n<\/div><div class=\"sbi_item sbi_type_image sbi_new sbi_transition\" id=\"sbi_17851242681062814\" data-date=\"1696867293\">\r\n    <div class=\"sbi_photo_wrap\">\r\n        <a class=\"sbi_photo\" href=\"https:\/\/www.instagram.com\/p\/CyLxv8cP5mC\/\" target=\"_blank\" rel=\"noopener nofollow\" data-full-res=\"https:\/\/scontent-fra3-2.cdninstagram.com\/v\/t39.30808-6\/387868496_722379956601780_4957338671614536990_n.jpg?_nc_cat=107&#038;ccb=1-7&#038;_nc_sid=18de74&#038;_nc_ohc=nA6es7TfBLkAX_pdScw&#038;_nc_ht=scontent-fra3-2.cdninstagram.com&#038;edm=ANo9K5cEAAAA&#038;oh=00_AfD1US_wkJ6Vmt1RHxf6okmzYwuMzdE1ZKGXKoi2gYSm4g&#038;oe=65ED6E86\" data-img-src-set=\"{&quot;d&quot;:&quot;https:\\\/\\\/scontent-fra3-2.cdninstagram.com\\\/v\\\/t39.30808-6\\\/387868496_722379956601780_4957338671614536990_n.jpg?_nc_cat=107&amp;ccb=1-7&amp;_nc_sid=18de74&amp;_nc_ohc=nA6es7TfBLkAX_pdScw&amp;_nc_ht=scontent-fra3-2.cdninstagram.com&amp;edm=ANo9K5cEAAAA&amp;oh=00_AfD1US_wkJ6Vmt1RHxf6okmzYwuMzdE1ZKGXKoi2gYSm4g&amp;oe=65ED6E86&quot;,&quot;150&quot;:&quot;https:\\\/\\\/scontent-fra3-2.cdninstagram.com\\\/v\\\/t39.30808-6\\\/387868496_722379956601780_4957338671614536990_n.jpg?_nc_cat=107&amp;ccb=1-7&amp;_nc_sid=18de74&amp;_nc_ohc=nA6es7TfBLkAX_pdScw&amp;_nc_ht=scontent-fra3-2.cdninstagram.com&amp;edm=ANo9K5cEAAAA&amp;oh=00_AfD1US_wkJ6Vmt1RHxf6okmzYwuMzdE1ZKGXKoi2gYSm4g&amp;oe=65ED6E86&quot;,&quot;320&quot;:&quot;https:\\\/\\\/scontent-fra3-2.cdninstagram.com\\\/v\\\/t39.30808-6\\\/387868496_722379956601780_4957338671614536990_n.jpg?_nc_cat=107&amp;ccb=1-7&amp;_nc_sid=18de74&amp;_nc_ohc=nA6es7TfBLkAX_pdScw&amp;_nc_ht=scontent-fra3-2.cdninstagram.com&amp;edm=ANo9K5cEAAAA&amp;oh=00_AfD1US_wkJ6Vmt1RHxf6okmzYwuMzdE1ZKGXKoi2gYSm4g&amp;oe=65ED6E86&quot;,&quot;640&quot;:&quot;https:\\\/\\\/scontent-fra3-2.cdninstagram.com\\\/v\\\/t39.30808-6\\\/387868496_722379956601780_4957338671614536990_n.jpg?_nc_cat=107&amp;ccb=1-7&amp;_nc_sid=18de74&amp;_nc_ohc=nA6es7TfBLkAX_pdScw&amp;_nc_ht=scontent-fra3-2.cdninstagram.com&amp;edm=ANo9K5cEAAAA&amp;oh=00_AfD1US_wkJ6Vmt1RHxf6okmzYwuMzdE1ZKGXKoi2gYSm4g&amp;oe=65ED6E86&quot;}\">\r\n            <span class=\"sbi-screenreader\">\u00bbHospiz\u00ab \nVortrag von Alexandra  Krych\nDonnersta<\/span>\r\n            \t                    <img decoding=\"async\" src=\"https:\/\/bergmuehle-flensburg.com\/wp-content\/plugins\/instagram-feed\/img\/placeholder.png\" alt=\"\u00bbHospiz\u00ab \nVortrag von Alexandra  Krych\nDonnerstag, 19. Oktober 2023, 15 Uhr \n\nAlexandra Krych ist im Katharinen Hospiz als p\u00e4dagogische Mitarbeiterin und systemische Trauerbegleiterin t\u00e4tig. \u00dcber ihre T\u00e4tigkeit im Hospiz und den Umgang mit Sterben, Tod und Trauer spricht sie heute mit uns.\n\nWie immer gibt es Kaffee und leckeren Kuchen, meist selbst gebacken und gegen eine kleine Spende serviert. Alle sind herzlich willkommen.\n #katharinenhospiz #vortrag #kl\u00f6nschnack #flensburg #bergm\u00fchleflensburg #nordstadt\">\r\n        <\/a>\r\n    <\/div>\r\n<\/div><div class=\"sbi_item sbi_type_image sbi_new sbi_transition\" id=\"sbi_17984835797389128\" data-date=\"1696776632\">\r\n    <div class=\"sbi_photo_wrap\">\r\n        <a class=\"sbi_photo\" href=\"https:\/\/www.instagram.com\/p\/CyJE09LOuHf\/\" target=\"_blank\" rel=\"noopener nofollow\" data-full-res=\"https:\/\/scontent-fra5-1.cdninstagram.com\/v\/t39.30808-6\/387204212_721743389998770_4532773483671262649_n.jpg?_nc_cat=102&#038;ccb=1-7&#038;_nc_sid=18de74&#038;_nc_ohc=jtGYy-ezsAcAX-bB0RG&#038;_nc_ht=scontent-fra5-1.cdninstagram.com&#038;edm=ANo9K5cEAAAA&#038;oh=00_AfD3_GhxTJbCjk0vdpHTbvSRN7L9MI0ihuUWubCA6H3jcg&#038;oe=65EE4358\" data-img-src-set=\"{&quot;d&quot;:&quot;https:\\\/\\\/scontent-fra5-1.cdninstagram.com\\\/v\\\/t39.30808-6\\\/387204212_721743389998770_4532773483671262649_n.jpg?_nc_cat=102&amp;ccb=1-7&amp;_nc_sid=18de74&amp;_nc_ohc=jtGYy-ezsAcAX-bB0RG&amp;_nc_ht=scontent-fra5-1.cdninstagram.com&amp;edm=ANo9K5cEAAAA&amp;oh=00_AfD3_GhxTJbCjk0vdpHTbvSRN7L9MI0ihuUWubCA6H3jcg&amp;oe=65EE4358&quot;,&quot;150&quot;:&quot;https:\\\/\\\/scontent-fra5-1.cdninstagram.com\\\/v\\\/t39.30808-6\\\/387204212_721743389998770_4532773483671262649_n.jpg?_nc_cat=102&amp;ccb=1-7&amp;_nc_sid=18de74&amp;_nc_ohc=jtGYy-ezsAcAX-bB0RG&amp;_nc_ht=scontent-fra5-1.cdninstagram.com&amp;edm=ANo9K5cEAAAA&amp;oh=00_AfD3_GhxTJbCjk0vdpHTbvSRN7L9MI0ihuUWubCA6H3jcg&amp;oe=65EE4358&quot;,&quot;320&quot;:&quot;https:\\\/\\\/scontent-fra5-1.cdninstagram.com\\\/v\\\/t39.30808-6\\\/387204212_721743389998770_4532773483671262649_n.jpg?_nc_cat=102&amp;ccb=1-7&amp;_nc_sid=18de74&amp;_nc_ohc=jtGYy-ezsAcAX-bB0RG&amp;_nc_ht=scontent-fra5-1.cdninstagram.com&amp;edm=ANo9K5cEAAAA&amp;oh=00_AfD3_GhxTJbCjk0vdpHTbvSRN7L9MI0ihuUWubCA6H3jcg&amp;oe=65EE4358&quot;,&quot;640&quot;:&quot;https:\\\/\\\/scontent-fra5-1.cdninstagram.com\\\/v\\\/t39.30808-6\\\/387204212_721743389998770_4532773483671262649_n.jpg?_nc_cat=102&amp;ccb=1-7&amp;_nc_sid=18de74&amp;_nc_ohc=jtGYy-ezsAcAX-bB0RG&amp;_nc_ht=scontent-fra5-1.cdninstagram.com&amp;edm=ANo9K5cEAAAA&amp;oh=00_AfD3_GhxTJbCjk0vdpHTbvSRN7L9MI0ihuUWubCA6H3jcg&amp;oe=65EE4358&quot;}\">\r\n            <span class=\"sbi-screenreader\">\u00bbTransformation\u00ab \nVortrag von Jens Rosenthal \nDo<\/span>\r\n            \t                    <img decoding=\"async\" src=\"https:\/\/bergmuehle-flensburg.com\/wp-content\/plugins\/instagram-feed\/img\/placeholder.png\" alt=\"\u00bbTransformation\u00ab \nVortrag von Jens Rosenthal \nDonnerstag, 12. Oktober 2023, 15 Uhr \n\nTransformation \u2013 was ist das eigentlich? Welche Chancen und Risiken bietet der Transformationsprozess f\u00fcr Stadt und Gesellschaft? Welche Herausforderungen f\u00fcr einen sozialen und \u00f6konomischen Wandel m\u00fcssen zuk\u00fcnftig gemeistert werden? Jens Rosenthal geht dem auf den Grund.\n\nWie immer gibt es Kaffee und leckeren Kuchen, meist selbst gebacken und gegen eine kleine Spende serviert. Alle sind herzlich willkommen.\n#transformation #jensrosenthal #flensburg #bergm\u00fchleflensburg #nordstadt\">\r\n        <\/a>\r\n    <\/div>\r\n<\/div><div class=\"sbi_item sbi_type_image sbi_new sbi_transition\" id=\"sbi_18020783947673278\" data-date=\"1694366230\">\r\n    <div class=\"sbi_photo_wrap\">\r\n        <a class=\"sbi_photo\" href=\"https:\/\/www.instagram.com\/p\/CxBPWbKtYzW\/\" target=\"_blank\" rel=\"noopener nofollow\" data-full-res=\"https:\/\/scontent-fra5-2.cdninstagram.com\/v\/t39.30808-6\/371929079_702263578613418_5475330646424659653_n.jpg?_nc_cat=109&#038;ccb=1-7&#038;_nc_sid=18de74&#038;_nc_ohc=n9zNSwFfn-kAX-CEGAV&#038;_nc_oc=AQm0LYldPdQ8UKUFowmGDix7EI01-6nQ691YXBLGja46iXwIEkC8lYz47RmMpfJqDBYWxmrQQgZZ4KCUlJa06QyM&#038;_nc_ht=scontent-fra5-2.cdninstagram.com&#038;edm=ANo9K5cEAAAA&#038;oh=00_AfBYtM5oOfth9_2An2Jk1MR1d539a6_2vRW6tg1hnBr4CA&#038;oe=65EC78C7\" data-img-src-set=\"{&quot;d&quot;:&quot;https:\\\/\\\/scontent-fra5-2.cdninstagram.com\\\/v\\\/t39.30808-6\\\/371929079_702263578613418_5475330646424659653_n.jpg?_nc_cat=109&amp;ccb=1-7&amp;_nc_sid=18de74&amp;_nc_ohc=n9zNSwFfn-kAX-CEGAV&amp;_nc_oc=AQm0LYldPdQ8UKUFowmGDix7EI01-6nQ691YXBLGja46iXwIEkC8lYz47RmMpfJqDBYWxmrQQgZZ4KCUlJa06QyM&amp;_nc_ht=scontent-fra5-2.cdninstagram.com&amp;edm=ANo9K5cEAAAA&amp;oh=00_AfBYtM5oOfth9_2An2Jk1MR1d539a6_2vRW6tg1hnBr4CA&amp;oe=65EC78C7&quot;,&quot;150&quot;:&quot;https:\\\/\\\/scontent-fra5-2.cdninstagram.com\\\/v\\\/t39.30808-6\\\/371929079_702263578613418_5475330646424659653_n.jpg?_nc_cat=109&amp;ccb=1-7&amp;_nc_sid=18de74&amp;_nc_ohc=n9zNSwFfn-kAX-CEGAV&amp;_nc_oc=AQm0LYldPdQ8UKUFowmGDix7EI01-6nQ691YXBLGja46iXwIEkC8lYz47RmMpfJqDBYWxmrQQgZZ4KCUlJa06QyM&amp;_nc_ht=scontent-fra5-2.cdninstagram.com&amp;edm=ANo9K5cEAAAA&amp;oh=00_AfBYtM5oOfth9_2An2Jk1MR1d539a6_2vRW6tg1hnBr4CA&amp;oe=65EC78C7&quot;,&quot;320&quot;:&quot;https:\\\/\\\/scontent-fra5-2.cdninstagram.com\\\/v\\\/t39.30808-6\\\/371929079_702263578613418_5475330646424659653_n.jpg?_nc_cat=109&amp;ccb=1-7&amp;_nc_sid=18de74&amp;_nc_ohc=n9zNSwFfn-kAX-CEGAV&amp;_nc_oc=AQm0LYldPdQ8UKUFowmGDix7EI01-6nQ691YXBLGja46iXwIEkC8lYz47RmMpfJqDBYWxmrQQgZZ4KCUlJa06QyM&amp;_nc_ht=scontent-fra5-2.cdninstagram.com&amp;edm=ANo9K5cEAAAA&amp;oh=00_AfBYtM5oOfth9_2An2Jk1MR1d539a6_2vRW6tg1hnBr4CA&amp;oe=65EC78C7&quot;,&quot;640&quot;:&quot;https:\\\/\\\/scontent-fra5-2.cdninstagram.com\\\/v\\\/t39.30808-6\\\/371929079_702263578613418_5475330646424659653_n.jpg?_nc_cat=109&amp;ccb=1-7&amp;_nc_sid=18de74&amp;_nc_ohc=n9zNSwFfn-kAX-CEGAV&amp;_nc_oc=AQm0LYldPdQ8UKUFowmGDix7EI01-6nQ691YXBLGja46iXwIEkC8lYz47RmMpfJqDBYWxmrQQgZZ4KCUlJa06QyM&amp;_nc_ht=scontent-fra5-2.cdninstagram.com&amp;edm=ANo9K5cEAAAA&amp;oh=00_AfBYtM5oOfth9_2An2Jk1MR1d539a6_2vRW6tg1hnBr4CA&amp;oe=65EC78C7&quot;}\">\r\n            <span class=\"sbi-screenreader\">M\u00e4rchen mit Anke Petersen \nDonnerstag, 5. Oktober<\/span>\r\n            \t                    <img decoding=\"async\" src=\"https:\/\/bergmuehle-flensburg.com\/wp-content\/plugins\/instagram-feed\/img\/placeholder.png\" alt=\"M\u00e4rchen mit Anke Petersen \nDonnerstag, 5. Oktober 2023, 15 Uhr \n\n\u2026M\u00e4rchen h\u00f6ren und erz\u00e4hlen ist f\u00fcr mich Meditation. M\u00e4rchen geben mir Kraft und innere Ruhe. Das m\u00f6chte ich mit meinen Zuh\u00f6renden teilen\u2026\nDie M\u00e4rchenerz\u00e4hlerin Anke Petersen ist zu Gast in der Bergm\u00fchle und erz\u00e4hlt eigene, aber auch M\u00e4rchen von anderen Autoren.\n\nWie immer gibt es Kaffee und leckeren Kuchen, meist selbst gebacken und gegen eine kleine Spende serviert. Alle sind herzlich willkommen.\n#m\u00e4rchen #ankepetersen #flensburg #bergm\u00fchleflensburg #nordstadt #m\u00fchlenladen\">\r\n        <\/a>\r\n    <\/div>\r\n<\/div><div class=\"sbi_item sbi_type_image sbi_new sbi_transition\" id=\"sbi_18053830567461015\" data-date=\"1694196671\">\r\n    <div class=\"sbi_photo_wrap\">\r\n        <a class=\"sbi_photo\" href=\"https:\/\/www.instagram.com\/p\/Cw8L8TdyovU\/\" target=\"_blank\" rel=\"noopener nofollow\" data-full-res=\"https:\/\/scontent-fra5-1.cdninstagram.com\/v\/t39.30808-6\/370327274_702105191962590_4701147572006741437_n.jpg?_nc_cat=110&#038;ccb=1-7&#038;_nc_sid=18de74&#038;_nc_ohc=GJC1rj1i-tkAX9PuvhG&#038;_nc_ht=scontent-fra5-1.cdninstagram.com&#038;edm=ANo9K5cEAAAA&#038;oh=00_AfBo2o2qyhDl6KVKmb2JhRsog2pyDjLY89aWxWjiUiYAwQ&#038;oe=65ECB508\" data-img-src-set=\"{&quot;d&quot;:&quot;https:\\\/\\\/scontent-fra5-1.cdninstagram.com\\\/v\\\/t39.30808-6\\\/370327274_702105191962590_4701147572006741437_n.jpg?_nc_cat=110&amp;ccb=1-7&amp;_nc_sid=18de74&amp;_nc_ohc=GJC1rj1i-tkAX9PuvhG&amp;_nc_ht=scontent-fra5-1.cdninstagram.com&amp;edm=ANo9K5cEAAAA&amp;oh=00_AfBo2o2qyhDl6KVKmb2JhRsog2pyDjLY89aWxWjiUiYAwQ&amp;oe=65ECB508&quot;,&quot;150&quot;:&quot;https:\\\/\\\/scontent-fra5-1.cdninstagram.com\\\/v\\\/t39.30808-6\\\/370327274_702105191962590_4701147572006741437_n.jpg?_nc_cat=110&amp;ccb=1-7&amp;_nc_sid=18de74&amp;_nc_ohc=GJC1rj1i-tkAX9PuvhG&amp;_nc_ht=scontent-fra5-1.cdninstagram.com&amp;edm=ANo9K5cEAAAA&amp;oh=00_AfBo2o2qyhDl6KVKmb2JhRsog2pyDjLY89aWxWjiUiYAwQ&amp;oe=65ECB508&quot;,&quot;320&quot;:&quot;https:\\\/\\\/scontent-fra5-1.cdninstagram.com\\\/v\\\/t39.30808-6\\\/370327274_702105191962590_4701147572006741437_n.jpg?_nc_cat=110&amp;ccb=1-7&amp;_nc_sid=18de74&amp;_nc_ohc=GJC1rj1i-tkAX9PuvhG&amp;_nc_ht=scontent-fra5-1.cdninstagram.com&amp;edm=ANo9K5cEAAAA&amp;oh=00_AfBo2o2qyhDl6KVKmb2JhRsog2pyDjLY89aWxWjiUiYAwQ&amp;oe=65ECB508&quot;,&quot;640&quot;:&quot;https:\\\/\\\/scontent-fra5-1.cdninstagram.com\\\/v\\\/t39.30808-6\\\/370327274_702105191962590_4701147572006741437_n.jpg?_nc_cat=110&amp;ccb=1-7&amp;_nc_sid=18de74&amp;_nc_ohc=GJC1rj1i-tkAX9PuvhG&amp;_nc_ht=scontent-fra5-1.cdninstagram.com&amp;edm=ANo9K5cEAAAA&amp;oh=00_AfBo2o2qyhDl6KVKmb2JhRsog2pyDjLY89aWxWjiUiYAwQ&amp;oe=65ECB508&quot;}\">\r\n            <span class=\"sbi-screenreader\">Live in der Bergm\u00fchle:\nCHRIS HANSON\nFreitag, 6. O<\/span>\r\n            \t                    <img decoding=\"async\" src=\"https:\/\/bergmuehle-flensburg.com\/wp-content\/plugins\/instagram-feed\/img\/placeholder.png\" alt=\"Live in der Bergm\u00fchle:\nCHRIS HANSON\nFreitag, 6. Okt., 2023 um 20 Uhr, Hutkonzert \n(Einlass ab 19 Uhr. Wie immer gibt es kleine Snacks &amp; Getr\u00e4nke)\n\nEntspannung pur \u2013 Chris Hanson, Gitarrist und Komponist, ist in Hamburg geboren und zu Hause in Flensburg. Angefangen als Stra\u00dfenmusiker, schafft er es seit vielen Jahren, einzig mit einer Gitarre, ganz viel Leidenschaft und Virtuosit\u00e4t das Publikum mit seinen instrumentalen Gitarrenst\u00fccken zu begeistern. Inspiriert durch das Leben und die Natur im hohen Norden ver\u00f6ffentlichte Chris Hanson 2022 das Album \u00bbRyvar\u00ab. Entstanden sind instrumentale Kompositionen, die das Publikum mitnehmen auf einen entspannten und virtuosen Weg entlang der Nord- und Ostseek\u00fcste.\n\nVorverkauf oder eine Platzreservierung ist nicht m\u00f6glich.\n\n #chrishanson #live #konzert #musik #flensburg #bergm\u00fchleflensburg #nordstadt #m\u00fchlengenuss #m\u00fchlenladen\">\r\n        <\/a>\r\n    <\/div>\r\n<\/div><div class=\"sbi_item sbi_type_image sbi_new sbi_transition\" id=\"sbi_17880347069937055\" data-date=\"1694084767\">\r\n    <div class=\"sbi_photo_wrap\">\r\n        <a class=\"sbi_photo\" href=\"https:\/\/www.instagram.com\/p\/Cw42gJqPFmZ\/\" target=\"_blank\" rel=\"noopener nofollow\" data-full-res=\"https:\/\/scontent-fra5-2.cdninstagram.com\/v\/t39.30808-6\/370330693_702103188629457_5517180235798531406_n.jpg?_nc_cat=106&#038;ccb=1-7&#038;_nc_sid=18de74&#038;_nc_ohc=E2GgzGEN4IYAX_qCsZd&#038;_nc_oc=AQm_D09V5mogKzzYqtrBqMYwKaYN_1S1zE4op-4fHzPmR044daE34G03zP843BioqY0nN38A6-Kp1f_BycTIZXyn&#038;_nc_ht=scontent-fra5-2.cdninstagram.com&#038;edm=ANo9K5cEAAAA&#038;oh=00_AfBKiUdtpVDLhN7SzuRF2yvJuKjRDgb0Xzy7gOBYrGyb8g&#038;oe=65EDB8DD\" data-img-src-set=\"{&quot;d&quot;:&quot;https:\\\/\\\/scontent-fra5-2.cdninstagram.com\\\/v\\\/t39.30808-6\\\/370330693_702103188629457_5517180235798531406_n.jpg?_nc_cat=106&amp;ccb=1-7&amp;_nc_sid=18de74&amp;_nc_ohc=E2GgzGEN4IYAX_qCsZd&amp;_nc_oc=AQm_D09V5mogKzzYqtrBqMYwKaYN_1S1zE4op-4fHzPmR044daE34G03zP843BioqY0nN38A6-Kp1f_BycTIZXyn&amp;_nc_ht=scontent-fra5-2.cdninstagram.com&amp;edm=ANo9K5cEAAAA&amp;oh=00_AfBKiUdtpVDLhN7SzuRF2yvJuKjRDgb0Xzy7gOBYrGyb8g&amp;oe=65EDB8DD&quot;,&quot;150&quot;:&quot;https:\\\/\\\/scontent-fra5-2.cdninstagram.com\\\/v\\\/t39.30808-6\\\/370330693_702103188629457_5517180235798531406_n.jpg?_nc_cat=106&amp;ccb=1-7&amp;_nc_sid=18de74&amp;_nc_ohc=E2GgzGEN4IYAX_qCsZd&amp;_nc_oc=AQm_D09V5mogKzzYqtrBqMYwKaYN_1S1zE4op-4fHzPmR044daE34G03zP843BioqY0nN38A6-Kp1f_BycTIZXyn&amp;_nc_ht=scontent-fra5-2.cdninstagram.com&amp;edm=ANo9K5cEAAAA&amp;oh=00_AfBKiUdtpVDLhN7SzuRF2yvJuKjRDgb0Xzy7gOBYrGyb8g&amp;oe=65EDB8DD&quot;,&quot;320&quot;:&quot;https:\\\/\\\/scontent-fra5-2.cdninstagram.com\\\/v\\\/t39.30808-6\\\/370330693_702103188629457_5517180235798531406_n.jpg?_nc_cat=106&amp;ccb=1-7&amp;_nc_sid=18de74&amp;_nc_ohc=E2GgzGEN4IYAX_qCsZd&amp;_nc_oc=AQm_D09V5mogKzzYqtrBqMYwKaYN_1S1zE4op-4fHzPmR044daE34G03zP843BioqY0nN38A6-Kp1f_BycTIZXyn&amp;_nc_ht=scontent-fra5-2.cdninstagram.com&amp;edm=ANo9K5cEAAAA&amp;oh=00_AfBKiUdtpVDLhN7SzuRF2yvJuKjRDgb0Xzy7gOBYrGyb8g&amp;oe=65EDB8DD&quot;,&quot;640&quot;:&quot;https:\\\/\\\/scontent-fra5-2.cdninstagram.com\\\/v\\\/t39.30808-6\\\/370330693_702103188629457_5517180235798531406_n.jpg?_nc_cat=106&amp;ccb=1-7&amp;_nc_sid=18de74&amp;_nc_ohc=E2GgzGEN4IYAX_qCsZd&amp;_nc_oc=AQm_D09V5mogKzzYqtrBqMYwKaYN_1S1zE4op-4fHzPmR044daE34G03zP843BioqY0nN38A6-Kp1f_BycTIZXyn&amp;_nc_ht=scontent-fra5-2.cdninstagram.com&amp;edm=ANo9K5cEAAAA&amp;oh=00_AfBKiUdtpVDLhN7SzuRF2yvJuKjRDgb0Xzy7gOBYrGyb8g&amp;oe=65EDB8DD&quot;}\">\r\n            <span class=\"sbi-screenreader\">Brotgespr\u00e4che in der Bergm\u00fchle\n3. Oktober 2023, <\/span>\r\n            \t                    <img decoding=\"async\" src=\"https:\/\/bergmuehle-flensburg.com\/wp-content\/plugins\/instagram-feed\/img\/placeholder.png\" alt=\"Brotgespr\u00e4che in der Bergm\u00fchle\n3. Oktober 2023, 18 bis 20 Uhr \n\n\u201eDemokratie \u2013 ein Auslaufmodell?\u201c\n\nImmer \u00f6fter geht ein mehr oder weniger klares Raunen durchs \u201eVolk\u201c. Angesichts der komplexen und immer schneller aufkommenden Herausforderungen und Krisen, erscheint vielen die Demokratie als zu schwerf\u00e4llig, tr\u00e4ge und undurchsichtig, auch als \u00fcberholt. Legitimierungsprozesse (Wahlen) zu oft\/selten und manch Idee von klarer, autokratischer \u201eF\u00fchrungsidee\u201c zielf\u00fchrend \u2013 direkte, partizipative Formen unerw\u00fcnscht. Der Traum von lebendiger Demokratie gleicht einem komat\u00f6sen Patienten, dem viele Vitalfunktionen abhanden gekommen sind. \u201eSchwarzmalerei\u201c oder \u201eklarer Befund\u201c? Und jetzt \u2026?\n\nOrganisiert und unterst\u00fctzt durch: Bergm\u00fchle Flensburg, Internationaler Vers\u00f6hnungsbund (Deutscher Zweig\/RG Nord SH\/HH), Dicker-Willis Koppel e.V., Gemeinwohl\u00f6konomie \u2013 RG Schleswig-Holstein Nord, Adelby1 \u2013 Familienzentrum an der Bergm\u00fchle, Radieschen &amp; Co e.V.\n\nKontakt &amp; Infos: Torsten Finger, beratung(at)gmx.de oder Mobil 01590 189 44 02\n\n #brotgespr\u00e4che #demokratie #flensburg #bergm\u00fchleflensburg #nordstadt #m\u00fchlenladen\">\r\n        <\/a>\r\n    <\/div>\r\n<\/div><div class=\"sbi_item sbi_type_image sbi_new sbi_transition\" id=\"sbi_18068323411417296\" data-date=\"1694001608\">\r\n    <div class=\"sbi_photo_wrap\">\r\n        <a class=\"sbi_photo\" href=\"https:\/\/www.instagram.com\/p\/Cw2X421t4n7\/\" target=\"_blank\" rel=\"noopener nofollow\" data-full-res=\"https:\/\/scontent-fra5-1.cdninstagram.com\/v\/t39.30808-6\/370359914_702100441963065_3203404068071406514_n.jpg?_nc_cat=102&#038;ccb=1-7&#038;_nc_sid=18de74&#038;_nc_ohc=3NWKIWiD6vAAX_BAbhc&#038;_nc_ht=scontent-fra5-1.cdninstagram.com&#038;edm=ANo9K5cEAAAA&#038;oh=00_AfA9faYNYpVVV2c9jExgC4wO0uxaLIJGT-hsdydJ2vvxQQ&#038;oe=65ECFC3B\" data-img-src-set=\"{&quot;d&quot;:&quot;https:\\\/\\\/scontent-fra5-1.cdninstagram.com\\\/v\\\/t39.30808-6\\\/370359914_702100441963065_3203404068071406514_n.jpg?_nc_cat=102&amp;ccb=1-7&amp;_nc_sid=18de74&amp;_nc_ohc=3NWKIWiD6vAAX_BAbhc&amp;_nc_ht=scontent-fra5-1.cdninstagram.com&amp;edm=ANo9K5cEAAAA&amp;oh=00_AfA9faYNYpVVV2c9jExgC4wO0uxaLIJGT-hsdydJ2vvxQQ&amp;oe=65ECFC3B&quot;,&quot;150&quot;:&quot;https:\\\/\\\/scontent-fra5-1.cdninstagram.com\\\/v\\\/t39.30808-6\\\/370359914_702100441963065_3203404068071406514_n.jpg?_nc_cat=102&amp;ccb=1-7&amp;_nc_sid=18de74&amp;_nc_ohc=3NWKIWiD6vAAX_BAbhc&amp;_nc_ht=scontent-fra5-1.cdninstagram.com&amp;edm=ANo9K5cEAAAA&amp;oh=00_AfA9faYNYpVVV2c9jExgC4wO0uxaLIJGT-hsdydJ2vvxQQ&amp;oe=65ECFC3B&quot;,&quot;320&quot;:&quot;https:\\\/\\\/scontent-fra5-1.cdninstagram.com\\\/v\\\/t39.30808-6\\\/370359914_702100441963065_3203404068071406514_n.jpg?_nc_cat=102&amp;ccb=1-7&amp;_nc_sid=18de74&amp;_nc_ohc=3NWKIWiD6vAAX_BAbhc&amp;_nc_ht=scontent-fra5-1.cdninstagram.com&amp;edm=ANo9K5cEAAAA&amp;oh=00_AfA9faYNYpVVV2c9jExgC4wO0uxaLIJGT-hsdydJ2vvxQQ&amp;oe=65ECFC3B&quot;,&quot;640&quot;:&quot;https:\\\/\\\/scontent-fra5-1.cdninstagram.com\\\/v\\\/t39.30808-6\\\/370359914_702100441963065_3203404068071406514_n.jpg?_nc_cat=102&amp;ccb=1-7&amp;_nc_sid=18de74&amp;_nc_ohc=3NWKIWiD6vAAX_BAbhc&amp;_nc_ht=scontent-fra5-1.cdninstagram.com&amp;edm=ANo9K5cEAAAA&amp;oh=00_AfA9faYNYpVVV2c9jExgC4wO0uxaLIJGT-hsdydJ2vvxQQ&amp;oe=65ECFC3B&quot;}\">\r\n            <span class=\"sbi-screenreader\">Live in der Bergm\u00fchle:\nPAUL EASTHAM\nMontag, 2. Ok<\/span>\r\n            \t                    <img decoding=\"async\" src=\"https:\/\/bergmuehle-flensburg.com\/wp-content\/plugins\/instagram-feed\/img\/placeholder.png\" alt=\"Live in der Bergm\u00fchle:\nPAUL EASTHAM\nMontag, 2. Okt., 2023 um 20 Uhr, Hutkonzert \n(Einlass ab 19 Uhr. Wie immer gibt es kleine Snacks &amp; Getr\u00e4nke)\n\nPaul Eastham ist Pianist, Komponist und Singer\/Songwriter. Urspr\u00fcnglich aus Stockport, Gro\u00dfbritannien, im Juli 1981 geboren, hat Paul einen klassischen Klavierhintergrund. Im Alter von 18 Jahren gab er aber seine Karriere als Konzertpianist auf, um sich dem Songwriting und Komponieren zu widmen. Dies f\u00fchrte zu vielen Erfahrungen, unter anderem wurde er Musikproduzent und arbeitete fr\u00fch in seiner Karriere mit K\u00fcnstlern wie Duffy und anderen zusammen.\n\nVorverkauf oder eine Platzreservierung ist nicht m\u00f6glich.\n\n#pauleastham #konzert #live #musik #flensburg #bergm\u00fchleflensburg #nordstadt #m\u00fchlengenuss #m\u00fchlenladen\">\r\n        <\/a>\r\n    <\/div>\r\n<\/div><div class=\"sbi_item sbi_type_image sbi_new sbi_transition\" id=\"sbi_17891803775893940\" data-date=\"1693828208\">\r\n    <div class=\"sbi_photo_wrap\">\r\n        <a class=\"sbi_photo\" href=\"https:\/\/www.instagram.com\/p\/CwxNJ4UpuvB\/\" target=\"_blank\" rel=\"noopener nofollow\" data-full-res=\"https:\/\/scontent-fra5-1.cdninstagram.com\/v\/t39.30808-6\/370335676_702096541963455_1562366489991494399_n.jpg?_nc_cat=102&#038;ccb=1-7&#038;_nc_sid=18de74&#038;_nc_ohc=spXaXEOuNMQAX_E17jY&#038;_nc_ht=scontent-fra5-1.cdninstagram.com&#038;edm=ANo9K5cEAAAA&#038;oh=00_AfDd6h6sViFwV-txsyssbdAOK0ZR7T68U0pU5c3MDlnRLg&#038;oe=65ECCC8E\" data-img-src-set=\"{&quot;d&quot;:&quot;https:\\\/\\\/scontent-fra5-1.cdninstagram.com\\\/v\\\/t39.30808-6\\\/370335676_702096541963455_1562366489991494399_n.jpg?_nc_cat=102&amp;ccb=1-7&amp;_nc_sid=18de74&amp;_nc_ohc=spXaXEOuNMQAX_E17jY&amp;_nc_ht=scontent-fra5-1.cdninstagram.com&amp;edm=ANo9K5cEAAAA&amp;oh=00_AfDd6h6sViFwV-txsyssbdAOK0ZR7T68U0pU5c3MDlnRLg&amp;oe=65ECCC8E&quot;,&quot;150&quot;:&quot;https:\\\/\\\/scontent-fra5-1.cdninstagram.com\\\/v\\\/t39.30808-6\\\/370335676_702096541963455_1562366489991494399_n.jpg?_nc_cat=102&amp;ccb=1-7&amp;_nc_sid=18de74&amp;_nc_ohc=spXaXEOuNMQAX_E17jY&amp;_nc_ht=scontent-fra5-1.cdninstagram.com&amp;edm=ANo9K5cEAAAA&amp;oh=00_AfDd6h6sViFwV-txsyssbdAOK0ZR7T68U0pU5c3MDlnRLg&amp;oe=65ECCC8E&quot;,&quot;320&quot;:&quot;https:\\\/\\\/scontent-fra5-1.cdninstagram.com\\\/v\\\/t39.30808-6\\\/370335676_702096541963455_1562366489991494399_n.jpg?_nc_cat=102&amp;ccb=1-7&amp;_nc_sid=18de74&amp;_nc_ohc=spXaXEOuNMQAX_E17jY&amp;_nc_ht=scontent-fra5-1.cdninstagram.com&amp;edm=ANo9K5cEAAAA&amp;oh=00_AfDd6h6sViFwV-txsyssbdAOK0ZR7T68U0pU5c3MDlnRLg&amp;oe=65ECCC8E&quot;,&quot;640&quot;:&quot;https:\\\/\\\/scontent-fra5-1.cdninstagram.com\\\/v\\\/t39.30808-6\\\/370335676_702096541963455_1562366489991494399_n.jpg?_nc_cat=102&amp;ccb=1-7&amp;_nc_sid=18de74&amp;_nc_ohc=spXaXEOuNMQAX_E17jY&amp;_nc_ht=scontent-fra5-1.cdninstagram.com&amp;edm=ANo9K5cEAAAA&amp;oh=00_AfDd6h6sViFwV-txsyssbdAOK0ZR7T68U0pU5c3MDlnRLg&amp;oe=65ECCC8E&quot;}\">\r\n            <span class=\"sbi-screenreader\">ERNTEDANKFEST \nin der Bergm\u00fchle\nSonntag, 1. Oktob<\/span>\r\n            \t                    <img decoding=\"async\" src=\"https:\/\/bergmuehle-flensburg.com\/wp-content\/plugins\/instagram-feed\/img\/placeholder.png\" alt=\"ERNTEDANKFEST \nin der Bergm\u00fchle\nSonntag, 1. Oktober 2023, 10 bis 17 Uhr\n\nDer Bergm\u00fchlenverein l\u00e4dt gemeinsam mit der St. Petri Kirchengemeinde zum Erntedank-Gottesdienst um 10 Uhr ein (geleitet durch Pastor Philipp Reinfeld). Anschlie\u00dfend: Imbiss &amp; Suppe, kleiner Fr\u00fcchte- und Gem\u00fcsemarkt , Kaffee &amp; Kuchen, \u201eBergm\u00fchlenbrot\u201c und Getreideprodukte im M\u00fchlenladen. F\u00fcr die musikalische Begleitung am Nachmittag sorgt der  Neustadt-Chor. Wir freuen uns auf euch!\n++++++\nDas MOST MOBIL vom Hof J\u00f8rlon wird an diesem Tag vor der Bergm\u00fchle stehen. Aus Obst wird Saft. Wollt ihr euer Obst am Erntedankfest mosten lassen? Ab einer Menge von 50 kg werden eure \u00c4pfel (oder Birnen und Quitten) zu Saft verarbeitet. 100 kg \u00c4pfel ergeben 65\u201375 Liter Saft. Abgef\u00fcllt wird dieser in 5-l-Beuteln. 5 L Saft kosten dann (inkl. Umkarton) 6,70 \u20ac. Der Saft kann im Anschluss direkt mitgenommen werden.\nF\u00fcr die Zeitplanung bitten wir euch um Anmeldung und Information, welche Menge Obst ihr mosten wollt:\nwibkemondry@gmail.com oder 0163 214 91 48 (auch WhatsApp)\n#flensburg #bergm\u00fchleflensburg #nordstadt #m\u00fchlenladen #erntedankfest #stpetri #gottesdienst #mostmobil #neustadtchor\">\r\n        <\/a>\r\n    <\/div>\r\n<\/div><div class=\"sbi_item sbi_type_image sbi_new sbi_transition\" id=\"sbi_18287335975193412\" data-date=\"1693824127\">\r\n    <div class=\"sbi_photo_wrap\">\r\n        <a class=\"sbi_photo\" href=\"https:\/\/www.instagram.com\/p\/CwxFXw2tLtJ\/\" target=\"_blank\" rel=\"noopener nofollow\" data-full-res=\"https:\/\/scontent-fra3-1.cdninstagram.com\/v\/t39.30808-6\/370618246_702092931963816_8087403649597073590_n.jpg?_nc_cat=101&#038;ccb=1-7&#038;_nc_sid=18de74&#038;_nc_ohc=eYMi6jVkEtUAX-sg_hv&#038;_nc_ht=scontent-fra3-1.cdninstagram.com&#038;edm=ANo9K5cEAAAA&#038;oh=00_AfC6l7r5Uqp-6S64g7gb0xUMkikE4TteYoZjC0jnmGdwww&#038;oe=65EDBD55\" data-img-src-set=\"{&quot;d&quot;:&quot;https:\\\/\\\/scontent-fra3-1.cdninstagram.com\\\/v\\\/t39.30808-6\\\/370618246_702092931963816_8087403649597073590_n.jpg?_nc_cat=101&amp;ccb=1-7&amp;_nc_sid=18de74&amp;_nc_ohc=eYMi6jVkEtUAX-sg_hv&amp;_nc_ht=scontent-fra3-1.cdninstagram.com&amp;edm=ANo9K5cEAAAA&amp;oh=00_AfC6l7r5Uqp-6S64g7gb0xUMkikE4TteYoZjC0jnmGdwww&amp;oe=65EDBD55&quot;,&quot;150&quot;:&quot;https:\\\/\\\/scontent-fra3-1.cdninstagram.com\\\/v\\\/t39.30808-6\\\/370618246_702092931963816_8087403649597073590_n.jpg?_nc_cat=101&amp;ccb=1-7&amp;_nc_sid=18de74&amp;_nc_ohc=eYMi6jVkEtUAX-sg_hv&amp;_nc_ht=scontent-fra3-1.cdninstagram.com&amp;edm=ANo9K5cEAAAA&amp;oh=00_AfC6l7r5Uqp-6S64g7gb0xUMkikE4TteYoZjC0jnmGdwww&amp;oe=65EDBD55&quot;,&quot;320&quot;:&quot;https:\\\/\\\/scontent-fra3-1.cdninstagram.com\\\/v\\\/t39.30808-6\\\/370618246_702092931963816_8087403649597073590_n.jpg?_nc_cat=101&amp;ccb=1-7&amp;_nc_sid=18de74&amp;_nc_ohc=eYMi6jVkEtUAX-sg_hv&amp;_nc_ht=scontent-fra3-1.cdninstagram.com&amp;edm=ANo9K5cEAAAA&amp;oh=00_AfC6l7r5Uqp-6S64g7gb0xUMkikE4TteYoZjC0jnmGdwww&amp;oe=65EDBD55&quot;,&quot;640&quot;:&quot;https:\\\/\\\/scontent-fra3-1.cdninstagram.com\\\/v\\\/t39.30808-6\\\/370618246_702092931963816_8087403649597073590_n.jpg?_nc_cat=101&amp;ccb=1-7&amp;_nc_sid=18de74&amp;_nc_ohc=eYMi6jVkEtUAX-sg_hv&amp;_nc_ht=scontent-fra3-1.cdninstagram.com&amp;edm=ANo9K5cEAAAA&amp;oh=00_AfC6l7r5Uqp-6S64g7gb0xUMkikE4TteYoZjC0jnmGdwww&amp;oe=65EDBD55&quot;}\">\r\n            <span class=\"sbi-screenreader\">\ud83d\udc1d Bienen und Imkerei in der Stadt \nVortrag von <\/span>\r\n            \t                    <img decoding=\"async\" src=\"https:\/\/bergmuehle-flensburg.com\/wp-content\/plugins\/instagram-feed\/img\/placeholder.png\" alt=\"\ud83d\udc1d Bienen und Imkerei in der Stadt \nVortrag von Dr. Ralph M\u00fcller \nDonnerstag, 28. September 2023, 15 Uhr \n\nDr. Ralph M\u00fcller nimmt uns mit in die faszinierende Welt der Bienen und erz\u00e4hlt, wie sie leben und einen schmackhaften Honig herstellen.\n\nWie immer gibt es Kaffee und leckeren Kuchen, meist selbst gebacken und gegen eine kleine Spende serviert. Alle sind herzlich willkommen.\n\n #bienen #hnig #imker #flensburg #bergm\u00fchleflensburg #nordstadt #m\u00fchlenladen\">\r\n        <\/a>\r\n    <\/div>\r\n<\/div><div class=\"sbi_item sbi_type_image sbi_new sbi_transition\" id=\"sbi_18073574872396403\" data-date=\"1693590668\">\r\n    <div class=\"sbi_photo_wrap\">\r\n        <a class=\"sbi_photo\" href=\"https:\/\/www.instagram.com\/p\/CwqIFXkpcPY\/\" target=\"_blank\" rel=\"noopener nofollow\" data-full-res=\"https:\/\/scontent-fra3-2.cdninstagram.com\/v\/t39.30808-6\/367477046_694972069342569_946357143357946192_n.jpg?_nc_cat=111&#038;ccb=1-7&#038;_nc_sid=18de74&#038;_nc_ohc=thSuY_fZIPMAX9LhcZO&#038;_nc_oc=AQkfHDE8xEm8E2meEy8knk3XNSUwW-Bs_HEPBoh3SVVqgzPtl4pwYgeEjPRuDWyCHkE4UzWn8gdxx67XoPnPtmEz&#038;_nc_ht=scontent-fra3-2.cdninstagram.com&#038;edm=ANo9K5cEAAAA&#038;oh=00_AfCQ7lbPRbMbzRpLk1Z-PKNsTNcp4Gy8scTxvompucXcaA&#038;oe=65EDC1D1\" data-img-src-set=\"{&quot;d&quot;:&quot;https:\\\/\\\/scontent-fra3-2.cdninstagram.com\\\/v\\\/t39.30808-6\\\/367477046_694972069342569_946357143357946192_n.jpg?_nc_cat=111&amp;ccb=1-7&amp;_nc_sid=18de74&amp;_nc_ohc=thSuY_fZIPMAX9LhcZO&amp;_nc_oc=AQkfHDE8xEm8E2meEy8knk3XNSUwW-Bs_HEPBoh3SVVqgzPtl4pwYgeEjPRuDWyCHkE4UzWn8gdxx67XoPnPtmEz&amp;_nc_ht=scontent-fra3-2.cdninstagram.com&amp;edm=ANo9K5cEAAAA&amp;oh=00_AfCQ7lbPRbMbzRpLk1Z-PKNsTNcp4Gy8scTxvompucXcaA&amp;oe=65EDC1D1&quot;,&quot;150&quot;:&quot;https:\\\/\\\/scontent-fra3-2.cdninstagram.com\\\/v\\\/t39.30808-6\\\/367477046_694972069342569_946357143357946192_n.jpg?_nc_cat=111&amp;ccb=1-7&amp;_nc_sid=18de74&amp;_nc_ohc=thSuY_fZIPMAX9LhcZO&amp;_nc_oc=AQkfHDE8xEm8E2meEy8knk3XNSUwW-Bs_HEPBoh3SVVqgzPtl4pwYgeEjPRuDWyCHkE4UzWn8gdxx67XoPnPtmEz&amp;_nc_ht=scontent-fra3-2.cdninstagram.com&amp;edm=ANo9K5cEAAAA&amp;oh=00_AfCQ7lbPRbMbzRpLk1Z-PKNsTNcp4Gy8scTxvompucXcaA&amp;oe=65EDC1D1&quot;,&quot;320&quot;:&quot;https:\\\/\\\/scontent-fra3-2.cdninstagram.com\\\/v\\\/t39.30808-6\\\/367477046_694972069342569_946357143357946192_n.jpg?_nc_cat=111&amp;ccb=1-7&amp;_nc_sid=18de74&amp;_nc_ohc=thSuY_fZIPMAX9LhcZO&amp;_nc_oc=AQkfHDE8xEm8E2meEy8knk3XNSUwW-Bs_HEPBoh3SVVqgzPtl4pwYgeEjPRuDWyCHkE4UzWn8gdxx67XoPnPtmEz&amp;_nc_ht=scontent-fra3-2.cdninstagram.com&amp;edm=ANo9K5cEAAAA&amp;oh=00_AfCQ7lbPRbMbzRpLk1Z-PKNsTNcp4Gy8scTxvompucXcaA&amp;oe=65EDC1D1&quot;,&quot;640&quot;:&quot;https:\\\/\\\/scontent-fra3-2.cdninstagram.com\\\/v\\\/t39.30808-6\\\/367477046_694972069342569_946357143357946192_n.jpg?_nc_cat=111&amp;ccb=1-7&amp;_nc_sid=18de74&amp;_nc_ohc=thSuY_fZIPMAX9LhcZO&amp;_nc_oc=AQkfHDE8xEm8E2meEy8knk3XNSUwW-Bs_HEPBoh3SVVqgzPtl4pwYgeEjPRuDWyCHkE4UzWn8gdxx67XoPnPtmEz&amp;_nc_ht=scontent-fra3-2.cdninstagram.com&amp;edm=ANo9K5cEAAAA&amp;oh=00_AfCQ7lbPRbMbzRpLk1Z-PKNsTNcp4Gy8scTxvompucXcaA&amp;oe=65EDC1D1&quot;}\">\r\n            <span class=\"sbi-screenreader\">Vortrag von Axel Kohrt \nDonnerstag, 14. September <\/span>\r\n            \t                    <img decoding=\"async\" src=\"https:\/\/bergmuehle-flensburg.com\/wp-content\/plugins\/instagram-feed\/img\/placeholder.png\" alt=\"Vortrag von Axel Kohrt \nDonnerstag, 14. September 2023, 15 Uhr \n\nKommunale Politik und Verwaltung \u2013 der Politiker und ehemalige Ratsherr Axel Kohrt erkl\u00e4rt uns, wie das alles funktioniert.\nWie immer gibt es Kaffee und leckeren Kuchen, meist selbst gebacken und gegen eine kleine Spende serviert. Alle sind herzlich willkommen.\n#kl\u00f6nschnack #axelkohrt #flensburg #bergm\u00fchleflensburg #nordstadt #m\u00fchlenladen\">\r\n        <\/a>\r\n    <\/div>\r\n<\/div><div class=\"sbi_item sbi_type_image sbi_new sbi_transition\" id=\"sbi_18299495152112728\" data-date=\"1693418827\">\r\n    <div class=\"sbi_photo_wrap\">\r\n        <a class=\"sbi_photo\" href=\"https:\/\/www.instagram.com\/p\/CwlAUnkocm7\/\" target=\"_blank\" rel=\"noopener nofollow\" data-full-res=\"https:\/\/scontent-fra5-2.cdninstagram.com\/v\/t39.30808-6\/371768285_699613302211779_1684113317790317884_n.jpg?_nc_cat=106&#038;ccb=1-7&#038;_nc_sid=18de74&#038;_nc_ohc=_4I3DCbDBR0AX-qIGhT&#038;_nc_ht=scontent-fra5-2.cdninstagram.com&#038;edm=ANo9K5cEAAAA&#038;oh=00_AfB1CRUX26PBAHEke_0_uVUureXF2fBYCpi39GmSYVTOfw&#038;oe=65ED98A4\" data-img-src-set=\"{&quot;d&quot;:&quot;https:\\\/\\\/scontent-fra5-2.cdninstagram.com\\\/v\\\/t39.30808-6\\\/371768285_699613302211779_1684113317790317884_n.jpg?_nc_cat=106&amp;ccb=1-7&amp;_nc_sid=18de74&amp;_nc_ohc=_4I3DCbDBR0AX-qIGhT&amp;_nc_ht=scontent-fra5-2.cdninstagram.com&amp;edm=ANo9K5cEAAAA&amp;oh=00_AfB1CRUX26PBAHEke_0_uVUureXF2fBYCpi39GmSYVTOfw&amp;oe=65ED98A4&quot;,&quot;150&quot;:&quot;https:\\\/\\\/scontent-fra5-2.cdninstagram.com\\\/v\\\/t39.30808-6\\\/371768285_699613302211779_1684113317790317884_n.jpg?_nc_cat=106&amp;ccb=1-7&amp;_nc_sid=18de74&amp;_nc_ohc=_4I3DCbDBR0AX-qIGhT&amp;_nc_ht=scontent-fra5-2.cdninstagram.com&amp;edm=ANo9K5cEAAAA&amp;oh=00_AfB1CRUX26PBAHEke_0_uVUureXF2fBYCpi39GmSYVTOfw&amp;oe=65ED98A4&quot;,&quot;320&quot;:&quot;https:\\\/\\\/scontent-fra5-2.cdninstagram.com\\\/v\\\/t39.30808-6\\\/371768285_699613302211779_1684113317790317884_n.jpg?_nc_cat=106&amp;ccb=1-7&amp;_nc_sid=18de74&amp;_nc_ohc=_4I3DCbDBR0AX-qIGhT&amp;_nc_ht=scontent-fra5-2.cdninstagram.com&amp;edm=ANo9K5cEAAAA&amp;oh=00_AfB1CRUX26PBAHEke_0_uVUureXF2fBYCpi39GmSYVTOfw&amp;oe=65ED98A4&quot;,&quot;640&quot;:&quot;https:\\\/\\\/scontent-fra5-2.cdninstagram.com\\\/v\\\/t39.30808-6\\\/371768285_699613302211779_1684113317790317884_n.jpg?_nc_cat=106&amp;ccb=1-7&amp;_nc_sid=18de74&amp;_nc_ohc=_4I3DCbDBR0AX-qIGhT&amp;_nc_ht=scontent-fra5-2.cdninstagram.com&amp;edm=ANo9K5cEAAAA&amp;oh=00_AfB1CRUX26PBAHEke_0_uVUureXF2fBYCpi39GmSYVTOfw&amp;oe=65ED98A4&quot;}\">\r\n            <span class=\"sbi-screenreader\">LIVE: JAZZ IN DER M\u00dcHLE\nMittwoch, 27. September, <\/span>\r\n            \t                    <img decoding=\"async\" src=\"https:\/\/bergmuehle-flensburg.com\/wp-content\/plugins\/instagram-feed\/img\/placeholder.png\" alt=\"LIVE: JAZZ IN DER M\u00dcHLE\nMittwoch, 27. September, 2023 um 19.30 Uhr, Hutkonzert \n(Einlass ab 19 Uhr. Wie immer gibt es kleine Snacks &amp; Getr\u00e4nke)\n\nDie Jazzer der Region treffen sich zur Jam-Session. Regelm\u00e4\u00dfig finden sich auch \u00fcberregional bekannte Musiker ein. Dabei spielt weder das Alter noch das Instrument eine Rolle. Auch die Frage ob Profi oder ambitionierter Laie ist nicht wichtig. Die Stammformation organisiert die einzelnen Sets so, dass jeder seinen Part spielen kann. Die Stammformation besteht aus: Birga G\u00f6rtz (Gesang), Sascha G\u00f6rtz (Klavier), Kai Stemmler (Bass) &amp; Mario Wissmann (Schlagzeug).\nWeitere Termine jeweils mittwochs: 25. Okt., 29. Nov. und 27. Dez.\nVorverkauf oder eine Platzreservierung ist nicht m\u00f6glich.\nVeranstalter: Verein Creakult e.V. in Kooperation mit \ndem Verein zur Erhaltung der Bergm\u00fchle e.V.\n #jazz #konzert #musik #flensburg #bergm\u00fchleflensburg #nordstadt #m\u00fchlengenuss\">\r\n        <\/a>\r\n    <\/div>\r\n<\/div><div class=\"sbi_item sbi_type_image sbi_new sbi_transition\" id=\"sbi_17997347354116547\" data-date=\"1693245908\">\r\n    <div class=\"sbi_photo_wrap\">\r\n        <a class=\"sbi_photo\" href=\"https:\/\/www.instagram.com\/p\/Cwf2gZaLNzd\/\" target=\"_blank\" rel=\"noopener nofollow\" data-full-res=\"https:\/\/scontent-fra5-1.cdninstagram.com\/v\/t39.30808-6\/368239397_694773856029057_7717178765351745738_n.jpg?_nc_cat=108&#038;ccb=1-7&#038;_nc_sid=18de74&#038;_nc_ohc=x5MjjTp5ttYAX_p8Pux&#038;_nc_ht=scontent-fra5-1.cdninstagram.com&#038;edm=ANo9K5cEAAAA&#038;oh=00_AfCiLyORssVUzSk3jBR0wDz8YoXLKGy0QY2a3BiP3EcAtg&#038;oe=65ED10A3\" data-img-src-set=\"{&quot;d&quot;:&quot;https:\\\/\\\/scontent-fra5-1.cdninstagram.com\\\/v\\\/t39.30808-6\\\/368239397_694773856029057_7717178765351745738_n.jpg?_nc_cat=108&amp;ccb=1-7&amp;_nc_sid=18de74&amp;_nc_ohc=x5MjjTp5ttYAX_p8Pux&amp;_nc_ht=scontent-fra5-1.cdninstagram.com&amp;edm=ANo9K5cEAAAA&amp;oh=00_AfCiLyORssVUzSk3jBR0wDz8YoXLKGy0QY2a3BiP3EcAtg&amp;oe=65ED10A3&quot;,&quot;150&quot;:&quot;https:\\\/\\\/scontent-fra5-1.cdninstagram.com\\\/v\\\/t39.30808-6\\\/368239397_694773856029057_7717178765351745738_n.jpg?_nc_cat=108&amp;ccb=1-7&amp;_nc_sid=18de74&amp;_nc_ohc=x5MjjTp5ttYAX_p8Pux&amp;_nc_ht=scontent-fra5-1.cdninstagram.com&amp;edm=ANo9K5cEAAAA&amp;oh=00_AfCiLyORssVUzSk3jBR0wDz8YoXLKGy0QY2a3BiP3EcAtg&amp;oe=65ED10A3&quot;,&quot;320&quot;:&quot;https:\\\/\\\/scontent-fra5-1.cdninstagram.com\\\/v\\\/t39.30808-6\\\/368239397_694773856029057_7717178765351745738_n.jpg?_nc_cat=108&amp;ccb=1-7&amp;_nc_sid=18de74&amp;_nc_ohc=x5MjjTp5ttYAX_p8Pux&amp;_nc_ht=scontent-fra5-1.cdninstagram.com&amp;edm=ANo9K5cEAAAA&amp;oh=00_AfCiLyORssVUzSk3jBR0wDz8YoXLKGy0QY2a3BiP3EcAtg&amp;oe=65ED10A3&quot;,&quot;640&quot;:&quot;https:\\\/\\\/scontent-fra5-1.cdninstagram.com\\\/v\\\/t39.30808-6\\\/368239397_694773856029057_7717178765351745738_n.jpg?_nc_cat=108&amp;ccb=1-7&amp;_nc_sid=18de74&amp;_nc_ohc=x5MjjTp5ttYAX_p8Pux&amp;_nc_ht=scontent-fra5-1.cdninstagram.com&amp;edm=ANo9K5cEAAAA&amp;oh=00_AfCiLyORssVUzSk3jBR0wDz8YoXLKGy0QY2a3BiP3EcAtg&amp;oe=65ED10A3&quot;}\">\r\n            <span class=\"sbi-screenreader\">Brotgespr\u00e4che in der Bergm\u00fchle\n5. September 2023<\/span>\r\n            \t                    <img decoding=\"async\" src=\"https:\/\/bergmuehle-flensburg.com\/wp-content\/plugins\/instagram-feed\/img\/placeholder.png\" alt=\"Brotgespr\u00e4che in der Bergm\u00fchle\n5. September 2023, 18 bis 20 Uhr\n\n\u201eWozu sind Kriege da?\u201c \u2013  oder der kurze\/lange Weg zum Frieden\n\nEs ist schon gewagt, sich in zwei Stunden einem so komplexen Thema halbwegs angemessen zuwenden zu wollen. Wir sollten es dennoch wagen; nicht die Frage zu beantworten, sondern auf dem \u201eWeg zum Frieden\u201c (weiter-)zugehen. Dabei gilt es, sich bestimmte \u201eMythen\u201c zu betrachten, \u201eRezepte\u201c zu revidieren und \u201eRat-Schl\u00e4gen\u201c gewitzt und gekonnt auszuweichen.\n\u201eAbr\u00fcstung\u201c beginnt immer  in dem Moment, in dem ein Mensch sich der eigenen Angst bewusst wird, in dem ich den \u201eFeind in mir\u201c entdecke und hinwegl(i)ebe. \u201eVers\u00f6hnung und Vergebung\u201c sind wichtige \u201eBegleiter\u201c dabei. Was das konkret bedeutet, und wie es gelingen kann, wovon jeder \u201etr\u00e4umt\u201c, der den Namen \u201eMensch\u201c tr\u00e4gt, dar\u00fcber lasst uns sprechen.\n #brotgespr\u00e4che #flensburg #bergm\u00fchle #nordstadt #m\u00fchlenladen\">\r\n        <\/a>\r\n    <\/div>\r\n<\/div>    <\/div>\r\n\r\n\t<div id=\"sbi_load\" >\r\n\r\n\t\t\t<a class=\"sbi_load_btn\" href=\"javascript:void(0);\">\r\n\t\t\t<span class=\"sbi_btn_text\">Mehr laden&#8230;<\/span>\r\n\t\t\t<span class=\"sbi_loader sbi_hidden\" style=\"background-color: rgb(255, 255, 255);\" aria-hidden=\"true\"><\/span>\r\n\t\t<\/a>\r\n\t\r\n\t\t\t<span class=\"sbi_follow_btn\">\r\n        <a href=\"https:\/\/www.instagram.com\/bergmuehle.flensburg\/\" target=\"_blank\" rel=\"nofollow noopener\">\r\n            <svg class=\"svg-inline--fa fa-instagram fa-w-14\" aria-hidden=\"true\" data-fa-processed=\"\" aria-label=\"Instagram\" data-prefix=\"fab\" data-icon=\"instagram\" role=\"img\" viewBox=\"0 0 448 512\">\n\t                <path fill=\"currentColor\" d=\"M224.1 141c-63.6 0-114.9 51.3-114.9 114.9s51.3 114.9 114.9 114.9S339 319.5 339 255.9 287.7 141 224.1 141zm0 189.6c-41.1 0-74.7-33.5-74.7-74.7s33.5-74.7 74.7-74.7 74.7 33.5 74.7 74.7-33.6 74.7-74.7 74.7zm146.4-194.3c0 14.9-12 26.8-26.8 26.8-14.9 0-26.8-12-26.8-26.8s12-26.8 26.8-26.8 26.8 12 26.8 26.8zm76.1 27.2c-1.7-35.9-9.9-67.7-36.2-93.9-26.2-26.2-58-34.4-93.9-36.2-37-2.1-147.9-2.1-184.9 0-35.8 1.7-67.6 9.9-93.9 36.1s-34.4 58-36.2 93.9c-2.1 37-2.1 147.9 0 184.9 1.7 35.9 9.9 67.7 36.2 93.9s58 34.4 93.9 36.2c37 2.1 147.9 2.1 184.9 0 35.9-1.7 67.7-9.9 93.9-36.2 26.2-26.2 34.4-58 36.2-93.9 2.1-37 2.1-147.8 0-184.8zM398.8 388c-7.8 19.6-22.9 34.7-42.6 42.6-29.5 11.7-99.5 9-132.1 9s-102.7 2.6-132.1-9c-19.6-7.8-34.7-22.9-42.6-42.6-11.7-29.5-9-99.5-9-132.1s-2.6-102.7 9-132.1c7.8-19.6 22.9-34.7 42.6-42.6 29.5-11.7 99.5-9 132.1-9s102.7-2.6 132.1 9c19.6 7.8 34.7 22.9 42.6 42.6 11.7 29.5 9 99.5 9 132.1s2.7 102.7-9 132.1z\"><\/path>\n\t            <\/svg>            <span>Folgen Sie auf Instagram<\/span>\r\n        <\/a>\r\n    <\/span>\r\n\t\r\n<\/div>\r\n\r\n\t    <span class=\"sbi_resized_image_data\" data-feed-id=\"*1\" data-resized=\"{&quot;17997347354116547&quot;:{&quot;id&quot;:&quot;368239397_694773856029057_7717178765351745738_n&quot;,&quot;ratio&quot;:&quot;1.00&quot;,&quot;sizes&quot;:{&quot;full&quot;:640,&quot;low&quot;:320,&quot;thumb&quot;:150}},&quot;18299495152112728&quot;:{&quot;id&quot;:&quot;371768285_699613302211779_1684113317790317884_n&quot;,&quot;ratio&quot;:&quot;1.00&quot;,&quot;sizes&quot;:{&quot;full&quot;:640,&quot;low&quot;:320,&quot;thumb&quot;:150}},&quot;18073574872396403&quot;:{&quot;id&quot;:&quot;367477046_694972069342569_946357143357946192_n&quot;,&quot;ratio&quot;:&quot;1.00&quot;,&quot;sizes&quot;:{&quot;full&quot;:640,&quot;low&quot;:320,&quot;thumb&quot;:150}},&quot;17891803775893940&quot;:{&quot;id&quot;:&quot;370335676_702096541963455_1562366489991494399_n&quot;,&quot;ratio&quot;:&quot;1.00&quot;,&quot;sizes&quot;:{&quot;full&quot;:640,&quot;low&quot;:320,&quot;thumb&quot;:150}},&quot;18287335975193412&quot;:{&quot;id&quot;:&quot;370618246_702092931963816_8087403649597073590_n&quot;,&quot;ratio&quot;:&quot;1.00&quot;,&quot;sizes&quot;:{&quot;full&quot;:640,&quot;low&quot;:320,&quot;thumb&quot;:150}},&quot;18068323411417296&quot;:{&quot;id&quot;:&quot;370359914_702100441963065_3203404068071406514_n&quot;,&quot;ratio&quot;:&quot;1.00&quot;,&quot;sizes&quot;:{&quot;full&quot;:640,&quot;low&quot;:320,&quot;thumb&quot;:150}},&quot;17880347069937055&quot;:{&quot;id&quot;:&quot;370330693_702103188629457_5517180235798531406_n&quot;,&quot;ratio&quot;:&quot;1.00&quot;,&quot;sizes&quot;:{&quot;full&quot;:640,&quot;low&quot;:320,&quot;thumb&quot;:150}},&quot;18053830567461015&quot;:{&quot;id&quot;:&quot;370327274_702105191962590_4701147572006741437_n&quot;,&quot;ratio&quot;:&quot;1.00&quot;,&quot;sizes&quot;:{&quot;full&quot;:640,&quot;low&quot;:320,&quot;thumb&quot;:150}},&quot;18020783947673278&quot;:{&quot;id&quot;:&quot;371929079_702263578613418_5475330646424659653_n&quot;,&quot;ratio&quot;:&quot;1.00&quot;,&quot;sizes&quot;:{&quot;full&quot;:640,&quot;low&quot;:320,&quot;thumb&quot;:150}},&quot;17984835797389128&quot;:{&quot;id&quot;:&quot;387204212_721743389998770_4532773483671262649_n&quot;,&quot;ratio&quot;:&quot;1.00&quot;,&quot;sizes&quot;:{&quot;full&quot;:640,&quot;low&quot;:320,&quot;thumb&quot;:150}},&quot;17851242681062814&quot;:{&quot;id&quot;:&quot;387868496_722379956601780_4957338671614536990_n&quot;,&quot;ratio&quot;:&quot;1.00&quot;,&quot;sizes&quot;:{&quot;full&quot;:640,&quot;low&quot;:320,&quot;thumb&quot;:150}},&quot;18024124798683948&quot;:{&quot;id&quot;:&quot;392875730_726499212856521_4520636382863697445_n&quot;,&quot;ratio&quot;:&quot;1.00&quot;,&quot;sizes&quot;:{&quot;full&quot;:640,&quot;low&quot;:320,&quot;thumb&quot;:150}},&quot;17867332977007048&quot;:{&quot;id&quot;:&quot;392931572_730614215778354_4379063228151813851_n&quot;,&quot;ratio&quot;:&quot;1.00&quot;,&quot;sizes&quot;:{&quot;full&quot;:640,&quot;low&quot;:320,&quot;thumb&quot;:150}},&quot;17898868625893130&quot;:{&quot;id&quot;:&quot;394614080_730988995740876_1068461253480088612_n&quot;,&quot;ratio&quot;:&quot;1.00&quot;,&quot;sizes&quot;:{&quot;full&quot;:640,&quot;low&quot;:320,&quot;thumb&quot;:150}},&quot;18278843074152979&quot;:{&quot;id&quot;:&quot;392935816_730624865777289_171206252841063278_n&quot;,&quot;ratio&quot;:&quot;1.00&quot;,&quot;sizes&quot;:{&quot;full&quot;:640,&quot;low&quot;:320,&quot;thumb&quot;:150}},&quot;17857139301018269&quot;:{&quot;id&quot;:&quot;393820840_730631459109963_5749315497050380035_n&quot;,&quot;ratio&quot;:&quot;1.00&quot;,&quot;sizes&quot;:{&quot;full&quot;:640,&quot;low&quot;:320,&quot;thumb&quot;:150}},&quot;18069789334429991&quot;:{&quot;id&quot;:&quot;398128232_734479582058484_1267865127383557638_n&quot;,&quot;ratio&quot;:&quot;1.00&quot;,&quot;sizes&quot;:{&quot;full&quot;:640,&quot;low&quot;:320,&quot;thumb&quot;:150}},&quot;18019381966869928&quot;:{&quot;id&quot;:&quot;396908861_734433165396459_4421319570879334112_n&quot;,&quot;ratio&quot;:&quot;1.00&quot;,&quot;sizes&quot;:{&quot;full&quot;:640,&quot;low&quot;:320,&quot;thumb&quot;:150}},&quot;18272153500094782&quot;:{&quot;id&quot;:&quot;399174770_738157301690712_1113675729319082069_n&quot;,&quot;ratio&quot;:&quot;1.00&quot;,&quot;sizes&quot;:{&quot;full&quot;:640,&quot;low&quot;:320,&quot;thumb&quot;:150}},&quot;17996466368512448&quot;:{&quot;id&quot;:&quot;399990389_738170838356025_3856425877199325344_n&quot;,&quot;ratio&quot;:&quot;1.00&quot;,&quot;sizes&quot;:{&quot;full&quot;:640,&quot;low&quot;:320,&quot;thumb&quot;:150}},&quot;17894381699919908&quot;:{&quot;id&quot;:&quot;399645817_738168851689557_2731213069815056812_n&quot;,&quot;ratio&quot;:&quot;1.00&quot;,&quot;sizes&quot;:{&quot;full&quot;:640,&quot;low&quot;:320,&quot;thumb&quot;:150}},&quot;18398961826056039&quot;:{&quot;id&quot;:&quot;399642006_742884887884620_4135148127148332750_n&quot;,&quot;ratio&quot;:&quot;0.91&quot;,&quot;sizes&quot;:{&quot;full&quot;:640,&quot;low&quot;:320,&quot;thumb&quot;:150}},&quot;17857250523038948&quot;:{&quot;id&quot;:&quot;405579519_747123907460718_3375424904196080988_n&quot;,&quot;ratio&quot;:&quot;1.00&quot;,&quot;sizes&quot;:{&quot;full&quot;:640,&quot;low&quot;:320,&quot;thumb&quot;:150}},&quot;17871816035964171&quot;:{&quot;id&quot;:&quot;405514642_747356637437445_736895742082048965_n&quot;,&quot;ratio&quot;:&quot;1.00&quot;,&quot;sizes&quot;:{&quot;full&quot;:640,&quot;low&quot;:320,&quot;thumb&quot;:150}},&quot;18011638172092043&quot;:{&quot;id&quot;:&quot;406023122_749496260556816_5730362029208882744_n&quot;,&quot;ratio&quot;:&quot;1.00&quot;,&quot;sizes&quot;:{&quot;full&quot;:640,&quot;low&quot;:320,&quot;thumb&quot;:150}},&quot;17904948044869768&quot;:{&quot;id&quot;:&quot;406045139_749446647228444_4441157221865125715_n&quot;,&quot;ratio&quot;:&quot;1.00&quot;,&quot;sizes&quot;:{&quot;full&quot;:640,&quot;low&quot;:320,&quot;thumb&quot;:150}},&quot;18023433553865166&quot;:{&quot;id&quot;:&quot;406043087_749438213895954_8499886940612377183_n&quot;,&quot;ratio&quot;:&quot;1.00&quot;,&quot;sizes&quot;:{&quot;full&quot;:640,&quot;low&quot;:320,&quot;thumb&quot;:150}},&quot;18012165665079146&quot;:{&quot;id&quot;:&quot;405693865_749898307183278_1255593969175297333_n&quot;,&quot;ratio&quot;:&quot;1.00&quot;,&quot;sizes&quot;:{&quot;full&quot;:640,&quot;low&quot;:320,&quot;thumb&quot;:150}},&quot;18324629818099368&quot;:{&quot;id&quot;:&quot;406648566_751133617059747_4792630769578397825_n&quot;,&quot;ratio&quot;:&quot;1.00&quot;,&quot;sizes&quot;:{&quot;full&quot;:640,&quot;low&quot;:320,&quot;thumb&quot;:150}},&quot;17942905517744549&quot;:{&quot;id&quot;:&quot;406643225_751187277054381_7662885793187403298_n&quot;,&quot;ratio&quot;:&quot;1.00&quot;,&quot;sizes&quot;:{&quot;full&quot;:640,&quot;low&quot;:320,&quot;thumb&quot;:150}},&quot;17985558503325367&quot;:{&quot;id&quot;:&quot;406588591_751136647059444_8062229298374699241_n&quot;,&quot;ratio&quot;:&quot;1.00&quot;,&quot;sizes&quot;:{&quot;full&quot;:640,&quot;low&quot;:320,&quot;thumb&quot;:150}},&quot;18019249372764749&quot;:{&quot;id&quot;:&quot;406598231_751142930392149_3526440355932093519_n&quot;,&quot;ratio&quot;:&quot;1.00&quot;,&quot;sizes&quot;:{&quot;full&quot;:640,&quot;low&quot;:320,&quot;thumb&quot;:150}},&quot;18323118739105380&quot;:{&quot;id&quot;:&quot;410126154_757814419725000_560329075501965814_n&quot;,&quot;ratio&quot;:&quot;1.00&quot;,&quot;sizes&quot;:{&quot;full&quot;:640,&quot;low&quot;:320,&quot;thumb&quot;:150}},&quot;18239382403223632&quot;:{&quot;id&quot;:&quot;410850627_762383009268141_7683695309820388505_n&quot;,&quot;ratio&quot;:&quot;1.00&quot;,&quot;sizes&quot;:{&quot;full&quot;:640,&quot;low&quot;:320,&quot;thumb&quot;:150}},&quot;17860744860039425&quot;:{&quot;id&quot;:&quot;412711255_762455305927578_7374972735516127478_n&quot;,&quot;ratio&quot;:&quot;1.00&quot;,&quot;sizes&quot;:{&quot;full&quot;:640,&quot;low&quot;:320,&quot;thumb&quot;:150}},&quot;18065101804470531&quot;:{&quot;id&quot;:&quot;415181691_771038158402626_1319230951339119597_n&quot;,&quot;ratio&quot;:&quot;1.00&quot;,&quot;sizes&quot;:{&quot;full&quot;:640,&quot;low&quot;:320,&quot;thumb&quot;:150}},&quot;18171116410291230&quot;:{&quot;id&quot;:&quot;416689516_773722134800895_9107710317737341610_n&quot;,&quot;ratio&quot;:&quot;1.00&quot;,&quot;sizes&quot;:{&quot;full&quot;:640,&quot;low&quot;:320,&quot;thumb&quot;:150}},&quot;18036981415661205&quot;:{&quot;id&quot;:&quot;417574249_773758278130614_5979841220263806888_n&quot;,&quot;ratio&quot;:&quot;1.00&quot;,&quot;sizes&quot;:{&quot;full&quot;:640,&quot;low&quot;:320,&quot;thumb&quot;:150}},&quot;17843060064149308&quot;:{&quot;id&quot;:&quot;418447373_773727184800390_7218115091024058249_n&quot;,&quot;ratio&quot;:&quot;1.00&quot;,&quot;sizes&quot;:{&quot;full&quot;:640,&quot;low&quot;:320,&quot;thumb&quot;:150}},&quot;18018663467067059&quot;:{&quot;id&quot;:&quot;420178739_779290154244093_5004882626101541431_n&quot;,&quot;ratio&quot;:&quot;1.00&quot;,&quot;sizes&quot;:{&quot;full&quot;:640,&quot;low&quot;:320,&quot;thumb&quot;:150}},&quot;18007431269207338&quot;:{&quot;id&quot;:&quot;421842825_782353597271082_1984908029377205476_n&quot;,&quot;ratio&quot;:&quot;1.00&quot;,&quot;sizes&quot;:{&quot;full&quot;:640,&quot;low&quot;:320,&quot;thumb&quot;:150}},&quot;18323175367143578&quot;:{&quot;id&quot;:&quot;421539664_784325467073895_648965389542023959_n&quot;,&quot;ratio&quot;:&quot;1.00&quot;,&quot;sizes&quot;:{&quot;full&quot;:640,&quot;low&quot;:320,&quot;thumb&quot;:150}},&quot;18086510971412034&quot;:{&quot;id&quot;:&quot;424668447_787810353392073_3717150974515608334_n&quot;,&quot;ratio&quot;:&quot;1.00&quot;,&quot;sizes&quot;:{&quot;full&quot;:640,&quot;low&quot;:320,&quot;thumb&quot;:150}},&quot;18010311086056514&quot;:{&quot;id&quot;:&quot;426131416_793348686171573_6774769958860116524_n&quot;,&quot;ratio&quot;:&quot;1.00&quot;,&quot;sizes&quot;:{&quot;full&quot;:640,&quot;low&quot;:320,&quot;thumb&quot;:150}},&quot;18307737625127304&quot;:{&quot;id&quot;:&quot;426489448_797291505777291_5298383048074197418_n&quot;,&quot;ratio&quot;:&quot;1.00&quot;,&quot;sizes&quot;:{&quot;full&quot;:640,&quot;low&quot;:320,&quot;thumb&quot;:150}},&quot;18008051237097344&quot;:{&quot;id&quot;:&quot;428603627_799629388876836_3765708578835025829_n&quot;,&quot;ratio&quot;:&quot;1.00&quot;,&quot;sizes&quot;:{&quot;full&quot;:640,&quot;low&quot;:320,&quot;thumb&quot;:150}},&quot;18000410891396738&quot;:{&quot;id&quot;:&quot;424928870_799609082212200_6857200216379440198_n&quot;,&quot;ratio&quot;:&quot;1.00&quot;,&quot;sizes&quot;:{&quot;full&quot;:640,&quot;low&quot;:320,&quot;thumb&quot;:150}},&quot;18005666750368270&quot;:{&quot;id&quot;:&quot;409035908_801030225403419_2010652761204772924_n&quot;,&quot;ratio&quot;:&quot;1.00&quot;,&quot;sizes&quot;:{&quot;full&quot;:640,&quot;low&quot;:320,&quot;thumb&quot;:150}},&quot;18016032359502708&quot;:{&quot;id&quot;:&quot;429681797_804480008391774_1125154544183435285_n&quot;,&quot;ratio&quot;:&quot;1.00&quot;,&quot;sizes&quot;:{&quot;full&quot;:640,&quot;low&quot;:320,&quot;thumb&quot;:150}},&quot;17991964517347746&quot;:{&quot;id&quot;:&quot;429797242_807434881429620_4699529513397134326_n&quot;,&quot;ratio&quot;:&quot;1.00&quot;,&quot;sizes&quot;:{&quot;full&quot;:640,&quot;low&quot;:320,&quot;thumb&quot;:150}}}\">\n\t<\/span>\n\t<\/div>\r\n\r\n","protected":false},"excerpt":{"rendered":"","protected":false},"author":2,"featured_media":0,"parent":0,"menu_order":0,"comment_status":"closed","ping_status":"closed","template":"","meta":{"ngg_post_thumbnail":0,"footnotes":""},"blocksy_meta":{"styles_descriptor":{"styles":{"desktop":"","tablet":"","mobile":""},"google_fonts":[],"version":5}},"featured_image_urls":{"full":"","thumbnail":"","medium":"","medium_large":"","large":"","1536x1536":"","2048x2048":"","woocommerce_thumbnail":"","woocommerce_single":"","woocommerce_gallery_thumbnail":""},"post_excerpt_stackable":"<p>Brotgespr\u00e4che in der Bergm\u00fchle 5. M\u00e4rz 2024, 18 Kaffee, Kuchen &amp; Kl\u00f6nschnack: Donnerstag, 7. M\u00e4 \ud83c\udf37Wir freuen uns sehr, dass unser langj\u00e4hriges JAZZ IN DER M\u00dcHLE mit J\u00f6rg M\u00fcller-Kern Mittwoch Live in der Bergm\u00fchle: THE WOODYS Freitag, 1. M\u00e4 Achtung Baustelle!!! Die Zufahrt zur Bergm\u00fchle \u00fc Kaffee, Kuchen &amp; Kl\u00f6nschnack: Donnerstag, 15. Fe Live in der Bergm\u00fchle: L\u00fcbberty Freitag, 16. Fe Kaffee, Kuchen &amp; Kl\u00f6nschnack: Donnerstag, 1. Feb Im M\u00fchlenladen \u2026 \u2026 bekommt Ihr feinsten Din JAZZ IN DER M\u00dcHLE Mittwoch, 31. Januar, 2024 um 1 Live in der Bergm\u00fchle: KRAMER, BATTISTON &amp; SCHMED NEU!!! Seit ein paar Tagen ist&hellip;<\/p>\n","category_list":"","author_info":{"name":"Webmaster","url":"https:\/\/bergmuehle-flensburg.com\/?author=2"},"comments_num":"0 comments","_links":{"self":[{"href":"https:\/\/bergmuehle-flensburg.com\/index.php?rest_route=\/wp\/v2\/pages\/524"}],"collection":[{"href":"https:\/\/bergmuehle-flensburg.com\/index.php?rest_route=\/wp\/v2\/pages"}],"about":[{"href":"https:\/\/bergmuehle-flensburg.com\/index.php?rest_route=\/wp\/v2\/types\/page"}],"author":[{"embeddable":true,"href":"https:\/\/bergmuehle-flensburg.com\/index.php?rest_route=\/wp\/v2\/users\/2"}],"replies":[{"embeddable":true,"href":"https:\/\/bergmuehle-flensburg.com\/index.php?rest_route=%2Fwp%2Fv2%2Fcomments&post=524"}],"version-history":[{"count":19,"href":"https:\/\/bergmuehle-flensburg.com\/index.php?rest_route=\/wp\/v2\/pages\/524\/revisions"}],"predecessor-version":[{"id":1314,"href":"https:\/\/bergmuehle-flensburg.com\/index.php?rest_route=\/wp\/v2\/pages\/524\/revisions\/1314"}],"wp:attachment":[{"href":"https:\/\/bergmuehle-flensburg.com\/index.php?rest_route=%2Fwp%2Fv2%2Fmedia&parent=524"}],"curies":[{"name":"wp","href":"https:\/\/api.w.org\/{rel}","templated":true}]}}