{"id":510,"date":"2015-07-14T12:26:31","date_gmt":"2015-07-14T12:26:31","guid":{"rendered":"http:\/\/attractiveservices.co.uk\/se\/flensburg\/?page_id=510"},"modified":"2023-05-03T14:08:13","modified_gmt":"2023-05-03T13:08:13","slug":"veranstaltungen","status":"publish","type":"page","link":"https:\/\/bergmuehle-flensburg.com\/?page_id=510","title":{"rendered":"Veranstaltungen"},"content":{"rendered":"\n<p><\/p>\n\n\n<div class=\"simcal-calendar simcal-default-calendar simcal-default-calendar-list simcal-default-calendar-light\" data-calendar-id=\"700\" data-timezone=\"Europe\/Paris\" data-offset=\"7200\" data-week-start=\"1\" data-calendar-start=\"1777500000\" data-calendar-end=\"1840393800\" data-events-first=\"1777572000\" data-events-last=\"1840393800\"><div class=\"simcal-calendar-list \"><nav class=\"simcal-calendar-head\">\n\t<div class=\"simcal-nav\">\n\t\t<button class=\"simcal-nav-button simcal-prev\" title=\"Zur\u00fcck\">\n\t\t\t<i class=\"simcal-icon-left\"><\/i>\n\t\t<\/button>\n\t<\/div>\n\t<div class=\"simcal-nav simcal-current \" data-calendar-current=\"1777500000\">\n\t\t<h3 class=\"simcal-current-label\"> <\/h3>\n\t<\/div>\n\t<div class=\"simcal-nav\">\t\t<button class=\"simcal-nav-button simcal-next\" title=\"Weiter\">\t\t\t<i class=\"simcal-icon-right\"><\/i>\n\t\t<\/button>\n\t<\/div>\n<\/nav>\n<dl class=\"simcal-events-list-container\" data-prev=\"1745964000\" data-next=\"1809036000\" data-heading-small=\"2026 - 2027\" data-heading-large=\"2026 - 2027\">\t<dt class=\"simcal-day-label\" style=\"border-bottom: 1px solid #bf3124;\" ><span style=\"background-color: #bf3124; color: #ffffff;\"><span class=\"simcal-date-format\" data-date-format=\"d.m.Y\">30.04.2026<\/span> <\/span><\/dt>\n<dd class=\"simcal-weekday-4 simcal-past simcal-day simcal-day-has-events simcal-day-has-1-events simcal-events-calendar-700\" data-events-count=\"1\">\n\t<ul class=\"simcal-events\">\n\t<li class=\"simcal-event simcal-events-calendar-700\" style=\"\" itemscope itemtype=\"http:\/\/schema.org\/Event\" data-start=\"1777572000\">\n\t\t<div class=\"simcal-event-details\"><h3><span style=\"color: #000000\"><strong><span class=\"simcal-event-title\" itemprop=\"name\">Fr\u00fchjahrs-Jazztage in der M\u00fchle - Absage des am 30. April geplanten Konzerts<\/span><\/strong><\/span><\/h3>\n<h4><span style=\"color: #000000\"><span class=\"simcal-event-start simcal-event-start-date\" data-event-start=\"1777572000\" data-event-format=\"d.m.Y\" itemprop=\"startDate\" content=\"2026-04-30T20:00:00+02:00\">30.04.2026<\/span>&nbsp;&nbsp;<span class=\"simcal-event-start simcal-event-start-time\" data-event-start=\"1777572000\" data-event-format=\"H:i\" itemprop=\"startDate\" content=\"2026-04-30T20:00:00+02:00\">20:00<\/span> - <span class=\"simcal-event-end simcal-event-end-time\" data-event-end=\"1777579200\" data-event-format=\"H:i\" itemprop=\"endDate\" content=\"2026-04-30T22:00:00+02:00\">22:00<\/span><\/span><br \/>\n<span style=\"color: #000000\"> <span class=\"simcal-event-address simcal-event-start-location\" itemprop=\"location\" itemscope itemtype=\"http:\/\/schema.org\/Place\"><meta itemprop=\"name\" content=\"Fr\u00fchjahrs-Jazztage in der M\u00fchle - Absage des am 30. April geplanten Konzerts\" \/><meta itemprop=\"address\" content=\"Fr\u00fchjahrs-Jazztage in der M\u00fchle - Absage des am 30. April geplanten Konzerts\" \/><\/span><\/span><\/h4>\n<hr>\n<p><span style=\"color: #000000\"><div class=\"simcal-event-description\" itemprop=\"description\"><p><b>Leider hat die Band\u00a0\u00bbFlamingos of Birdland\u00ab\u00a0 kurzfristig den Konzerttermin absagen m\u00fcssen.\u00a0<\/b><\/p>\n<p><b>Wir bedauern dies sehr und hoffen Sie jedoch bei den beiden folgenden Jazz-Konzertterminen am 01. Mai\u00a0 und am 2. Mai 2026 im Speicherhaus der Bergm\u00fchle begr\u00fc\u00dfen zu d\u00fcrfen.\u00a0<\/b><\/p>\n<p><\/p>\n<\/div><\/span><\/p>\n<p>&nbsp;<\/p><\/div>\n\t<\/li>\n<\/ul>\n\n<\/dd>\n\t<dt class=\"simcal-day-label\" style=\"border-bottom: 1px solid #bf3124;\" ><span style=\"background-color: #bf3124; color: #ffffff;\"><span class=\"simcal-date-format\" data-date-format=\"d.m.Y\">01.05.2026<\/span> <\/span><\/dt>\n<dd class=\"simcal-weekday-5 simcal-past simcal-day simcal-day-has-events simcal-day-has-1-events simcal-events-calendar-700\" data-events-count=\"1\">\n\t<ul class=\"simcal-events\">\n\t<li class=\"simcal-event simcal-events-calendar-700\" style=\"\" itemscope itemtype=\"http:\/\/schema.org\/Event\" data-start=\"1777658400\">\n\t\t<div class=\"simcal-event-details\"><h3><span style=\"color: #000000\"><strong><span class=\"simcal-event-title\" itemprop=\"name\">Fr\u00fchjahrs-Jazztage in der M\u00fchle<\/span><\/strong><\/span><\/h3>\n<h4><span style=\"color: #000000\"><span class=\"simcal-event-start simcal-event-start-date\" data-event-start=\"1777658400\" data-event-format=\"d.m.Y\" itemprop=\"startDate\" content=\"2026-05-01T20:00:00+02:00\">01.05.2026<\/span>&nbsp;&nbsp;<span class=\"simcal-event-start simcal-event-start-time\" data-event-start=\"1777658400\" data-event-format=\"H:i\" itemprop=\"startDate\" content=\"2026-05-01T20:00:00+02:00\">20:00<\/span> - <span class=\"simcal-event-end simcal-event-end-time\" data-event-end=\"1777665600\" data-event-format=\"H:i\" itemprop=\"endDate\" content=\"2026-05-01T22:00:00+02:00\">22:00<\/span><\/span><br \/>\n<span style=\"color: #000000\"> <span class=\"simcal-event-address simcal-event-start-location\" itemprop=\"location\" itemscope itemtype=\"http:\/\/schema.org\/Place\"><meta itemprop=\"name\" content=\"Fr\u00fchjahrs-Jazztage in der M\u00fchle\" \/><meta itemprop=\"address\" content=\"Fr\u00fchjahrs-Jazztage in der M\u00fchle\" \/><\/span><\/span><\/h4>\n<hr>\n<p><span style=\"color: #000000\"><div class=\"simcal-event-description\" itemprop=\"description\"><p><b>Baltic Jazz Breeze<\/b><\/p>\n<p>Jazz, Fusion &amp; Rare Grooves<\/p>\n<p>Das Quintett BALTIC JAZZ BREEZE bestehend aus Robert Amend (sax), Stephan Reinhold (git), Hans-Martin R\u00fcffer (p), Torsten Raav (b)und Reinhard Ott (dr) hat sich 2023 im Raum Schleswig-Flensburg zusammengefunden und ein stilistisch stimmiges Repertoire konsequent entwickelt. Die f\u00fcnf Musiker pr\u00e4sentieren leidenschaftlich auch weniger bekannte Entdeckungen aus dem Bereich des Fusion-Jazz, die \u2013 mal funky, malrockig, mal swingend \u2013 interessante Farben in das Spiel der Band bringen. Dazu geh\u00f6ren au\u00dfergew\u00f6hnliche Kompositionen von Pat Metheny, Dave Samuels, Winton Felder und Pat Martino. Bekanntere Jazz-Klassiker in eigenen Arrangements runden das vielseitige Programm ab.<\/p>\n<p>Improvisationsfreude, intensives Zusammenspiel und rhythmische Energie \u2013 das macht den unverwechselbaren Sound von BALTIC JAZZ BREEZE aus. Verpassen Sie nicht dieses musikalische Highlight made in Norddeutschland!<\/p>\n<p>Info unter: <a href=\"http:\/\/facebook.com\/balticjazzbreeze\" target=\"_blank\">facebook.com\/balticjazzbreeze<\/a><\/p>\n<p>Hinweis: Der Eintritt ist frei, der Hut geht rum. Vorverkauf oder eine Platzreservierung ist nicht m\u00f6glich.<\/p>\n<p>Veranstalter: Verein zur Erhaltung der Bergm\u00fchle e.V. in Kooperation mit dem Verein Creakult e. V.<\/p>\n<\/div><\/span><\/p>\n<p>&nbsp;<\/p><\/div>\n\t<\/li>\n<\/ul>\n\n<\/dd>\n\t<dt class=\"simcal-day-label\" style=\"border-bottom: 1px solid #bf3124;\" ><span style=\"background-color: #bf3124; color: #ffffff;\"><span class=\"simcal-date-format\" data-date-format=\"d.m.Y\">02.05.2026<\/span> <\/span><\/dt>\n<dd class=\"simcal-weekday-6 simcal-past simcal-day simcal-day-has-events simcal-day-has-1-events simcal-events-calendar-700\" data-events-count=\"1\">\n\t<ul class=\"simcal-events\">\n\t<li class=\"simcal-event simcal-events-calendar-700\" style=\"\" itemscope itemtype=\"http:\/\/schema.org\/Event\" data-start=\"1777744800\">\n\t\t<div class=\"simcal-event-details\"><h3><span style=\"color: #000000\"><strong><span class=\"simcal-event-title\" itemprop=\"name\">Fr\u00fchjahrs-Jazztage in der M\u00fchle<\/span><\/strong><\/span><\/h3>\n<h4><span style=\"color: #000000\"><span class=\"simcal-event-start simcal-event-start-date\" data-event-start=\"1777744800\" data-event-format=\"d.m.Y\" itemprop=\"startDate\" content=\"2026-05-02T20:00:00+02:00\">02.05.2026<\/span>&nbsp;&nbsp;<span class=\"simcal-event-start simcal-event-start-time\" data-event-start=\"1777744800\" data-event-format=\"H:i\" itemprop=\"startDate\" content=\"2026-05-02T20:00:00+02:00\">20:00<\/span> - <span class=\"simcal-event-end simcal-event-end-time\" data-event-end=\"1777752000\" data-event-format=\"H:i\" itemprop=\"endDate\" content=\"2026-05-02T22:00:00+02:00\">22:00<\/span><\/span><br \/>\n<span style=\"color: #000000\"> <span class=\"simcal-event-address simcal-event-start-location\" itemprop=\"location\" itemscope itemtype=\"http:\/\/schema.org\/Place\"><meta itemprop=\"name\" content=\"Fr\u00fchjahrs-Jazztage in der M\u00fchle\" \/><meta itemprop=\"address\" content=\"Fr\u00fchjahrs-Jazztage in der M\u00fchle\" \/><\/span><\/span><\/h4>\n<hr>\n<p><span style=\"color: #000000\"><div class=\"simcal-event-description\" itemprop=\"description\"><p><b>Nina Reloaded<\/b><\/p>\n<p>Soul, Pop &amp; Jazzzzzz<\/p>\n<p>In ihrer alten Heimat Berlin durchlebte die urspr\u00fcnglich als Musicaldarstellerin\u00a0<span>ausgebildete S\u00e4ngerin Nina Berger die ganze Bandbreite verschiedener Stilrichtungen von Rock und Pop \u00fcber Soul, Funk und Jazz. Der Liebe wegen kam sie 2007 nach Kiel und gr\u00fcndete die Band \u00bbNina Reloaded\u00ab, die nun bereits seit einigen Jahren in Kiel und Umgebung zu h\u00f6ren und zu sehen ist. Der \u00e4u\u00dferst wandlungsf\u00e4hige Sound der Band l\u00e4sst Songs von Duffy, Amy Winehouse oder Joss Stone bis Jamie Cullum oder En Vogue in\u00a0<\/span><span>neuem Licht erscheinen und sorgt dabei immer f\u00fcr einen groovy Jazz-Touch.\u00a0<\/span><span>Eigene Songs sind ebenfalls mit im musikalischen Gep\u00e4ck.<\/span><\/p>\n<p>NINA RELOADED sind:\u00a0<span>Nina Berger (voc),\u00a0<\/span><span>Uli Ebeling (keys),\u00a0<\/span><span>Kay Wrede (bass),\u00a0<\/span><span>Stefan Aschermann (drums)<\/span><\/p>\n<p>Hinweis: Der Eintritt ist frei, der Hut geht rum.\u00a0<span>Vorverkauf oder eine Platzreservierung ist nicht m\u00f6glich.<\/span><\/p>\n<p>Veranstalter: Verein zur Erhaltung der Bergm\u00fchle e.V. in Kooperation mit dem Verein Creakult e.V.<\/p>\n<\/div><\/span><\/p>\n<p>&nbsp;<\/p><\/div>\n\t<\/li>\n<\/ul>\n\n<\/dd>\n\t<dt class=\"simcal-day-label\" style=\"border-bottom: 1px solid #bf3124;\" ><span style=\"background-color: #bf3124; color: #ffffff;\"><span class=\"simcal-date-format\" data-date-format=\"d.m.Y\">04.05.2026<\/span> <\/span><\/dt>\n<dd class=\"simcal-weekday-1 simcal-past simcal-day simcal-day-has-events simcal-day-has-1-events simcal-events-calendar-700\" data-events-count=\"1\">\n\t<ul class=\"simcal-events\">\n\t<li class=\"simcal-event simcal-event-recurring simcal-events-calendar-700\" style=\"\" itemscope itemtype=\"http:\/\/schema.org\/Event\" data-start=\"1777912200\">\n\t\t<div class=\"simcal-event-details\"><h3><span style=\"color: #000000\"><strong><span class=\"simcal-event-title\" itemprop=\"name\">Neustadt Chor - Chorprobe<\/span><\/strong><\/span><\/h3>\n<h4><span style=\"color: #000000\"><span class=\"simcal-event-start simcal-event-start-date\" data-event-start=\"1777912200\" data-event-format=\"d.m.Y\" itemprop=\"startDate\" content=\"2026-05-04T18:30:00+02:00\">04.05.2026<\/span>&nbsp;&nbsp;<span class=\"simcal-event-start simcal-event-start-time\" data-event-start=\"1777912200\" data-event-format=\"H:i\" itemprop=\"startDate\" content=\"2026-05-04T18:30:00+02:00\">18:30<\/span> - <span class=\"simcal-event-end simcal-event-end-time\" data-event-end=\"1777921200\" data-event-format=\"H:i\" itemprop=\"endDate\" content=\"2026-05-04T21:00:00+02:00\">21:00<\/span><\/span><br \/>\n<span style=\"color: #000000\"> <span class=\"simcal-event-address simcal-event-start-location\" itemprop=\"location\" itemscope itemtype=\"http:\/\/schema.org\/Place\"><meta itemprop=\"name\" content=\"Neustadt Chor - Chorprobe\" \/><meta itemprop=\"address\" content=\"Neustadt Chor - Chorprobe\" \/><\/span><\/span><\/h4>\n<hr>\n<p><span style=\"color: #000000\"><\/span><\/p>\n<p>&nbsp;<\/p><\/div>\n\t<\/li>\n<\/ul>\n\n<\/dd>\n\t<dt class=\"simcal-day-label\" style=\"border-bottom: 1px solid #bf3124;\" ><span style=\"background-color: #bf3124; color: #ffffff;\"><span class=\"simcal-date-format\" data-date-format=\"d.m.Y\">05.05.2026<\/span> <\/span><\/dt>\n<dd class=\"simcal-weekday-2 simcal-past simcal-day simcal-day-has-events simcal-day-has-1-events simcal-events-calendar-700\" data-events-count=\"1\">\n\t<ul class=\"simcal-events\">\n\t<li class=\"simcal-event simcal-events-calendar-700\" style=\"\" itemscope itemtype=\"http:\/\/schema.org\/Event\" data-start=\"1777932059\">\n\t\t<div class=\"simcal-event-details\"><h3><span style=\"color: #000000\"><strong><span class=\"simcal-event-title\" itemprop=\"name\">Belegt<\/span><\/strong><\/span><\/h3>\n<h4><span style=\"color: #000000\"><span class=\"simcal-event-start simcal-event-start-date\" data-event-start=\"1777932059\" data-event-format=\"d.m.Y\" itemprop=\"startDate\" content=\"2026-05-05T00:00:59+02:00\">05.05.2026<\/span><\/span><br \/>\n<span style=\"color: #000000\"> <span class=\"simcal-event-address simcal-event-start-location\" itemprop=\"location\" itemscope itemtype=\"http:\/\/schema.org\/Place\"><meta itemprop=\"name\" content=\"Belegt\" \/><meta itemprop=\"address\" content=\"Belegt\" \/><\/span><\/span><\/h4>\n<hr>\n<p><span style=\"color: #000000\"><\/span><\/p>\n<p>&nbsp;<\/p><\/div>\n\t<\/li>\n<\/ul>\n\n<\/dd>\n\t<dt class=\"simcal-day-label\" style=\"border-bottom: 1px solid #bf3124;\" ><span style=\"background-color: #bf3124; color: #ffffff;\"><span class=\"simcal-date-format\" data-date-format=\"d.m.Y\">06.05.2026<\/span> <\/span><\/dt>\n<dd class=\"simcal-weekday-3 simcal-past simcal-day simcal-day-has-events simcal-day-has-1-events simcal-events-calendar-700\" data-events-count=\"1\">\n\t<ul class=\"simcal-events\">\n\t<li class=\"simcal-event simcal-events-calendar-700\" style=\"\" itemscope itemtype=\"http:\/\/schema.org\/Event\" data-start=\"1778018459\">\n\t\t<div class=\"simcal-event-details\"><h3><span style=\"color: #000000\"><strong><span class=\"simcal-event-title\" itemprop=\"name\">Belegt<\/span><\/strong><\/span><\/h3>\n<h4><span style=\"color: #000000\"><span class=\"simcal-event-start simcal-event-start-date\" data-event-start=\"1778018459\" data-event-format=\"d.m.Y\" itemprop=\"startDate\" content=\"2026-05-06T00:00:59+02:00\">06.05.2026<\/span><\/span><br \/>\n<span style=\"color: #000000\"> <span class=\"simcal-event-address simcal-event-start-location\" itemprop=\"location\" itemscope itemtype=\"http:\/\/schema.org\/Place\"><meta itemprop=\"name\" content=\"Belegt\" \/><meta itemprop=\"address\" content=\"Belegt\" \/><\/span><\/span><\/h4>\n<hr>\n<p><span style=\"color: #000000\"><\/span><\/p>\n<p>&nbsp;<\/p><\/div>\n\t<\/li>\n<\/ul>\n\n<\/dd>\n\t<dt class=\"simcal-day-label\" style=\"border-bottom: 1px solid #bf3124;\" ><span style=\"background-color: #bf3124; color: #ffffff;\"><span class=\"simcal-date-format\" data-date-format=\"d.m.Y\">07.05.2026<\/span> <\/span><\/dt>\n<dd class=\"simcal-weekday-4 simcal-past simcal-day simcal-day-has-events simcal-day-has-1-events simcal-events-calendar-700\" data-events-count=\"1\">\n\t<ul class=\"simcal-events\">\n\t<li class=\"simcal-event simcal-event-recurring simcal-events-calendar-700\" style=\"\" itemscope itemtype=\"http:\/\/schema.org\/Event\" data-start=\"1778158800\">\n\t\t<div class=\"simcal-event-details\"><h3><span style=\"color: #000000\"><strong><span class=\"simcal-event-title\" itemprop=\"name\">Kaffee, Kuchen &amp; Kl\u00f6nschnack<\/span><\/strong><\/span><\/h3>\n<h4><span style=\"color: #000000\"><span class=\"simcal-event-start simcal-event-start-date\" data-event-start=\"1778158800\" data-event-format=\"d.m.Y\" itemprop=\"startDate\" content=\"2026-05-07T15:00:00+02:00\">07.05.2026<\/span>&nbsp;&nbsp;<span class=\"simcal-event-start simcal-event-start-time\" data-event-start=\"1778158800\" data-event-format=\"H:i\" itemprop=\"startDate\" content=\"2026-05-07T15:00:00+02:00\">15:00<\/span> - <span class=\"simcal-event-end simcal-event-end-time\" data-event-end=\"1778166000\" data-event-format=\"H:i\" itemprop=\"endDate\" content=\"2026-05-07T17:00:00+02:00\">17:00<\/span><\/span><br \/>\n<span style=\"color: #000000\"> <span class=\"simcal-event-address simcal-event-start-location\" itemprop=\"location\" itemscope itemtype=\"http:\/\/schema.org\/Place\"><meta itemprop=\"name\" content=\"Kaffee, Kuchen &amp; Kl\u00f6nschnack\" \/><meta itemprop=\"address\" content=\"Kaffee, Kuchen &amp; Kl\u00f6nschnack\" \/><\/span><\/span><\/h4>\n<hr>\n<p><span style=\"color: #000000\"><\/span><\/p>\n<p>&nbsp;<\/p><\/div>\n\t<\/li>\n<\/ul>\n\n<\/dd>\n\t<dt class=\"simcal-day-label\" style=\"border-bottom: 1px solid #bf3124;\" ><span style=\"background-color: #bf3124; color: #ffffff;\"><span class=\"simcal-date-format\" data-date-format=\"d.m.Y\">08.05.2026<\/span> <\/span><\/dt>\n<dd class=\"simcal-weekday-5 simcal-past simcal-day simcal-day-has-events simcal-day-has-1-events simcal-events-calendar-700\" data-events-count=\"1\">\n\t<ul class=\"simcal-events\">\n\t<li class=\"simcal-event simcal-event-recurring simcal-event-has-location simcal-events-calendar-700\" style=\"\" itemscope itemtype=\"http:\/\/schema.org\/Event\" data-start=\"1778263200\">\n\t\t<div class=\"simcal-event-details\"><h3><span style=\"color: #000000\"><strong><span class=\"simcal-event-title\" itemprop=\"name\">M\u00dcHLENGENUSS \u2013 Konzert mit \u00bb4 Way Street\u00ab<\/span><\/strong><\/span><\/h3>\n<h4><span style=\"color: #000000\"><span class=\"simcal-event-start simcal-event-start-date\" data-event-start=\"1778263200\" data-event-format=\"d.m.Y\" itemprop=\"startDate\" content=\"2026-05-08T20:00:00+02:00\">08.05.2026<\/span>&nbsp;&nbsp;<span class=\"simcal-event-start simcal-event-start-time\" data-event-start=\"1778263200\" data-event-format=\"H:i\" itemprop=\"startDate\" content=\"2026-05-08T20:00:00+02:00\">20:00<\/span> - <span class=\"simcal-event-end simcal-event-end-time\" data-event-end=\"1778272200\" data-event-format=\"H:i\" itemprop=\"endDate\" content=\"2026-05-08T22:30:00+02:00\">22:30<\/span><\/span><br \/>\n<span style=\"color: #000000\"> <span class=\"simcal-event-address simcal-event-start-location\" itemprop=\"location\" itemscope itemtype=\"http:\/\/schema.org\/Place\"><meta itemprop=\"name\" content=\"Speicherhaus der Bergm\u00fchle Flensburg\" \/><meta itemprop=\"address\" content=\"Speicherhaus der Bergm\u00fchle Flensburg\" \/>Speicherhaus der Bergm\u00fchle Flensburg<\/span><\/span><\/h4>\n<hr>\n<p><span style=\"color: #000000\"><div class=\"simcal-event-description\" itemprop=\"description\"><p><b>4 Way Street<\/b><\/p>\n<p>Die Konzerte von 4 Way Street umfassen ein Spektrum von \u00fcber 4 Jahrzehnten der Pop-und Rock-Musik. Das Repertoire ist dar\u00fcber hinaus breit gef\u00e4chert und reicht bis in die Gegenwart hinein.<\/p>\n<p>4 Way Street bietet auch f\u00fcr die kleinen, feinen Veranstaltungen (z. B. Kneipen-Gigs, Kunstausstellungen, kleinere Parties oder Wohnzimmer-Konzerte) ein Programm ohne gro\u00dfe Verst\u00e4rkeranlagen, nur akustische Gitarren und nat\u00fcrlich eine Lautst\u00e4rke zum Zuh\u00f6ren.<\/p>\n<p>Die Sixties: The Beatles, RollingStones, The Kinks, Easybeats, The Who, Creedence Clearwater Revival, Bob Dylan, Crosby, Stills &amp; Nash, The Byrds, Beach Boys, u.v.m.<\/p>\n<p>Die wilden, sch\u00f6nen 70er: America, Eagles, Neil Young, Fleetwood Mac, Thin Lizzy, Supertramp, Little River Band, Kiss, Golden Earring, Kenny Loggins, Eric Clapton, u.v.m.<\/p>\n<p>Die Achtziger: Toto, Don Henley, HueyLewis &amp; The News, Mr. Big, u.v.m.<\/p>\n<p>Die 90er bis heute: Bryan Adams, Taxiride, Venice, Extreme, Julian Dawson, D'Virgilio, Morse &amp; Jennings, Ed Sheeran, Johannes Oerding, The Common Linnets, James Bay, Pink, Bruno Mars, Adele, Stefan Gwildis und noch viel, viel, mehr<\/p>\n<p>Der Eintritt ist frei. Der Hut geht \u2019rum.\u00a0Vorverkauf oder Platzreservierung ist nicht m\u00f6glich.<\/p>\n<\/div><\/span><\/p>\n<p>&nbsp;<\/p><\/div>\n\t<\/li>\n<\/ul>\n\n<\/dd>\n\t<dt class=\"simcal-day-label\" style=\"border-bottom: 1px solid #bf3124;\" ><span style=\"background-color: #bf3124; color: #ffffff;\"><span class=\"simcal-date-format\" data-date-format=\"d.m.Y\">09.05.2026<\/span> <\/span><\/dt>\n<dd class=\"simcal-weekday-6 simcal-past simcal-day simcal-day-has-events simcal-day-has-1-events simcal-events-calendar-700\" data-events-count=\"1\">\n\t<ul class=\"simcal-events\">\n\t<li class=\"simcal-event simcal-events-calendar-700\" style=\"\" itemscope itemtype=\"http:\/\/schema.org\/Event\" data-start=\"1778277659\">\n\t\t<div class=\"simcal-event-details\"><h3><span style=\"color: #000000\"><strong><span class=\"simcal-event-title\" itemprop=\"name\">Belegt<\/span><\/strong><\/span><\/h3>\n<h4><span style=\"color: #000000\"><span class=\"simcal-event-start simcal-event-start-date\" data-event-start=\"1778277659\" data-event-format=\"d.m.Y\" itemprop=\"startDate\" content=\"2026-05-09T00:00:59+02:00\">09.05.2026<\/span><\/span><br \/>\n<span style=\"color: #000000\"> <span class=\"simcal-event-address simcal-event-start-location\" itemprop=\"location\" itemscope itemtype=\"http:\/\/schema.org\/Place\"><meta itemprop=\"name\" content=\"Belegt\" \/><meta itemprop=\"address\" content=\"Belegt\" \/><\/span><\/span><\/h4>\n<hr>\n<p><span style=\"color: #000000\"><\/span><\/p>\n<p>&nbsp;<\/p><\/div>\n\t<\/li>\n<\/ul>\n\n<\/dd>\n\t<dt class=\"simcal-day-label\" style=\"border-bottom: 1px solid #bf3124;\" ><span style=\"background-color: #bf3124; color: #ffffff;\"><span class=\"simcal-date-format\" data-date-format=\"d.m.Y\">11.05.2026<\/span> <\/span><\/dt>\n<dd class=\"simcal-weekday-1 simcal-past simcal-day simcal-day-has-events simcal-day-has-1-events simcal-events-calendar-700\" data-events-count=\"1\">\n\t<ul class=\"simcal-events\">\n\t<li class=\"simcal-event simcal-event-recurring simcal-events-calendar-700\" style=\"\" itemscope itemtype=\"http:\/\/schema.org\/Event\" data-start=\"1778517000\">\n\t\t<div class=\"simcal-event-details\"><h3><span style=\"color: #000000\"><strong><span class=\"simcal-event-title\" itemprop=\"name\">Neustadt Chor - Chorprobe<\/span><\/strong><\/span><\/h3>\n<h4><span style=\"color: #000000\"><span class=\"simcal-event-start simcal-event-start-date\" data-event-start=\"1778517000\" data-event-format=\"d.m.Y\" itemprop=\"startDate\" content=\"2026-05-11T18:30:00+02:00\">11.05.2026<\/span>&nbsp;&nbsp;<span class=\"simcal-event-start simcal-event-start-time\" data-event-start=\"1778517000\" data-event-format=\"H:i\" itemprop=\"startDate\" content=\"2026-05-11T18:30:00+02:00\">18:30<\/span> - <span class=\"simcal-event-end simcal-event-end-time\" data-event-end=\"1778526000\" data-event-format=\"H:i\" itemprop=\"endDate\" content=\"2026-05-11T21:00:00+02:00\">21:00<\/span><\/span><br \/>\n<span style=\"color: #000000\"> <span class=\"simcal-event-address simcal-event-start-location\" itemprop=\"location\" itemscope itemtype=\"http:\/\/schema.org\/Place\"><meta itemprop=\"name\" content=\"Neustadt Chor - Chorprobe\" \/><meta itemprop=\"address\" content=\"Neustadt Chor - Chorprobe\" \/><\/span><\/span><\/h4>\n<hr>\n<p><span style=\"color: #000000\"><\/span><\/p>\n<p>&nbsp;<\/p><\/div>\n\t<\/li>\n<\/ul>\n\n<\/dd>\n\t<dt class=\"simcal-day-label\" style=\"border-bottom: 1px solid #bf3124;\" ><span style=\"background-color: #bf3124; color: #ffffff;\"><span class=\"simcal-date-format\" data-date-format=\"d.m.Y\">16.05.2026<\/span> <\/span><\/dt>\n<dd class=\"simcal-weekday-6 simcal-past simcal-day simcal-day-has-events simcal-day-has-1-events simcal-events-calendar-700\" data-events-count=\"1\">\n\t<ul class=\"simcal-events\">\n\t<li class=\"simcal-event simcal-events-calendar-700\" style=\"\" itemscope itemtype=\"http:\/\/schema.org\/Event\" data-start=\"1778882459\">\n\t\t<div class=\"simcal-event-details\"><h3><span style=\"color: #000000\"><strong><span class=\"simcal-event-title\" itemprop=\"name\">Belegt<\/span><\/strong><\/span><\/h3>\n<h4><span style=\"color: #000000\"><span class=\"simcal-event-start simcal-event-start-date\" data-event-start=\"1778882459\" data-event-format=\"d.m.Y\" itemprop=\"startDate\" content=\"2026-05-16T00:00:59+02:00\">16.05.2026<\/span><\/span><br \/>\n<span style=\"color: #000000\"> <span class=\"simcal-event-address simcal-event-start-location\" itemprop=\"location\" itemscope itemtype=\"http:\/\/schema.org\/Place\"><meta itemprop=\"name\" content=\"Belegt\" \/><meta itemprop=\"address\" content=\"Belegt\" \/><\/span><\/span><\/h4>\n<hr>\n<p><span style=\"color: #000000\"><\/span><\/p>\n<p>&nbsp;<\/p><\/div>\n\t<\/li>\n<\/ul>\n\n<\/dd>\n\t<dt class=\"simcal-day-label\" style=\"border-bottom: 1px solid #bf3124;\" ><span style=\"background-color: #bf3124; color: #ffffff;\"><span class=\"simcal-date-format\" data-date-format=\"d.m.Y\">18.05.2026<\/span> <\/span><\/dt>\n<dd class=\"simcal-weekday-1 simcal-past simcal-day simcal-day-has-events simcal-day-has-1-events simcal-events-calendar-700\" data-events-count=\"1\">\n\t<ul class=\"simcal-events\">\n\t<li class=\"simcal-event simcal-event-recurring simcal-events-calendar-700\" style=\"\" itemscope itemtype=\"http:\/\/schema.org\/Event\" data-start=\"1779121800\">\n\t\t<div class=\"simcal-event-details\"><h3><span style=\"color: #000000\"><strong><span class=\"simcal-event-title\" itemprop=\"name\">Neustadt Chor - Chorprobe<\/span><\/strong><\/span><\/h3>\n<h4><span style=\"color: #000000\"><span class=\"simcal-event-start simcal-event-start-date\" data-event-start=\"1779121800\" data-event-format=\"d.m.Y\" itemprop=\"startDate\" content=\"2026-05-18T18:30:00+02:00\">18.05.2026<\/span>&nbsp;&nbsp;<span class=\"simcal-event-start simcal-event-start-time\" data-event-start=\"1779121800\" data-event-format=\"H:i\" itemprop=\"startDate\" content=\"2026-05-18T18:30:00+02:00\">18:30<\/span> - <span class=\"simcal-event-end simcal-event-end-time\" data-event-end=\"1779130800\" data-event-format=\"H:i\" itemprop=\"endDate\" content=\"2026-05-18T21:00:00+02:00\">21:00<\/span><\/span><br \/>\n<span style=\"color: #000000\"> <span class=\"simcal-event-address simcal-event-start-location\" itemprop=\"location\" itemscope itemtype=\"http:\/\/schema.org\/Place\"><meta itemprop=\"name\" content=\"Neustadt Chor - Chorprobe\" \/><meta itemprop=\"address\" content=\"Neustadt Chor - Chorprobe\" \/><\/span><\/span><\/h4>\n<hr>\n<p><span style=\"color: #000000\"><\/span><\/p>\n<p>&nbsp;<\/p><\/div>\n\t<\/li>\n<\/ul>\n\n<\/dd>\n\t<dt class=\"simcal-day-label\" style=\"border-bottom: 1px solid #bf3124;\" ><span style=\"background-color: #bf3124; color: #ffffff;\"><span class=\"simcal-date-format\" data-date-format=\"d.m.Y\">19.05.2026<\/span> <\/span><\/dt>\n<dd class=\"simcal-weekday-2 simcal-past simcal-day simcal-day-has-events simcal-day-has-1-events simcal-events-calendar-700\" data-events-count=\"1\">\n\t<ul class=\"simcal-events\">\n\t<li class=\"simcal-event simcal-event-has-location simcal-events-calendar-700\" style=\"\" itemscope itemtype=\"http:\/\/schema.org\/Event\" data-start=\"1779208200\">\n\t\t<div class=\"simcal-event-details\"><h3><span style=\"color: #000000\"><strong><span class=\"simcal-event-title\" itemprop=\"name\">Mitgliederversammlung - Verein zur Erhaltung der Bergm\u00fchle e. V.<\/span><\/strong><\/span><\/h3>\n<h4><span style=\"color: #000000\"><span class=\"simcal-event-start simcal-event-start-date\" data-event-start=\"1779208200\" data-event-format=\"d.m.Y\" itemprop=\"startDate\" content=\"2026-05-19T18:30:00+02:00\">19.05.2026<\/span>&nbsp;&nbsp;<span class=\"simcal-event-start simcal-event-start-time\" data-event-start=\"1779208200\" data-event-format=\"H:i\" itemprop=\"startDate\" content=\"2026-05-19T18:30:00+02:00\">18:30<\/span> - <span class=\"simcal-event-end simcal-event-end-time\" data-event-end=\"1779215400\" data-event-format=\"H:i\" itemprop=\"endDate\" content=\"2026-05-19T20:30:00+02:00\">20:30<\/span><\/span><br \/>\n<span style=\"color: #000000\"> <span class=\"simcal-event-address simcal-event-start-location\" itemprop=\"location\" itemscope itemtype=\"http:\/\/schema.org\/Place\"><meta itemprop=\"name\" content=\"Speicherhaus der Bergm\u00fchle\" \/><meta itemprop=\"address\" content=\"Speicherhaus der Bergm\u00fchle\" \/>Speicherhaus der Bergm\u00fchle<\/span><\/span><\/h4>\n<hr>\n<p><span style=\"color: #000000\"><div class=\"simcal-event-description\" itemprop=\"description\"><p>Einladung zur <b>Jahreshauptversammlung<\/b><\/p>\n<p>Im Speicher der Bergm\u00fchle am<b>Dienstag, 19. Mai 2026 um 18.30 Uhr<\/b><\/p>\n<p>1.\u00a0\u00a0\u00a0\u00a0\u00a0\u00a0Begr\u00fc\u00dfung der Mitglieder <\/p>\n<p>2.\u00a0\u00a0\u00a0\u00a0\u00a0\u00a0Feststellung der anwesenden stimmberechtigtenMitglieder<\/p>\n<p>3.\u00a0\u00a0\u00a0\u00a0\u00a0\u00a0Genehmigung des Protokolls der letztenMitgliederversammlung 2025 <\/p>\n<p>4.\u00a0\u00a0\u00a0\u00a0\u00a0\u00a0Genehmigung \/ Ver\u00e4nderung der Tagesordnung.<\/p>\n<p>5.\u00a0\u00a0\u00a0\u00a0\u00a0\u00a0Bericht des Vorstandes (Vorsitzender).<\/p>\n<p>6.\u00a0\u00a0\u00a0\u00a0\u00a0\u00a0Bericht des Kassenwartes <\/p>\n<p>7.\u00a0\u00a0\u00a0\u00a0\u00a0\u00a0Bericht der Kassenpr\u00fcfer.<\/p>\n<p>8.\u00a0\u00a0\u00a0\u00a0\u00a0\u00a0Entlastung des Vorstandes.<\/p>\n<p>9.\u00a0\u00a0\u00a0\u00a0\u00a0\u00a0\u00a0Geplante Projekte und Bauma\u00dfnahmen <\/p>\n<p>10.\u00a0 Planung Feste\/ Aktionen 2026<\/p>\n<p>11.\u00a0 Sonstiges.<\/p>\n<p>Weitere Themenpunktek\u00f6nnen von Mitglieder beantragt werden. <\/p>\n<p>Mit der Ank\u00fcndigung weisenwir die Mitglieder auf ihr Antragsrecht hin. Antr\u00e4ge f\u00fcr dieMitgliederversammlung sind an den gesch\u00e4ftsf\u00fchrenden Vorstand schriftlich mitBegr\u00fcndung bis 4 Wochen vor der Mitgliederversammlung einzureichen. Sp\u00e4tereingehende Antr\u00e4ge werden nicht mehr zur Beschlussfassung in derMitgliederversammlung zugelassen.<\/p>\n<p>Wir w\u00fcrden uns freuen,wenn m\u00f6glichst viele Mitglieder an der Mitgliederversammlung teilnehmen w\u00fcrden.<\/p>\n<p>\u00a0<\/p>\n<p>Mit den besten Gr\u00fc\u00dfen<\/p>\n<p>Norbert Schug <\/p>\n<p>-Vorsitzender-<\/p>\n<\/div><\/span><\/p>\n<p>&nbsp;<\/p><\/div>\n\t<\/li>\n<\/ul>\n\n<\/dd>\n\t<dt class=\"simcal-day-label\" style=\"border-bottom: 1px solid #bf3124;\" ><span style=\"background-color: #bf3124; color: #ffffff;\"><span class=\"simcal-date-format\" data-date-format=\"d.m.Y\">21.05.2026<\/span> <\/span><\/dt>\n<dd class=\"simcal-weekday-4 simcal-past simcal-day simcal-day-has-events simcal-day-has-1-events simcal-events-calendar-700\" data-events-count=\"1\">\n\t<ul class=\"simcal-events\">\n\t<li class=\"simcal-event simcal-event-recurring simcal-events-calendar-700\" style=\"\" itemscope itemtype=\"http:\/\/schema.org\/Event\" data-start=\"1779368400\">\n\t\t<div class=\"simcal-event-details\"><h3><span style=\"color: #000000\"><strong><span class=\"simcal-event-title\" itemprop=\"name\">Kaffee, Kuchen &amp; Kl\u00f6nschnack<\/span><\/strong><\/span><\/h3>\n<h4><span style=\"color: #000000\"><span class=\"simcal-event-start simcal-event-start-date\" data-event-start=\"1779368400\" data-event-format=\"d.m.Y\" itemprop=\"startDate\" content=\"2026-05-21T15:00:00+02:00\">21.05.2026<\/span>&nbsp;&nbsp;<span class=\"simcal-event-start simcal-event-start-time\" data-event-start=\"1779368400\" data-event-format=\"H:i\" itemprop=\"startDate\" content=\"2026-05-21T15:00:00+02:00\">15:00<\/span> - <span class=\"simcal-event-end simcal-event-end-time\" data-event-end=\"1779375600\" data-event-format=\"H:i\" itemprop=\"endDate\" content=\"2026-05-21T17:00:00+02:00\">17:00<\/span><\/span><br \/>\n<span style=\"color: #000000\"> <span class=\"simcal-event-address simcal-event-start-location\" itemprop=\"location\" itemscope itemtype=\"http:\/\/schema.org\/Place\"><meta itemprop=\"name\" content=\"Kaffee, Kuchen &amp; Kl\u00f6nschnack\" \/><meta itemprop=\"address\" content=\"Kaffee, Kuchen &amp; Kl\u00f6nschnack\" \/><\/span><\/span><\/h4>\n<hr>\n<p><span style=\"color: #000000\"><\/span><\/p>\n<p>&nbsp;<\/p><\/div>\n\t<\/li>\n<\/ul>\n\n<\/dd>\n\t<dt class=\"simcal-day-label\" style=\"border-bottom: 1px solid #bf3124;\" ><span style=\"background-color: #bf3124; color: #ffffff;\"><span class=\"simcal-date-format\" data-date-format=\"d.m.Y\">23.05.2026<\/span> <\/span><\/dt>\n<dd class=\"simcal-weekday-6 simcal-past simcal-day simcal-day-has-events simcal-day-has-1-events simcal-events-calendar-700\" data-events-count=\"1\">\n\t<ul class=\"simcal-events\">\n\t<li class=\"simcal-event simcal-events-calendar-700\" style=\"\" itemscope itemtype=\"http:\/\/schema.org\/Event\" data-start=\"1779487259\">\n\t\t<div class=\"simcal-event-details\"><h3><span style=\"color: #000000\"><strong><span class=\"simcal-event-title\" itemprop=\"name\">Belegt<\/span><\/strong><\/span><\/h3>\n<h4><span style=\"color: #000000\"><span class=\"simcal-event-start simcal-event-start-date\" data-event-start=\"1779487259\" data-event-format=\"d.m.Y\" itemprop=\"startDate\" content=\"2026-05-23T00:00:59+02:00\">23.05.2026<\/span><\/span><br \/>\n<span style=\"color: #000000\"> <span class=\"simcal-event-address simcal-event-start-location\" itemprop=\"location\" itemscope itemtype=\"http:\/\/schema.org\/Place\"><meta itemprop=\"name\" content=\"Belegt\" \/><meta itemprop=\"address\" content=\"Belegt\" \/><\/span><\/span><\/h4>\n<hr>\n<p><span style=\"color: #000000\"><\/span><\/p>\n<p>&nbsp;<\/p><\/div>\n\t<\/li>\n<\/ul>\n\n<\/dd>\n\t<dt class=\"simcal-day-label\" style=\"border-bottom: 1px solid #bf3124;\" ><span style=\"background-color: #bf3124; color: #ffffff;\"><span class=\"simcal-date-format\" data-date-format=\"d.m.Y\">25.05.2026<\/span> <\/span><\/dt>\n<dd class=\"simcal-weekday-1 simcal-past simcal-day simcal-day-has-events simcal-day-has-1-events simcal-events-calendar-700\" data-events-count=\"1\">\n\t<ul class=\"simcal-events\">\n\t<li class=\"simcal-event simcal-events-calendar-700\" style=\"\" itemscope itemtype=\"http:\/\/schema.org\/Event\" data-start=\"1779696000\">\n\t\t<div class=\"simcal-event-details\"><h3><span style=\"color: #000000\"><strong><span class=\"simcal-event-title\" itemprop=\"name\">M\u00fchlentag 2026<\/span><\/strong><\/span><\/h3>\n<h4><span style=\"color: #000000\"><span class=\"simcal-event-start simcal-event-start-date\" data-event-start=\"1779696000\" data-event-format=\"d.m.Y\" itemprop=\"startDate\" content=\"2026-05-25T10:00:00+02:00\">25.05.2026<\/span>&nbsp;&nbsp;<span class=\"simcal-event-start simcal-event-start-time\" data-event-start=\"1779696000\" data-event-format=\"H:i\" itemprop=\"startDate\" content=\"2026-05-25T10:00:00+02:00\">10:00<\/span> - <span class=\"simcal-event-end simcal-event-end-time\" data-event-end=\"1779723000\" data-event-format=\"H:i\" itemprop=\"endDate\" content=\"2026-05-25T17:30:00+02:00\">17:30<\/span><\/span><br \/>\n<span style=\"color: #000000\"> <span class=\"simcal-event-address simcal-event-start-location\" itemprop=\"location\" itemscope itemtype=\"http:\/\/schema.org\/Place\"><meta itemprop=\"name\" content=\"M\u00fchlentag 2026\" \/><meta itemprop=\"address\" content=\"M\u00fchlentag 2026\" \/><\/span><\/span><\/h4>\n<hr>\n<p><span style=\"color: #000000\"><div class=\"simcal-event-description\" itemprop=\"description\"><p><b>M\u00fchlentag \u2013 10.00 Uhr bis 17.30 Uhr <\/b><\/p>\n<p>10.00 Uhr \u2013 Einlass der G\u00e4ste<\/p>\n<p>Die weiteren Programmpunkte befinden sich noch in der Planung <\/p>\n<p><b>15.30 Uhr- Abschlusskonzert mit der Band \u00bbCocktail um 5\u00ab\u00a0<\/b>\u00a0 \u00a0<\/p>\n<p>Die Band <b>\u00bbCocktail Um 5\u00ab<\/b> pr\u00e4sentiert ab 15.30 Uhr Live-Musik vom Feinsten. Sieben erfahrene Musiker*innen haben sich vor rund zwei Jahren zusammengefunden und \u00fcberzeugen mit einem bunt gemischten Cocktail unterschiedlicher musikalischer Stilrichtungen. Zwei S\u00e4ngerinnen, ein Pianist, zwei Gitarristen, ein Bassist und ein Schlagzeuger pr\u00e4sentieren mit viel Spielfreude Tanz- und Unterhaltungsmusik. Das Repertoire umfasst Schlager, Folk- und Popmusik der letzten Jahrzehnte, bis hin zu bekannten Jazzstandards.\u00a0<\/p>\n<p>F\u00fcr Kinder stehen Spielger\u00e4te zur Verf\u00fcgung.\u00a0\u00a0\u00a0\u00a0\u00a0\u00a0\u00a0\u00a0\u00a0\u00a0<\/p>\n<p>ganzt\u00e4gig: M\u00fchlenbesichtigung und Informationen bez\u00fcglich des M\u00fchlenbetriebes durch den M\u00fcller Ernst Thoma\u00a0\u00a0\u00a0\u00a0\u00a0\u00a0\u00a0\u00a0<\/p>\n<p>Der M\u00fchlenladen ist ge\u00f6ffnet, um Demeter-Getreide, Backschrot, Haferflocken, etc. zu erwerben.\u00a0<\/p>\n<\/div><\/span><\/p>\n<p>&nbsp;<\/p><\/div>\n\t<\/li>\n<\/ul>\n\n<\/dd>\n\t<dt class=\"simcal-day-label\" style=\"border-bottom: 1px solid #bf3124;\" ><span style=\"background-color: #bf3124; color: #ffffff;\"><span class=\"simcal-date-format\" data-date-format=\"d.m.Y\">26.05.2026<\/span> <\/span><\/dt>\n<dd class=\"simcal-weekday-2 simcal-past simcal-day simcal-day-has-events simcal-day-has-1-events simcal-events-calendar-700\" data-events-count=\"1\">\n\t<ul class=\"simcal-events\">\n\t<li class=\"simcal-event simcal-events-calendar-700\" style=\"\" itemscope itemtype=\"http:\/\/schema.org\/Event\" data-start=\"1779746459\">\n\t\t<div class=\"simcal-event-details\"><h3><span style=\"color: #000000\"><strong><span class=\"simcal-event-title\" itemprop=\"name\">Belegt<\/span><\/strong><\/span><\/h3>\n<h4><span style=\"color: #000000\"><span class=\"simcal-event-start simcal-event-start-date\" data-event-start=\"1779746459\" data-event-format=\"d.m.Y\" itemprop=\"startDate\" content=\"2026-05-26T00:00:59+02:00\">26.05.2026<\/span><\/span><br \/>\n<span style=\"color: #000000\"> <span class=\"simcal-event-address simcal-event-start-location\" itemprop=\"location\" itemscope itemtype=\"http:\/\/schema.org\/Place\"><meta itemprop=\"name\" content=\"Belegt\" \/><meta itemprop=\"address\" content=\"Belegt\" \/><\/span><\/span><\/h4>\n<hr>\n<p><span style=\"color: #000000\"><\/span><\/p>\n<p>&nbsp;<\/p><\/div>\n\t<\/li>\n<\/ul>\n\n<\/dd>\n\t<dt class=\"simcal-day-label\" style=\"border-bottom: 1px solid #bf3124;\" ><span style=\"background-color: #bf3124; color: #ffffff;\"><span class=\"simcal-date-format\" data-date-format=\"d.m.Y\">27.05.2026<\/span> <\/span><\/dt>\n<dd class=\"simcal-weekday-3 simcal-past simcal-day simcal-day-has-events simcal-day-has-1-events simcal-events-calendar-700\" data-events-count=\"1\">\n\t<ul class=\"simcal-events\">\n\t<li class=\"simcal-event simcal-event-recurring simcal-events-calendar-700\" style=\"\" itemscope itemtype=\"http:\/\/schema.org\/Event\" data-start=\"1779903000\">\n\t\t<div class=\"simcal-event-details\"><h3><span style=\"color: #000000\"><strong><span class=\"simcal-event-title\" itemprop=\"name\">Jazz in der M\u00fchle<\/span><\/strong><\/span><\/h3>\n<h4><span style=\"color: #000000\"><span class=\"simcal-event-start simcal-event-start-date\" data-event-start=\"1779903000\" data-event-format=\"d.m.Y\" itemprop=\"startDate\" content=\"2026-05-27T19:30:00+02:00\">27.05.2026<\/span>&nbsp;&nbsp;<span class=\"simcal-event-start simcal-event-start-time\" data-event-start=\"1779903000\" data-event-format=\"H:i\" itemprop=\"startDate\" content=\"2026-05-27T19:30:00+02:00\">19:30<\/span> - <span class=\"simcal-event-end simcal-event-end-time\" data-event-end=\"1779913800\" data-event-format=\"H:i\" itemprop=\"endDate\" content=\"2026-05-27T22:30:00+02:00\">22:30<\/span><\/span><br \/>\n<span style=\"color: #000000\"> <span class=\"simcal-event-address simcal-event-start-location\" itemprop=\"location\" itemscope itemtype=\"http:\/\/schema.org\/Place\"><meta itemprop=\"name\" content=\"Jazz in der M\u00fchle\" \/><meta itemprop=\"address\" content=\"Jazz in der M\u00fchle\" \/><\/span><\/span><\/h4>\n<hr>\n<p><span style=\"color: #000000\"><div class=\"simcal-event-description\" itemprop=\"description\"><p>Die M\u00f6glichkeit f\u00fcr alle Jazzer der Region zusammen zu jammen! Weder das Alter noch das Instrument spielen eine Rolle, auch nicht in welchem Jazz-Stil man sich zu Hause f\u00fchlt. Der Kontrabassist Kai Stemmler l\u00e4dt einen lokalen oder \u00fcberregional bekannten Solisten f\u00fcr das Opener-Set ein und stellt dazu eine Rhythmusgruppe zusammen. Danach k\u00f6nnen alle, die mindestens drei St\u00fccke vorstellen k\u00f6nnen, einsteigen oder selbst Sets anf\u00fchren. Am Ende gibt\u2019s als H\u00f6hepunkt einige Songs mit der Grundband und m\u00f6glichst vielen Musikern gemeinsam!<\/p>\n<p>Hinweis: Der Eintritt ist frei, der Hut geht rum. <\/p>\n<p>Vorverkauf oder eine Platzreservierung ist nicht m\u00f6glich.<\/p>\n<p>Weitere Termine (jeweils letzter Mittwoch im Monat): 24. Juni 2026 \/ 29. Juli 2026 \/ 26. August 2026 \/ 30. September 2026 \/ 28. Oktober 2026 \/ 25. November 2026 \/ 30. Dezember 2026\u00a0<\/p>\n<p>Veranstalter: Verein zur Erhaltung der Bergm\u00fchle e.V. in Kooperation mit dem Verein Creakult e. V.<\/p>\n<\/div><\/span><\/p>\n<p>&nbsp;<\/p><\/div>\n\t<\/li>\n<\/ul>\n\n<\/dd>\n\t<dt class=\"simcal-day-label\" style=\"border-bottom: 1px solid #bf3124;\" ><span style=\"background-color: #bf3124; color: #ffffff;\"><span class=\"simcal-date-format\" data-date-format=\"d.m.Y\">28.05.2026<\/span> <\/span><\/dt>\n<dd class=\"simcal-weekday-4 simcal-past simcal-day simcal-day-has-events simcal-day-has-1-events simcal-events-calendar-700\" data-events-count=\"1\">\n\t<ul class=\"simcal-events\">\n\t<li class=\"simcal-event simcal-events-calendar-700\" style=\"\" itemscope itemtype=\"http:\/\/schema.org\/Event\" data-start=\"1779919259\">\n\t\t<div class=\"simcal-event-details\"><h3><span style=\"color: #000000\"><strong><span class=\"simcal-event-title\" itemprop=\"name\">Belegt<\/span><\/strong><\/span><\/h3>\n<h4><span style=\"color: #000000\"><span class=\"simcal-event-start simcal-event-start-date\" data-event-start=\"1779919259\" data-event-format=\"d.m.Y\" itemprop=\"startDate\" content=\"2026-05-28T00:00:59+02:00\">28.05.2026<\/span><\/span><br \/>\n<span style=\"color: #000000\"> <span class=\"simcal-event-address simcal-event-start-location\" itemprop=\"location\" itemscope itemtype=\"http:\/\/schema.org\/Place\"><meta itemprop=\"name\" content=\"Belegt\" \/><meta itemprop=\"address\" content=\"Belegt\" \/><\/span><\/span><\/h4>\n<hr>\n<p><span style=\"color: #000000\"><\/span><\/p>\n<p>&nbsp;<\/p><\/div>\n\t<\/li>\n<\/ul>\n\n<\/dd>\n\t<dt class=\"simcal-day-label\" style=\"border-bottom: 1px solid #bf3124;\" ><span style=\"background-color: #bf3124; color: #ffffff;\"><span class=\"simcal-date-format\" data-date-format=\"d.m.Y\">01.06.2026<\/span> <\/span><\/dt>\n<dd class=\"simcal-weekday-1 simcal-past simcal-day simcal-day-has-events simcal-day-has-1-events simcal-events-calendar-700\" data-events-count=\"1\">\n\t<ul class=\"simcal-events\">\n\t<li class=\"simcal-event simcal-event-recurring simcal-events-calendar-700\" style=\"\" itemscope itemtype=\"http:\/\/schema.org\/Event\" data-start=\"1780331400\">\n\t\t<div class=\"simcal-event-details\"><h3><span style=\"color: #000000\"><strong><span class=\"simcal-event-title\" itemprop=\"name\">Neustadt Chor - Chorprobe<\/span><\/strong><\/span><\/h3>\n<h4><span style=\"color: #000000\"><span class=\"simcal-event-start simcal-event-start-date\" data-event-start=\"1780331400\" data-event-format=\"d.m.Y\" itemprop=\"startDate\" content=\"2026-06-01T18:30:00+02:00\">01.06.2026<\/span>&nbsp;&nbsp;<span class=\"simcal-event-start simcal-event-start-time\" data-event-start=\"1780331400\" data-event-format=\"H:i\" itemprop=\"startDate\" content=\"2026-06-01T18:30:00+02:00\">18:30<\/span> - <span class=\"simcal-event-end simcal-event-end-time\" data-event-end=\"1780340400\" data-event-format=\"H:i\" itemprop=\"endDate\" content=\"2026-06-01T21:00:00+02:00\">21:00<\/span><\/span><br \/>\n<span style=\"color: #000000\"> <span class=\"simcal-event-address simcal-event-start-location\" itemprop=\"location\" itemscope itemtype=\"http:\/\/schema.org\/Place\"><meta itemprop=\"name\" content=\"Neustadt Chor - Chorprobe\" \/><meta itemprop=\"address\" content=\"Neustadt Chor - Chorprobe\" \/><\/span><\/span><\/h4>\n<hr>\n<p><span style=\"color: #000000\"><\/span><\/p>\n<p>&nbsp;<\/p><\/div>\n\t<\/li>\n<\/ul>\n\n<\/dd>\n\t<dt class=\"simcal-day-label\" style=\"border-bottom: 1px solid #bf3124;\" ><span style=\"background-color: #bf3124; color: #ffffff;\"><span class=\"simcal-date-format\" data-date-format=\"d.m.Y\">04.06.2026<\/span> <\/span><\/dt>\n<dd class=\"simcal-weekday-4 simcal-past simcal-day simcal-day-has-events simcal-day-has-1-events simcal-events-calendar-700\" data-events-count=\"1\">\n\t<ul class=\"simcal-events\">\n\t<li class=\"simcal-event simcal-event-recurring simcal-events-calendar-700\" style=\"\" itemscope itemtype=\"http:\/\/schema.org\/Event\" data-start=\"1780578000\">\n\t\t<div class=\"simcal-event-details\"><h3><span style=\"color: #000000\"><strong><span class=\"simcal-event-title\" itemprop=\"name\">Kaffee, Kuchen &amp; Kl\u00f6nschnack<\/span><\/strong><\/span><\/h3>\n<h4><span style=\"color: #000000\"><span class=\"simcal-event-start simcal-event-start-date\" data-event-start=\"1780578000\" data-event-format=\"d.m.Y\" itemprop=\"startDate\" content=\"2026-06-04T15:00:00+02:00\">04.06.2026<\/span>&nbsp;&nbsp;<span class=\"simcal-event-start simcal-event-start-time\" data-event-start=\"1780578000\" data-event-format=\"H:i\" itemprop=\"startDate\" content=\"2026-06-04T15:00:00+02:00\">15:00<\/span> - <span class=\"simcal-event-end simcal-event-end-time\" data-event-end=\"1780585200\" data-event-format=\"H:i\" itemprop=\"endDate\" content=\"2026-06-04T17:00:00+02:00\">17:00<\/span><\/span><br \/>\n<span style=\"color: #000000\"> <span class=\"simcal-event-address simcal-event-start-location\" itemprop=\"location\" itemscope itemtype=\"http:\/\/schema.org\/Place\"><meta itemprop=\"name\" content=\"Kaffee, Kuchen &amp; Kl\u00f6nschnack\" \/><meta itemprop=\"address\" content=\"Kaffee, Kuchen &amp; Kl\u00f6nschnack\" \/><\/span><\/span><\/h4>\n<hr>\n<p><span style=\"color: #000000\"><\/span><\/p>\n<p>&nbsp;<\/p><\/div>\n\t<\/li>\n<\/ul>\n\n<\/dd>\n\t<dt class=\"simcal-day-label\" style=\"border-bottom: 1px solid #bf3124;\" ><span style=\"background-color: #bf3124; color: #ffffff;\"><span class=\"simcal-date-format\" data-date-format=\"d.m.Y\">05.06.2026<\/span> <\/span><\/dt>\n<dd class=\"simcal-weekday-5 simcal-past simcal-day simcal-day-has-events simcal-day-has-1-events simcal-events-calendar-700\" data-events-count=\"1\">\n\t<ul class=\"simcal-events\">\n\t<li class=\"simcal-event simcal-event-recurring simcal-event-has-location simcal-events-calendar-700\" style=\"\" itemscope itemtype=\"http:\/\/schema.org\/Event\" data-start=\"1780682400\">\n\t\t<div class=\"simcal-event-details\"><h3><span style=\"color: #000000\"><strong><span class=\"simcal-event-title\" itemprop=\"name\">M\u00dcHLENGENUSS \u2013 Konzert mit \u00bbThe Greyhounds\u00ab<\/span><\/strong><\/span><\/h3>\n<h4><span style=\"color: #000000\"><span class=\"simcal-event-start simcal-event-start-date\" data-event-start=\"1780682400\" data-event-format=\"d.m.Y\" itemprop=\"startDate\" content=\"2026-06-05T20:00:00+02:00\">05.06.2026<\/span>&nbsp;&nbsp;<span class=\"simcal-event-start simcal-event-start-time\" data-event-start=\"1780682400\" data-event-format=\"H:i\" itemprop=\"startDate\" content=\"2026-06-05T20:00:00+02:00\">20:00<\/span> - <span class=\"simcal-event-end simcal-event-end-time\" data-event-end=\"1780691400\" data-event-format=\"H:i\" itemprop=\"endDate\" content=\"2026-06-05T22:30:00+02:00\">22:30<\/span><\/span><br \/>\n<span style=\"color: #000000\"> <span class=\"simcal-event-address simcal-event-start-location\" itemprop=\"location\" itemscope itemtype=\"http:\/\/schema.org\/Place\"><meta itemprop=\"name\" content=\"Speicherhaus der Bergm\u00fchle Flensburg\" \/><meta itemprop=\"address\" content=\"Speicherhaus der Bergm\u00fchle Flensburg\" \/>Speicherhaus der Bergm\u00fchle Flensburg<\/span><\/span><\/h4>\n<hr>\n<p><span style=\"color: #000000\"><div class=\"simcal-event-description\" itemprop=\"description\"><p><b>The Greyhounds<\/b><\/p>\n<p>Moderner Rockabilly aus Friedrichstadt<\/p>\n<p>1997 gegr\u00fcndet ... die n\u00f6rdlichste Rockabilly-Band der Republik. An der Gitarre Marius del Mestre, ein deutsches Musik-Urgestein und zwar der originale Gitarrist von Rio Reiser &amp; Ton Steine Scherben. Regional und \u00fcberregional bekannte Band ... TV, 5 Cd\u2019s, Radio, Support-Tour mit Boss Hoss, \u00bbFlens Festival\u00ab usw...<\/p>\n<p>Der Eintritt ist frei. Der Hut geht \u2019rum.\u00a0Vorverkauf oder Platzreservierung ist nicht m\u00f6glich.<\/p>\n<\/div><\/span><\/p>\n<p>&nbsp;<\/p><\/div>\n\t<\/li>\n<\/ul>\n\n<\/dd>\n\t<dt class=\"simcal-day-label\" style=\"border-bottom: 1px solid #bf3124;\" ><span style=\"background-color: #bf3124; color: #ffffff;\"><span class=\"simcal-date-format\" data-date-format=\"d.m.Y\">06.06.2026<\/span> <\/span><\/dt>\n<dd class=\"simcal-weekday-6 simcal-past simcal-day simcal-day-has-events simcal-day-has-1-events simcal-events-calendar-700\" data-events-count=\"1\">\n\t<ul class=\"simcal-events\">\n\t<li class=\"simcal-event simcal-events-calendar-700\" style=\"\" itemscope itemtype=\"http:\/\/schema.org\/Event\" data-start=\"1780696859\">\n\t\t<div class=\"simcal-event-details\"><h3><span style=\"color: #000000\"><strong><span class=\"simcal-event-title\" itemprop=\"name\">Belegt<\/span><\/strong><\/span><\/h3>\n<h4><span style=\"color: #000000\"><span class=\"simcal-event-start simcal-event-start-date\" data-event-start=\"1780696859\" data-event-format=\"d.m.Y\" itemprop=\"startDate\" content=\"2026-06-06T00:00:59+02:00\">06.06.2026<\/span><\/span><br \/>\n<span style=\"color: #000000\"> <span class=\"simcal-event-address simcal-event-start-location\" itemprop=\"location\" itemscope itemtype=\"http:\/\/schema.org\/Place\"><meta itemprop=\"name\" content=\"Belegt\" \/><meta itemprop=\"address\" content=\"Belegt\" \/><\/span><\/span><\/h4>\n<hr>\n<p><span style=\"color: #000000\"><\/span><\/p>\n<p>&nbsp;<\/p><\/div>\n\t<\/li>\n<\/ul>\n\n<\/dd>\n\t<dt class=\"simcal-day-label\" style=\"border-bottom: 1px solid #bf3124;\" ><span style=\"background-color: #bf3124; color: #ffffff;\"><span class=\"simcal-date-format\" data-date-format=\"d.m.Y\">07.06.2026<\/span> <\/span><\/dt>\n<dd class=\"simcal-weekday-0 simcal-past simcal-day simcal-day-has-events simcal-day-has-1-events simcal-events-calendar-700\" data-events-count=\"1\">\n\t<ul class=\"simcal-events\">\n\t<li class=\"simcal-event simcal-events-calendar-700\" style=\"\" itemscope itemtype=\"http:\/\/schema.org\/Event\" data-start=\"1780783259\">\n\t\t<div class=\"simcal-event-details\"><h3><span style=\"color: #000000\"><strong><span class=\"simcal-event-title\" itemprop=\"name\">Belegt<\/span><\/strong><\/span><\/h3>\n<h4><span style=\"color: #000000\"><span class=\"simcal-event-start simcal-event-start-date\" data-event-start=\"1780783259\" data-event-format=\"d.m.Y\" itemprop=\"startDate\" content=\"2026-06-07T00:00:59+02:00\">07.06.2026<\/span><\/span><br \/>\n<span style=\"color: #000000\"> <span class=\"simcal-event-address simcal-event-start-location\" itemprop=\"location\" itemscope itemtype=\"http:\/\/schema.org\/Place\"><meta itemprop=\"name\" content=\"Belegt\" \/><meta itemprop=\"address\" content=\"Belegt\" \/><\/span><\/span><\/h4>\n<hr>\n<p><span style=\"color: #000000\"><\/span><\/p>\n<p>&nbsp;<\/p><\/div>\n\t<\/li>\n<\/ul>\n\n<\/dd>\n\t<dt class=\"simcal-day-label\" style=\"border-bottom: 1px solid #bf3124;\" ><span style=\"background-color: #bf3124; color: #ffffff;\"><span class=\"simcal-date-format\" data-date-format=\"d.m.Y\">08.06.2026<\/span> <\/span><\/dt>\n<dd class=\"simcal-weekday-1 simcal-past simcal-day simcal-day-has-events simcal-day-has-1-events simcal-events-calendar-700\" data-events-count=\"1\">\n\t<ul class=\"simcal-events\">\n\t<li class=\"simcal-event simcal-event-recurring simcal-events-calendar-700\" style=\"\" itemscope itemtype=\"http:\/\/schema.org\/Event\" data-start=\"1780936200\">\n\t\t<div class=\"simcal-event-details\"><h3><span style=\"color: #000000\"><strong><span class=\"simcal-event-title\" itemprop=\"name\">Neustadt Chor - Chorprobe<\/span><\/strong><\/span><\/h3>\n<h4><span style=\"color: #000000\"><span class=\"simcal-event-start simcal-event-start-date\" data-event-start=\"1780936200\" data-event-format=\"d.m.Y\" itemprop=\"startDate\" content=\"2026-06-08T18:30:00+02:00\">08.06.2026<\/span>&nbsp;&nbsp;<span class=\"simcal-event-start simcal-event-start-time\" data-event-start=\"1780936200\" data-event-format=\"H:i\" itemprop=\"startDate\" content=\"2026-06-08T18:30:00+02:00\">18:30<\/span> - <span class=\"simcal-event-end simcal-event-end-time\" data-event-end=\"1780945200\" data-event-format=\"H:i\" itemprop=\"endDate\" content=\"2026-06-08T21:00:00+02:00\">21:00<\/span><\/span><br \/>\n<span style=\"color: #000000\"> <span class=\"simcal-event-address simcal-event-start-location\" itemprop=\"location\" itemscope itemtype=\"http:\/\/schema.org\/Place\"><meta itemprop=\"name\" content=\"Neustadt Chor - Chorprobe\" \/><meta itemprop=\"address\" content=\"Neustadt Chor - Chorprobe\" \/><\/span><\/span><\/h4>\n<hr>\n<p><span style=\"color: #000000\"><\/span><\/p>\n<p>&nbsp;<\/p><\/div>\n\t<\/li>\n<\/ul>\n\n<\/dd>\n\t<dt class=\"simcal-day-label\" style=\"border-bottom: 1px solid #bf3124;\" ><span style=\"background-color: #bf3124; color: #ffffff;\"><span class=\"simcal-date-format\" data-date-format=\"d.m.Y\">12.06.2026<\/span> <\/span><\/dt>\n<dd class=\"simcal-weekday-5 simcal-past simcal-day simcal-day-has-events simcal-day-has-1-events simcal-events-calendar-700\" data-events-count=\"1\">\n\t<ul class=\"simcal-events\">\n\t<li class=\"simcal-event simcal-events-calendar-700\" style=\"\" itemscope itemtype=\"http:\/\/schema.org\/Event\" data-start=\"1781215259\">\n\t\t<div class=\"simcal-event-details\"><h3><span style=\"color: #000000\"><strong><span class=\"simcal-event-title\" itemprop=\"name\">Belegt<\/span><\/strong><\/span><\/h3>\n<h4><span style=\"color: #000000\"><span class=\"simcal-event-start simcal-event-start-date\" data-event-start=\"1781215259\" data-event-format=\"d.m.Y\" itemprop=\"startDate\" content=\"2026-06-12T00:00:59+02:00\">12.06.2026<\/span><\/span><br \/>\n<span style=\"color: #000000\"> <span class=\"simcal-event-address simcal-event-start-location\" itemprop=\"location\" itemscope itemtype=\"http:\/\/schema.org\/Place\"><meta itemprop=\"name\" content=\"Belegt\" \/><meta itemprop=\"address\" content=\"Belegt\" \/><\/span><\/span><\/h4>\n<hr>\n<p><span style=\"color: #000000\"><\/span><\/p>\n<p>&nbsp;<\/p><\/div>\n\t<\/li>\n<\/ul>\n\n<\/dd>\n\t<dt class=\"simcal-day-label\" style=\"border-bottom: 1px solid #bf3124;\" ><span style=\"background-color: #bf3124; color: #ffffff;\"><span class=\"simcal-date-format\" data-date-format=\"d.m.Y\">13.06.2026<\/span> <\/span><\/dt>\n<dd class=\"simcal-weekday-6 simcal-past simcal-day simcal-day-has-events simcal-day-has-1-events simcal-events-calendar-700\" data-events-count=\"1\">\n\t<ul class=\"simcal-events\">\n\t<li class=\"simcal-event simcal-events-calendar-700\" style=\"\" itemscope itemtype=\"http:\/\/schema.org\/Event\" data-start=\"1781301659\">\n\t\t<div class=\"simcal-event-details\"><h3><span style=\"color: #000000\"><strong><span class=\"simcal-event-title\" itemprop=\"name\">Belegt<\/span><\/strong><\/span><\/h3>\n<h4><span style=\"color: #000000\"><span class=\"simcal-event-start simcal-event-start-date\" data-event-start=\"1781301659\" data-event-format=\"d.m.Y\" itemprop=\"startDate\" content=\"2026-06-13T00:00:59+02:00\">13.06.2026<\/span><\/span><br \/>\n<span style=\"color: #000000\"> <span class=\"simcal-event-address simcal-event-start-location\" itemprop=\"location\" itemscope itemtype=\"http:\/\/schema.org\/Place\"><meta itemprop=\"name\" content=\"Belegt\" \/><meta itemprop=\"address\" content=\"Belegt\" \/><\/span><\/span><\/h4>\n<hr>\n<p><span style=\"color: #000000\"><\/span><\/p>\n<p>&nbsp;<\/p><\/div>\n\t<\/li>\n<\/ul>\n\n<\/dd>\n\t<dt class=\"simcal-day-label\" style=\"border-bottom: 1px solid #bf3124;\" ><span style=\"background-color: #bf3124; color: #ffffff;\"><span class=\"simcal-date-format\" data-date-format=\"d.m.Y\">15.06.2026<\/span> <\/span><\/dt>\n<dd class=\"simcal-weekday-1 simcal-past simcal-day simcal-day-has-events simcal-day-has-1-events simcal-events-calendar-700\" data-events-count=\"1\">\n\t<ul class=\"simcal-events\">\n\t<li class=\"simcal-event simcal-event-recurring simcal-events-calendar-700\" style=\"\" itemscope itemtype=\"http:\/\/schema.org\/Event\" data-start=\"1781541000\">\n\t\t<div class=\"simcal-event-details\"><h3><span style=\"color: #000000\"><strong><span class=\"simcal-event-title\" itemprop=\"name\">Neustadt Chor - Chorprobe<\/span><\/strong><\/span><\/h3>\n<h4><span style=\"color: #000000\"><span class=\"simcal-event-start simcal-event-start-date\" data-event-start=\"1781541000\" data-event-format=\"d.m.Y\" itemprop=\"startDate\" content=\"2026-06-15T18:30:00+02:00\">15.06.2026<\/span>&nbsp;&nbsp;<span class=\"simcal-event-start simcal-event-start-time\" data-event-start=\"1781541000\" data-event-format=\"H:i\" itemprop=\"startDate\" content=\"2026-06-15T18:30:00+02:00\">18:30<\/span> - <span class=\"simcal-event-end simcal-event-end-time\" data-event-end=\"1781550000\" data-event-format=\"H:i\" itemprop=\"endDate\" content=\"2026-06-15T21:00:00+02:00\">21:00<\/span><\/span><br \/>\n<span style=\"color: #000000\"> <span class=\"simcal-event-address simcal-event-start-location\" itemprop=\"location\" itemscope itemtype=\"http:\/\/schema.org\/Place\"><meta itemprop=\"name\" content=\"Neustadt Chor - Chorprobe\" \/><meta itemprop=\"address\" content=\"Neustadt Chor - Chorprobe\" \/><\/span><\/span><\/h4>\n<hr>\n<p><span style=\"color: #000000\"><\/span><\/p>\n<p>&nbsp;<\/p><\/div>\n\t<\/li>\n<\/ul>\n\n<\/dd>\n\t<dt class=\"simcal-day-label\" style=\"border-bottom: 1px solid #bf3124;\" ><span style=\"background-color: #bf3124; color: #ffffff;\"><span class=\"simcal-date-format\" data-date-format=\"d.m.Y\">18.06.2026<\/span> <\/span><\/dt>\n<dd class=\"simcal-weekday-4 simcal-past simcal-day simcal-day-has-events simcal-day-has-1-events simcal-events-calendar-700\" data-events-count=\"1\">\n\t<ul class=\"simcal-events\">\n\t<li class=\"simcal-event simcal-event-recurring simcal-events-calendar-700\" style=\"\" itemscope itemtype=\"http:\/\/schema.org\/Event\" data-start=\"1781787600\">\n\t\t<div class=\"simcal-event-details\"><h3><span style=\"color: #000000\"><strong><span class=\"simcal-event-title\" itemprop=\"name\">Kaffee, Kuchen &amp; Kl\u00f6nschnack<\/span><\/strong><\/span><\/h3>\n<h4><span style=\"color: #000000\"><span class=\"simcal-event-start simcal-event-start-date\" data-event-start=\"1781787600\" data-event-format=\"d.m.Y\" itemprop=\"startDate\" content=\"2026-06-18T15:00:00+02:00\">18.06.2026<\/span>&nbsp;&nbsp;<span class=\"simcal-event-start simcal-event-start-time\" data-event-start=\"1781787600\" data-event-format=\"H:i\" itemprop=\"startDate\" content=\"2026-06-18T15:00:00+02:00\">15:00<\/span> - <span class=\"simcal-event-end simcal-event-end-time\" data-event-end=\"1781794800\" data-event-format=\"H:i\" itemprop=\"endDate\" content=\"2026-06-18T17:00:00+02:00\">17:00<\/span><\/span><br \/>\n<span style=\"color: #000000\"> <span class=\"simcal-event-address simcal-event-start-location\" itemprop=\"location\" itemscope itemtype=\"http:\/\/schema.org\/Place\"><meta itemprop=\"name\" content=\"Kaffee, Kuchen &amp; Kl\u00f6nschnack\" \/><meta itemprop=\"address\" content=\"Kaffee, Kuchen &amp; Kl\u00f6nschnack\" \/><\/span><\/span><\/h4>\n<hr>\n<p><span style=\"color: #000000\"><\/span><\/p>\n<p>&nbsp;<\/p><\/div>\n\t<\/li>\n<\/ul>\n\n<\/dd>\n\t<dt class=\"simcal-day-label\" style=\"border-bottom: 1px solid #bf3124;\" ><span style=\"background-color: #bf3124; color: #ffffff;\"><span class=\"simcal-date-format\" data-date-format=\"d.m.Y\">19.06.2026<\/span> <\/span><\/dt>\n<dd class=\"simcal-weekday-5 simcal-past simcal-day simcal-day-has-events simcal-day-has-1-events simcal-events-calendar-700\" data-events-count=\"1\">\n\t<ul class=\"simcal-events\">\n\t<li class=\"simcal-event simcal-events-calendar-700\" style=\"\" itemscope itemtype=\"http:\/\/schema.org\/Event\" data-start=\"1781820059\">\n\t\t<div class=\"simcal-event-details\"><h3><span style=\"color: #000000\"><strong><span class=\"simcal-event-title\" itemprop=\"name\">Belegt<\/span><\/strong><\/span><\/h3>\n<h4><span style=\"color: #000000\"><span class=\"simcal-event-start simcal-event-start-date\" data-event-start=\"1781820059\" data-event-format=\"d.m.Y\" itemprop=\"startDate\" content=\"2026-06-19T00:00:59+02:00\">19.06.2026<\/span><\/span><br \/>\n<span style=\"color: #000000\"> <span class=\"simcal-event-address simcal-event-start-location\" itemprop=\"location\" itemscope itemtype=\"http:\/\/schema.org\/Place\"><meta itemprop=\"name\" content=\"Belegt\" \/><meta itemprop=\"address\" content=\"Belegt\" \/><\/span><\/span><\/h4>\n<hr>\n<p><span style=\"color: #000000\"><\/span><\/p>\n<p>&nbsp;<\/p><\/div>\n\t<\/li>\n<\/ul>\n\n<\/dd>\n\t<dt class=\"simcal-day-label\" style=\"border-bottom: 1px solid #bf3124;\" ><span style=\"background-color: #bf3124; color: #ffffff;\"><span class=\"simcal-date-format\" data-date-format=\"d.m.Y\">21.06.2026<\/span> <\/span><\/dt>\n<dd class=\"simcal-weekday-0 simcal-past simcal-day simcal-day-has-events simcal-day-has-1-events simcal-events-calendar-700\" data-events-count=\"1\">\n\t<ul class=\"simcal-events\">\n\t<li class=\"simcal-event simcal-event-has-location simcal-events-calendar-700\" style=\"\" itemscope itemtype=\"http:\/\/schema.org\/Event\" data-start=\"1782050400\">\n\t\t<div class=\"simcal-event-details\"><h3><span style=\"color: #000000\"><strong><span class=\"simcal-event-title\" itemprop=\"name\">Konzert am Sonntag mit dem &quot;Duo Souffl\u00e9&quot;<\/span><\/strong><\/span><\/h3>\n<h4><span style=\"color: #000000\"><span class=\"simcal-event-start simcal-event-start-date\" data-event-start=\"1782050400\" data-event-format=\"d.m.Y\" itemprop=\"startDate\" content=\"2026-06-21T16:00:00+02:00\">21.06.2026<\/span>&nbsp;&nbsp;<span class=\"simcal-event-start simcal-event-start-time\" data-event-start=\"1782050400\" data-event-format=\"H:i\" itemprop=\"startDate\" content=\"2026-06-21T16:00:00+02:00\">16:00<\/span> - <span class=\"simcal-event-end simcal-event-end-time\" data-event-end=\"1782057600\" data-event-format=\"H:i\" itemprop=\"endDate\" content=\"2026-06-21T18:00:00+02:00\">18:00<\/span><\/span><br \/>\n<span style=\"color: #000000\"> <span class=\"simcal-event-address simcal-event-start-location\" itemprop=\"location\" itemscope itemtype=\"http:\/\/schema.org\/Place\"><meta itemprop=\"name\" content=\"Speicherhaus der Bergm\u00fchle Flensburg\" \/><meta itemprop=\"address\" content=\"Speicherhaus der Bergm\u00fchle Flensburg\" \/>Speicherhaus der Bergm\u00fchle Flensburg<\/span><\/span><\/h4>\n<hr>\n<p><span style=\"color: #000000\"><div class=\"simcal-event-description\" itemprop=\"description\"><p>Duo Souffl\u00e8\u2013 Salonmusik in der Bergm\u00fchle<\/p>\n<p>Einbunter Strau\u00df bekannter Melodien aus Klassik, Musical, Filmmusik, Folk, Jazz&amp; mehr in raffinierten Arrangements. <\/p>\n<p>LassenSie sich \u00fcberraschen! <\/p>\n<p>MitUlrike St\u00fcve-Koeppen (Fl\u00f6te) &amp; Gabriel Koeppen (Gitarre, Cello &amp; Gesang)\u00a0<\/p>\n<p>\u00a0Der Eintritt ist frei. Der Hut geht \u2019rum.\u00a0Vorverkauf oder Platzreservierung ist nicht m\u00f6glich.<\/p>\n<\/div><\/span><\/p>\n<p>&nbsp;<\/p><\/div>\n\t<\/li>\n<\/ul>\n\n<\/dd>\n\t<dt class=\"simcal-day-label\" style=\"border-bottom: 1px solid #bf3124;\" ><span style=\"background-color: #bf3124; color: #ffffff;\"><span class=\"simcal-date-format\" data-date-format=\"d.m.Y\">22.06.2026<\/span> <\/span><\/dt>\n<dd class=\"simcal-weekday-1 simcal-past simcal-day simcal-day-has-events simcal-day-has-1-events simcal-events-calendar-700\" data-events-count=\"1\">\n\t<ul class=\"simcal-events\">\n\t<li class=\"simcal-event simcal-event-recurring simcal-events-calendar-700\" style=\"\" itemscope itemtype=\"http:\/\/schema.org\/Event\" data-start=\"1782145800\">\n\t\t<div class=\"simcal-event-details\"><h3><span style=\"color: #000000\"><strong><span class=\"simcal-event-title\" itemprop=\"name\">Neustadt Chor - Chorprobe<\/span><\/strong><\/span><\/h3>\n<h4><span style=\"color: #000000\"><span class=\"simcal-event-start simcal-event-start-date\" data-event-start=\"1782145800\" data-event-format=\"d.m.Y\" itemprop=\"startDate\" content=\"2026-06-22T18:30:00+02:00\">22.06.2026<\/span>&nbsp;&nbsp;<span class=\"simcal-event-start simcal-event-start-time\" data-event-start=\"1782145800\" data-event-format=\"H:i\" itemprop=\"startDate\" content=\"2026-06-22T18:30:00+02:00\">18:30<\/span> - <span class=\"simcal-event-end simcal-event-end-time\" data-event-end=\"1782154800\" data-event-format=\"H:i\" itemprop=\"endDate\" content=\"2026-06-22T21:00:00+02:00\">21:00<\/span><\/span><br \/>\n<span style=\"color: #000000\"> <span class=\"simcal-event-address simcal-event-start-location\" itemprop=\"location\" itemscope itemtype=\"http:\/\/schema.org\/Place\"><meta itemprop=\"name\" content=\"Neustadt Chor - Chorprobe\" \/><meta itemprop=\"address\" content=\"Neustadt Chor - Chorprobe\" \/><\/span><\/span><\/h4>\n<hr>\n<p><span style=\"color: #000000\"><\/span><\/p>\n<p>&nbsp;<\/p><\/div>\n\t<\/li>\n<\/ul>\n\n<\/dd>\n\t<dt class=\"simcal-day-label\" style=\"border-bottom: 1px solid #bf3124;\" ><span style=\"background-color: #bf3124; color: #ffffff;\"><span class=\"simcal-date-format\" data-date-format=\"d.m.Y\">24.06.2026<\/span> <\/span><\/dt>\n<dd class=\"simcal-weekday-3 simcal-past simcal-day simcal-day-has-events simcal-day-has-1-events simcal-events-calendar-700\" data-events-count=\"1\">\n\t<ul class=\"simcal-events\">\n\t<li class=\"simcal-event simcal-event-recurring simcal-events-calendar-700\" style=\"\" itemscope itemtype=\"http:\/\/schema.org\/Event\" data-start=\"1782322200\">\n\t\t<div class=\"simcal-event-details\"><h3><span style=\"color: #000000\"><strong><span class=\"simcal-event-title\" itemprop=\"name\">Jazz in der M\u00fchle<\/span><\/strong><\/span><\/h3>\n<h4><span style=\"color: #000000\"><span class=\"simcal-event-start simcal-event-start-date\" data-event-start=\"1782322200\" data-event-format=\"d.m.Y\" itemprop=\"startDate\" content=\"2026-06-24T19:30:00+02:00\">24.06.2026<\/span>&nbsp;&nbsp;<span class=\"simcal-event-start simcal-event-start-time\" data-event-start=\"1782322200\" data-event-format=\"H:i\" itemprop=\"startDate\" content=\"2026-06-24T19:30:00+02:00\">19:30<\/span> - <span class=\"simcal-event-end simcal-event-end-time\" data-event-end=\"1782333000\" data-event-format=\"H:i\" itemprop=\"endDate\" content=\"2026-06-24T22:30:00+02:00\">22:30<\/span><\/span><br \/>\n<span style=\"color: #000000\"> <span class=\"simcal-event-address simcal-event-start-location\" itemprop=\"location\" itemscope itemtype=\"http:\/\/schema.org\/Place\"><meta itemprop=\"name\" content=\"Jazz in der M\u00fchle\" \/><meta itemprop=\"address\" content=\"Jazz in der M\u00fchle\" \/><\/span><\/span><\/h4>\n<hr>\n<p><span style=\"color: #000000\"><div class=\"simcal-event-description\" itemprop=\"description\"><p>Die M\u00f6glichkeit f\u00fcr alle Jazzer der Region zusammen zu jammen! Weder das Alter noch das Instrumentspielen eine Rolle, auch nicht in welchem Jazz-Stil man sich zu Hause f\u00fchlt. Der Kontrabassist Kai Stemmler l\u00e4dt einen lokalen oder \u00fcberregional bekannten Solisten f\u00fcr das Opener-Set ein und stellt dazu eine Rhythmusgruppe zusammen. Danach k\u00f6nnen alle, die mindestens drei St\u00fccke vorstellen k\u00f6nnen, einsteigen oder selbst Sets anf\u00fchren. Am Ende gibt\u2019s als H\u00f6hepunkt einige Songs mit der Grundband und m\u00f6glichst vielen Musikern gemeinsam!<\/p>\n<p>Hinweis: Der Eintritt ist frei, der Hut geht rum.\u00a0<\/p>\n<p>Vorverkauf oder eine Platzreservierung ist nicht m\u00f6glich.<\/p>\n<p>Weitere Termine (jeweils letzter Mittwoch im Monat): 29. Juli 2026 \/ 26. August 2026 \/ 30. September 2026 \/ 28. Oktober 2026 \/ 25. November 2026 \/ 30. Dezember 2026\u00a0<\/p>\n<p>Veranstalter: Verein zur Erhaltung der Bergm\u00fchle e.V. in Kooperation mit dem Verein Creakult e. V.<\/p>\n<\/div><\/span><\/p>\n<p>&nbsp;<\/p><\/div>\n\t<\/li>\n<\/ul>\n\n<\/dd>\n\t<dt class=\"simcal-day-label\" style=\"border-bottom: 1px solid #bf3124;\" ><span style=\"background-color: #bf3124; color: #ffffff;\"><span class=\"simcal-date-format\" data-date-format=\"d.m.Y\">25.06.2026<\/span> <\/span><\/dt>\n<dd class=\"simcal-weekday-4 simcal-past simcal-day simcal-day-has-events simcal-day-has-1-events simcal-events-calendar-700\" data-events-count=\"1\">\n\t<ul class=\"simcal-events\">\n\t<li class=\"simcal-event simcal-events-calendar-700\" style=\"\" itemscope itemtype=\"http:\/\/schema.org\/Event\" data-start=\"1782338459\">\n\t\t<div class=\"simcal-event-details\"><h3><span style=\"color: #000000\"><strong><span class=\"simcal-event-title\" itemprop=\"name\">Belegt<\/span><\/strong><\/span><\/h3>\n<h4><span style=\"color: #000000\"><span class=\"simcal-event-start simcal-event-start-date\" data-event-start=\"1782338459\" data-event-format=\"d.m.Y\" itemprop=\"startDate\" content=\"2026-06-25T00:00:59+02:00\">25.06.2026<\/span><\/span><br \/>\n<span style=\"color: #000000\"> <span class=\"simcal-event-address simcal-event-start-location\" itemprop=\"location\" itemscope itemtype=\"http:\/\/schema.org\/Place\"><meta itemprop=\"name\" content=\"Belegt\" \/><meta itemprop=\"address\" content=\"Belegt\" \/><\/span><\/span><\/h4>\n<hr>\n<p><span style=\"color: #000000\"><\/span><\/p>\n<p>&nbsp;<\/p><\/div>\n\t<\/li>\n<\/ul>\n\n<\/dd>\n\t<dt class=\"simcal-day-label\" style=\"border-bottom: 1px solid #bf3124;\" ><span style=\"background-color: #bf3124; color: #ffffff;\"><span class=\"simcal-date-format\" data-date-format=\"d.m.Y\">26.06.2026<\/span> <\/span><\/dt>\n<dd class=\"simcal-weekday-5 simcal-past simcal-day simcal-day-has-events simcal-day-has-1-events simcal-events-calendar-700\" data-events-count=\"1\">\n\t<ul class=\"simcal-events\">\n\t<li class=\"simcal-event simcal-events-calendar-700\" style=\"\" itemscope itemtype=\"http:\/\/schema.org\/Event\" data-start=\"1782496800\">\n\t\t<div class=\"simcal-event-details\"><h3><span style=\"color: #000000\"><strong><span class=\"simcal-event-title\" itemprop=\"name\">M\u00fchlengenuss \u2013 Konzert mit \u00bbAnplack\u00ab<\/span><\/strong><\/span><\/h3>\n<h4><span style=\"color: #000000\"><span class=\"simcal-event-start simcal-event-start-date\" data-event-start=\"1782496800\" data-event-format=\"d.m.Y\" itemprop=\"startDate\" content=\"2026-06-26T20:00:00+02:00\">26.06.2026<\/span>&nbsp;&nbsp;<span class=\"simcal-event-start simcal-event-start-time\" data-event-start=\"1782496800\" data-event-format=\"H:i\" itemprop=\"startDate\" content=\"2026-06-26T20:00:00+02:00\">20:00<\/span> - <span class=\"simcal-event-end simcal-event-end-time\" data-event-end=\"1782505800\" data-event-format=\"H:i\" itemprop=\"endDate\" content=\"2026-06-26T22:30:00+02:00\">22:30<\/span><\/span><br \/>\n<span style=\"color: #000000\"> <span class=\"simcal-event-address simcal-event-start-location\" itemprop=\"location\" itemscope itemtype=\"http:\/\/schema.org\/Place\"><meta itemprop=\"name\" content=\"M\u00fchlengenuss \u2013 Konzert mit \u00bbAnplack\u00ab\" \/><meta itemprop=\"address\" content=\"M\u00fchlengenuss \u2013 Konzert mit \u00bbAnplack\u00ab\" \/><\/span><\/span><\/h4>\n<hr>\n<p><span style=\"color: #000000\"><div class=\"simcal-event-description\" itemprop=\"description\"><p>Das urspr\u00fcnglich am 09.01.2026 geplante Konzert der Band Anplack in der Bergm\u00fchle, das auf Grund der Witterungsverh\u00e4ltnisse ausgefallen ist, findet nun statt.\u00a0<\/p>\n<p><b>ANPLACK \u2013 \u00bbListen to he Music\u00ab<\/b>\u00a0<\/p>\n<p>Ihren Bandnamen\u00a0hat \u00bbANPLACK\u00ab von dem Begriff \u00bbunplugged\u00ab abgeleitet, der eigentlich \u00bbohne elektronische Verst\u00e4rkung\u00ab bedeutet. Doch ganz ohne Verst\u00e4rker und Mikrofone kommt auch \u00bbANPLACK\u00ab\u00a0nicht aus: Der Klang ihrer Instrumente und ihr Gesang soll schlie\u00dflich alle Zuh\u00f6rer erreichen<b>.<\/b><b>\u00a0<\/b><\/p>\n<p>Das musikalische Spektrum der Band geht von den 50er und 60er Jahren bis in die heutige Zeit und reicht von Dean Martin \u00fcber die Beatles und Fleetwood Mac bis hin zu den Common Linnets und\u00a0Ina M\u00fcller.\u00a0<\/p>\n<p>Mit ihren akustischen Instrumenten und mehrstimmigem Satzgesang versteht es \u00bbANPLACK\u00ab ihrem breitgef\u00e4cherten Repertoire eine besondere Note zu geben.\u00a0<\/p>\n<p><b><\/b><\/p>\n<p>Bei dem Konzert handelt es sich um eine Hutkonzert! Es wird kein Eintritt erhoben und es kann auch keine Platzreservierung erfolgen.\u00a0<\/p>\n<p>Einlass ab 19 Uhr\u00a0<\/p>\n<\/div><\/span><\/p>\n<p>&nbsp;<\/p><\/div>\n\t<\/li>\n<\/ul>\n\n<\/dd>\n\t<dt class=\"simcal-day-label\" style=\"border-bottom: 1px solid #bf3124;\" ><span style=\"background-color: #bf3124; color: #ffffff;\"><span class=\"simcal-date-format\" data-date-format=\"d.m.Y\">27.06.2026<\/span> <\/span><\/dt>\n<dd class=\"simcal-weekday-6 simcal-past simcal-day simcal-day-has-events simcal-day-has-1-events simcal-events-calendar-700\" data-events-count=\"1\">\n\t<ul class=\"simcal-events\">\n\t<li class=\"simcal-event simcal-events-calendar-700\" style=\"\" itemscope itemtype=\"http:\/\/schema.org\/Event\" data-start=\"1782511259\">\n\t\t<div class=\"simcal-event-details\"><h3><span style=\"color: #000000\"><strong><span class=\"simcal-event-title\" itemprop=\"name\">Belegt<\/span><\/strong><\/span><\/h3>\n<h4><span style=\"color: #000000\"><span class=\"simcal-event-start simcal-event-start-date\" data-event-start=\"1782511259\" data-event-format=\"d.m.Y\" itemprop=\"startDate\" content=\"2026-06-27T00:00:59+02:00\">27.06.2026<\/span><\/span><br \/>\n<span style=\"color: #000000\"> <span class=\"simcal-event-address simcal-event-start-location\" itemprop=\"location\" itemscope itemtype=\"http:\/\/schema.org\/Place\"><meta itemprop=\"name\" content=\"Belegt\" \/><meta itemprop=\"address\" content=\"Belegt\" \/><\/span><\/span><\/h4>\n<hr>\n<p><span style=\"color: #000000\"><\/span><\/p>\n<p>&nbsp;<\/p><\/div>\n\t<\/li>\n<\/ul>\n\n<\/dd>\n\t<dt class=\"simcal-day-label\" style=\"border-bottom: 1px solid #bf3124;\" ><span style=\"background-color: #bf3124; color: #ffffff;\"><span class=\"simcal-date-format\" data-date-format=\"d.m.Y\">28.06.2026<\/span> <\/span><\/dt>\n<dd class=\"simcal-weekday-0 simcal-past simcal-day simcal-day-has-events simcal-day-has-1-events simcal-events-calendar-700\" data-events-count=\"1\">\n\t<ul class=\"simcal-events\">\n\t<li class=\"simcal-event simcal-events-calendar-700\" style=\"\" itemscope itemtype=\"http:\/\/schema.org\/Event\" data-start=\"1782597659\">\n\t\t<div class=\"simcal-event-details\"><h3><span style=\"color: #000000\"><strong><span class=\"simcal-event-title\" itemprop=\"name\">Belegt<\/span><\/strong><\/span><\/h3>\n<h4><span style=\"color: #000000\"><span class=\"simcal-event-start simcal-event-start-date\" data-event-start=\"1782597659\" data-event-format=\"d.m.Y\" itemprop=\"startDate\" content=\"2026-06-28T00:00:59+02:00\">28.06.2026<\/span><\/span><br \/>\n<span style=\"color: #000000\"> <span class=\"simcal-event-address simcal-event-start-location\" itemprop=\"location\" itemscope itemtype=\"http:\/\/schema.org\/Place\"><meta itemprop=\"name\" content=\"Belegt\" \/><meta itemprop=\"address\" content=\"Belegt\" \/><\/span><\/span><\/h4>\n<hr>\n<p><span style=\"color: #000000\"><\/span><\/p>\n<p>&nbsp;<\/p><\/div>\n\t<\/li>\n<\/ul>\n\n<\/dd>\n\t<dt class=\"simcal-day-label\" style=\"border-bottom: 1px solid #bf3124;\" ><span style=\"background-color: #bf3124; color: #ffffff;\"><span class=\"simcal-date-format\" data-date-format=\"d.m.Y\">29.06.2026<\/span> <\/span><\/dt>\n<dd class=\"simcal-weekday-1 simcal-past simcal-day simcal-day-has-events simcal-day-has-1-events simcal-events-calendar-700\" data-events-count=\"1\">\n\t<ul class=\"simcal-events\">\n\t<li class=\"simcal-event simcal-event-recurring simcal-events-calendar-700\" style=\"\" itemscope itemtype=\"http:\/\/schema.org\/Event\" data-start=\"1782750600\">\n\t\t<div class=\"simcal-event-details\"><h3><span style=\"color: #000000\"><strong><span class=\"simcal-event-title\" itemprop=\"name\">Neustadt Chor - Chorprobe<\/span><\/strong><\/span><\/h3>\n<h4><span style=\"color: #000000\"><span class=\"simcal-event-start simcal-event-start-date\" data-event-start=\"1782750600\" data-event-format=\"d.m.Y\" itemprop=\"startDate\" content=\"2026-06-29T18:30:00+02:00\">29.06.2026<\/span>&nbsp;&nbsp;<span class=\"simcal-event-start simcal-event-start-time\" data-event-start=\"1782750600\" data-event-format=\"H:i\" itemprop=\"startDate\" content=\"2026-06-29T18:30:00+02:00\">18:30<\/span> - <span class=\"simcal-event-end simcal-event-end-time\" data-event-end=\"1782759600\" data-event-format=\"H:i\" itemprop=\"endDate\" content=\"2026-06-29T21:00:00+02:00\">21:00<\/span><\/span><br \/>\n<span style=\"color: #000000\"> <span class=\"simcal-event-address simcal-event-start-location\" itemprop=\"location\" itemscope itemtype=\"http:\/\/schema.org\/Place\"><meta itemprop=\"name\" content=\"Neustadt Chor - Chorprobe\" \/><meta itemprop=\"address\" content=\"Neustadt Chor - Chorprobe\" \/><\/span><\/span><\/h4>\n<hr>\n<p><span style=\"color: #000000\"><\/span><\/p>\n<p>&nbsp;<\/p><\/div>\n\t<\/li>\n<\/ul>\n\n<\/dd>\n\t<dt class=\"simcal-day-label\" style=\"border-bottom: 1px solid #bf3124;\" ><span style=\"background-color: #bf3124; color: #ffffff;\"><span class=\"simcal-date-format\" data-date-format=\"d.m.Y\">30.06.2026<\/span> <\/span><\/dt>\n<dd class=\"simcal-weekday-2 simcal-past simcal-day simcal-day-has-events simcal-day-has-1-events simcal-events-calendar-700\" data-events-count=\"1\">\n\t<ul class=\"simcal-events\">\n\t<li class=\"simcal-event simcal-events-calendar-700\" style=\"\" itemscope itemtype=\"http:\/\/schema.org\/Event\" data-start=\"1782770459\">\n\t\t<div class=\"simcal-event-details\"><h3><span style=\"color: #000000\"><strong><span class=\"simcal-event-title\" itemprop=\"name\">Belegt<\/span><\/strong><\/span><\/h3>\n<h4><span style=\"color: #000000\"><span class=\"simcal-event-start simcal-event-start-date\" data-event-start=\"1782770459\" data-event-format=\"d.m.Y\" itemprop=\"startDate\" content=\"2026-06-30T00:00:59+02:00\">30.06.2026<\/span><\/span><br \/>\n<span style=\"color: #000000\"> <span class=\"simcal-event-address simcal-event-start-location\" itemprop=\"location\" itemscope itemtype=\"http:\/\/schema.org\/Place\"><meta itemprop=\"name\" content=\"Belegt\" \/><meta itemprop=\"address\" content=\"Belegt\" \/><\/span><\/span><\/h4>\n<hr>\n<p><span style=\"color: #000000\"><\/span><\/p>\n<p>&nbsp;<\/p><\/div>\n\t<\/li>\n<\/ul>\n\n<\/dd>\n\t<dt class=\"simcal-day-label\" style=\"border-bottom: 1px solid #bf3124;\" ><span style=\"background-color: #bf3124; color: #ffffff;\"><span class=\"simcal-date-format\" data-date-format=\"d.m.Y\">02.07.2026<\/span> <\/span><\/dt>\n<dd class=\"simcal-weekday-4 simcal-past simcal-day simcal-day-has-events simcal-day-has-1-events simcal-events-calendar-700\" data-events-count=\"1\">\n\t<ul class=\"simcal-events\">\n\t<li class=\"simcal-event simcal-event-recurring simcal-events-calendar-700\" style=\"\" itemscope itemtype=\"http:\/\/schema.org\/Event\" data-start=\"1782997200\">\n\t\t<div class=\"simcal-event-details\"><h3><span style=\"color: #000000\"><strong><span class=\"simcal-event-title\" itemprop=\"name\">Kaffee, Kuchen &amp; Kl\u00f6nschnack<\/span><\/strong><\/span><\/h3>\n<h4><span style=\"color: #000000\"><span class=\"simcal-event-start simcal-event-start-date\" data-event-start=\"1782997200\" data-event-format=\"d.m.Y\" itemprop=\"startDate\" content=\"2026-07-02T15:00:00+02:00\">02.07.2026<\/span>&nbsp;&nbsp;<span class=\"simcal-event-start simcal-event-start-time\" data-event-start=\"1782997200\" data-event-format=\"H:i\" itemprop=\"startDate\" content=\"2026-07-02T15:00:00+02:00\">15:00<\/span> - <span class=\"simcal-event-end simcal-event-end-time\" data-event-end=\"1783004400\" data-event-format=\"H:i\" itemprop=\"endDate\" content=\"2026-07-02T17:00:00+02:00\">17:00<\/span><\/span><br \/>\n<span style=\"color: #000000\"> <span class=\"simcal-event-address simcal-event-start-location\" itemprop=\"location\" itemscope itemtype=\"http:\/\/schema.org\/Place\"><meta itemprop=\"name\" content=\"Kaffee, Kuchen &amp; Kl\u00f6nschnack\" \/><meta itemprop=\"address\" content=\"Kaffee, Kuchen &amp; Kl\u00f6nschnack\" \/><\/span><\/span><\/h4>\n<hr>\n<p><span style=\"color: #000000\"><\/span><\/p>\n<p>&nbsp;<\/p><\/div>\n\t<\/li>\n<\/ul>\n\n<\/dd>\n\t<dt class=\"simcal-day-label\" style=\"border-bottom: 1px solid #bf3124;\" ><span style=\"background-color: #bf3124; color: #ffffff;\"><span class=\"simcal-date-format\" data-date-format=\"d.m.Y\">04.07.2026<\/span> <\/span><\/dt>\n<dd class=\"simcal-weekday-6 simcal-past simcal-day simcal-day-has-events simcal-day-has-1-events simcal-events-calendar-700\" data-events-count=\"1\">\n\t<ul class=\"simcal-events\">\n\t<li class=\"simcal-event simcal-events-calendar-700\" style=\"\" itemscope itemtype=\"http:\/\/schema.org\/Event\" data-start=\"1783116059\">\n\t\t<div class=\"simcal-event-details\"><h3><span style=\"color: #000000\"><strong><span class=\"simcal-event-title\" itemprop=\"name\">Belegt<\/span><\/strong><\/span><\/h3>\n<h4><span style=\"color: #000000\"><span class=\"simcal-event-start simcal-event-start-date\" data-event-start=\"1783116059\" data-event-format=\"d.m.Y\" itemprop=\"startDate\" content=\"2026-07-04T00:00:59+02:00\">04.07.2026<\/span><\/span><br \/>\n<span style=\"color: #000000\"> <span class=\"simcal-event-address simcal-event-start-location\" itemprop=\"location\" itemscope itemtype=\"http:\/\/schema.org\/Place\"><meta itemprop=\"name\" content=\"Belegt\" \/><meta itemprop=\"address\" content=\"Belegt\" \/><\/span><\/span><\/h4>\n<hr>\n<p><span style=\"color: #000000\"><\/span><\/p>\n<p>&nbsp;<\/p><\/div>\n\t<\/li>\n<\/ul>\n\n<\/dd>\n\t<dt class=\"simcal-day-label\" style=\"border-bottom: 1px solid #bf3124;\" ><span style=\"background-color: #bf3124; color: #ffffff;\"><span class=\"simcal-date-format\" data-date-format=\"d.m.Y\">06.07.2026<\/span> <\/span><\/dt>\n<dd class=\"simcal-weekday-1 simcal-past simcal-day simcal-day-has-events simcal-day-has-1-events simcal-events-calendar-700\" data-events-count=\"1\">\n\t<ul class=\"simcal-events\">\n\t<li class=\"simcal-event simcal-event-recurring simcal-events-calendar-700\" style=\"\" itemscope itemtype=\"http:\/\/schema.org\/Event\" data-start=\"1783355400\">\n\t\t<div class=\"simcal-event-details\"><h3><span style=\"color: #000000\"><strong><span class=\"simcal-event-title\" itemprop=\"name\">Neustadt Chor - Chorprobe<\/span><\/strong><\/span><\/h3>\n<h4><span style=\"color: #000000\"><span class=\"simcal-event-start simcal-event-start-date\" data-event-start=\"1783355400\" data-event-format=\"d.m.Y\" itemprop=\"startDate\" content=\"2026-07-06T18:30:00+02:00\">06.07.2026<\/span>&nbsp;&nbsp;<span class=\"simcal-event-start simcal-event-start-time\" data-event-start=\"1783355400\" data-event-format=\"H:i\" itemprop=\"startDate\" content=\"2026-07-06T18:30:00+02:00\">18:30<\/span> - <span class=\"simcal-event-end simcal-event-end-time\" data-event-end=\"1783364400\" data-event-format=\"H:i\" itemprop=\"endDate\" content=\"2026-07-06T21:00:00+02:00\">21:00<\/span><\/span><br \/>\n<span style=\"color: #000000\"> <span class=\"simcal-event-address simcal-event-start-location\" itemprop=\"location\" itemscope itemtype=\"http:\/\/schema.org\/Place\"><meta itemprop=\"name\" content=\"Neustadt Chor - Chorprobe\" \/><meta itemprop=\"address\" content=\"Neustadt Chor - Chorprobe\" \/><\/span><\/span><\/h4>\n<hr>\n<p><span style=\"color: #000000\"><\/span><\/p>\n<p>&nbsp;<\/p><\/div>\n\t<\/li>\n<\/ul>\n\n<\/dd>\n\t<dt class=\"simcal-day-label\" style=\"border-bottom: 1px solid #bf3124;\" ><span style=\"background-color: #bf3124; color: #ffffff;\"><span class=\"simcal-date-format\" data-date-format=\"d.m.Y\">10.07.2026<\/span> <\/span><\/dt>\n<dd class=\"simcal-weekday-5 simcal-past simcal-day simcal-day-has-events simcal-day-has-1-events simcal-events-calendar-700\" data-events-count=\"1\">\n\t<ul class=\"simcal-events\">\n\t<li class=\"simcal-event simcal-event-recurring simcal-events-calendar-700\" style=\"\" itemscope itemtype=\"http:\/\/schema.org\/Event\" data-start=\"1783706400\">\n\t\t<div class=\"simcal-event-details\"><h3><span style=\"color: #000000\"><strong><span class=\"simcal-event-title\" itemprop=\"name\">M\u00dcHLENGENUSS - Konzert<\/span><\/strong><\/span><\/h3>\n<h4><span style=\"color: #000000\"><span class=\"simcal-event-start simcal-event-start-date\" data-event-start=\"1783706400\" data-event-format=\"d.m.Y\" itemprop=\"startDate\" content=\"2026-07-10T20:00:00+02:00\">10.07.2026<\/span>&nbsp;&nbsp;<span class=\"simcal-event-start simcal-event-start-time\" data-event-start=\"1783706400\" data-event-format=\"H:i\" itemprop=\"startDate\" content=\"2026-07-10T20:00:00+02:00\">20:00<\/span> - <span class=\"simcal-event-end simcal-event-end-time\" data-event-end=\"1783715400\" data-event-format=\"H:i\" itemprop=\"endDate\" content=\"2026-07-10T22:30:00+02:00\">22:30<\/span><\/span><br \/>\n<span style=\"color: #000000\"> <span class=\"simcal-event-address simcal-event-start-location\" itemprop=\"location\" itemscope itemtype=\"http:\/\/schema.org\/Place\"><meta itemprop=\"name\" content=\"M\u00dcHLENGENUSS - Konzert\" \/><meta itemprop=\"address\" content=\"M\u00dcHLENGENUSS - Konzert\" \/><\/span><\/span><\/h4>\n<hr>\n<p><span style=\"color: #000000\"><\/span><\/p>\n<p>&nbsp;<\/p><\/div>\n\t<\/li>\n<\/ul>\n\n<\/dd>\n\t<dt class=\"simcal-day-label\" style=\"border-bottom: 1px solid #bf3124;\" ><span style=\"background-color: #bf3124; color: #ffffff;\"><span class=\"simcal-date-format\" data-date-format=\"d.m.Y\">13.07.2026<\/span> <\/span><\/dt>\n<dd class=\"simcal-weekday-1 simcal-past simcal-day simcal-day-has-events simcal-day-has-1-events simcal-events-calendar-700\" data-events-count=\"1\">\n\t<ul class=\"simcal-events\">\n\t<li class=\"simcal-event simcal-event-recurring simcal-events-calendar-700\" style=\"\" itemscope itemtype=\"http:\/\/schema.org\/Event\" data-start=\"1783960200\">\n\t\t<div class=\"simcal-event-details\"><h3><span style=\"color: #000000\"><strong><span class=\"simcal-event-title\" itemprop=\"name\">Neustadt Chor - Chorprobe<\/span><\/strong><\/span><\/h3>\n<h4><span style=\"color: #000000\"><span class=\"simcal-event-start simcal-event-start-date\" data-event-start=\"1783960200\" data-event-format=\"d.m.Y\" itemprop=\"startDate\" content=\"2026-07-13T18:30:00+02:00\">13.07.2026<\/span>&nbsp;&nbsp;<span class=\"simcal-event-start simcal-event-start-time\" data-event-start=\"1783960200\" data-event-format=\"H:i\" itemprop=\"startDate\" content=\"2026-07-13T18:30:00+02:00\">18:30<\/span> - <span class=\"simcal-event-end simcal-event-end-time\" data-event-end=\"1783969200\" data-event-format=\"H:i\" itemprop=\"endDate\" content=\"2026-07-13T21:00:00+02:00\">21:00<\/span><\/span><br \/>\n<span style=\"color: #000000\"> <span class=\"simcal-event-address simcal-event-start-location\" itemprop=\"location\" itemscope itemtype=\"http:\/\/schema.org\/Place\"><meta itemprop=\"name\" content=\"Neustadt Chor - Chorprobe\" \/><meta itemprop=\"address\" content=\"Neustadt Chor - Chorprobe\" \/><\/span><\/span><\/h4>\n<hr>\n<p><span style=\"color: #000000\"><\/span><\/p>\n<p>&nbsp;<\/p><\/div>\n\t<\/li>\n<\/ul>\n\n<\/dd>\n\t<dt class=\"simcal-day-label\" style=\"border-bottom: 1px solid #bf3124;\" ><span style=\"background-color: #bf3124; color: #ffffff;\"><span class=\"simcal-date-format\" data-date-format=\"d.m.Y\">16.07.2026<\/span> <\/span><\/dt>\n<dd class=\"simcal-weekday-4 simcal-past simcal-day simcal-day-has-events simcal-day-has-1-events simcal-events-calendar-700\" data-events-count=\"1\">\n\t<ul class=\"simcal-events\">\n\t<li class=\"simcal-event simcal-event-recurring simcal-events-calendar-700\" style=\"\" itemscope itemtype=\"http:\/\/schema.org\/Event\" data-start=\"1784206800\">\n\t\t<div class=\"simcal-event-details\"><h3><span style=\"color: #000000\"><strong><span class=\"simcal-event-title\" itemprop=\"name\">Kaffee, Kuchen &amp; Kl\u00f6nschnack<\/span><\/strong><\/span><\/h3>\n<h4><span style=\"color: #000000\"><span class=\"simcal-event-start simcal-event-start-date\" data-event-start=\"1784206800\" data-event-format=\"d.m.Y\" itemprop=\"startDate\" content=\"2026-07-16T15:00:00+02:00\">16.07.2026<\/span>&nbsp;&nbsp;<span class=\"simcal-event-start simcal-event-start-time\" data-event-start=\"1784206800\" data-event-format=\"H:i\" itemprop=\"startDate\" content=\"2026-07-16T15:00:00+02:00\">15:00<\/span> - <span class=\"simcal-event-end simcal-event-end-time\" data-event-end=\"1784214000\" data-event-format=\"H:i\" itemprop=\"endDate\" content=\"2026-07-16T17:00:00+02:00\">17:00<\/span><\/span><br \/>\n<span style=\"color: #000000\"> <span class=\"simcal-event-address simcal-event-start-location\" itemprop=\"location\" itemscope itemtype=\"http:\/\/schema.org\/Place\"><meta itemprop=\"name\" content=\"Kaffee, Kuchen &amp; Kl\u00f6nschnack\" \/><meta itemprop=\"address\" content=\"Kaffee, Kuchen &amp; Kl\u00f6nschnack\" \/><\/span><\/span><\/h4>\n<hr>\n<p><span style=\"color: #000000\"><\/span><\/p>\n<p>&nbsp;<\/p><\/div>\n\t<\/li>\n<\/ul>\n\n<\/dd>\n\t<dt class=\"simcal-day-label\" style=\"border-bottom: 1px solid #bf3124;\" ><span style=\"background-color: #bf3124; color: #ffffff;\"><span class=\"simcal-date-format\" data-date-format=\"d.m.Y\">17.07.2026<\/span> <\/span><\/dt>\n<dd class=\"simcal-weekday-5 simcal-past simcal-day simcal-day-has-events simcal-day-has-1-events simcal-events-calendar-700\" data-events-count=\"1\">\n\t<ul class=\"simcal-events\">\n\t<li class=\"simcal-event simcal-events-calendar-700\" style=\"\" itemscope itemtype=\"http:\/\/schema.org\/Event\" data-start=\"1784239259\">\n\t\t<div class=\"simcal-event-details\"><h3><span style=\"color: #000000\"><strong><span class=\"simcal-event-title\" itemprop=\"name\">Belegt<\/span><\/strong><\/span><\/h3>\n<h4><span style=\"color: #000000\"><span class=\"simcal-event-start simcal-event-start-date\" data-event-start=\"1784239259\" data-event-format=\"d.m.Y\" itemprop=\"startDate\" content=\"2026-07-17T00:00:59+02:00\">17.07.2026<\/span><\/span><br \/>\n<span style=\"color: #000000\"> <span class=\"simcal-event-address simcal-event-start-location\" itemprop=\"location\" itemscope itemtype=\"http:\/\/schema.org\/Place\"><meta itemprop=\"name\" content=\"Belegt\" \/><meta itemprop=\"address\" content=\"Belegt\" \/><\/span><\/span><\/h4>\n<hr>\n<p><span style=\"color: #000000\"><\/span><\/p>\n<p>&nbsp;<\/p><\/div>\n\t<\/li>\n<\/ul>\n\n<\/dd>\n\t<dt class=\"simcal-day-label\" style=\"border-bottom: 1px solid #bf3124;\" ><span style=\"background-color: #bf3124; color: #ffffff;\"><span class=\"simcal-date-format\" data-date-format=\"d.m.Y\">19.07.2026<\/span> <\/span><\/dt>\n<dd class=\"simcal-weekday-0 simcal-past simcal-day simcal-day-has-events simcal-day-has-1-events simcal-events-calendar-700\" data-events-count=\"1\">\n\t<ul class=\"simcal-events\">\n\t<li class=\"simcal-event simcal-events-calendar-700\" style=\"\" itemscope itemtype=\"http:\/\/schema.org\/Event\" data-start=\"1784412059\">\n\t\t<div class=\"simcal-event-details\"><h3><span style=\"color: #000000\"><strong><span class=\"simcal-event-title\" itemprop=\"name\">Belegt<\/span><\/strong><\/span><\/h3>\n<h4><span style=\"color: #000000\"><span class=\"simcal-event-start simcal-event-start-date\" data-event-start=\"1784412059\" data-event-format=\"d.m.Y\" itemprop=\"startDate\" content=\"2026-07-19T00:00:59+02:00\">19.07.2026<\/span><\/span><br \/>\n<span style=\"color: #000000\"> <span class=\"simcal-event-address simcal-event-start-location\" itemprop=\"location\" itemscope itemtype=\"http:\/\/schema.org\/Place\"><meta itemprop=\"name\" content=\"Belegt\" \/><meta itemprop=\"address\" content=\"Belegt\" \/><\/span><\/span><\/h4>\n<hr>\n<p><span style=\"color: #000000\"><\/span><\/p>\n<p>&nbsp;<\/p><\/div>\n\t<\/li>\n<\/ul>\n\n<\/dd>\n\t<dt class=\"simcal-day-label\" style=\"border-bottom: 1px solid #bf3124;\" ><span style=\"background-color: #bf3124; color: #ffffff;\"><span class=\"simcal-date-format\" data-date-format=\"d.m.Y\">20.07.2026<\/span> <\/span><\/dt>\n<dd class=\"simcal-weekday-1 simcal-past simcal-day simcal-day-has-events simcal-day-has-1-events simcal-events-calendar-700\" data-events-count=\"1\">\n\t<ul class=\"simcal-events\">\n\t<li class=\"simcal-event simcal-event-recurring simcal-events-calendar-700\" style=\"\" itemscope itemtype=\"http:\/\/schema.org\/Event\" data-start=\"1784565000\">\n\t\t<div class=\"simcal-event-details\"><h3><span style=\"color: #000000\"><strong><span class=\"simcal-event-title\" itemprop=\"name\">Neustadt Chor - Chorprobe<\/span><\/strong><\/span><\/h3>\n<h4><span style=\"color: #000000\"><span class=\"simcal-event-start simcal-event-start-date\" data-event-start=\"1784565000\" data-event-format=\"d.m.Y\" itemprop=\"startDate\" content=\"2026-07-20T18:30:00+02:00\">20.07.2026<\/span>&nbsp;&nbsp;<span class=\"simcal-event-start simcal-event-start-time\" data-event-start=\"1784565000\" data-event-format=\"H:i\" itemprop=\"startDate\" content=\"2026-07-20T18:30:00+02:00\">18:30<\/span> - <span class=\"simcal-event-end simcal-event-end-time\" data-event-end=\"1784574000\" data-event-format=\"H:i\" itemprop=\"endDate\" content=\"2026-07-20T21:00:00+02:00\">21:00<\/span><\/span><br \/>\n<span style=\"color: #000000\"> <span class=\"simcal-event-address simcal-event-start-location\" itemprop=\"location\" itemscope itemtype=\"http:\/\/schema.org\/Place\"><meta itemprop=\"name\" content=\"Neustadt Chor - Chorprobe\" \/><meta itemprop=\"address\" content=\"Neustadt Chor - Chorprobe\" \/><\/span><\/span><\/h4>\n<hr>\n<p><span style=\"color: #000000\"><\/span><\/p>\n<p>&nbsp;<\/p><\/div>\n\t<\/li>\n<\/ul>\n\n<\/dd>\n\t<dt class=\"simcal-day-label\" style=\"border-bottom: 1px solid #bf3124;\" ><span style=\"background-color: #bf3124; color: #ffffff;\"><span class=\"simcal-date-format\" data-date-format=\"d.m.Y\">27.07.2026<\/span> <\/span><\/dt>\n<dd class=\"simcal-weekday-1 simcal-past simcal-day simcal-day-has-events simcal-day-has-1-events simcal-events-calendar-700\" data-events-count=\"1\">\n\t<ul class=\"simcal-events\">\n\t<li class=\"simcal-event simcal-event-recurring simcal-events-calendar-700\" style=\"\" itemscope itemtype=\"http:\/\/schema.org\/Event\" data-start=\"1785169800\">\n\t\t<div class=\"simcal-event-details\"><h3><span style=\"color: #000000\"><strong><span class=\"simcal-event-title\" itemprop=\"name\">Neustadt Chor - Chorprobe<\/span><\/strong><\/span><\/h3>\n<h4><span style=\"color: #000000\"><span class=\"simcal-event-start simcal-event-start-date\" data-event-start=\"1785169800\" data-event-format=\"d.m.Y\" itemprop=\"startDate\" content=\"2026-07-27T18:30:00+02:00\">27.07.2026<\/span>&nbsp;&nbsp;<span class=\"simcal-event-start simcal-event-start-time\" data-event-start=\"1785169800\" data-event-format=\"H:i\" itemprop=\"startDate\" content=\"2026-07-27T18:30:00+02:00\">18:30<\/span> - <span class=\"simcal-event-end simcal-event-end-time\" data-event-end=\"1785178800\" data-event-format=\"H:i\" itemprop=\"endDate\" content=\"2026-07-27T21:00:00+02:00\">21:00<\/span><\/span><br \/>\n<span style=\"color: #000000\"> <span class=\"simcal-event-address simcal-event-start-location\" itemprop=\"location\" itemscope itemtype=\"http:\/\/schema.org\/Place\"><meta itemprop=\"name\" content=\"Neustadt Chor - Chorprobe\" \/><meta itemprop=\"address\" content=\"Neustadt Chor - Chorprobe\" \/><\/span><\/span><\/h4>\n<hr>\n<p><span style=\"color: #000000\"><\/span><\/p>\n<p>&nbsp;<\/p><\/div>\n\t<\/li>\n<\/ul>\n\n<\/dd>\n\t<dt class=\"simcal-day-label\" style=\"border-bottom: 1px solid #bf3124;\" ><span style=\"background-color: #bf3124; color: #ffffff;\"><span class=\"simcal-date-format\" data-date-format=\"d.m.Y\">29.07.2026<\/span> <\/span><\/dt>\n<dd class=\"simcal-weekday-3 simcal-past simcal-day simcal-day-has-events simcal-day-has-1-events simcal-events-calendar-700\" data-events-count=\"1\">\n\t<ul class=\"simcal-events\">\n\t<li class=\"simcal-event simcal-event-recurring simcal-events-calendar-700\" style=\"\" itemscope itemtype=\"http:\/\/schema.org\/Event\" data-start=\"1785346200\">\n\t\t<div class=\"simcal-event-details\"><h3><span style=\"color: #000000\"><strong><span class=\"simcal-event-title\" itemprop=\"name\">Jazz in der M\u00fchle<\/span><\/strong><\/span><\/h3>\n<h4><span style=\"color: #000000\"><span class=\"simcal-event-start simcal-event-start-date\" data-event-start=\"1785346200\" data-event-format=\"d.m.Y\" itemprop=\"startDate\" content=\"2026-07-29T19:30:00+02:00\">29.07.2026<\/span>&nbsp;&nbsp;<span class=\"simcal-event-start simcal-event-start-time\" data-event-start=\"1785346200\" data-event-format=\"H:i\" itemprop=\"startDate\" content=\"2026-07-29T19:30:00+02:00\">19:30<\/span> - <span class=\"simcal-event-end simcal-event-end-time\" data-event-end=\"1785357000\" data-event-format=\"H:i\" itemprop=\"endDate\" content=\"2026-07-29T22:30:00+02:00\">22:30<\/span><\/span><br \/>\n<span style=\"color: #000000\"> <span class=\"simcal-event-address simcal-event-start-location\" itemprop=\"location\" itemscope itemtype=\"http:\/\/schema.org\/Place\"><meta itemprop=\"name\" content=\"Jazz in der M\u00fchle\" \/><meta itemprop=\"address\" content=\"Jazz in der M\u00fchle\" \/><\/span><\/span><\/h4>\n<hr>\n<p><span style=\"color: #000000\"><div class=\"simcal-event-description\" itemprop=\"description\"><p>Die M\u00f6glichkeit f\u00fcr alle Jazzer der Region zusammen zu jammen! Weder das Alter noch das Instrument spielen eine Rolle, auch nicht in welchem Jazz-Stil man sich zu Hause f\u00fchlt. Der Kontrabassist Kai Stemmler l\u00e4dt einen lokalen oder \u00fcberregional bekannten Solisten f\u00fcr das Opener-Set ein und stellt dazu eine Rhythmusgruppe zusammen. Danach k\u00f6nnen alle, die mindestens drei St\u00fccke vorstellen k\u00f6nnen, einsteigen oder selbst Sets anf\u00fchren. Am Ende gibt\u2019s als H\u00f6hepunkt einige Songs mit der Grundband und m\u00f6glichst vielen Musikern gemeinsam!<\/p>\n<p>Hinweis: Der Eintritt ist frei, der Hut geht rum.\u00a0<\/p>\n<p>Vorverkauf oder eine Platzreservierung ist nicht m\u00f6glich.<\/p>\n<p>Weitere Termine (jeweils letzter Mittwoch im Monat): 26. August 2026 \/ 30. September 2026 \/ 28. Oktober 2026 \/ 25. November 2026 \/ 30. Dezember 2026\u00a0<\/p>\n<p>Veranstalter: Verein zur Erhaltung der Bergm\u00fchle e.V. in Kooperation mit dem Verein Creakult e. V.<\/p>\n<\/div><\/span><\/p>\n<p>&nbsp;<\/p><\/div>\n\t<\/li>\n<\/ul>\n\n<\/dd>\n\t<dt class=\"simcal-day-label\" style=\"border-bottom: 1px solid #bf3124;\" ><span style=\"background-color: #bf3124; color: #ffffff;\"><span class=\"simcal-date-format\" data-date-format=\"d.m.Y\">31.07.2026<\/span> <\/span><\/dt>\n<dd class=\"simcal-weekday-5 simcal-past simcal-day simcal-day-has-events simcal-day-has-1-events simcal-events-calendar-700\" data-events-count=\"1\">\n\t<ul class=\"simcal-events\">\n\t<li class=\"simcal-event simcal-events-calendar-700\" style=\"\" itemscope itemtype=\"http:\/\/schema.org\/Event\" data-start=\"1785448859\">\n\t\t<div class=\"simcal-event-details\"><h3><span style=\"color: #000000\"><strong><span class=\"simcal-event-title\" itemprop=\"name\">Belegt<\/span><\/strong><\/span><\/h3>\n<h4><span style=\"color: #000000\"><span class=\"simcal-event-start simcal-event-start-date\" data-event-start=\"1785448859\" data-event-format=\"d.m.Y\" itemprop=\"startDate\" content=\"2026-07-31T00:00:59+02:00\">31.07.2026<\/span><\/span><br \/>\n<span style=\"color: #000000\"> <span class=\"simcal-event-address simcal-event-start-location\" itemprop=\"location\" itemscope itemtype=\"http:\/\/schema.org\/Place\"><meta itemprop=\"name\" content=\"Belegt\" \/><meta itemprop=\"address\" content=\"Belegt\" \/><\/span><\/span><\/h4>\n<hr>\n<p><span style=\"color: #000000\"><\/span><\/p>\n<p>&nbsp;<\/p><\/div>\n\t<\/li>\n<\/ul>\n\n<\/dd>\n\t<dt class=\"simcal-day-label\" style=\"border-bottom: 1px solid #bf3124;\" ><span style=\"background-color: #bf3124; color: #ffffff;\"><span class=\"simcal-date-format\" data-date-format=\"d.m.Y\">01.08.2026<\/span> <\/span><\/dt>\n<dd class=\"simcal-weekday-6 simcal-past simcal-day simcal-day-has-events simcal-day-has-1-events simcal-events-calendar-700\" data-events-count=\"1\">\n\t<ul class=\"simcal-events\">\n\t<li class=\"simcal-event simcal-events-calendar-700\" style=\"\" itemscope itemtype=\"http:\/\/schema.org\/Event\" data-start=\"1785535259\">\n\t\t<div class=\"simcal-event-details\"><h3><span style=\"color: #000000\"><strong><span class=\"simcal-event-title\" itemprop=\"name\">Belegt<\/span><\/strong><\/span><\/h3>\n<h4><span style=\"color: #000000\"><span class=\"simcal-event-start simcal-event-start-date\" data-event-start=\"1785535259\" data-event-format=\"d.m.Y\" itemprop=\"startDate\" content=\"2026-08-01T00:00:59+02:00\">01.08.2026<\/span><\/span><br \/>\n<span style=\"color: #000000\"> <span class=\"simcal-event-address simcal-event-start-location\" itemprop=\"location\" itemscope itemtype=\"http:\/\/schema.org\/Place\"><meta itemprop=\"name\" content=\"Belegt\" \/><meta itemprop=\"address\" content=\"Belegt\" \/><\/span><\/span><\/h4>\n<hr>\n<p><span style=\"color: #000000\"><\/span><\/p>\n<p>&nbsp;<\/p><\/div>\n\t<\/li>\n<\/ul>\n\n<\/dd>\n\t<dt class=\"simcal-day-label\" style=\"border-bottom: 1px solid #bf3124;\" ><span style=\"background-color: #bf3124; color: #ffffff;\"><span class=\"simcal-date-format\" data-date-format=\"d.m.Y\">03.08.2026<\/span> <\/span><\/dt>\n<dd class=\"simcal-weekday-1 simcal-past simcal-day simcal-day-has-events simcal-day-has-1-events simcal-events-calendar-700\" data-events-count=\"1\">\n\t<ul class=\"simcal-events\">\n\t<li class=\"simcal-event simcal-event-recurring simcal-events-calendar-700\" style=\"\" itemscope itemtype=\"http:\/\/schema.org\/Event\" data-start=\"1785774600\">\n\t\t<div class=\"simcal-event-details\"><h3><span style=\"color: #000000\"><strong><span class=\"simcal-event-title\" itemprop=\"name\">Neustadt Chor - Chorprobe<\/span><\/strong><\/span><\/h3>\n<h4><span style=\"color: #000000\"><span class=\"simcal-event-start simcal-event-start-date\" data-event-start=\"1785774600\" data-event-format=\"d.m.Y\" itemprop=\"startDate\" content=\"2026-08-03T18:30:00+02:00\">03.08.2026<\/span>&nbsp;&nbsp;<span class=\"simcal-event-start simcal-event-start-time\" data-event-start=\"1785774600\" data-event-format=\"H:i\" itemprop=\"startDate\" content=\"2026-08-03T18:30:00+02:00\">18:30<\/span> - <span class=\"simcal-event-end simcal-event-end-time\" data-event-end=\"1785783600\" data-event-format=\"H:i\" itemprop=\"endDate\" content=\"2026-08-03T21:00:00+02:00\">21:00<\/span><\/span><br \/>\n<span style=\"color: #000000\"> <span class=\"simcal-event-address simcal-event-start-location\" itemprop=\"location\" itemscope itemtype=\"http:\/\/schema.org\/Place\"><meta itemprop=\"name\" content=\"Neustadt Chor - Chorprobe\" \/><meta itemprop=\"address\" content=\"Neustadt Chor - Chorprobe\" \/><\/span><\/span><\/h4>\n<hr>\n<p><span style=\"color: #000000\"><\/span><\/p>\n<p>&nbsp;<\/p><\/div>\n\t<\/li>\n<\/ul>\n\n<\/dd>\n\t<dt class=\"simcal-day-label\" style=\"border-bottom: 1px solid #bf3124;\" ><span style=\"background-color: #bf3124; color: #ffffff;\"><span class=\"simcal-date-format\" data-date-format=\"d.m.Y\">06.08.2026<\/span> <\/span><\/dt>\n<dd class=\"simcal-weekday-4 simcal-past simcal-day simcal-day-has-events simcal-day-has-1-events simcal-events-calendar-700\" data-events-count=\"1\">\n\t<ul class=\"simcal-events\">\n\t<li class=\"simcal-event simcal-event-recurring simcal-events-calendar-700\" style=\"\" itemscope itemtype=\"http:\/\/schema.org\/Event\" data-start=\"1786021200\">\n\t\t<div class=\"simcal-event-details\"><h3><span style=\"color: #000000\"><strong><span class=\"simcal-event-title\" itemprop=\"name\">Kaffee, Kuchen &amp; Kl\u00f6nschnack<\/span><\/strong><\/span><\/h3>\n<h4><span style=\"color: #000000\"><span class=\"simcal-event-start simcal-event-start-date\" data-event-start=\"1786021200\" data-event-format=\"d.m.Y\" itemprop=\"startDate\" content=\"2026-08-06T15:00:00+02:00\">06.08.2026<\/span>&nbsp;&nbsp;<span class=\"simcal-event-start simcal-event-start-time\" data-event-start=\"1786021200\" data-event-format=\"H:i\" itemprop=\"startDate\" content=\"2026-08-06T15:00:00+02:00\">15:00<\/span> - <span class=\"simcal-event-end simcal-event-end-time\" data-event-end=\"1786028400\" data-event-format=\"H:i\" itemprop=\"endDate\" content=\"2026-08-06T17:00:00+02:00\">17:00<\/span><\/span><br \/>\n<span style=\"color: #000000\"> <span class=\"simcal-event-address simcal-event-start-location\" itemprop=\"location\" itemscope itemtype=\"http:\/\/schema.org\/Place\"><meta itemprop=\"name\" content=\"Kaffee, Kuchen &amp; Kl\u00f6nschnack\" \/><meta itemprop=\"address\" content=\"Kaffee, Kuchen &amp; Kl\u00f6nschnack\" \/><\/span><\/span><\/h4>\n<hr>\n<p><span style=\"color: #000000\"><\/span><\/p>\n<p>&nbsp;<\/p><\/div>\n\t<\/li>\n<\/ul>\n\n<\/dd>\n\t<dt class=\"simcal-day-label\" style=\"border-bottom: 1px solid #bf3124;\" ><span style=\"background-color: #bf3124; color: #ffffff;\"><span class=\"simcal-date-format\" data-date-format=\"d.m.Y\">07.08.2026<\/span> <\/span><\/dt>\n<dd class=\"simcal-weekday-5 simcal-past simcal-day simcal-day-has-events simcal-day-has-1-events simcal-events-calendar-700\" data-events-count=\"1\">\n\t<ul class=\"simcal-events\">\n\t<li class=\"simcal-event simcal-event-recurring simcal-events-calendar-700\" style=\"\" itemscope itemtype=\"http:\/\/schema.org\/Event\" data-start=\"1786125600\">\n\t\t<div class=\"simcal-event-details\"><h3><span style=\"color: #000000\"><strong><span class=\"simcal-event-title\" itemprop=\"name\">M\u00dcHLENGENUSS - Konzert<\/span><\/strong><\/span><\/h3>\n<h4><span style=\"color: #000000\"><span class=\"simcal-event-start simcal-event-start-date\" data-event-start=\"1786125600\" data-event-format=\"d.m.Y\" itemprop=\"startDate\" content=\"2026-08-07T20:00:00+02:00\">07.08.2026<\/span>&nbsp;&nbsp;<span class=\"simcal-event-start simcal-event-start-time\" data-event-start=\"1786125600\" data-event-format=\"H:i\" itemprop=\"startDate\" content=\"2026-08-07T20:00:00+02:00\">20:00<\/span> - <span class=\"simcal-event-end simcal-event-end-time\" data-event-end=\"1786134600\" data-event-format=\"H:i\" itemprop=\"endDate\" content=\"2026-08-07T22:30:00+02:00\">22:30<\/span><\/span><br \/>\n<span style=\"color: #000000\"> <span class=\"simcal-event-address simcal-event-start-location\" itemprop=\"location\" itemscope itemtype=\"http:\/\/schema.org\/Place\"><meta itemprop=\"name\" content=\"M\u00dcHLENGENUSS - Konzert\" \/><meta itemprop=\"address\" content=\"M\u00dcHLENGENUSS - Konzert\" \/><\/span><\/span><\/h4>\n<hr>\n<p><span style=\"color: #000000\"><\/span><\/p>\n<p>&nbsp;<\/p><\/div>\n\t<\/li>\n<\/ul>\n\n<\/dd>\n\t<dt class=\"simcal-day-label\" style=\"border-bottom: 1px solid #bf3124;\" ><span style=\"background-color: #bf3124; color: #ffffff;\"><span class=\"simcal-date-format\" data-date-format=\"d.m.Y\">10.08.2026<\/span> <\/span><\/dt>\n<dd class=\"simcal-weekday-1 simcal-past simcal-day simcal-day-has-events simcal-day-has-1-events simcal-events-calendar-700\" data-events-count=\"1\">\n\t<ul class=\"simcal-events\">\n\t<li class=\"simcal-event simcal-event-recurring simcal-events-calendar-700\" style=\"\" itemscope itemtype=\"http:\/\/schema.org\/Event\" data-start=\"1786379400\">\n\t\t<div class=\"simcal-event-details\"><h3><span style=\"color: #000000\"><strong><span class=\"simcal-event-title\" itemprop=\"name\">Neustadt Chor - Chorprobe<\/span><\/strong><\/span><\/h3>\n<h4><span style=\"color: #000000\"><span class=\"simcal-event-start simcal-event-start-date\" data-event-start=\"1786379400\" data-event-format=\"d.m.Y\" itemprop=\"startDate\" content=\"2026-08-10T18:30:00+02:00\">10.08.2026<\/span>&nbsp;&nbsp;<span class=\"simcal-event-start simcal-event-start-time\" data-event-start=\"1786379400\" data-event-format=\"H:i\" itemprop=\"startDate\" content=\"2026-08-10T18:30:00+02:00\">18:30<\/span> - <span class=\"simcal-event-end simcal-event-end-time\" data-event-end=\"1786388400\" data-event-format=\"H:i\" itemprop=\"endDate\" content=\"2026-08-10T21:00:00+02:00\">21:00<\/span><\/span><br \/>\n<span style=\"color: #000000\"> <span class=\"simcal-event-address simcal-event-start-location\" itemprop=\"location\" itemscope itemtype=\"http:\/\/schema.org\/Place\"><meta itemprop=\"name\" content=\"Neustadt Chor - Chorprobe\" \/><meta itemprop=\"address\" content=\"Neustadt Chor - Chorprobe\" \/><\/span><\/span><\/h4>\n<hr>\n<p><span style=\"color: #000000\"><\/span><\/p>\n<p>&nbsp;<\/p><\/div>\n\t<\/li>\n<\/ul>\n\n<\/dd>\n\t<dt class=\"simcal-day-label\" style=\"border-bottom: 1px solid #bf3124;\" ><span style=\"background-color: #bf3124; color: #ffffff;\"><span class=\"simcal-date-format\" data-date-format=\"d.m.Y\">17.08.2026<\/span> <\/span><\/dt>\n<dd class=\"simcal-weekday-1 simcal-past simcal-day simcal-day-has-events simcal-day-has-1-events simcal-events-calendar-700\" data-events-count=\"1\">\n\t<ul class=\"simcal-events\">\n\t<li class=\"simcal-event simcal-event-recurring simcal-events-calendar-700\" style=\"\" itemscope itemtype=\"http:\/\/schema.org\/Event\" data-start=\"1786984200\">\n\t\t<div class=\"simcal-event-details\"><h3><span style=\"color: #000000\"><strong><span class=\"simcal-event-title\" itemprop=\"name\">Neustadt Chor - Chorprobe<\/span><\/strong><\/span><\/h3>\n<h4><span style=\"color: #000000\"><span class=\"simcal-event-start simcal-event-start-date\" data-event-start=\"1786984200\" data-event-format=\"d.m.Y\" itemprop=\"startDate\" content=\"2026-08-17T18:30:00+02:00\">17.08.2026<\/span>&nbsp;&nbsp;<span class=\"simcal-event-start simcal-event-start-time\" data-event-start=\"1786984200\" data-event-format=\"H:i\" itemprop=\"startDate\" content=\"2026-08-17T18:30:00+02:00\">18:30<\/span> - <span class=\"simcal-event-end simcal-event-end-time\" data-event-end=\"1786993200\" data-event-format=\"H:i\" itemprop=\"endDate\" content=\"2026-08-17T21:00:00+02:00\">21:00<\/span><\/span><br \/>\n<span style=\"color: #000000\"> <span class=\"simcal-event-address simcal-event-start-location\" itemprop=\"location\" itemscope itemtype=\"http:\/\/schema.org\/Place\"><meta itemprop=\"name\" content=\"Neustadt Chor - Chorprobe\" \/><meta itemprop=\"address\" content=\"Neustadt Chor - Chorprobe\" \/><\/span><\/span><\/h4>\n<hr>\n<p><span style=\"color: #000000\"><\/span><\/p>\n<p>&nbsp;<\/p><\/div>\n\t<\/li>\n<\/ul>\n\n<\/dd>\n\t<dt class=\"simcal-day-label\" style=\"border-bottom: 1px solid #bf3124;\" ><span style=\"background-color: #bf3124; color: #ffffff;\"><span class=\"simcal-date-format\" data-date-format=\"d.m.Y\">20.08.2026<\/span> <\/span><\/dt>\n<dd class=\"simcal-weekday-4 simcal-past simcal-day simcal-day-has-events simcal-day-has-1-events simcal-events-calendar-700\" data-events-count=\"1\">\n\t<ul class=\"simcal-events\">\n\t<li class=\"simcal-event simcal-event-recurring simcal-events-calendar-700\" style=\"\" itemscope itemtype=\"http:\/\/schema.org\/Event\" data-start=\"1787230800\">\n\t\t<div class=\"simcal-event-details\"><h3><span style=\"color: #000000\"><strong><span class=\"simcal-event-title\" itemprop=\"name\">Kaffee, Kuchen &amp; Kl\u00f6nschnack<\/span><\/strong><\/span><\/h3>\n<h4><span style=\"color: #000000\"><span class=\"simcal-event-start simcal-event-start-date\" data-event-start=\"1787230800\" data-event-format=\"d.m.Y\" itemprop=\"startDate\" content=\"2026-08-20T15:00:00+02:00\">20.08.2026<\/span>&nbsp;&nbsp;<span class=\"simcal-event-start simcal-event-start-time\" data-event-start=\"1787230800\" data-event-format=\"H:i\" itemprop=\"startDate\" content=\"2026-08-20T15:00:00+02:00\">15:00<\/span> - <span class=\"simcal-event-end simcal-event-end-time\" data-event-end=\"1787238000\" data-event-format=\"H:i\" itemprop=\"endDate\" content=\"2026-08-20T17:00:00+02:00\">17:00<\/span><\/span><br \/>\n<span style=\"color: #000000\"> <span class=\"simcal-event-address simcal-event-start-location\" itemprop=\"location\" itemscope itemtype=\"http:\/\/schema.org\/Place\"><meta itemprop=\"name\" content=\"Kaffee, Kuchen &amp; Kl\u00f6nschnack\" \/><meta itemprop=\"address\" content=\"Kaffee, Kuchen &amp; Kl\u00f6nschnack\" \/><\/span><\/span><\/h4>\n<hr>\n<p><span style=\"color: #000000\"><\/span><\/p>\n<p>&nbsp;<\/p><\/div>\n\t<\/li>\n<\/ul>\n\n<\/dd>\n\t<dt class=\"simcal-day-label\" style=\"border-bottom: 1px solid #bf3124;\" ><span style=\"background-color: #bf3124; color: #ffffff;\"><span class=\"simcal-date-format\" data-date-format=\"d.m.Y\">22.08.2026<\/span> <\/span><\/dt>\n<dd class=\"simcal-weekday-6 simcal-past simcal-day simcal-day-has-events simcal-day-has-1-events simcal-events-calendar-700\" data-events-count=\"1\">\n\t<ul class=\"simcal-events\">\n\t<li class=\"simcal-event simcal-events-calendar-700\" style=\"\" itemscope itemtype=\"http:\/\/schema.org\/Event\" data-start=\"1787349659\">\n\t\t<div class=\"simcal-event-details\"><h3><span style=\"color: #000000\"><strong><span class=\"simcal-event-title\" itemprop=\"name\">Belegt<\/span><\/strong><\/span><\/h3>\n<h4><span style=\"color: #000000\"><span class=\"simcal-event-start simcal-event-start-date\" data-event-start=\"1787349659\" data-event-format=\"d.m.Y\" itemprop=\"startDate\" content=\"2026-08-22T00:00:59+02:00\">22.08.2026<\/span><\/span><br \/>\n<span style=\"color: #000000\"> <span class=\"simcal-event-address simcal-event-start-location\" itemprop=\"location\" itemscope itemtype=\"http:\/\/schema.org\/Place\"><meta itemprop=\"name\" content=\"Belegt\" \/><meta itemprop=\"address\" content=\"Belegt\" \/><\/span><\/span><\/h4>\n<hr>\n<p><span style=\"color: #000000\"><\/span><\/p>\n<p>&nbsp;<\/p><\/div>\n\t<\/li>\n<\/ul>\n\n<\/dd>\n\t<dt class=\"simcal-day-label\" style=\"border-bottom: 1px solid #bf3124;\" ><span style=\"background-color: #bf3124; color: #ffffff;\"><span class=\"simcal-date-format\" data-date-format=\"d.m.Y\">24.08.2026<\/span> <\/span><\/dt>\n<dd class=\"simcal-weekday-1 simcal-past simcal-day simcal-day-has-events simcal-day-has-1-events simcal-events-calendar-700\" data-events-count=\"1\">\n\t<ul class=\"simcal-events\">\n\t<li class=\"simcal-event simcal-event-recurring simcal-events-calendar-700\" style=\"\" itemscope itemtype=\"http:\/\/schema.org\/Event\" data-start=\"1787589000\">\n\t\t<div class=\"simcal-event-details\"><h3><span style=\"color: #000000\"><strong><span class=\"simcal-event-title\" itemprop=\"name\">Neustadt Chor - Chorprobe<\/span><\/strong><\/span><\/h3>\n<h4><span style=\"color: #000000\"><span class=\"simcal-event-start simcal-event-start-date\" data-event-start=\"1787589000\" data-event-format=\"d.m.Y\" itemprop=\"startDate\" content=\"2026-08-24T18:30:00+02:00\">24.08.2026<\/span>&nbsp;&nbsp;<span class=\"simcal-event-start simcal-event-start-time\" data-event-start=\"1787589000\" data-event-format=\"H:i\" itemprop=\"startDate\" content=\"2026-08-24T18:30:00+02:00\">18:30<\/span> - <span class=\"simcal-event-end simcal-event-end-time\" data-event-end=\"1787598000\" data-event-format=\"H:i\" itemprop=\"endDate\" content=\"2026-08-24T21:00:00+02:00\">21:00<\/span><\/span><br \/>\n<span style=\"color: #000000\"> <span class=\"simcal-event-address simcal-event-start-location\" itemprop=\"location\" itemscope itemtype=\"http:\/\/schema.org\/Place\"><meta itemprop=\"name\" content=\"Neustadt Chor - Chorprobe\" \/><meta itemprop=\"address\" content=\"Neustadt Chor - Chorprobe\" \/><\/span><\/span><\/h4>\n<hr>\n<p><span style=\"color: #000000\"><\/span><\/p>\n<p>&nbsp;<\/p><\/div>\n\t<\/li>\n<\/ul>\n\n<\/dd>\n\t<dt class=\"simcal-day-label\" style=\"border-bottom: 1px solid #bf3124;\" ><span style=\"background-color: #bf3124; color: #ffffff;\"><span class=\"simcal-date-format\" data-date-format=\"d.m.Y\">25.08.2026<\/span> <\/span><\/dt>\n<dd class=\"simcal-weekday-2 simcal-past simcal-day simcal-day-has-events simcal-day-has-1-events simcal-events-calendar-700\" data-events-count=\"1\">\n\t<ul class=\"simcal-events\">\n\t<li class=\"simcal-event simcal-events-calendar-700\" style=\"\" itemscope itemtype=\"http:\/\/schema.org\/Event\" data-start=\"1787608859\">\n\t\t<div class=\"simcal-event-details\"><h3><span style=\"color: #000000\"><strong><span class=\"simcal-event-title\" itemprop=\"name\">Belegt<\/span><\/strong><\/span><\/h3>\n<h4><span style=\"color: #000000\"><span class=\"simcal-event-start simcal-event-start-date\" data-event-start=\"1787608859\" data-event-format=\"d.m.Y\" itemprop=\"startDate\" content=\"2026-08-25T00:00:59+02:00\">25.08.2026<\/span><\/span><br \/>\n<span style=\"color: #000000\"> <span class=\"simcal-event-address simcal-event-start-location\" itemprop=\"location\" itemscope itemtype=\"http:\/\/schema.org\/Place\"><meta itemprop=\"name\" content=\"Belegt\" \/><meta itemprop=\"address\" content=\"Belegt\" \/><\/span><\/span><\/h4>\n<hr>\n<p><span style=\"color: #000000\"><\/span><\/p>\n<p>&nbsp;<\/p><\/div>\n\t<\/li>\n<\/ul>\n\n<\/dd>\n\t<dt class=\"simcal-day-label\" style=\"border-bottom: 1px solid #bf3124;\" ><span style=\"background-color: #bf3124; color: #ffffff;\"><span class=\"simcal-date-format\" data-date-format=\"d.m.Y\">26.08.2026<\/span> <\/span><\/dt>\n<dd class=\"simcal-weekday-3 simcal-past simcal-day simcal-day-has-events simcal-day-has-1-events simcal-events-calendar-700\" data-events-count=\"1\">\n\t<ul class=\"simcal-events\">\n\t<li class=\"simcal-event simcal-event-recurring simcal-events-calendar-700\" style=\"\" itemscope itemtype=\"http:\/\/schema.org\/Event\" data-start=\"1787765400\">\n\t\t<div class=\"simcal-event-details\"><h3><span style=\"color: #000000\"><strong><span class=\"simcal-event-title\" itemprop=\"name\">Jazz in der M\u00fchle<\/span><\/strong><\/span><\/h3>\n<h4><span style=\"color: #000000\"><span class=\"simcal-event-start simcal-event-start-date\" data-event-start=\"1787765400\" data-event-format=\"d.m.Y\" itemprop=\"startDate\" content=\"2026-08-26T19:30:00+02:00\">26.08.2026<\/span>&nbsp;&nbsp;<span class=\"simcal-event-start simcal-event-start-time\" data-event-start=\"1787765400\" data-event-format=\"H:i\" itemprop=\"startDate\" content=\"2026-08-26T19:30:00+02:00\">19:30<\/span> - <span class=\"simcal-event-end simcal-event-end-time\" data-event-end=\"1787776200\" data-event-format=\"H:i\" itemprop=\"endDate\" content=\"2026-08-26T22:30:00+02:00\">22:30<\/span><\/span><br \/>\n<span style=\"color: #000000\"> <span class=\"simcal-event-address simcal-event-start-location\" itemprop=\"location\" itemscope itemtype=\"http:\/\/schema.org\/Place\"><meta itemprop=\"name\" content=\"Jazz in der M\u00fchle\" \/><meta itemprop=\"address\" content=\"Jazz in der M\u00fchle\" \/><\/span><\/span><\/h4>\n<hr>\n<p><span style=\"color: #000000\"><div class=\"simcal-event-description\" itemprop=\"description\"><p>Die M\u00f6glichkeit f\u00fcr alle Jazzer der Region zusammen zu jammen! Weder das Alter noch das Instrument spielen eine Rolle, auch nicht in welchem Jazz-Stil man sich zu Hause f\u00fchlt. Der Kontrabassist Kai Stemmler l\u00e4dt einen lokalen oder \u00fcberregional bekannten Solisten f\u00fcr das Opener-Set ein und stellt dazu eine Rhythmusgruppe zusammen. Danach k\u00f6nnen alle, die mindestens drei St\u00fccke vorstellen k\u00f6nnen, einsteigen oder selbst Sets anf\u00fchren. Am Ende gibt\u2019s als H\u00f6hepunkt einige Songs mit der Grundband und m\u00f6glichst vielen Musikern gemeinsam!<\/p>\n<p>Hinweis: Der Eintritt ist frei, der Hut geht \u2019rum.\u00a0<\/p>\n<p>Vorverkauf oder eine Platzreservierung ist nicht m\u00f6glich.<\/p>\n<p>Weitere Termine (jeweils letzter Mittwoch im Monat): 30. September 2026 \/ 28. Oktober 2026 \/ 25. November 2026 \/ 30. Dezember 2026\u00a0<\/p>\n<p>Veranstalter: Verein zur Erhaltung der Bergm\u00fchle e.V. in Kooperation mit dem Verein Creakult e. V.<\/p>\n<\/div><\/span><\/p>\n<p>&nbsp;<\/p><\/div>\n\t<\/li>\n<\/ul>\n\n<\/dd>\n\t<dt class=\"simcal-day-label\" style=\"border-bottom: 1px solid #bf3124;\" ><span style=\"background-color: #bf3124; color: #ffffff;\"><span class=\"simcal-date-format\" data-date-format=\"d.m.Y\">29.08.2026<\/span> <\/span><\/dt>\n<dd class=\"simcal-weekday-6 simcal-past simcal-day simcal-day-has-events simcal-day-has-1-events simcal-events-calendar-700\" data-events-count=\"1\">\n\t<ul class=\"simcal-events\">\n\t<li class=\"simcal-event simcal-events-calendar-700\" style=\"\" itemscope itemtype=\"http:\/\/schema.org\/Event\" data-start=\"1787954459\">\n\t\t<div class=\"simcal-event-details\"><h3><span style=\"color: #000000\"><strong><span class=\"simcal-event-title\" itemprop=\"name\">Belegt<\/span><\/strong><\/span><\/h3>\n<h4><span style=\"color: #000000\"><span class=\"simcal-event-start simcal-event-start-date\" data-event-start=\"1787954459\" data-event-format=\"d.m.Y\" itemprop=\"startDate\" content=\"2026-08-29T00:00:59+02:00\">29.08.2026<\/span><\/span><br \/>\n<span style=\"color: #000000\"> <span class=\"simcal-event-address simcal-event-start-location\" itemprop=\"location\" itemscope itemtype=\"http:\/\/schema.org\/Place\"><meta itemprop=\"name\" content=\"Belegt\" \/><meta itemprop=\"address\" content=\"Belegt\" \/><\/span><\/span><\/h4>\n<hr>\n<p><span style=\"color: #000000\"><\/span><\/p>\n<p>&nbsp;<\/p><\/div>\n\t<\/li>\n<\/ul>\n\n<\/dd>\n\t<dt class=\"simcal-day-label\" style=\"border-bottom: 1px solid #bf3124;\" ><span style=\"background-color: #bf3124; color: #ffffff;\"><span class=\"simcal-date-format\" data-date-format=\"d.m.Y\">31.08.2026<\/span> <\/span><\/dt>\n<dd class=\"simcal-weekday-1 simcal-past simcal-day simcal-day-has-events simcal-day-has-1-events simcal-events-calendar-700\" data-events-count=\"1\">\n\t<ul class=\"simcal-events\">\n\t<li class=\"simcal-event simcal-event-recurring simcal-events-calendar-700\" style=\"\" itemscope itemtype=\"http:\/\/schema.org\/Event\" data-start=\"1788193800\">\n\t\t<div class=\"simcal-event-details\"><h3><span style=\"color: #000000\"><strong><span class=\"simcal-event-title\" itemprop=\"name\">Neustadt Chor - Chorprobe<\/span><\/strong><\/span><\/h3>\n<h4><span style=\"color: #000000\"><span class=\"simcal-event-start simcal-event-start-date\" data-event-start=\"1788193800\" data-event-format=\"d.m.Y\" itemprop=\"startDate\" content=\"2026-08-31T18:30:00+02:00\">31.08.2026<\/span>&nbsp;&nbsp;<span class=\"simcal-event-start simcal-event-start-time\" data-event-start=\"1788193800\" data-event-format=\"H:i\" itemprop=\"startDate\" content=\"2026-08-31T18:30:00+02:00\">18:30<\/span> - <span class=\"simcal-event-end simcal-event-end-time\" data-event-end=\"1788202800\" data-event-format=\"H:i\" itemprop=\"endDate\" content=\"2026-08-31T21:00:00+02:00\">21:00<\/span><\/span><br \/>\n<span style=\"color: #000000\"> <span class=\"simcal-event-address simcal-event-start-location\" itemprop=\"location\" itemscope itemtype=\"http:\/\/schema.org\/Place\"><meta itemprop=\"name\" content=\"Neustadt Chor - Chorprobe\" \/><meta itemprop=\"address\" content=\"Neustadt Chor - Chorprobe\" \/><\/span><\/span><\/h4>\n<hr>\n<p><span style=\"color: #000000\"><\/span><\/p>\n<p>&nbsp;<\/p><\/div>\n\t<\/li>\n<\/ul>\n\n<\/dd>\n\t<dt class=\"simcal-day-label\" style=\"border-bottom: 1px solid #bf3124;\" ><span style=\"background-color: #bf3124; color: #ffffff;\"><span class=\"simcal-date-format\" data-date-format=\"d.m.Y\">03.09.2026<\/span> <\/span><\/dt>\n<dd class=\"simcal-weekday-4 simcal-past simcal-day simcal-day-has-events simcal-day-has-1-events simcal-events-calendar-700\" data-events-count=\"1\">\n\t<ul class=\"simcal-events\">\n\t<li class=\"simcal-event simcal-event-recurring simcal-events-calendar-700\" style=\"\" itemscope itemtype=\"http:\/\/schema.org\/Event\" data-start=\"1788440400\">\n\t\t<div class=\"simcal-event-details\"><h3><span style=\"color: #000000\"><strong><span class=\"simcal-event-title\" itemprop=\"name\">Kaffee, Kuchen &amp; Kl\u00f6nschnack<\/span><\/strong><\/span><\/h3>\n<h4><span style=\"color: #000000\"><span class=\"simcal-event-start simcal-event-start-date\" data-event-start=\"1788440400\" data-event-format=\"d.m.Y\" itemprop=\"startDate\" content=\"2026-09-03T15:00:00+02:00\">03.09.2026<\/span>&nbsp;&nbsp;<span class=\"simcal-event-start simcal-event-start-time\" data-event-start=\"1788440400\" data-event-format=\"H:i\" itemprop=\"startDate\" content=\"2026-09-03T15:00:00+02:00\">15:00<\/span> - <span class=\"simcal-event-end simcal-event-end-time\" data-event-end=\"1788447600\" data-event-format=\"H:i\" itemprop=\"endDate\" content=\"2026-09-03T17:00:00+02:00\">17:00<\/span><\/span><br \/>\n<span style=\"color: #000000\"> <span class=\"simcal-event-address simcal-event-start-location\" itemprop=\"location\" itemscope itemtype=\"http:\/\/schema.org\/Place\"><meta itemprop=\"name\" content=\"Kaffee, Kuchen &amp; Kl\u00f6nschnack\" \/><meta itemprop=\"address\" content=\"Kaffee, Kuchen &amp; Kl\u00f6nschnack\" \/><\/span><\/span><\/h4>\n<hr>\n<p><span style=\"color: #000000\"><\/span><\/p>\n<p>&nbsp;<\/p><\/div>\n\t<\/li>\n<\/ul>\n\n<\/dd>\n\t<dt class=\"simcal-day-label\" style=\"border-bottom: 1px solid #bf3124;\" ><span style=\"background-color: #bf3124; color: #ffffff;\"><span class=\"simcal-date-format\" data-date-format=\"d.m.Y\">04.09.2026<\/span> <\/span><\/dt>\n<dd class=\"simcal-weekday-5 simcal-past simcal-day simcal-day-has-events simcal-day-has-1-events simcal-events-calendar-700\" data-events-count=\"1\">\n\t<ul class=\"simcal-events\">\n\t<li class=\"simcal-event simcal-event-recurring simcal-events-calendar-700\" style=\"\" itemscope itemtype=\"http:\/\/schema.org\/Event\" data-start=\"1788544800\">\n\t\t<div class=\"simcal-event-details\"><h3><span style=\"color: #000000\"><strong><span class=\"simcal-event-title\" itemprop=\"name\">M\u00dcHLENGENUSS - Konzert<\/span><\/strong><\/span><\/h3>\n<h4><span style=\"color: #000000\"><span class=\"simcal-event-start simcal-event-start-date\" data-event-start=\"1788544800\" data-event-format=\"d.m.Y\" itemprop=\"startDate\" content=\"2026-09-04T20:00:00+02:00\">04.09.2026<\/span>&nbsp;&nbsp;<span class=\"simcal-event-start simcal-event-start-time\" data-event-start=\"1788544800\" data-event-format=\"H:i\" itemprop=\"startDate\" content=\"2026-09-04T20:00:00+02:00\">20:00<\/span> - <span class=\"simcal-event-end simcal-event-end-time\" data-event-end=\"1788553800\" data-event-format=\"H:i\" itemprop=\"endDate\" content=\"2026-09-04T22:30:00+02:00\">22:30<\/span><\/span><br \/>\n<span style=\"color: #000000\"> <span class=\"simcal-event-address simcal-event-start-location\" itemprop=\"location\" itemscope itemtype=\"http:\/\/schema.org\/Place\"><meta itemprop=\"name\" content=\"M\u00dcHLENGENUSS - Konzert\" \/><meta itemprop=\"address\" content=\"M\u00dcHLENGENUSS - Konzert\" \/><\/span><\/span><\/h4>\n<hr>\n<p><span style=\"color: #000000\"><\/span><\/p>\n<p>&nbsp;<\/p><\/div>\n\t<\/li>\n<\/ul>\n\n<\/dd>\n\t<dt class=\"simcal-day-label\" style=\"border-bottom: 1px solid #bf3124;\" ><span style=\"background-color: #bf3124; color: #ffffff;\"><span class=\"simcal-date-format\" data-date-format=\"d.m.Y\">05.09.2026<\/span> <\/span><\/dt>\n<dd class=\"simcal-weekday-6 simcal-past simcal-day simcal-day-has-events simcal-day-has-1-events simcal-events-calendar-700\" data-events-count=\"1\">\n\t<ul class=\"simcal-events\">\n\t<li class=\"simcal-event simcal-events-calendar-700\" style=\"\" itemscope itemtype=\"http:\/\/schema.org\/Event\" data-start=\"1788559259\">\n\t\t<div class=\"simcal-event-details\"><h3><span style=\"color: #000000\"><strong><span class=\"simcal-event-title\" itemprop=\"name\">Belegt<\/span><\/strong><\/span><\/h3>\n<h4><span style=\"color: #000000\"><span class=\"simcal-event-start simcal-event-start-date\" data-event-start=\"1788559259\" data-event-format=\"d.m.Y\" itemprop=\"startDate\" content=\"2026-09-05T00:00:59+02:00\">05.09.2026<\/span><\/span><br \/>\n<span style=\"color: #000000\"> <span class=\"simcal-event-address simcal-event-start-location\" itemprop=\"location\" itemscope itemtype=\"http:\/\/schema.org\/Place\"><meta itemprop=\"name\" content=\"Belegt\" \/><meta itemprop=\"address\" content=\"Belegt\" \/><\/span><\/span><\/h4>\n<hr>\n<p><span style=\"color: #000000\"><\/span><\/p>\n<p>&nbsp;<\/p><\/div>\n\t<\/li>\n<\/ul>\n\n<\/dd>\n\t<dt class=\"simcal-day-label\" style=\"border-bottom: 1px solid #bf3124;\" ><span style=\"background-color: #bf3124; color: #ffffff;\"><span class=\"simcal-date-format\" data-date-format=\"d.m.Y\">07.09.2026<\/span> <\/span><\/dt>\n<dd class=\"simcal-weekday-1 simcal-past simcal-day simcal-day-has-events simcal-day-has-1-events simcal-events-calendar-700\" data-events-count=\"1\">\n\t<ul class=\"simcal-events\">\n\t<li class=\"simcal-event simcal-event-recurring simcal-events-calendar-700\" style=\"\" itemscope itemtype=\"http:\/\/schema.org\/Event\" data-start=\"1788798600\">\n\t\t<div class=\"simcal-event-details\"><h3><span style=\"color: #000000\"><strong><span class=\"simcal-event-title\" itemprop=\"name\">Neustadt Chor - Chorprobe<\/span><\/strong><\/span><\/h3>\n<h4><span style=\"color: #000000\"><span class=\"simcal-event-start simcal-event-start-date\" data-event-start=\"1788798600\" data-event-format=\"d.m.Y\" itemprop=\"startDate\" content=\"2026-09-07T18:30:00+02:00\">07.09.2026<\/span>&nbsp;&nbsp;<span class=\"simcal-event-start simcal-event-start-time\" data-event-start=\"1788798600\" data-event-format=\"H:i\" itemprop=\"startDate\" content=\"2026-09-07T18:30:00+02:00\">18:30<\/span> - <span class=\"simcal-event-end simcal-event-end-time\" data-event-end=\"1788807600\" data-event-format=\"H:i\" itemprop=\"endDate\" content=\"2026-09-07T21:00:00+02:00\">21:00<\/span><\/span><br \/>\n<span style=\"color: #000000\"> <span class=\"simcal-event-address simcal-event-start-location\" itemprop=\"location\" itemscope itemtype=\"http:\/\/schema.org\/Place\"><meta itemprop=\"name\" content=\"Neustadt Chor - Chorprobe\" \/><meta itemprop=\"address\" content=\"Neustadt Chor - Chorprobe\" \/><\/span><\/span><\/h4>\n<hr>\n<p><span style=\"color: #000000\"><\/span><\/p>\n<p>&nbsp;<\/p><\/div>\n\t<\/li>\n<\/ul>\n\n<\/dd>\n\t<dt class=\"simcal-day-label\" style=\"border-bottom: 1px solid #bf3124;\" ><span style=\"background-color: #bf3124; color: #ffffff;\"><span class=\"simcal-date-format\" data-date-format=\"d.m.Y\">12.09.2026<\/span> <\/span><\/dt>\n<dd class=\"simcal-weekday-6 simcal-past simcal-day simcal-day-has-events simcal-day-has-1-events simcal-events-calendar-700\" data-events-count=\"1\">\n\t<ul class=\"simcal-events\">\n\t<li class=\"simcal-event simcal-events-calendar-700\" style=\"\" itemscope itemtype=\"http:\/\/schema.org\/Event\" data-start=\"1789164059\">\n\t\t<div class=\"simcal-event-details\"><h3><span style=\"color: #000000\"><strong><span class=\"simcal-event-title\" itemprop=\"name\">Belegt<\/span><\/strong><\/span><\/h3>\n<h4><span style=\"color: #000000\"><span class=\"simcal-event-start simcal-event-start-date\" data-event-start=\"1789164059\" data-event-format=\"d.m.Y\" itemprop=\"startDate\" content=\"2026-09-12T00:00:59+02:00\">12.09.2026<\/span><\/span><br \/>\n<span style=\"color: #000000\"> <span class=\"simcal-event-address simcal-event-start-location\" itemprop=\"location\" itemscope itemtype=\"http:\/\/schema.org\/Place\"><meta itemprop=\"name\" content=\"Belegt\" \/><meta itemprop=\"address\" content=\"Belegt\" \/><\/span><\/span><\/h4>\n<hr>\n<p><span style=\"color: #000000\"><\/span><\/p>\n<p>&nbsp;<\/p><\/div>\n\t<\/li>\n<\/ul>\n\n<\/dd>\n\t<dt class=\"simcal-day-label\" style=\"border-bottom: 1px solid #bf3124;\" ><span style=\"background-color: #bf3124; color: #ffffff;\"><span class=\"simcal-date-format\" data-date-format=\"d.m.Y\">13.09.2026<\/span> <\/span><\/dt>\n<dd class=\"simcal-weekday-0 simcal-past simcal-day simcal-day-has-events simcal-day-has-1-events simcal-events-calendar-700\" data-events-count=\"1\">\n\t<ul class=\"simcal-events\">\n\t<li class=\"simcal-event simcal-events-calendar-700\" style=\"\" itemscope itemtype=\"http:\/\/schema.org\/Event\" data-start=\"1789250459\">\n\t\t<div class=\"simcal-event-details\"><h3><span style=\"color: #000000\"><strong><span class=\"simcal-event-title\" itemprop=\"name\">Belegt<\/span><\/strong><\/span><\/h3>\n<h4><span style=\"color: #000000\"><span class=\"simcal-event-start simcal-event-start-date\" data-event-start=\"1789250459\" data-event-format=\"d.m.Y\" itemprop=\"startDate\" content=\"2026-09-13T00:00:59+02:00\">13.09.2026<\/span><\/span><br \/>\n<span style=\"color: #000000\"> <span class=\"simcal-event-address simcal-event-start-location\" itemprop=\"location\" itemscope itemtype=\"http:\/\/schema.org\/Place\"><meta itemprop=\"name\" content=\"Belegt\" \/><meta itemprop=\"address\" content=\"Belegt\" \/><\/span><\/span><\/h4>\n<hr>\n<p><span style=\"color: #000000\"><\/span><\/p>\n<p>&nbsp;<\/p><\/div>\n\t<\/li>\n<\/ul>\n\n<\/dd>\n\t<dt class=\"simcal-day-label\" style=\"border-bottom: 1px solid #bf3124;\" ><span style=\"background-color: #bf3124; color: #ffffff;\"><span class=\"simcal-date-format\" data-date-format=\"d.m.Y\">14.09.2026<\/span> <\/span><\/dt>\n<dd class=\"simcal-weekday-1 simcal-past simcal-day simcal-day-has-events simcal-day-has-1-events simcal-events-calendar-700\" data-events-count=\"1\">\n\t<ul class=\"simcal-events\">\n\t<li class=\"simcal-event simcal-event-recurring simcal-events-calendar-700\" style=\"\" itemscope itemtype=\"http:\/\/schema.org\/Event\" data-start=\"1789403400\">\n\t\t<div class=\"simcal-event-details\"><h3><span style=\"color: #000000\"><strong><span class=\"simcal-event-title\" itemprop=\"name\">Neustadt Chor - Chorprobe<\/span><\/strong><\/span><\/h3>\n<h4><span style=\"color: #000000\"><span class=\"simcal-event-start simcal-event-start-date\" data-event-start=\"1789403400\" data-event-format=\"d.m.Y\" itemprop=\"startDate\" content=\"2026-09-14T18:30:00+02:00\">14.09.2026<\/span>&nbsp;&nbsp;<span class=\"simcal-event-start simcal-event-start-time\" data-event-start=\"1789403400\" data-event-format=\"H:i\" itemprop=\"startDate\" content=\"2026-09-14T18:30:00+02:00\">18:30<\/span> - <span class=\"simcal-event-end simcal-event-end-time\" data-event-end=\"1789412400\" data-event-format=\"H:i\" itemprop=\"endDate\" content=\"2026-09-14T21:00:00+02:00\">21:00<\/span><\/span><br \/>\n<span style=\"color: #000000\"> <span class=\"simcal-event-address simcal-event-start-location\" itemprop=\"location\" itemscope itemtype=\"http:\/\/schema.org\/Place\"><meta itemprop=\"name\" content=\"Neustadt Chor - Chorprobe\" \/><meta itemprop=\"address\" content=\"Neustadt Chor - Chorprobe\" \/><\/span><\/span><\/h4>\n<hr>\n<p><span style=\"color: #000000\"><\/span><\/p>\n<p>&nbsp;<\/p><\/div>\n\t<\/li>\n<\/ul>\n\n<\/dd>\n\t<dt class=\"simcal-day-label\" style=\"border-bottom: 1px solid #bf3124;\" ><span style=\"background-color: #bf3124; color: #ffffff;\"><span class=\"simcal-date-format\" data-date-format=\"d.m.Y\">17.09.2026<\/span> <\/span><\/dt>\n<dd class=\"simcal-weekday-4 simcal-past simcal-day simcal-day-has-events simcal-day-has-1-events simcal-events-calendar-700\" data-events-count=\"1\">\n\t<ul class=\"simcal-events\">\n\t<li class=\"simcal-event simcal-event-recurring simcal-events-calendar-700\" style=\"\" itemscope itemtype=\"http:\/\/schema.org\/Event\" data-start=\"1789650000\">\n\t\t<div class=\"simcal-event-details\"><h3><span style=\"color: #000000\"><strong><span class=\"simcal-event-title\" itemprop=\"name\">Kaffee, Kuchen &amp; Kl\u00f6nschnack<\/span><\/strong><\/span><\/h3>\n<h4><span style=\"color: #000000\"><span class=\"simcal-event-start simcal-event-start-date\" data-event-start=\"1789650000\" data-event-format=\"d.m.Y\" itemprop=\"startDate\" content=\"2026-09-17T15:00:00+02:00\">17.09.2026<\/span>&nbsp;&nbsp;<span class=\"simcal-event-start simcal-event-start-time\" data-event-start=\"1789650000\" data-event-format=\"H:i\" itemprop=\"startDate\" content=\"2026-09-17T15:00:00+02:00\">15:00<\/span> - <span class=\"simcal-event-end simcal-event-end-time\" data-event-end=\"1789657200\" data-event-format=\"H:i\" itemprop=\"endDate\" content=\"2026-09-17T17:00:00+02:00\">17:00<\/span><\/span><br \/>\n<span style=\"color: #000000\"> <span class=\"simcal-event-address simcal-event-start-location\" itemprop=\"location\" itemscope itemtype=\"http:\/\/schema.org\/Place\"><meta itemprop=\"name\" content=\"Kaffee, Kuchen &amp; Kl\u00f6nschnack\" \/><meta itemprop=\"address\" content=\"Kaffee, Kuchen &amp; Kl\u00f6nschnack\" \/><\/span><\/span><\/h4>\n<hr>\n<p><span style=\"color: #000000\"><\/span><\/p>\n<p>&nbsp;<\/p><\/div>\n\t<\/li>\n<\/ul>\n\n<\/dd>\n\t<dt class=\"simcal-day-label\" style=\"border-bottom: 1px solid #bf3124;\" ><span style=\"background-color: #bf3124; color: #ffffff;\"><span class=\"simcal-date-format\" data-date-format=\"d.m.Y\">19.09.2026<\/span> <\/span><\/dt>\n<dd class=\"simcal-weekday-6 simcal-past simcal-day simcal-day-has-events simcal-day-has-1-events simcal-events-calendar-700\" data-events-count=\"1\">\n\t<ul class=\"simcal-events\">\n\t<li class=\"simcal-event simcal-events-calendar-700\" style=\"\" itemscope itemtype=\"http:\/\/schema.org\/Event\" data-start=\"1789768859\">\n\t\t<div class=\"simcal-event-details\"><h3><span style=\"color: #000000\"><strong><span class=\"simcal-event-title\" itemprop=\"name\">Belegt<\/span><\/strong><\/span><\/h3>\n<h4><span style=\"color: #000000\"><span class=\"simcal-event-start simcal-event-start-date\" data-event-start=\"1789768859\" data-event-format=\"d.m.Y\" itemprop=\"startDate\" content=\"2026-09-19T00:00:59+02:00\">19.09.2026<\/span><\/span><br \/>\n<span style=\"color: #000000\"> <span class=\"simcal-event-address simcal-event-start-location\" itemprop=\"location\" itemscope itemtype=\"http:\/\/schema.org\/Place\"><meta itemprop=\"name\" content=\"Belegt\" \/><meta itemprop=\"address\" content=\"Belegt\" \/><\/span><\/span><\/h4>\n<hr>\n<p><span style=\"color: #000000\"><\/span><\/p>\n<p>&nbsp;<\/p><\/div>\n\t<\/li>\n<\/ul>\n\n<\/dd>\n\t<dt class=\"simcal-day-label\" style=\"border-bottom: 1px solid #bf3124;\" ><span style=\"background-color: #bf3124; color: #ffffff;\"><span class=\"simcal-date-format\" data-date-format=\"d.m.Y\">21.09.2026<\/span> <\/span><\/dt>\n<dd class=\"simcal-weekday-1 simcal-past simcal-day simcal-day-has-events simcal-day-has-1-events simcal-events-calendar-700\" data-events-count=\"1\">\n\t<ul class=\"simcal-events\">\n\t<li class=\"simcal-event simcal-event-recurring simcal-events-calendar-700\" style=\"\" itemscope itemtype=\"http:\/\/schema.org\/Event\" data-start=\"1790008200\">\n\t\t<div class=\"simcal-event-details\"><h3><span style=\"color: #000000\"><strong><span class=\"simcal-event-title\" itemprop=\"name\">Neustadt Chor - Chorprobe<\/span><\/strong><\/span><\/h3>\n<h4><span style=\"color: #000000\"><span class=\"simcal-event-start simcal-event-start-date\" data-event-start=\"1790008200\" data-event-format=\"d.m.Y\" itemprop=\"startDate\" content=\"2026-09-21T18:30:00+02:00\">21.09.2026<\/span>&nbsp;&nbsp;<span class=\"simcal-event-start simcal-event-start-time\" data-event-start=\"1790008200\" data-event-format=\"H:i\" itemprop=\"startDate\" content=\"2026-09-21T18:30:00+02:00\">18:30<\/span> - <span class=\"simcal-event-end simcal-event-end-time\" data-event-end=\"1790017200\" data-event-format=\"H:i\" itemprop=\"endDate\" content=\"2026-09-21T21:00:00+02:00\">21:00<\/span><\/span><br \/>\n<span style=\"color: #000000\"> <span class=\"simcal-event-address simcal-event-start-location\" itemprop=\"location\" itemscope itemtype=\"http:\/\/schema.org\/Place\"><meta itemprop=\"name\" content=\"Neustadt Chor - Chorprobe\" \/><meta itemprop=\"address\" content=\"Neustadt Chor - Chorprobe\" \/><\/span><\/span><\/h4>\n<hr>\n<p><span style=\"color: #000000\"><\/span><\/p>\n<p>&nbsp;<\/p><\/div>\n\t<\/li>\n<\/ul>\n\n<\/dd>\n\t<dt class=\"simcal-day-label\" style=\"border-bottom: 1px solid #bf3124;\" ><span style=\"background-color: #bf3124; color: #ffffff;\"><span class=\"simcal-date-format\" data-date-format=\"d.m.Y\">26.09.2026<\/span> <\/span><\/dt>\n<dd class=\"simcal-weekday-6 simcal-past simcal-day simcal-day-has-events simcal-day-has-1-events simcal-events-calendar-700\" data-events-count=\"1\">\n\t<ul class=\"simcal-events\">\n\t<li class=\"simcal-event simcal-events-calendar-700\" style=\"\" itemscope itemtype=\"http:\/\/schema.org\/Event\" data-start=\"1790373659\">\n\t\t<div class=\"simcal-event-details\"><h3><span style=\"color: #000000\"><strong><span class=\"simcal-event-title\" itemprop=\"name\">Belegt<\/span><\/strong><\/span><\/h3>\n<h4><span style=\"color: #000000\"><span class=\"simcal-event-start simcal-event-start-date\" data-event-start=\"1790373659\" data-event-format=\"d.m.Y\" itemprop=\"startDate\" content=\"2026-09-26T00:00:59+02:00\">26.09.2026<\/span><\/span><br \/>\n<span style=\"color: #000000\"> <span class=\"simcal-event-address simcal-event-start-location\" itemprop=\"location\" itemscope itemtype=\"http:\/\/schema.org\/Place\"><meta itemprop=\"name\" content=\"Belegt\" \/><meta itemprop=\"address\" content=\"Belegt\" \/><\/span><\/span><\/h4>\n<hr>\n<p><span style=\"color: #000000\"><\/span><\/p>\n<p>&nbsp;<\/p><\/div>\n\t<\/li>\n<\/ul>\n\n<\/dd>\n\t<dt class=\"simcal-day-label\" style=\"border-bottom: 1px solid #bf3124;\" ><span style=\"background-color: #bf3124; color: #ffffff;\"><span class=\"simcal-date-format\" data-date-format=\"d.m.Y\">27.09.2026<\/span> <\/span><\/dt>\n<dd class=\"simcal-weekday-0 simcal-past simcal-day simcal-day-has-events simcal-day-has-1-events simcal-events-calendar-700\" data-events-count=\"1\">\n\t<ul class=\"simcal-events\">\n\t<li class=\"simcal-event simcal-events-calendar-700\" style=\"\" itemscope itemtype=\"http:\/\/schema.org\/Event\" data-start=\"1790506800\">\n\t\t<div class=\"simcal-event-details\"><h3><span style=\"color: #000000\"><strong><span class=\"simcal-event-title\" itemprop=\"name\">Belegt<\/span><\/strong><\/span><\/h3>\n<h4><span style=\"color: #000000\"><span class=\"simcal-event-start simcal-event-start-date\" data-event-start=\"1790506800\" data-event-format=\"d.m.Y\" itemprop=\"startDate\" content=\"2026-09-27T13:00:00+02:00\">27.09.2026<\/span>&nbsp;&nbsp;<span class=\"simcal-event-start simcal-event-start-time\" data-event-start=\"1790506800\" data-event-format=\"H:i\" itemprop=\"startDate\" content=\"2026-09-27T13:00:00+02:00\">13:00<\/span> - <span class=\"simcal-event-end simcal-event-end-time\" data-event-end=\"1790524800\" data-event-format=\"H:i\" itemprop=\"endDate\" content=\"2026-09-27T18:00:00+02:00\">18:00<\/span><\/span><br \/>\n<span style=\"color: #000000\"> <span class=\"simcal-event-address simcal-event-start-location\" itemprop=\"location\" itemscope itemtype=\"http:\/\/schema.org\/Place\"><meta itemprop=\"name\" content=\"Belegt\" \/><meta itemprop=\"address\" content=\"Belegt\" \/><\/span><\/span><\/h4>\n<hr>\n<p><span style=\"color: #000000\"><\/span><\/p>\n<p>&nbsp;<\/p><\/div>\n\t<\/li>\n<\/ul>\n\n<\/dd>\n\t<dt class=\"simcal-day-label\" style=\"border-bottom: 1px solid #bf3124;\" ><span style=\"background-color: #bf3124; color: #ffffff;\"><span class=\"simcal-date-format\" data-date-format=\"d.m.Y\">28.09.2026<\/span> <\/span><\/dt>\n<dd class=\"simcal-weekday-1 simcal-past simcal-day simcal-day-has-events simcal-day-has-1-events simcal-events-calendar-700\" data-events-count=\"1\">\n\t<ul class=\"simcal-events\">\n\t<li class=\"simcal-event simcal-event-recurring simcal-events-calendar-700\" style=\"\" itemscope itemtype=\"http:\/\/schema.org\/Event\" data-start=\"1790613000\">\n\t\t<div class=\"simcal-event-details\"><h3><span style=\"color: #000000\"><strong><span class=\"simcal-event-title\" itemprop=\"name\">Neustadt Chor - Chorprobe<\/span><\/strong><\/span><\/h3>\n<h4><span style=\"color: #000000\"><span class=\"simcal-event-start simcal-event-start-date\" data-event-start=\"1790613000\" data-event-format=\"d.m.Y\" itemprop=\"startDate\" content=\"2026-09-28T18:30:00+02:00\">28.09.2026<\/span>&nbsp;&nbsp;<span class=\"simcal-event-start simcal-event-start-time\" data-event-start=\"1790613000\" data-event-format=\"H:i\" itemprop=\"startDate\" content=\"2026-09-28T18:30:00+02:00\">18:30<\/span> - <span class=\"simcal-event-end simcal-event-end-time\" data-event-end=\"1790622000\" data-event-format=\"H:i\" itemprop=\"endDate\" content=\"2026-09-28T21:00:00+02:00\">21:00<\/span><\/span><br \/>\n<span style=\"color: #000000\"> <span class=\"simcal-event-address simcal-event-start-location\" itemprop=\"location\" itemscope itemtype=\"http:\/\/schema.org\/Place\"><meta itemprop=\"name\" content=\"Neustadt Chor - Chorprobe\" \/><meta itemprop=\"address\" content=\"Neustadt Chor - Chorprobe\" \/><\/span><\/span><\/h4>\n<hr>\n<p><span style=\"color: #000000\"><\/span><\/p>\n<p>&nbsp;<\/p><\/div>\n\t<\/li>\n<\/ul>\n\n<\/dd>\n\t<dt class=\"simcal-day-label\" style=\"border-bottom: 1px solid #bf3124;\" ><span style=\"background-color: #bf3124; color: #ffffff;\"><span class=\"simcal-date-format\" data-date-format=\"d.m.Y\">29.09.2026<\/span> <\/span><\/dt>\n<dd class=\"simcal-weekday-2 simcal-past simcal-day simcal-day-has-events simcal-day-has-1-events simcal-events-calendar-700\" data-events-count=\"1\">\n\t<ul class=\"simcal-events\">\n\t<li class=\"simcal-event simcal-events-calendar-700\" style=\"\" itemscope itemtype=\"http:\/\/schema.org\/Event\" data-start=\"1790632859\">\n\t\t<div class=\"simcal-event-details\"><h3><span style=\"color: #000000\"><strong><span class=\"simcal-event-title\" itemprop=\"name\">Belegt<\/span><\/strong><\/span><\/h3>\n<h4><span style=\"color: #000000\"><span class=\"simcal-event-start simcal-event-start-date\" data-event-start=\"1790632859\" data-event-format=\"d.m.Y\" itemprop=\"startDate\" content=\"2026-09-29T00:00:59+02:00\">29.09.2026<\/span><\/span><br \/>\n<span style=\"color: #000000\"> <span class=\"simcal-event-address simcal-event-start-location\" itemprop=\"location\" itemscope itemtype=\"http:\/\/schema.org\/Place\"><meta itemprop=\"name\" content=\"Belegt\" \/><meta itemprop=\"address\" content=\"Belegt\" \/><\/span><\/span><\/h4>\n<hr>\n<p><span style=\"color: #000000\"><\/span><\/p>\n<p>&nbsp;<\/p><\/div>\n\t<\/li>\n<\/ul>\n\n<\/dd>\n\t<dt class=\"simcal-day-label\" style=\"border-bottom: 1px solid #bf3124;\" ><span style=\"background-color: #bf3124; color: #ffffff;\"><span class=\"simcal-date-format\" data-date-format=\"d.m.Y\">30.09.2026<\/span> <\/span><\/dt>\n<dd class=\"simcal-weekday-3 simcal-past simcal-day simcal-day-has-events simcal-day-has-1-events simcal-events-calendar-700\" data-events-count=\"1\">\n\t<ul class=\"simcal-events\">\n\t<li class=\"simcal-event simcal-event-recurring simcal-events-calendar-700\" style=\"\" itemscope itemtype=\"http:\/\/schema.org\/Event\" data-start=\"1790789400\">\n\t\t<div class=\"simcal-event-details\"><h3><span style=\"color: #000000\"><strong><span class=\"simcal-event-title\" itemprop=\"name\">Jazz in der M\u00fchle<\/span><\/strong><\/span><\/h3>\n<h4><span style=\"color: #000000\"><span class=\"simcal-event-start simcal-event-start-date\" data-event-start=\"1790789400\" data-event-format=\"d.m.Y\" itemprop=\"startDate\" content=\"2026-09-30T19:30:00+02:00\">30.09.2026<\/span>&nbsp;&nbsp;<span class=\"simcal-event-start simcal-event-start-time\" data-event-start=\"1790789400\" data-event-format=\"H:i\" itemprop=\"startDate\" content=\"2026-09-30T19:30:00+02:00\">19:30<\/span> - <span class=\"simcal-event-end simcal-event-end-time\" data-event-end=\"1790800200\" data-event-format=\"H:i\" itemprop=\"endDate\" content=\"2026-09-30T22:30:00+02:00\">22:30<\/span><\/span><br \/>\n<span style=\"color: #000000\"> <span class=\"simcal-event-address simcal-event-start-location\" itemprop=\"location\" itemscope itemtype=\"http:\/\/schema.org\/Place\"><meta itemprop=\"name\" content=\"Jazz in der M\u00fchle\" \/><meta itemprop=\"address\" content=\"Jazz in der M\u00fchle\" \/><\/span><\/span><\/h4>\n<hr>\n<p><span style=\"color: #000000\"><div class=\"simcal-event-description\" itemprop=\"description\"><p>Die M\u00f6glichkeit f\u00fcr alle Jazzer der Region zusammen zu jammen! Weder das Alter noch das Instrument spielen eine Rolle, auch nicht in welchem Jazz-Stil man sich zu Hause f\u00fchlt. Der Kontrabassist Kai Stemmler l\u00e4dt einen lokalen oder \u00fcberregional bekannten Solisten f\u00fcr das Opener-Set ein und stellt dazu eine Rhythmusgruppe zusammen. Danach k\u00f6nnen alle, die mindestens drei St\u00fccke vorstellen k\u00f6nnen, einsteigen oder selbst Sets anf\u00fchren. Am Ende gibt\u2019s als H\u00f6hepunkt einige Songs mit der Grundband und m\u00f6glichst vielen Musikern gemeinsam!<\/p>\n<p>Hinweis: Der Eintritt ist frei, der Hut geht \u2019rum.\u00a0<\/p>\n<p>Vorverkauf oder eine Platzreservierung ist nicht m\u00f6glich.<\/p>\n<p>Weitere Termine (jeweils letzter Mittwoch im Monat): 28. Oktober 2026 \/ 25. November 2026 \/ 30. Dezember 2026\u00a0<\/p>\n<p>Veranstalter: Verein zur Erhaltung der Bergm\u00fchle e.V. in Kooperation mit dem Verein Creakult e. V.<\/p>\n<\/div><\/span><\/p>\n<p>&nbsp;<\/p><\/div>\n\t<\/li>\n<\/ul>\n\n<\/dd>\n\t<dt class=\"simcal-day-label\" style=\"border-bottom: 1px solid #bf3124;\" ><span style=\"background-color: #bf3124; color: #ffffff;\"><span class=\"simcal-date-format\" data-date-format=\"d.m.Y\">01.10.2026<\/span> <\/span><\/dt>\n<dd class=\"simcal-weekday-4 simcal-past simcal-day simcal-day-has-events simcal-day-has-1-events simcal-events-calendar-700\" data-events-count=\"1\">\n\t<ul class=\"simcal-events\">\n\t<li class=\"simcal-event simcal-event-recurring simcal-events-calendar-700\" style=\"\" itemscope itemtype=\"http:\/\/schema.org\/Event\" data-start=\"1790859600\">\n\t\t<div class=\"simcal-event-details\"><h3><span style=\"color: #000000\"><strong><span class=\"simcal-event-title\" itemprop=\"name\">Kaffee, Kuchen &amp; Kl\u00f6nschnack<\/span><\/strong><\/span><\/h3>\n<h4><span style=\"color: #000000\"><span class=\"simcal-event-start simcal-event-start-date\" data-event-start=\"1790859600\" data-event-format=\"d.m.Y\" itemprop=\"startDate\" content=\"2026-10-01T15:00:00+02:00\">01.10.2026<\/span>&nbsp;&nbsp;<span class=\"simcal-event-start simcal-event-start-time\" data-event-start=\"1790859600\" data-event-format=\"H:i\" itemprop=\"startDate\" content=\"2026-10-01T15:00:00+02:00\">15:00<\/span> - <span class=\"simcal-event-end simcal-event-end-time\" data-event-end=\"1790866800\" data-event-format=\"H:i\" itemprop=\"endDate\" content=\"2026-10-01T17:00:00+02:00\">17:00<\/span><\/span><br \/>\n<span style=\"color: #000000\"> <span class=\"simcal-event-address simcal-event-start-location\" itemprop=\"location\" itemscope itemtype=\"http:\/\/schema.org\/Place\"><meta itemprop=\"name\" content=\"Kaffee, Kuchen &amp; Kl\u00f6nschnack\" \/><meta itemprop=\"address\" content=\"Kaffee, Kuchen &amp; Kl\u00f6nschnack\" \/><\/span><\/span><\/h4>\n<hr>\n<p><span style=\"color: #000000\"><\/span><\/p>\n<p>&nbsp;<\/p><\/div>\n\t<\/li>\n<\/ul>\n\n<\/dd>\n\t<dt class=\"simcal-day-label\" style=\"border-bottom: 1px solid #bf3124;\" ><span style=\"background-color: #bf3124; color: #ffffff;\"><span class=\"simcal-date-format\" data-date-format=\"d.m.Y\">02.10.2026<\/span> <\/span><\/dt>\n<dd class=\"simcal-weekday-5 simcal-past simcal-day simcal-day-has-events simcal-day-has-1-events simcal-events-calendar-700 simcal-day-has-events simcal-day-has-2-events simcal-events-calendar-700\" data-events-count=\"2\">\n\t<ul class=\"simcal-events\">\n\t<li class=\"simcal-event simcal-events-calendar-700\" style=\"\" itemscope itemtype=\"http:\/\/schema.org\/Event\" data-start=\"1790892059\">\n\t\t<div class=\"simcal-event-details\"><h3><span style=\"color: #000000\"><strong><span class=\"simcal-event-title\" itemprop=\"name\">Belegt<\/span><\/strong><\/span><\/h3>\n<h4><span style=\"color: #000000\"><span class=\"simcal-event-start simcal-event-start-date\" data-event-start=\"1790892059\" data-event-format=\"d.m.Y\" itemprop=\"startDate\" content=\"2026-10-02T00:00:59+02:00\">02.10.2026<\/span><\/span><br \/>\n<span style=\"color: #000000\"> <span class=\"simcal-event-address simcal-event-start-location\" itemprop=\"location\" itemscope itemtype=\"http:\/\/schema.org\/Place\"><meta itemprop=\"name\" content=\"Belegt\" \/><meta itemprop=\"address\" content=\"Belegt\" \/><\/span><\/span><\/h4>\n<hr>\n<p><span style=\"color: #000000\"><\/span><\/p>\n<p>&nbsp;<\/p><\/div>\n\t<\/li>\n\t<li class=\"simcal-event simcal-event-recurring simcal-events-calendar-700\" style=\"\" itemscope itemtype=\"http:\/\/schema.org\/Event\" data-start=\"1790964000\">\n\t\t<div class=\"simcal-event-details\"><h3><span style=\"color: #000000\"><strong><span class=\"simcal-event-title\" itemprop=\"name\">M\u00dcHLENGENUSS - Konzert<\/span><\/strong><\/span><\/h3>\n<h4><span style=\"color: #000000\"><span class=\"simcal-event-start simcal-event-start-date\" data-event-start=\"1790964000\" data-event-format=\"d.m.Y\" itemprop=\"startDate\" content=\"2026-10-02T20:00:00+02:00\">02.10.2026<\/span>&nbsp;&nbsp;<span class=\"simcal-event-start simcal-event-start-time\" data-event-start=\"1790964000\" data-event-format=\"H:i\" itemprop=\"startDate\" content=\"2026-10-02T20:00:00+02:00\">20:00<\/span> - <span class=\"simcal-event-end simcal-event-end-time\" data-event-end=\"1790973000\" data-event-format=\"H:i\" itemprop=\"endDate\" content=\"2026-10-02T22:30:00+02:00\">22:30<\/span><\/span><br \/>\n<span style=\"color: #000000\"> <span class=\"simcal-event-address simcal-event-start-location\" itemprop=\"location\" itemscope itemtype=\"http:\/\/schema.org\/Place\"><meta itemprop=\"name\" content=\"M\u00dcHLENGENUSS - Konzert\" \/><meta itemprop=\"address\" content=\"M\u00dcHLENGENUSS - Konzert\" \/><\/span><\/span><\/h4>\n<hr>\n<p><span style=\"color: #000000\"><\/span><\/p>\n<p>&nbsp;<\/p><\/div>\n\t<\/li>\n<\/ul>\n\n<\/dd>\n\t<dt class=\"simcal-day-label\" style=\"border-bottom: 1px solid #bf3124;\" ><span style=\"background-color: #bf3124; color: #ffffff;\"><span class=\"simcal-date-format\" data-date-format=\"d.m.Y\">03.10.2026<\/span> <\/span><\/dt>\n<dd class=\"simcal-weekday-6 simcal-past simcal-day simcal-day-has-events simcal-day-has-1-events simcal-events-calendar-700\" data-events-count=\"1\">\n\t<ul class=\"simcal-events\">\n\t<li class=\"simcal-event simcal-events-calendar-700\" style=\"\" itemscope itemtype=\"http:\/\/schema.org\/Event\" data-start=\"1790978459\">\n\t\t<div class=\"simcal-event-details\"><h3><span style=\"color: #000000\"><strong><span class=\"simcal-event-title\" itemprop=\"name\">Belegt<\/span><\/strong><\/span><\/h3>\n<h4><span style=\"color: #000000\"><span class=\"simcal-event-start simcal-event-start-date\" data-event-start=\"1790978459\" data-event-format=\"d.m.Y\" itemprop=\"startDate\" content=\"2026-10-03T00:00:59+02:00\">03.10.2026<\/span><\/span><br \/>\n<span style=\"color: #000000\"> <span class=\"simcal-event-address simcal-event-start-location\" itemprop=\"location\" itemscope itemtype=\"http:\/\/schema.org\/Place\"><meta itemprop=\"name\" content=\"Belegt\" \/><meta itemprop=\"address\" content=\"Belegt\" \/><\/span><\/span><\/h4>\n<hr>\n<p><span style=\"color: #000000\"><\/span><\/p>\n<p>&nbsp;<\/p><\/div>\n\t<\/li>\n<\/ul>\n\n<\/dd>\n\t<dt class=\"simcal-day-label\" style=\"border-bottom: 1px solid #bf3124;\" ><span style=\"background-color: #bf3124; color: #ffffff;\"><span class=\"simcal-date-format\" data-date-format=\"d.m.Y\">04.10.2026<\/span> <\/span><\/dt>\n<dd class=\"simcal-weekday-0 simcal-past simcal-day simcal-day-has-events simcal-day-has-1-events simcal-events-calendar-700\" data-events-count=\"1\">\n\t<ul class=\"simcal-events\">\n\t<li class=\"simcal-event simcal-events-calendar-700\" style=\"\" itemscope itemtype=\"http:\/\/schema.org\/Event\" data-start=\"1791064859\">\n\t\t<div class=\"simcal-event-details\"><h3><span style=\"color: #000000\"><strong><span class=\"simcal-event-title\" itemprop=\"name\">Erntedankfest<\/span><\/strong><\/span><\/h3>\n<h4><span style=\"color: #000000\"><span class=\"simcal-event-start simcal-event-start-date\" data-event-start=\"1791064859\" data-event-format=\"d.m.Y\" itemprop=\"startDate\" content=\"2026-10-04T00:00:59+02:00\">04.10.2026<\/span><\/span><br \/>\n<span style=\"color: #000000\"> <span class=\"simcal-event-address simcal-event-start-location\" itemprop=\"location\" itemscope itemtype=\"http:\/\/schema.org\/Place\"><meta itemprop=\"name\" content=\"Erntedankfest\" \/><meta itemprop=\"address\" content=\"Erntedankfest\" \/><\/span><\/span><\/h4>\n<hr>\n<p><span style=\"color: #000000\"><\/span><\/p>\n<p>&nbsp;<\/p><\/div>\n\t<\/li>\n<\/ul>\n\n<\/dd>\n\t<dt class=\"simcal-day-label\" style=\"border-bottom: 1px solid #bf3124;\" ><span style=\"background-color: #bf3124; color: #ffffff;\"><span class=\"simcal-date-format\" data-date-format=\"d.m.Y\">05.10.2026<\/span> <\/span><\/dt>\n<dd class=\"simcal-weekday-1 simcal-past simcal-day simcal-day-has-events simcal-day-has-1-events simcal-events-calendar-700\" data-events-count=\"1\">\n\t<ul class=\"simcal-events\">\n\t<li class=\"simcal-event simcal-event-recurring simcal-events-calendar-700\" style=\"\" itemscope itemtype=\"http:\/\/schema.org\/Event\" data-start=\"1791217800\">\n\t\t<div class=\"simcal-event-details\"><h3><span style=\"color: #000000\"><strong><span class=\"simcal-event-title\" itemprop=\"name\">Neustadt Chor - Chorprobe<\/span><\/strong><\/span><\/h3>\n<h4><span style=\"color: #000000\"><span class=\"simcal-event-start simcal-event-start-date\" data-event-start=\"1791217800\" data-event-format=\"d.m.Y\" itemprop=\"startDate\" content=\"2026-10-05T18:30:00+02:00\">05.10.2026<\/span>&nbsp;&nbsp;<span class=\"simcal-event-start simcal-event-start-time\" data-event-start=\"1791217800\" data-event-format=\"H:i\" itemprop=\"startDate\" content=\"2026-10-05T18:30:00+02:00\">18:30<\/span> - <span class=\"simcal-event-end simcal-event-end-time\" data-event-end=\"1791226800\" data-event-format=\"H:i\" itemprop=\"endDate\" content=\"2026-10-05T21:00:00+02:00\">21:00<\/span><\/span><br \/>\n<span style=\"color: #000000\"> <span class=\"simcal-event-address simcal-event-start-location\" itemprop=\"location\" itemscope itemtype=\"http:\/\/schema.org\/Place\"><meta itemprop=\"name\" content=\"Neustadt Chor - Chorprobe\" \/><meta itemprop=\"address\" content=\"Neustadt Chor - Chorprobe\" \/><\/span><\/span><\/h4>\n<hr>\n<p><span style=\"color: #000000\"><\/span><\/p>\n<p>&nbsp;<\/p><\/div>\n\t<\/li>\n<\/ul>\n\n<\/dd>\n\t<dt class=\"simcal-day-label\" style=\"border-bottom: 1px solid #bf3124;\" ><span style=\"background-color: #bf3124; color: #ffffff;\"><span class=\"simcal-date-format\" data-date-format=\"d.m.Y\">10.10.2026<\/span> <\/span><\/dt>\n<dd class=\"simcal-weekday-6 simcal-past simcal-day simcal-day-has-events simcal-day-has-1-events simcal-events-calendar-700\" data-events-count=\"1\">\n\t<ul class=\"simcal-events\">\n\t<li class=\"simcal-event simcal-events-calendar-700\" style=\"\" itemscope itemtype=\"http:\/\/schema.org\/Event\" data-start=\"1791583259\">\n\t\t<div class=\"simcal-event-details\"><h3><span style=\"color: #000000\"><strong><span class=\"simcal-event-title\" itemprop=\"name\">Belegt<\/span><\/strong><\/span><\/h3>\n<h4><span style=\"color: #000000\"><span class=\"simcal-event-start simcal-event-start-date\" data-event-start=\"1791583259\" data-event-format=\"d.m.Y\" itemprop=\"startDate\" content=\"2026-10-10T00:00:59+02:00\">10.10.2026<\/span><\/span><br \/>\n<span style=\"color: #000000\"> <span class=\"simcal-event-address simcal-event-start-location\" itemprop=\"location\" itemscope itemtype=\"http:\/\/schema.org\/Place\"><meta itemprop=\"name\" content=\"Belegt\" \/><meta itemprop=\"address\" content=\"Belegt\" \/><\/span><\/span><\/h4>\n<hr>\n<p><span style=\"color: #000000\"><\/span><\/p>\n<p>&nbsp;<\/p><\/div>\n\t<\/li>\n<\/ul>\n\n<\/dd>\n\t<dt class=\"simcal-day-label\" style=\"border-bottom: 1px solid #bf3124;\" ><span style=\"background-color: #bf3124; color: #ffffff;\"><span class=\"simcal-date-format\" data-date-format=\"d.m.Y\">12.10.2026<\/span> <\/span><\/dt>\n<dd class=\"simcal-weekday-1 simcal-past simcal-day simcal-day-has-events simcal-day-has-1-events simcal-events-calendar-700\" data-events-count=\"1\">\n\t<ul class=\"simcal-events\">\n\t<li class=\"simcal-event simcal-event-recurring simcal-events-calendar-700\" style=\"\" itemscope itemtype=\"http:\/\/schema.org\/Event\" data-start=\"1791822600\">\n\t\t<div class=\"simcal-event-details\"><h3><span style=\"color: #000000\"><strong><span class=\"simcal-event-title\" itemprop=\"name\">Neustadt Chor - Chorprobe<\/span><\/strong><\/span><\/h3>\n<h4><span style=\"color: #000000\"><span class=\"simcal-event-start simcal-event-start-date\" data-event-start=\"1791822600\" data-event-format=\"d.m.Y\" itemprop=\"startDate\" content=\"2026-10-12T18:30:00+02:00\">12.10.2026<\/span>&nbsp;&nbsp;<span class=\"simcal-event-start simcal-event-start-time\" data-event-start=\"1791822600\" data-event-format=\"H:i\" itemprop=\"startDate\" content=\"2026-10-12T18:30:00+02:00\">18:30<\/span> - <span class=\"simcal-event-end simcal-event-end-time\" data-event-end=\"1791831600\" data-event-format=\"H:i\" itemprop=\"endDate\" content=\"2026-10-12T21:00:00+02:00\">21:00<\/span><\/span><br \/>\n<span style=\"color: #000000\"> <span class=\"simcal-event-address simcal-event-start-location\" itemprop=\"location\" itemscope itemtype=\"http:\/\/schema.org\/Place\"><meta itemprop=\"name\" content=\"Neustadt Chor - Chorprobe\" \/><meta itemprop=\"address\" content=\"Neustadt Chor - Chorprobe\" \/><\/span><\/span><\/h4>\n<hr>\n<p><span style=\"color: #000000\"><\/span><\/p>\n<p>&nbsp;<\/p><\/div>\n\t<\/li>\n<\/ul>\n\n<\/dd>\n\t<dt class=\"simcal-day-label\" style=\"border-bottom: 1px solid #bf3124;\" ><span style=\"background-color: #bf3124; color: #ffffff;\"><span class=\"simcal-date-format\" data-date-format=\"d.m.Y\">14.10.2026<\/span> <\/span><\/dt>\n<dd class=\"simcal-weekday-3 simcal-past simcal-day simcal-day-has-events simcal-day-has-1-events simcal-events-calendar-700\" data-events-count=\"1\">\n\t<ul class=\"simcal-events\">\n\t<li class=\"simcal-event simcal-events-calendar-700\" style=\"\" itemscope itemtype=\"http:\/\/schema.org\/Event\" data-start=\"1791997200\">\n\t\t<div class=\"simcal-event-details\"><h3><span style=\"color: #000000\"><strong><span class=\"simcal-event-title\" itemprop=\"name\">M\u00fchlenflimmern<\/span><\/strong><\/span><\/h3>\n<h4><span style=\"color: #000000\"><span class=\"simcal-event-start simcal-event-start-date\" data-event-start=\"1791997200\" data-event-format=\"d.m.Y\" itemprop=\"startDate\" content=\"2026-10-14T19:00:00+02:00\">14.10.2026<\/span>&nbsp;&nbsp;<span class=\"simcal-event-start simcal-event-start-time\" data-event-start=\"1791997200\" data-event-format=\"H:i\" itemprop=\"startDate\" content=\"2026-10-14T19:00:00+02:00\">19:00<\/span> - <span class=\"simcal-event-end simcal-event-end-time\" data-event-end=\"1792008000\" data-event-format=\"H:i\" itemprop=\"endDate\" content=\"2026-10-14T22:00:00+02:00\">22:00<\/span><\/span><br \/>\n<span style=\"color: #000000\"> <span class=\"simcal-event-address simcal-event-start-location\" itemprop=\"location\" itemscope itemtype=\"http:\/\/schema.org\/Place\"><meta itemprop=\"name\" content=\"M\u00fchlenflimmern\" \/><meta itemprop=\"address\" content=\"M\u00fchlenflimmern\" \/><\/span><\/span><\/h4>\n<hr>\n<p><span style=\"color: #000000\"><\/span><\/p>\n<p>&nbsp;<\/p><\/div>\n\t<\/li>\n<\/ul>\n\n<\/dd>\n\t<dt class=\"simcal-day-label\" style=\"border-bottom: 1px solid #bf3124;\" ><span style=\"background-color: #bf3124; color: #ffffff;\"><span class=\"simcal-date-format\" data-date-format=\"d.m.Y\">15.10.2026<\/span> <\/span><\/dt>\n<dd class=\"simcal-weekday-4 simcal-past simcal-day simcal-day-has-events simcal-day-has-1-events simcal-events-calendar-700\" data-events-count=\"1\">\n\t<ul class=\"simcal-events\">\n\t<li class=\"simcal-event simcal-event-recurring simcal-events-calendar-700\" style=\"\" itemscope itemtype=\"http:\/\/schema.org\/Event\" data-start=\"1792069200\">\n\t\t<div class=\"simcal-event-details\"><h3><span style=\"color: #000000\"><strong><span class=\"simcal-event-title\" itemprop=\"name\">Kaffee, Kuchen &amp; Kl\u00f6nschnack<\/span><\/strong><\/span><\/h3>\n<h4><span style=\"color: #000000\"><span class=\"simcal-event-start simcal-event-start-date\" data-event-start=\"1792069200\" data-event-format=\"d.m.Y\" itemprop=\"startDate\" content=\"2026-10-15T15:00:00+02:00\">15.10.2026<\/span>&nbsp;&nbsp;<span class=\"simcal-event-start simcal-event-start-time\" data-event-start=\"1792069200\" data-event-format=\"H:i\" itemprop=\"startDate\" content=\"2026-10-15T15:00:00+02:00\">15:00<\/span> - <span class=\"simcal-event-end simcal-event-end-time\" data-event-end=\"1792076400\" data-event-format=\"H:i\" itemprop=\"endDate\" content=\"2026-10-15T17:00:00+02:00\">17:00<\/span><\/span><br \/>\n<span style=\"color: #000000\"> <span class=\"simcal-event-address simcal-event-start-location\" itemprop=\"location\" itemscope itemtype=\"http:\/\/schema.org\/Place\"><meta itemprop=\"name\" content=\"Kaffee, Kuchen &amp; Kl\u00f6nschnack\" \/><meta itemprop=\"address\" content=\"Kaffee, Kuchen &amp; Kl\u00f6nschnack\" \/><\/span><\/span><\/h4>\n<hr>\n<p><span style=\"color: #000000\"><\/span><\/p>\n<p>&nbsp;<\/p><\/div>\n\t<\/li>\n<\/ul>\n\n<\/dd>\n\t<dt class=\"simcal-day-label\" style=\"border-bottom: 1px solid #bf3124;\" ><span style=\"background-color: #bf3124; color: #ffffff;\"><span class=\"simcal-date-format\" data-date-format=\"d.m.Y\">19.10.2026<\/span> <\/span><\/dt>\n<dd class=\"simcal-weekday-1 simcal-past simcal-day simcal-day-has-events simcal-day-has-1-events simcal-events-calendar-700\" data-events-count=\"1\">\n\t<ul class=\"simcal-events\">\n\t<li class=\"simcal-event simcal-event-recurring simcal-events-calendar-700\" style=\"\" itemscope itemtype=\"http:\/\/schema.org\/Event\" data-start=\"1792427400\">\n\t\t<div class=\"simcal-event-details\"><h3><span style=\"color: #000000\"><strong><span class=\"simcal-event-title\" itemprop=\"name\">Neustadt Chor - Chorprobe<\/span><\/strong><\/span><\/h3>\n<h4><span style=\"color: #000000\"><span class=\"simcal-event-start simcal-event-start-date\" data-event-start=\"1792427400\" data-event-format=\"d.m.Y\" itemprop=\"startDate\" content=\"2026-10-19T18:30:00+02:00\">19.10.2026<\/span>&nbsp;&nbsp;<span class=\"simcal-event-start simcal-event-start-time\" data-event-start=\"1792427400\" data-event-format=\"H:i\" itemprop=\"startDate\" content=\"2026-10-19T18:30:00+02:00\">18:30<\/span> - <span class=\"simcal-event-end simcal-event-end-time\" data-event-end=\"1792436400\" data-event-format=\"H:i\" itemprop=\"endDate\" content=\"2026-10-19T21:00:00+02:00\">21:00<\/span><\/span><br \/>\n<span style=\"color: #000000\"> <span class=\"simcal-event-address simcal-event-start-location\" itemprop=\"location\" itemscope itemtype=\"http:\/\/schema.org\/Place\"><meta itemprop=\"name\" content=\"Neustadt Chor - Chorprobe\" \/><meta itemprop=\"address\" content=\"Neustadt Chor - Chorprobe\" \/><\/span><\/span><\/h4>\n<hr>\n<p><span style=\"color: #000000\"><\/span><\/p>\n<p>&nbsp;<\/p><\/div>\n\t<\/li>\n<\/ul>\n\n<\/dd>\n\t<dt class=\"simcal-day-label\" style=\"border-bottom: 1px solid #bf3124;\" ><span style=\"background-color: #bf3124; color: #ffffff;\"><span class=\"simcal-date-format\" data-date-format=\"d.m.Y\">26.10.2026<\/span> <\/span><\/dt>\n<dd class=\"simcal-weekday-1 simcal-past simcal-day simcal-day-has-events simcal-day-has-1-events simcal-events-calendar-700\" data-events-count=\"1\">\n\t<ul class=\"simcal-events\">\n\t<li class=\"simcal-event simcal-event-recurring simcal-events-calendar-700\" style=\"\" itemscope itemtype=\"http:\/\/schema.org\/Event\" data-start=\"1793035800\">\n\t\t<div class=\"simcal-event-details\"><h3><span style=\"color: #000000\"><strong><span class=\"simcal-event-title\" itemprop=\"name\">Neustadt Chor - Chorprobe<\/span><\/strong><\/span><\/h3>\n<h4><span style=\"color: #000000\"><span class=\"simcal-event-start simcal-event-start-date\" data-event-start=\"1793035800\" data-event-format=\"d.m.Y\" itemprop=\"startDate\" content=\"2026-10-26T18:30:00+01:00\">26.10.2026<\/span>&nbsp;&nbsp;<span class=\"simcal-event-start simcal-event-start-time\" data-event-start=\"1793035800\" data-event-format=\"H:i\" itemprop=\"startDate\" content=\"2026-10-26T18:30:00+01:00\">18:30<\/span> - <span class=\"simcal-event-end simcal-event-end-time\" data-event-end=\"1793044800\" data-event-format=\"H:i\" itemprop=\"endDate\" content=\"2026-10-26T21:00:00+01:00\">21:00<\/span><\/span><br \/>\n<span style=\"color: #000000\"> <span class=\"simcal-event-address simcal-event-start-location\" itemprop=\"location\" itemscope itemtype=\"http:\/\/schema.org\/Place\"><meta itemprop=\"name\" content=\"Neustadt Chor - Chorprobe\" \/><meta itemprop=\"address\" content=\"Neustadt Chor - Chorprobe\" \/><\/span><\/span><\/h4>\n<hr>\n<p><span style=\"color: #000000\"><\/span><\/p>\n<p>&nbsp;<\/p><\/div>\n\t<\/li>\n<\/ul>\n\n<\/dd>\n\t<dt class=\"simcal-day-label\" style=\"border-bottom: 1px solid #bf3124;\" ><span style=\"background-color: #bf3124; color: #ffffff;\"><span class=\"simcal-date-format\" data-date-format=\"d.m.Y\">27.10.2026<\/span> <\/span><\/dt>\n<dd class=\"simcal-weekday-2 simcal-past simcal-day simcal-day-has-events simcal-day-has-1-events simcal-events-calendar-700\" data-events-count=\"1\">\n\t<ul class=\"simcal-events\">\n\t<li class=\"simcal-event simcal-events-calendar-700\" style=\"\" itemscope itemtype=\"http:\/\/schema.org\/Event\" data-start=\"1793055659\">\n\t\t<div class=\"simcal-event-details\"><h3><span style=\"color: #000000\"><strong><span class=\"simcal-event-title\" itemprop=\"name\">Belegt<\/span><\/strong><\/span><\/h3>\n<h4><span style=\"color: #000000\"><span class=\"simcal-event-start simcal-event-start-date\" data-event-start=\"1793055659\" data-event-format=\"d.m.Y\" itemprop=\"startDate\" content=\"2026-10-27T00:00:59+01:00\">27.10.2026<\/span><\/span><br \/>\n<span style=\"color: #000000\"> <span class=\"simcal-event-address simcal-event-start-location\" itemprop=\"location\" itemscope itemtype=\"http:\/\/schema.org\/Place\"><meta itemprop=\"name\" content=\"Belegt\" \/><meta itemprop=\"address\" content=\"Belegt\" \/><\/span><\/span><\/h4>\n<hr>\n<p><span style=\"color: #000000\"><\/span><\/p>\n<p>&nbsp;<\/p><\/div>\n\t<\/li>\n<\/ul>\n\n<\/dd>\n\t<dt class=\"simcal-day-label\" style=\"border-bottom: 1px solid #bf3124;\" ><span style=\"background-color: #bf3124; color: #ffffff;\"><span class=\"simcal-date-format\" data-date-format=\"d.m.Y\">28.10.2026<\/span> <\/span><\/dt>\n<dd class=\"simcal-weekday-3 simcal-past simcal-day simcal-day-has-events simcal-day-has-1-events simcal-events-calendar-700\" data-events-count=\"1\">\n\t<ul class=\"simcal-events\">\n\t<li class=\"simcal-event simcal-event-recurring simcal-events-calendar-700\" style=\"\" itemscope itemtype=\"http:\/\/schema.org\/Event\" data-start=\"1793212200\">\n\t\t<div class=\"simcal-event-details\"><h3><span style=\"color: #000000\"><strong><span class=\"simcal-event-title\" itemprop=\"name\">Jazz in der M\u00fchle<\/span><\/strong><\/span><\/h3>\n<h4><span style=\"color: #000000\"><span class=\"simcal-event-start simcal-event-start-date\" data-event-start=\"1793212200\" data-event-format=\"d.m.Y\" itemprop=\"startDate\" content=\"2026-10-28T19:30:00+01:00\">28.10.2026<\/span>&nbsp;&nbsp;<span class=\"simcal-event-start simcal-event-start-time\" data-event-start=\"1793212200\" data-event-format=\"H:i\" itemprop=\"startDate\" content=\"2026-10-28T19:30:00+01:00\">19:30<\/span> - <span class=\"simcal-event-end simcal-event-end-time\" data-event-end=\"1793223000\" data-event-format=\"H:i\" itemprop=\"endDate\" content=\"2026-10-28T22:30:00+01:00\">22:30<\/span><\/span><br \/>\n<span style=\"color: #000000\"> <span class=\"simcal-event-address simcal-event-start-location\" itemprop=\"location\" itemscope itemtype=\"http:\/\/schema.org\/Place\"><meta itemprop=\"name\" content=\"Jazz in der M\u00fchle\" \/><meta itemprop=\"address\" content=\"Jazz in der M\u00fchle\" \/><\/span><\/span><\/h4>\n<hr>\n<p><span style=\"color: #000000\"><div class=\"simcal-event-description\" itemprop=\"description\"><p>Die M\u00f6glichkeit f\u00fcr alle Jazzer der Region zusammen zu jammen! Weder das Alter noch das Instrument spielen eine Rolle, auch nicht in welchem Jazz-Stil man sich zu Hause f\u00fchlt. Der Kontrabassist Kai Stemmler l\u00e4dt einen lokalen oder \u00fcberregional bekannten Solisten f\u00fcr das Opener-Set ein und stellt dazu eine Rhythmusgruppe zusammen. Danach k\u00f6nnen alle, die mindestens drei St\u00fccke vorstellen k\u00f6nnen, einsteigen oder selbst Sets anf\u00fchren. Am Ende gibt\u2019s als H\u00f6hepunkt einige Songs mit der Grundband und m\u00f6glichst vielen Musikern gemeinsam!<\/p>\n<p>Hinweis: Der Eintritt ist frei, der Hut geht \u2019rum.\u00a0<\/p>\n<p>Vorverkauf oder eine Platzreservierung ist nicht m\u00f6glich.<\/p>\n<p>Weitere Termine (jeweils letzter Mittwoch im Monat): 25. November 2026 \/ 30. Dezember 2026\u00a0<\/p>\n<p>Veranstalter: Verein zur Erhaltung der Bergm\u00fchle e.V. in Kooperation mit dem Verein Creakult e. V.<\/p>\n<\/div><\/span><\/p>\n<p>&nbsp;<\/p><\/div>\n\t<\/li>\n<\/ul>\n\n<\/dd>\n\t<dt class=\"simcal-day-label\" style=\"border-bottom: 1px solid #bf3124;\" ><span style=\"background-color: #bf3124; color: #ffffff;\"><span class=\"simcal-date-format\" data-date-format=\"d.m.Y\">31.10.2026<\/span> <\/span><\/dt>\n<dd class=\"simcal-weekday-6 simcal-past simcal-day simcal-day-has-events simcal-day-has-1-events simcal-events-calendar-700\" data-events-count=\"1\">\n\t<ul class=\"simcal-events\">\n\t<li class=\"simcal-event simcal-events-calendar-700\" style=\"\" itemscope itemtype=\"http:\/\/schema.org\/Event\" data-start=\"1793401259\">\n\t\t<div class=\"simcal-event-details\"><h3><span style=\"color: #000000\"><strong><span class=\"simcal-event-title\" itemprop=\"name\">Belegt<\/span><\/strong><\/span><\/h3>\n<h4><span style=\"color: #000000\"><span class=\"simcal-event-start simcal-event-start-date\" data-event-start=\"1793401259\" data-event-format=\"d.m.Y\" itemprop=\"startDate\" content=\"2026-10-31T00:00:59+01:00\">31.10.2026<\/span><\/span><br \/>\n<span style=\"color: #000000\"> <span class=\"simcal-event-address simcal-event-start-location\" itemprop=\"location\" itemscope itemtype=\"http:\/\/schema.org\/Place\"><meta itemprop=\"name\" content=\"Belegt\" \/><meta itemprop=\"address\" content=\"Belegt\" \/><\/span><\/span><\/h4>\n<hr>\n<p><span style=\"color: #000000\"><\/span><\/p>\n<p>&nbsp;<\/p><\/div>\n\t<\/li>\n<\/ul>\n\n<\/dd>\n\t<dt class=\"simcal-day-label\" style=\"border-bottom: 1px solid #bf3124;\" ><span style=\"background-color: #bf3124; color: #ffffff;\"><span class=\"simcal-date-format\" data-date-format=\"d.m.Y\">02.11.2026<\/span> <\/span><\/dt>\n<dd class=\"simcal-weekday-1 simcal-past simcal-day simcal-day-has-events simcal-day-has-1-events simcal-events-calendar-700\" data-events-count=\"1\">\n\t<ul class=\"simcal-events\">\n\t<li class=\"simcal-event simcal-event-recurring simcal-events-calendar-700\" style=\"\" itemscope itemtype=\"http:\/\/schema.org\/Event\" data-start=\"1793640600\">\n\t\t<div class=\"simcal-event-details\"><h3><span style=\"color: #000000\"><strong><span class=\"simcal-event-title\" itemprop=\"name\">Neustadt Chor - Chorprobe<\/span><\/strong><\/span><\/h3>\n<h4><span style=\"color: #000000\"><span class=\"simcal-event-start simcal-event-start-date\" data-event-start=\"1793640600\" data-event-format=\"d.m.Y\" itemprop=\"startDate\" content=\"2026-11-02T18:30:00+01:00\">02.11.2026<\/span>&nbsp;&nbsp;<span class=\"simcal-event-start simcal-event-start-time\" data-event-start=\"1793640600\" data-event-format=\"H:i\" itemprop=\"startDate\" content=\"2026-11-02T18:30:00+01:00\">18:30<\/span> - <span class=\"simcal-event-end simcal-event-end-time\" data-event-end=\"1793649600\" data-event-format=\"H:i\" itemprop=\"endDate\" content=\"2026-11-02T21:00:00+01:00\">21:00<\/span><\/span><br \/>\n<span style=\"color: #000000\"> <span class=\"simcal-event-address simcal-event-start-location\" itemprop=\"location\" itemscope itemtype=\"http:\/\/schema.org\/Place\"><meta itemprop=\"name\" content=\"Neustadt Chor - Chorprobe\" \/><meta itemprop=\"address\" content=\"Neustadt Chor - Chorprobe\" \/><\/span><\/span><\/h4>\n<hr>\n<p><span style=\"color: #000000\"><\/span><\/p>\n<p>&nbsp;<\/p><\/div>\n\t<\/li>\n<\/ul>\n\n<\/dd>\n\t<dt class=\"simcal-day-label\" style=\"border-bottom: 1px solid #bf3124;\" ><span style=\"background-color: #bf3124; color: #ffffff;\"><span class=\"simcal-date-format\" data-date-format=\"d.m.Y\">05.11.2026<\/span> <\/span><\/dt>\n<dd class=\"simcal-weekday-4 simcal-past simcal-day simcal-day-has-events simcal-day-has-1-events simcal-events-calendar-700\" data-events-count=\"1\">\n\t<ul class=\"simcal-events\">\n\t<li class=\"simcal-event simcal-event-recurring simcal-events-calendar-700\" style=\"\" itemscope itemtype=\"http:\/\/schema.org\/Event\" data-start=\"1793887200\">\n\t\t<div class=\"simcal-event-details\"><h3><span style=\"color: #000000\"><strong><span class=\"simcal-event-title\" itemprop=\"name\">Kaffee, Kuchen &amp; Kl\u00f6nschnack<\/span><\/strong><\/span><\/h3>\n<h4><span style=\"color: #000000\"><span class=\"simcal-event-start simcal-event-start-date\" data-event-start=\"1793887200\" data-event-format=\"d.m.Y\" itemprop=\"startDate\" content=\"2026-11-05T15:00:00+01:00\">05.11.2026<\/span>&nbsp;&nbsp;<span class=\"simcal-event-start simcal-event-start-time\" data-event-start=\"1793887200\" data-event-format=\"H:i\" itemprop=\"startDate\" content=\"2026-11-05T15:00:00+01:00\">15:00<\/span> - <span class=\"simcal-event-end simcal-event-end-time\" data-event-end=\"1793894400\" data-event-format=\"H:i\" itemprop=\"endDate\" content=\"2026-11-05T17:00:00+01:00\">17:00<\/span><\/span><br \/>\n<span style=\"color: #000000\"> <span class=\"simcal-event-address simcal-event-start-location\" itemprop=\"location\" itemscope itemtype=\"http:\/\/schema.org\/Place\"><meta itemprop=\"name\" content=\"Kaffee, Kuchen &amp; Kl\u00f6nschnack\" \/><meta itemprop=\"address\" content=\"Kaffee, Kuchen &amp; Kl\u00f6nschnack\" \/><\/span><\/span><\/h4>\n<hr>\n<p><span style=\"color: #000000\"><\/span><\/p>\n<p>&nbsp;<\/p><\/div>\n\t<\/li>\n<\/ul>\n\n<\/dd>\n\t<dt class=\"simcal-day-label\" style=\"border-bottom: 1px solid #bf3124;\" ><span style=\"background-color: #bf3124; color: #ffffff;\"><span class=\"simcal-date-format\" data-date-format=\"d.m.Y\">06.11.2026<\/span> <\/span><\/dt>\n<dd class=\"simcal-weekday-5 simcal-past simcal-day simcal-day-has-events simcal-day-has-1-events simcal-events-calendar-700\" data-events-count=\"1\">\n\t<ul class=\"simcal-events\">\n\t<li class=\"simcal-event simcal-event-recurring simcal-events-calendar-700\" style=\"\" itemscope itemtype=\"http:\/\/schema.org\/Event\" data-start=\"1793991600\">\n\t\t<div class=\"simcal-event-details\"><h3><span style=\"color: #000000\"><strong><span class=\"simcal-event-title\" itemprop=\"name\">M\u00dcHLENGENUSS - Konzert<\/span><\/strong><\/span><\/h3>\n<h4><span style=\"color: #000000\"><span class=\"simcal-event-start simcal-event-start-date\" data-event-start=\"1793991600\" data-event-format=\"d.m.Y\" itemprop=\"startDate\" content=\"2026-11-06T20:00:00+01:00\">06.11.2026<\/span>&nbsp;&nbsp;<span class=\"simcal-event-start simcal-event-start-time\" data-event-start=\"1793991600\" data-event-format=\"H:i\" itemprop=\"startDate\" content=\"2026-11-06T20:00:00+01:00\">20:00<\/span> - <span class=\"simcal-event-end simcal-event-end-time\" data-event-end=\"1794000600\" data-event-format=\"H:i\" itemprop=\"endDate\" content=\"2026-11-06T22:30:00+01:00\">22:30<\/span><\/span><br \/>\n<span style=\"color: #000000\"> <span class=\"simcal-event-address simcal-event-start-location\" itemprop=\"location\" itemscope itemtype=\"http:\/\/schema.org\/Place\"><meta itemprop=\"name\" content=\"M\u00dcHLENGENUSS - Konzert\" \/><meta itemprop=\"address\" content=\"M\u00dcHLENGENUSS - Konzert\" \/><\/span><\/span><\/h4>\n<hr>\n<p><span style=\"color: #000000\"><\/span><\/p>\n<p>&nbsp;<\/p><\/div>\n\t<\/li>\n<\/ul>\n\n<\/dd>\n\t<dt class=\"simcal-day-label\" style=\"border-bottom: 1px solid #bf3124;\" ><span style=\"background-color: #bf3124; color: #ffffff;\"><span class=\"simcal-date-format\" data-date-format=\"d.m.Y\">07.11.2026<\/span> <\/span><\/dt>\n<dd class=\"simcal-weekday-6 simcal-past simcal-day simcal-day-has-events simcal-day-has-1-events simcal-events-calendar-700\" data-events-count=\"1\">\n\t<ul class=\"simcal-events\">\n\t<li class=\"simcal-event simcal-events-calendar-700\" style=\"\" itemscope itemtype=\"http:\/\/schema.org\/Event\" data-start=\"1794006059\">\n\t\t<div class=\"simcal-event-details\"><h3><span style=\"color: #000000\"><strong><span class=\"simcal-event-title\" itemprop=\"name\">Belegt<\/span><\/strong><\/span><\/h3>\n<h4><span style=\"color: #000000\"><span class=\"simcal-event-start simcal-event-start-date\" data-event-start=\"1794006059\" data-event-format=\"d.m.Y\" itemprop=\"startDate\" content=\"2026-11-07T00:00:59+01:00\">07.11.2026<\/span><\/span><br \/>\n<span style=\"color: #000000\"> <span class=\"simcal-event-address simcal-event-start-location\" itemprop=\"location\" itemscope itemtype=\"http:\/\/schema.org\/Place\"><meta itemprop=\"name\" content=\"Belegt\" \/><meta itemprop=\"address\" content=\"Belegt\" \/><\/span><\/span><\/h4>\n<hr>\n<p><span style=\"color: #000000\"><\/span><\/p>\n<p>&nbsp;<\/p><\/div>\n\t<\/li>\n<\/ul>\n\n<\/dd>\n\t<dt class=\"simcal-day-label\" style=\"border-bottom: 1px solid #bf3124;\" ><span style=\"background-color: #bf3124; color: #ffffff;\"><span class=\"simcal-date-format\" data-date-format=\"d.m.Y\">09.11.2026<\/span> <\/span><\/dt>\n<dd class=\"simcal-weekday-1 simcal-past simcal-day simcal-day-has-events simcal-day-has-1-events simcal-events-calendar-700\" data-events-count=\"1\">\n\t<ul class=\"simcal-events\">\n\t<li class=\"simcal-event simcal-event-recurring simcal-events-calendar-700\" style=\"\" itemscope itemtype=\"http:\/\/schema.org\/Event\" data-start=\"1794245400\">\n\t\t<div class=\"simcal-event-details\"><h3><span style=\"color: #000000\"><strong><span class=\"simcal-event-title\" itemprop=\"name\">Neustadt Chor - Chorprobe<\/span><\/strong><\/span><\/h3>\n<h4><span style=\"color: #000000\"><span class=\"simcal-event-start simcal-event-start-date\" data-event-start=\"1794245400\" data-event-format=\"d.m.Y\" itemprop=\"startDate\" content=\"2026-11-09T18:30:00+01:00\">09.11.2026<\/span>&nbsp;&nbsp;<span class=\"simcal-event-start simcal-event-start-time\" data-event-start=\"1794245400\" data-event-format=\"H:i\" itemprop=\"startDate\" content=\"2026-11-09T18:30:00+01:00\">18:30<\/span> - <span class=\"simcal-event-end simcal-event-end-time\" data-event-end=\"1794254400\" data-event-format=\"H:i\" itemprop=\"endDate\" content=\"2026-11-09T21:00:00+01:00\">21:00<\/span><\/span><br \/>\n<span style=\"color: #000000\"> <span class=\"simcal-event-address simcal-event-start-location\" itemprop=\"location\" itemscope itemtype=\"http:\/\/schema.org\/Place\"><meta itemprop=\"name\" content=\"Neustadt Chor - Chorprobe\" \/><meta itemprop=\"address\" content=\"Neustadt Chor - Chorprobe\" \/><\/span><\/span><\/h4>\n<hr>\n<p><span style=\"color: #000000\"><\/span><\/p>\n<p>&nbsp;<\/p><\/div>\n\t<\/li>\n<\/ul>\n\n<\/dd>\n\t<dt class=\"simcal-day-label\" style=\"border-bottom: 1px solid #bf3124;\" ><span style=\"background-color: #bf3124; color: #ffffff;\"><span class=\"simcal-date-format\" data-date-format=\"d.m.Y\">11.11.2026<\/span> <\/span><\/dt>\n<dd class=\"simcal-weekday-3 simcal-past simcal-day simcal-day-has-events simcal-day-has-1-events simcal-events-calendar-700\" data-events-count=\"1\">\n\t<ul class=\"simcal-events\">\n\t<li class=\"simcal-event simcal-events-calendar-700\" style=\"\" itemscope itemtype=\"http:\/\/schema.org\/Event\" data-start=\"1794420000\">\n\t\t<div class=\"simcal-event-details\"><h3><span style=\"color: #000000\"><strong><span class=\"simcal-event-title\" itemprop=\"name\">M\u00fchlenflimmern<\/span><\/strong><\/span><\/h3>\n<h4><span style=\"color: #000000\"><span class=\"simcal-event-start simcal-event-start-date\" data-event-start=\"1794420000\" data-event-format=\"d.m.Y\" itemprop=\"startDate\" content=\"2026-11-11T19:00:00+01:00\">11.11.2026<\/span>&nbsp;&nbsp;<span class=\"simcal-event-start simcal-event-start-time\" data-event-start=\"1794420000\" data-event-format=\"H:i\" itemprop=\"startDate\" content=\"2026-11-11T19:00:00+01:00\">19:00<\/span> - <span class=\"simcal-event-end simcal-event-end-time\" data-event-end=\"1794430800\" data-event-format=\"H:i\" itemprop=\"endDate\" content=\"2026-11-11T22:00:00+01:00\">22:00<\/span><\/span><br \/>\n<span style=\"color: #000000\"> <span class=\"simcal-event-address simcal-event-start-location\" itemprop=\"location\" itemscope itemtype=\"http:\/\/schema.org\/Place\"><meta itemprop=\"name\" content=\"M\u00fchlenflimmern\" \/><meta itemprop=\"address\" content=\"M\u00fchlenflimmern\" \/><\/span><\/span><\/h4>\n<hr>\n<p><span style=\"color: #000000\"><\/span><\/p>\n<p>&nbsp;<\/p><\/div>\n\t<\/li>\n<\/ul>\n\n<\/dd>\n\t<dt class=\"simcal-day-label\" style=\"border-bottom: 1px solid #bf3124;\" ><span style=\"background-color: #bf3124; color: #ffffff;\"><span class=\"simcal-date-format\" data-date-format=\"d.m.Y\">13.11.2026<\/span> <\/span><\/dt>\n<dd class=\"simcal-weekday-5 simcal-past simcal-day simcal-day-has-events simcal-day-has-1-events simcal-events-calendar-700\" data-events-count=\"1\">\n\t<ul class=\"simcal-events\">\n\t<li class=\"simcal-event simcal-events-calendar-700\" style=\"\" itemscope itemtype=\"http:\/\/schema.org\/Event\" data-start=\"1794524459\">\n\t\t<div class=\"simcal-event-details\"><h3><span style=\"color: #000000\"><strong><span class=\"simcal-event-title\" itemprop=\"name\">Belegt<\/span><\/strong><\/span><\/h3>\n<h4><span style=\"color: #000000\"><span class=\"simcal-event-start simcal-event-start-date\" data-event-start=\"1794524459\" data-event-format=\"d.m.Y\" itemprop=\"startDate\" content=\"2026-11-13T00:00:59+01:00\">13.11.2026<\/span><\/span><br \/>\n<span style=\"color: #000000\"> <span class=\"simcal-event-address simcal-event-start-location\" itemprop=\"location\" itemscope itemtype=\"http:\/\/schema.org\/Place\"><meta itemprop=\"name\" content=\"Belegt\" \/><meta itemprop=\"address\" content=\"Belegt\" \/><\/span><\/span><\/h4>\n<hr>\n<p><span style=\"color: #000000\"><\/span><\/p>\n<p>&nbsp;<\/p><\/div>\n\t<\/li>\n<\/ul>\n\n<\/dd>\n\t<dt class=\"simcal-day-label\" style=\"border-bottom: 1px solid #bf3124;\" ><span style=\"background-color: #bf3124; color: #ffffff;\"><span class=\"simcal-date-format\" data-date-format=\"d.m.Y\">14.11.2026<\/span> <\/span><\/dt>\n<dd class=\"simcal-weekday-6 simcal-past simcal-day simcal-day-has-events simcal-day-has-1-events simcal-events-calendar-700\" data-events-count=\"1\">\n\t<ul class=\"simcal-events\">\n\t<li class=\"simcal-event simcal-events-calendar-700\" style=\"\" itemscope itemtype=\"http:\/\/schema.org\/Event\" data-start=\"1794610859\">\n\t\t<div class=\"simcal-event-details\"><h3><span style=\"color: #000000\"><strong><span class=\"simcal-event-title\" itemprop=\"name\">Belegt<\/span><\/strong><\/span><\/h3>\n<h4><span style=\"color: #000000\"><span class=\"simcal-event-start simcal-event-start-date\" data-event-start=\"1794610859\" data-event-format=\"d.m.Y\" itemprop=\"startDate\" content=\"2026-11-14T00:00:59+01:00\">14.11.2026<\/span><\/span><br \/>\n<span style=\"color: #000000\"> <span class=\"simcal-event-address simcal-event-start-location\" itemprop=\"location\" itemscope itemtype=\"http:\/\/schema.org\/Place\"><meta itemprop=\"name\" content=\"Belegt\" \/><meta itemprop=\"address\" content=\"Belegt\" \/><\/span><\/span><\/h4>\n<hr>\n<p><span style=\"color: #000000\"><\/span><\/p>\n<p>&nbsp;<\/p><\/div>\n\t<\/li>\n<\/ul>\n\n<\/dd>\n\t<dt class=\"simcal-day-label\" style=\"border-bottom: 1px solid #bf3124;\" ><span style=\"background-color: #bf3124; color: #ffffff;\"><span class=\"simcal-date-format\" data-date-format=\"d.m.Y\">16.11.2026<\/span> <\/span><\/dt>\n<dd class=\"simcal-weekday-1 simcal-past simcal-day simcal-day-has-events simcal-day-has-1-events simcal-events-calendar-700\" data-events-count=\"1\">\n\t<ul class=\"simcal-events\">\n\t<li class=\"simcal-event simcal-event-recurring simcal-events-calendar-700\" style=\"\" itemscope itemtype=\"http:\/\/schema.org\/Event\" data-start=\"1794850200\">\n\t\t<div class=\"simcal-event-details\"><h3><span style=\"color: #000000\"><strong><span class=\"simcal-event-title\" itemprop=\"name\">Neustadt Chor - Chorprobe<\/span><\/strong><\/span><\/h3>\n<h4><span style=\"color: #000000\"><span class=\"simcal-event-start simcal-event-start-date\" data-event-start=\"1794850200\" data-event-format=\"d.m.Y\" itemprop=\"startDate\" content=\"2026-11-16T18:30:00+01:00\">16.11.2026<\/span>&nbsp;&nbsp;<span class=\"simcal-event-start simcal-event-start-time\" data-event-start=\"1794850200\" data-event-format=\"H:i\" itemprop=\"startDate\" content=\"2026-11-16T18:30:00+01:00\">18:30<\/span> - <span class=\"simcal-event-end simcal-event-end-time\" data-event-end=\"1794859200\" data-event-format=\"H:i\" itemprop=\"endDate\" content=\"2026-11-16T21:00:00+01:00\">21:00<\/span><\/span><br \/>\n<span style=\"color: #000000\"> <span class=\"simcal-event-address simcal-event-start-location\" itemprop=\"location\" itemscope itemtype=\"http:\/\/schema.org\/Place\"><meta itemprop=\"name\" content=\"Neustadt Chor - Chorprobe\" \/><meta itemprop=\"address\" content=\"Neustadt Chor - Chorprobe\" \/><\/span><\/span><\/h4>\n<hr>\n<p><span style=\"color: #000000\"><\/span><\/p>\n<p>&nbsp;<\/p><\/div>\n\t<\/li>\n<\/ul>\n\n<\/dd>\n\t<dt class=\"simcal-day-label\" style=\"border-bottom: 1px solid #bf3124;\" ><span style=\"background-color: #bf3124; color: #ffffff;\"><span class=\"simcal-date-format\" data-date-format=\"d.m.Y\">19.11.2026<\/span> <\/span><\/dt>\n<dd class=\"simcal-weekday-4 simcal-past simcal-day simcal-day-has-events simcal-day-has-1-events simcal-events-calendar-700\" data-events-count=\"1\">\n\t<ul class=\"simcal-events\">\n\t<li class=\"simcal-event simcal-event-recurring simcal-events-calendar-700\" style=\"\" itemscope itemtype=\"http:\/\/schema.org\/Event\" data-start=\"1795096800\">\n\t\t<div class=\"simcal-event-details\"><h3><span style=\"color: #000000\"><strong><span class=\"simcal-event-title\" itemprop=\"name\">Kaffee, Kuchen &amp; Kl\u00f6nschnack<\/span><\/strong><\/span><\/h3>\n<h4><span style=\"color: #000000\"><span class=\"simcal-event-start simcal-event-start-date\" data-event-start=\"1795096800\" data-event-format=\"d.m.Y\" itemprop=\"startDate\" content=\"2026-11-19T15:00:00+01:00\">19.11.2026<\/span>&nbsp;&nbsp;<span class=\"simcal-event-start simcal-event-start-time\" data-event-start=\"1795096800\" data-event-format=\"H:i\" itemprop=\"startDate\" content=\"2026-11-19T15:00:00+01:00\">15:00<\/span> - <span class=\"simcal-event-end simcal-event-end-time\" data-event-end=\"1795104000\" data-event-format=\"H:i\" itemprop=\"endDate\" content=\"2026-11-19T17:00:00+01:00\">17:00<\/span><\/span><br \/>\n<span style=\"color: #000000\"> <span class=\"simcal-event-address simcal-event-start-location\" itemprop=\"location\" itemscope itemtype=\"http:\/\/schema.org\/Place\"><meta itemprop=\"name\" content=\"Kaffee, Kuchen &amp; Kl\u00f6nschnack\" \/><meta itemprop=\"address\" content=\"Kaffee, Kuchen &amp; Kl\u00f6nschnack\" \/><\/span><\/span><\/h4>\n<hr>\n<p><span style=\"color: #000000\"><\/span><\/p>\n<p>&nbsp;<\/p><\/div>\n\t<\/li>\n<\/ul>\n\n<\/dd>\n\t<dt class=\"simcal-day-label\" style=\"border-bottom: 1px solid #bf3124;\" ><span style=\"background-color: #bf3124; color: #ffffff;\"><span class=\"simcal-date-format\" data-date-format=\"d.m.Y\">20.11.2026<\/span> <\/span><\/dt>\n<dd class=\"simcal-weekday-5 simcal-past simcal-day simcal-day-has-events simcal-day-has-1-events simcal-events-calendar-700\" data-events-count=\"1\">\n\t<ul class=\"simcal-events\">\n\t<li class=\"simcal-event simcal-events-calendar-700\" style=\"\" itemscope itemtype=\"http:\/\/schema.org\/Event\" data-start=\"1795129259\">\n\t\t<div class=\"simcal-event-details\"><h3><span style=\"color: #000000\"><strong><span class=\"simcal-event-title\" itemprop=\"name\">Belegt<\/span><\/strong><\/span><\/h3>\n<h4><span style=\"color: #000000\"><span class=\"simcal-event-start simcal-event-start-date\" data-event-start=\"1795129259\" data-event-format=\"d.m.Y\" itemprop=\"startDate\" content=\"2026-11-20T00:00:59+01:00\">20.11.2026<\/span><\/span><br \/>\n<span style=\"color: #000000\"> <span class=\"simcal-event-address simcal-event-start-location\" itemprop=\"location\" itemscope itemtype=\"http:\/\/schema.org\/Place\"><meta itemprop=\"name\" content=\"Belegt\" \/><meta itemprop=\"address\" content=\"Belegt\" \/><\/span><\/span><\/h4>\n<hr>\n<p><span style=\"color: #000000\"><\/span><\/p>\n<p>&nbsp;<\/p><\/div>\n\t<\/li>\n<\/ul>\n\n<\/dd>\n\t<dt class=\"simcal-day-label\" style=\"border-bottom: 1px solid #bf3124;\" ><span style=\"background-color: #bf3124; color: #ffffff;\"><span class=\"simcal-date-format\" data-date-format=\"d.m.Y\">21.11.2026<\/span> <\/span><\/dt>\n<dd class=\"simcal-weekday-6 simcal-past simcal-day simcal-day-has-events simcal-day-has-1-events simcal-events-calendar-700\" data-events-count=\"1\">\n\t<ul class=\"simcal-events\">\n\t<li class=\"simcal-event simcal-events-calendar-700\" style=\"\" itemscope itemtype=\"http:\/\/schema.org\/Event\" data-start=\"1795215659\">\n\t\t<div class=\"simcal-event-details\"><h3><span style=\"color: #000000\"><strong><span class=\"simcal-event-title\" itemprop=\"name\">Belegt<\/span><\/strong><\/span><\/h3>\n<h4><span style=\"color: #000000\"><span class=\"simcal-event-start simcal-event-start-date\" data-event-start=\"1795215659\" data-event-format=\"d.m.Y\" itemprop=\"startDate\" content=\"2026-11-21T00:00:59+01:00\">21.11.2026<\/span><\/span><br \/>\n<span style=\"color: #000000\"> <span class=\"simcal-event-address simcal-event-start-location\" itemprop=\"location\" itemscope itemtype=\"http:\/\/schema.org\/Place\"><meta itemprop=\"name\" content=\"Belegt\" \/><meta itemprop=\"address\" content=\"Belegt\" \/><\/span><\/span><\/h4>\n<hr>\n<p><span style=\"color: #000000\"><\/span><\/p>\n<p>&nbsp;<\/p><\/div>\n\t<\/li>\n<\/ul>\n\n<\/dd>\n\t<dt class=\"simcal-day-label\" style=\"border-bottom: 1px solid #bf3124;\" ><span style=\"background-color: #bf3124; color: #ffffff;\"><span class=\"simcal-date-format\" data-date-format=\"d.m.Y\">22.11.2026<\/span> <\/span><\/dt>\n<dd class=\"simcal-weekday-0 simcal-past simcal-day simcal-day-has-events simcal-day-has-1-events simcal-events-calendar-700\" data-events-count=\"1\">\n\t<ul class=\"simcal-events\">\n\t<li class=\"simcal-event simcal-events-calendar-700\" style=\"\" itemscope itemtype=\"http:\/\/schema.org\/Event\" data-start=\"1795302059\">\n\t\t<div class=\"simcal-event-details\"><h3><span style=\"color: #000000\"><strong><span class=\"simcal-event-title\" itemprop=\"name\">Belegt<\/span><\/strong><\/span><\/h3>\n<h4><span style=\"color: #000000\"><span class=\"simcal-event-start simcal-event-start-date\" data-event-start=\"1795302059\" data-event-format=\"d.m.Y\" itemprop=\"startDate\" content=\"2026-11-22T00:00:59+01:00\">22.11.2026<\/span><\/span><br \/>\n<span style=\"color: #000000\"> <span class=\"simcal-event-address simcal-event-start-location\" itemprop=\"location\" itemscope itemtype=\"http:\/\/schema.org\/Place\"><meta itemprop=\"name\" content=\"Belegt\" \/><meta itemprop=\"address\" content=\"Belegt\" \/><\/span><\/span><\/h4>\n<hr>\n<p><span style=\"color: #000000\"><\/span><\/p>\n<p>&nbsp;<\/p><\/div>\n\t<\/li>\n<\/ul>\n\n<\/dd>\n\t<dt class=\"simcal-day-label\" style=\"border-bottom: 1px solid #bf3124;\" ><span style=\"background-color: #bf3124; color: #ffffff;\"><span class=\"simcal-date-format\" data-date-format=\"d.m.Y\">23.11.2026<\/span> <\/span><\/dt>\n<dd class=\"simcal-weekday-1 simcal-past simcal-day simcal-day-has-events simcal-day-has-1-events simcal-events-calendar-700\" data-events-count=\"1\">\n\t<ul class=\"simcal-events\">\n\t<li class=\"simcal-event simcal-event-recurring simcal-events-calendar-700\" style=\"\" itemscope itemtype=\"http:\/\/schema.org\/Event\" data-start=\"1795455000\">\n\t\t<div class=\"simcal-event-details\"><h3><span style=\"color: #000000\"><strong><span class=\"simcal-event-title\" itemprop=\"name\">Neustadt Chor - Chorprobe<\/span><\/strong><\/span><\/h3>\n<h4><span style=\"color: #000000\"><span class=\"simcal-event-start simcal-event-start-date\" data-event-start=\"1795455000\" data-event-format=\"d.m.Y\" itemprop=\"startDate\" content=\"2026-11-23T18:30:00+01:00\">23.11.2026<\/span>&nbsp;&nbsp;<span class=\"simcal-event-start simcal-event-start-time\" data-event-start=\"1795455000\" data-event-format=\"H:i\" itemprop=\"startDate\" content=\"2026-11-23T18:30:00+01:00\">18:30<\/span> - <span class=\"simcal-event-end simcal-event-end-time\" data-event-end=\"1795464000\" data-event-format=\"H:i\" itemprop=\"endDate\" content=\"2026-11-23T21:00:00+01:00\">21:00<\/span><\/span><br \/>\n<span style=\"color: #000000\"> <span class=\"simcal-event-address simcal-event-start-location\" itemprop=\"location\" itemscope itemtype=\"http:\/\/schema.org\/Place\"><meta itemprop=\"name\" content=\"Neustadt Chor - Chorprobe\" \/><meta itemprop=\"address\" content=\"Neustadt Chor - Chorprobe\" \/><\/span><\/span><\/h4>\n<hr>\n<p><span style=\"color: #000000\"><\/span><\/p>\n<p>&nbsp;<\/p><\/div>\n\t<\/li>\n<\/ul>\n\n<\/dd>\n\t<dt class=\"simcal-day-label\" style=\"border-bottom: 1px solid #bf3124;\" ><span style=\"background-color: #bf3124; color: #ffffff;\"><span class=\"simcal-date-format\" data-date-format=\"d.m.Y\">24.11.2026<\/span> <\/span><\/dt>\n<dd class=\"simcal-weekday-2 simcal-past simcal-day simcal-day-has-events simcal-day-has-1-events simcal-events-calendar-700\" data-events-count=\"1\">\n\t<ul class=\"simcal-events\">\n\t<li class=\"simcal-event simcal-events-calendar-700\" style=\"\" itemscope itemtype=\"http:\/\/schema.org\/Event\" data-start=\"1795474859\">\n\t\t<div class=\"simcal-event-details\"><h3><span style=\"color: #000000\"><strong><span class=\"simcal-event-title\" itemprop=\"name\">Belegt<\/span><\/strong><\/span><\/h3>\n<h4><span style=\"color: #000000\"><span class=\"simcal-event-start simcal-event-start-date\" data-event-start=\"1795474859\" data-event-format=\"d.m.Y\" itemprop=\"startDate\" content=\"2026-11-24T00:00:59+01:00\">24.11.2026<\/span><\/span><br \/>\n<span style=\"color: #000000\"> <span class=\"simcal-event-address simcal-event-start-location\" itemprop=\"location\" itemscope itemtype=\"http:\/\/schema.org\/Place\"><meta itemprop=\"name\" content=\"Belegt\" \/><meta itemprop=\"address\" content=\"Belegt\" \/><\/span><\/span><\/h4>\n<hr>\n<p><span style=\"color: #000000\"><\/span><\/p>\n<p>&nbsp;<\/p><\/div>\n\t<\/li>\n<\/ul>\n\n<\/dd>\n\t<dt class=\"simcal-day-label\" style=\"border-bottom: 1px solid #bf3124;\" ><span style=\"background-color: #bf3124; color: #ffffff;\"><span class=\"simcal-date-format\" data-date-format=\"d.m.Y\">25.11.2026<\/span> <\/span><\/dt>\n<dd class=\"simcal-weekday-3 simcal-past simcal-day simcal-day-has-events simcal-day-has-1-events simcal-events-calendar-700\" data-events-count=\"1\">\n\t<ul class=\"simcal-events\">\n\t<li class=\"simcal-event simcal-event-recurring simcal-events-calendar-700\" style=\"\" itemscope itemtype=\"http:\/\/schema.org\/Event\" data-start=\"1795631400\">\n\t\t<div class=\"simcal-event-details\"><h3><span style=\"color: #000000\"><strong><span class=\"simcal-event-title\" itemprop=\"name\">Jazz in der M\u00fchle<\/span><\/strong><\/span><\/h3>\n<h4><span style=\"color: #000000\"><span class=\"simcal-event-start simcal-event-start-date\" data-event-start=\"1795631400\" data-event-format=\"d.m.Y\" itemprop=\"startDate\" content=\"2026-11-25T19:30:00+01:00\">25.11.2026<\/span>&nbsp;&nbsp;<span class=\"simcal-event-start simcal-event-start-time\" data-event-start=\"1795631400\" data-event-format=\"H:i\" itemprop=\"startDate\" content=\"2026-11-25T19:30:00+01:00\">19:30<\/span> - <span class=\"simcal-event-end simcal-event-end-time\" data-event-end=\"1795642200\" data-event-format=\"H:i\" itemprop=\"endDate\" content=\"2026-11-25T22:30:00+01:00\">22:30<\/span><\/span><br \/>\n<span style=\"color: #000000\"> <span class=\"simcal-event-address simcal-event-start-location\" itemprop=\"location\" itemscope itemtype=\"http:\/\/schema.org\/Place\"><meta itemprop=\"name\" content=\"Jazz in der M\u00fchle\" \/><meta itemprop=\"address\" content=\"Jazz in der M\u00fchle\" \/><\/span><\/span><\/h4>\n<hr>\n<p><span style=\"color: #000000\"><div class=\"simcal-event-description\" itemprop=\"description\"><p>Die M\u00f6glichkeit f\u00fcr alle Jazzer der Region zusammen zu jammen! Weder das Alter noch das Instrument spielen eine Rolle, auch nicht in welchem Jazz-Stil man sich zu Hause f\u00fchlt. Der Kontrabassist Kai Stemmler l\u00e4dt einen lokalen oder \u00fcberregional bekannten Solisten f\u00fcr das Opener-Set ein und stellt dazu eine Rhythmusgruppe zusammen. Danach k\u00f6nnen alle, die mindestens drei St\u00fccke vorstellen k\u00f6nnen, einsteigen oder selbst Sets anf\u00fchren. Am Ende gibt\u2019s als H\u00f6hepunkt einige Songs mit der Grundband und m\u00f6glichst vielen Musikern gemeinsam!<\/p>\n<p>Hinweis: Der Eintritt ist frei, der Hut geht \u2019rum.\u00a0<\/p>\n<p>Vorverkauf oder eine Platzreservierung ist nicht m\u00f6glich.<\/p>\n<p>Weitere Termine (jeweils letzter Mittwoch im Monat): 30. Dezember 2026\u00a0<\/p>\n<p>Veranstalter: Verein zur Erhaltung der Bergm\u00fchle e.V. in Kooperation mit dem Verein Creakult e. V.<\/p>\n<\/div><\/span><\/p>\n<p>&nbsp;<\/p><\/div>\n\t<\/li>\n<\/ul>\n\n<\/dd>\n\t<dt class=\"simcal-day-label\" style=\"border-bottom: 1px solid #bf3124;\" ><span style=\"background-color: #bf3124; color: #ffffff;\"><span class=\"simcal-date-format\" data-date-format=\"d.m.Y\">30.11.2026<\/span> <\/span><\/dt>\n<dd class=\"simcal-weekday-1 simcal-past simcal-day simcal-day-has-events simcal-day-has-1-events simcal-events-calendar-700\" data-events-count=\"1\">\n\t<ul class=\"simcal-events\">\n\t<li class=\"simcal-event simcal-event-recurring simcal-events-calendar-700\" style=\"\" itemscope itemtype=\"http:\/\/schema.org\/Event\" data-start=\"1796059800\">\n\t\t<div class=\"simcal-event-details\"><h3><span style=\"color: #000000\"><strong><span class=\"simcal-event-title\" itemprop=\"name\">Neustadt Chor - Chorprobe<\/span><\/strong><\/span><\/h3>\n<h4><span style=\"color: #000000\"><span class=\"simcal-event-start simcal-event-start-date\" data-event-start=\"1796059800\" data-event-format=\"d.m.Y\" itemprop=\"startDate\" content=\"2026-11-30T18:30:00+01:00\">30.11.2026<\/span>&nbsp;&nbsp;<span class=\"simcal-event-start simcal-event-start-time\" data-event-start=\"1796059800\" data-event-format=\"H:i\" itemprop=\"startDate\" content=\"2026-11-30T18:30:00+01:00\">18:30<\/span> - <span class=\"simcal-event-end simcal-event-end-time\" data-event-end=\"1796068800\" data-event-format=\"H:i\" itemprop=\"endDate\" content=\"2026-11-30T21:00:00+01:00\">21:00<\/span><\/span><br \/>\n<span style=\"color: #000000\"> <span class=\"simcal-event-address simcal-event-start-location\" itemprop=\"location\" itemscope itemtype=\"http:\/\/schema.org\/Place\"><meta itemprop=\"name\" content=\"Neustadt Chor - Chorprobe\" \/><meta itemprop=\"address\" content=\"Neustadt Chor - Chorprobe\" \/><\/span><\/span><\/h4>\n<hr>\n<p><span style=\"color: #000000\"><\/span><\/p>\n<p>&nbsp;<\/p><\/div>\n\t<\/li>\n<\/ul>\n\n<\/dd>\n\t<dt class=\"simcal-day-label\" style=\"border-bottom: 1px solid #bf3124;\" ><span style=\"background-color: #bf3124; color: #ffffff;\"><span class=\"simcal-date-format\" data-date-format=\"d.m.Y\">02.12.2026<\/span> <\/span><\/dt>\n<dd class=\"simcal-weekday-3 simcal-past simcal-day simcal-day-has-events simcal-day-has-1-events simcal-events-calendar-700\" data-events-count=\"1\">\n\t<ul class=\"simcal-events\">\n\t<li class=\"simcal-event simcal-events-calendar-700\" style=\"\" itemscope itemtype=\"http:\/\/schema.org\/Event\" data-start=\"1796234400\">\n\t\t<div class=\"simcal-event-details\"><h3><span style=\"color: #000000\"><strong><span class=\"simcal-event-title\" itemprop=\"name\">M\u00fchlenflimmern<\/span><\/strong><\/span><\/h3>\n<h4><span style=\"color: #000000\"><span class=\"simcal-event-start simcal-event-start-date\" data-event-start=\"1796234400\" data-event-format=\"d.m.Y\" itemprop=\"startDate\" content=\"2026-12-02T19:00:00+01:00\">02.12.2026<\/span>&nbsp;&nbsp;<span class=\"simcal-event-start simcal-event-start-time\" data-event-start=\"1796234400\" data-event-format=\"H:i\" itemprop=\"startDate\" content=\"2026-12-02T19:00:00+01:00\">19:00<\/span> - <span class=\"simcal-event-end simcal-event-end-time\" data-event-end=\"1796245200\" data-event-format=\"H:i\" itemprop=\"endDate\" content=\"2026-12-02T22:00:00+01:00\">22:00<\/span><\/span><br \/>\n<span style=\"color: #000000\"> <span class=\"simcal-event-address simcal-event-start-location\" itemprop=\"location\" itemscope itemtype=\"http:\/\/schema.org\/Place\"><meta itemprop=\"name\" content=\"M\u00fchlenflimmern\" \/><meta itemprop=\"address\" content=\"M\u00fchlenflimmern\" \/><\/span><\/span><\/h4>\n<hr>\n<p><span style=\"color: #000000\"><\/span><\/p>\n<p>&nbsp;<\/p><\/div>\n\t<\/li>\n<\/ul>\n\n<\/dd>\n\t<dt class=\"simcal-day-label\" style=\"border-bottom: 1px solid #bf3124;\" ><span style=\"background-color: #bf3124; color: #ffffff;\"><span class=\"simcal-date-format\" data-date-format=\"d.m.Y\">03.12.2026<\/span> <\/span><\/dt>\n<dd class=\"simcal-weekday-4 simcal-past simcal-day simcal-day-has-events simcal-day-has-1-events simcal-events-calendar-700\" data-events-count=\"1\">\n\t<ul class=\"simcal-events\">\n\t<li class=\"simcal-event simcal-event-recurring simcal-events-calendar-700\" style=\"\" itemscope itemtype=\"http:\/\/schema.org\/Event\" data-start=\"1796306400\">\n\t\t<div class=\"simcal-event-details\"><h3><span style=\"color: #000000\"><strong><span class=\"simcal-event-title\" itemprop=\"name\">Kaffee, Kuchen &amp; Kl\u00f6nschnack<\/span><\/strong><\/span><\/h3>\n<h4><span style=\"color: #000000\"><span class=\"simcal-event-start simcal-event-start-date\" data-event-start=\"1796306400\" data-event-format=\"d.m.Y\" itemprop=\"startDate\" content=\"2026-12-03T15:00:00+01:00\">03.12.2026<\/span>&nbsp;&nbsp;<span class=\"simcal-event-start simcal-event-start-time\" data-event-start=\"1796306400\" data-event-format=\"H:i\" itemprop=\"startDate\" content=\"2026-12-03T15:00:00+01:00\">15:00<\/span> - <span class=\"simcal-event-end simcal-event-end-time\" data-event-end=\"1796313600\" data-event-format=\"H:i\" itemprop=\"endDate\" content=\"2026-12-03T17:00:00+01:00\">17:00<\/span><\/span><br \/>\n<span style=\"color: #000000\"> <span class=\"simcal-event-address simcal-event-start-location\" itemprop=\"location\" itemscope itemtype=\"http:\/\/schema.org\/Place\"><meta itemprop=\"name\" content=\"Kaffee, Kuchen &amp; Kl\u00f6nschnack\" \/><meta itemprop=\"address\" content=\"Kaffee, Kuchen &amp; Kl\u00f6nschnack\" \/><\/span><\/span><\/h4>\n<hr>\n<p><span style=\"color: #000000\"><\/span><\/p>\n<p>&nbsp;<\/p><\/div>\n\t<\/li>\n<\/ul>\n\n<\/dd>\n\t<dt class=\"simcal-day-label\" style=\"border-bottom: 1px solid #bf3124;\" ><span style=\"background-color: #bf3124; color: #ffffff;\"><span class=\"simcal-date-format\" data-date-format=\"d.m.Y\">04.12.2026<\/span> <\/span><\/dt>\n<dd class=\"simcal-weekday-5 simcal-past simcal-day simcal-day-has-events simcal-day-has-1-events simcal-events-calendar-700\" data-events-count=\"1\">\n\t<ul class=\"simcal-events\">\n\t<li class=\"simcal-event simcal-event-recurring simcal-events-calendar-700\" style=\"\" itemscope itemtype=\"http:\/\/schema.org\/Event\" data-start=\"1796410800\">\n\t\t<div class=\"simcal-event-details\"><h3><span style=\"color: #000000\"><strong><span class=\"simcal-event-title\" itemprop=\"name\">M\u00dcHLENGENUSS - Konzert<\/span><\/strong><\/span><\/h3>\n<h4><span style=\"color: #000000\"><span class=\"simcal-event-start simcal-event-start-date\" data-event-start=\"1796410800\" data-event-format=\"d.m.Y\" itemprop=\"startDate\" content=\"2026-12-04T20:00:00+01:00\">04.12.2026<\/span>&nbsp;&nbsp;<span class=\"simcal-event-start simcal-event-start-time\" data-event-start=\"1796410800\" data-event-format=\"H:i\" itemprop=\"startDate\" content=\"2026-12-04T20:00:00+01:00\">20:00<\/span> - <span class=\"simcal-event-end simcal-event-end-time\" data-event-end=\"1796419800\" data-event-format=\"H:i\" itemprop=\"endDate\" content=\"2026-12-04T22:30:00+01:00\">22:30<\/span><\/span><br \/>\n<span style=\"color: #000000\"> <span class=\"simcal-event-address simcal-event-start-location\" itemprop=\"location\" itemscope itemtype=\"http:\/\/schema.org\/Place\"><meta itemprop=\"name\" content=\"M\u00dcHLENGENUSS - Konzert\" \/><meta itemprop=\"address\" content=\"M\u00dcHLENGENUSS - Konzert\" \/><\/span><\/span><\/h4>\n<hr>\n<p><span style=\"color: #000000\"><\/span><\/p>\n<p>&nbsp;<\/p><\/div>\n\t<\/li>\n<\/ul>\n\n<\/dd>\n\t<dt class=\"simcal-day-label\" style=\"border-bottom: 1px solid #bf3124;\" ><span style=\"background-color: #bf3124; color: #ffffff;\"><span class=\"simcal-date-format\" data-date-format=\"d.m.Y\">05.12.2026<\/span> <\/span><\/dt>\n<dd class=\"simcal-weekday-6 simcal-past simcal-day simcal-day-has-events simcal-day-has-1-events simcal-events-calendar-700\" data-events-count=\"1\">\n\t<ul class=\"simcal-events\">\n\t<li class=\"simcal-event simcal-events-calendar-700\" style=\"\" itemscope itemtype=\"http:\/\/schema.org\/Event\" data-start=\"1796425259\">\n\t\t<div class=\"simcal-event-details\"><h3><span style=\"color: #000000\"><strong><span class=\"simcal-event-title\" itemprop=\"name\">Belegt<\/span><\/strong><\/span><\/h3>\n<h4><span style=\"color: #000000\"><span class=\"simcal-event-start simcal-event-start-date\" data-event-start=\"1796425259\" data-event-format=\"d.m.Y\" itemprop=\"startDate\" content=\"2026-12-05T00:00:59+01:00\">05.12.2026<\/span><\/span><br \/>\n<span style=\"color: #000000\"> <span class=\"simcal-event-address simcal-event-start-location\" itemprop=\"location\" itemscope itemtype=\"http:\/\/schema.org\/Place\"><meta itemprop=\"name\" content=\"Belegt\" \/><meta itemprop=\"address\" content=\"Belegt\" \/><\/span><\/span><\/h4>\n<hr>\n<p><span style=\"color: #000000\"><\/span><\/p>\n<p>&nbsp;<\/p><\/div>\n\t<\/li>\n<\/ul>\n\n<\/dd>\n\t<dt class=\"simcal-day-label\" style=\"border-bottom: 1px solid #bf3124;\" ><span style=\"background-color: #bf3124; color: #ffffff;\"><span class=\"simcal-date-format\" data-date-format=\"d.m.Y\">06.12.2026<\/span> <\/span><\/dt>\n<dd class=\"simcal-weekday-0 simcal-past simcal-day simcal-day-has-events simcal-day-has-1-events simcal-events-calendar-700\" data-events-count=\"1\">\n\t<ul class=\"simcal-events\">\n\t<li class=\"simcal-event simcal-events-calendar-700\" style=\"\" itemscope itemtype=\"http:\/\/schema.org\/Event\" data-start=\"1796511659\">\n\t\t<div class=\"simcal-event-details\"><h3><span style=\"color: #000000\"><strong><span class=\"simcal-event-title\" itemprop=\"name\">Weihnachtsbasar<\/span><\/strong><\/span><\/h3>\n<h4><span style=\"color: #000000\"><span class=\"simcal-event-start simcal-event-start-date\" data-event-start=\"1796511659\" data-event-format=\"d.m.Y\" itemprop=\"startDate\" content=\"2026-12-06T00:00:59+01:00\">06.12.2026<\/span><\/span><br \/>\n<span style=\"color: #000000\"> <span class=\"simcal-event-address simcal-event-start-location\" itemprop=\"location\" itemscope itemtype=\"http:\/\/schema.org\/Place\"><meta itemprop=\"name\" content=\"Weihnachtsbasar\" \/><meta itemprop=\"address\" content=\"Weihnachtsbasar\" \/><\/span><\/span><\/h4>\n<hr>\n<p><span style=\"color: #000000\"><\/span><\/p>\n<p>&nbsp;<\/p><\/div>\n\t<\/li>\n<\/ul>\n\n<\/dd>\n\t<dt class=\"simcal-day-label\" style=\"border-bottom: 1px solid #bf3124;\" ><span style=\"background-color: #bf3124; color: #ffffff;\"><span class=\"simcal-date-format\" data-date-format=\"d.m.Y\">07.12.2026<\/span> <\/span><\/dt>\n<dd class=\"simcal-weekday-1 simcal-past simcal-day simcal-day-has-events simcal-day-has-1-events simcal-events-calendar-700\" data-events-count=\"1\">\n\t<ul class=\"simcal-events\">\n\t<li class=\"simcal-event simcal-event-recurring simcal-events-calendar-700\" style=\"\" itemscope itemtype=\"http:\/\/schema.org\/Event\" data-start=\"1796664600\">\n\t\t<div class=\"simcal-event-details\"><h3><span style=\"color: #000000\"><strong><span class=\"simcal-event-title\" itemprop=\"name\">Neustadt Chor - Chorprobe<\/span><\/strong><\/span><\/h3>\n<h4><span style=\"color: #000000\"><span class=\"simcal-event-start simcal-event-start-date\" data-event-start=\"1796664600\" data-event-format=\"d.m.Y\" itemprop=\"startDate\" content=\"2026-12-07T18:30:00+01:00\">07.12.2026<\/span>&nbsp;&nbsp;<span class=\"simcal-event-start simcal-event-start-time\" data-event-start=\"1796664600\" data-event-format=\"H:i\" itemprop=\"startDate\" content=\"2026-12-07T18:30:00+01:00\">18:30<\/span> - <span class=\"simcal-event-end simcal-event-end-time\" data-event-end=\"1796673600\" data-event-format=\"H:i\" itemprop=\"endDate\" content=\"2026-12-07T21:00:00+01:00\">21:00<\/span><\/span><br \/>\n<span style=\"color: #000000\"> <span class=\"simcal-event-address simcal-event-start-location\" itemprop=\"location\" itemscope itemtype=\"http:\/\/schema.org\/Place\"><meta itemprop=\"name\" content=\"Neustadt Chor - Chorprobe\" \/><meta itemprop=\"address\" content=\"Neustadt Chor - Chorprobe\" \/><\/span><\/span><\/h4>\n<hr>\n<p><span style=\"color: #000000\"><\/span><\/p>\n<p>&nbsp;<\/p><\/div>\n\t<\/li>\n<\/ul>\n\n<\/dd>\n\t<dt class=\"simcal-day-label\" style=\"border-bottom: 1px solid #bf3124;\" ><span style=\"background-color: #bf3124; color: #ffffff;\"><span class=\"simcal-date-format\" data-date-format=\"d.m.Y\">09.12.2026<\/span> <\/span><\/dt>\n<dd class=\"simcal-weekday-3 simcal-past simcal-day simcal-day-has-events simcal-day-has-1-events simcal-events-calendar-700\" data-events-count=\"1\">\n\t<ul class=\"simcal-events\">\n\t<li class=\"simcal-event simcal-events-calendar-700\" style=\"\" itemscope itemtype=\"http:\/\/schema.org\/Event\" data-start=\"1796770859\">\n\t\t<div class=\"simcal-event-details\"><h3><span style=\"color: #000000\"><strong><span class=\"simcal-event-title\" itemprop=\"name\">Belegt<\/span><\/strong><\/span><\/h3>\n<h4><span style=\"color: #000000\"><span class=\"simcal-event-start simcal-event-start-date\" data-event-start=\"1796770859\" data-event-format=\"d.m.Y\" itemprop=\"startDate\" content=\"2026-12-09T00:00:59+01:00\">09.12.2026<\/span><\/span><br \/>\n<span style=\"color: #000000\"> <span class=\"simcal-event-address simcal-event-start-location\" itemprop=\"location\" itemscope itemtype=\"http:\/\/schema.org\/Place\"><meta itemprop=\"name\" content=\"Belegt\" \/><meta itemprop=\"address\" content=\"Belegt\" \/><\/span><\/span><\/h4>\n<hr>\n<p><span style=\"color: #000000\"><\/span><\/p>\n<p>&nbsp;<\/p><\/div>\n\t<\/li>\n<\/ul>\n\n<\/dd>\n\t<dt class=\"simcal-day-label\" style=\"border-bottom: 1px solid #bf3124;\" ><span style=\"background-color: #bf3124; color: #ffffff;\"><span class=\"simcal-date-format\" data-date-format=\"d.m.Y\">11.12.2026<\/span> <\/span><\/dt>\n<dd class=\"simcal-weekday-5 simcal-past simcal-day simcal-day-has-events simcal-day-has-1-events simcal-events-calendar-700\" data-events-count=\"1\">\n\t<ul class=\"simcal-events\">\n\t<li class=\"simcal-event simcal-events-calendar-700\" style=\"\" itemscope itemtype=\"http:\/\/schema.org\/Event\" data-start=\"1796943659\">\n\t\t<div class=\"simcal-event-details\"><h3><span style=\"color: #000000\"><strong><span class=\"simcal-event-title\" itemprop=\"name\">Belgt<\/span><\/strong><\/span><\/h3>\n<h4><span style=\"color: #000000\"><span class=\"simcal-event-start simcal-event-start-date\" data-event-start=\"1796943659\" data-event-format=\"d.m.Y\" itemprop=\"startDate\" content=\"2026-12-11T00:00:59+01:00\">11.12.2026<\/span><\/span><br \/>\n<span style=\"color: #000000\"> <span class=\"simcal-event-address simcal-event-start-location\" itemprop=\"location\" itemscope itemtype=\"http:\/\/schema.org\/Place\"><meta itemprop=\"name\" content=\"Belgt\" \/><meta itemprop=\"address\" content=\"Belgt\" \/><\/span><\/span><\/h4>\n<hr>\n<p><span style=\"color: #000000\"><\/span><\/p>\n<p>&nbsp;<\/p><\/div>\n\t<\/li>\n<\/ul>\n\n<\/dd>\n\t<dt class=\"simcal-day-label\" style=\"border-bottom: 1px solid #bf3124;\" ><span style=\"background-color: #bf3124; color: #ffffff;\"><span class=\"simcal-date-format\" data-date-format=\"d.m.Y\">12.12.2026<\/span> <\/span><\/dt>\n<dd class=\"simcal-weekday-6 simcal-past simcal-day simcal-day-has-events simcal-day-has-1-events simcal-events-calendar-700\" data-events-count=\"1\">\n\t<ul class=\"simcal-events\">\n\t<li class=\"simcal-event simcal-events-calendar-700\" style=\"\" itemscope itemtype=\"http:\/\/schema.org\/Event\" data-start=\"1797030059\">\n\t\t<div class=\"simcal-event-details\"><h3><span style=\"color: #000000\"><strong><span class=\"simcal-event-title\" itemprop=\"name\">Belegt<\/span><\/strong><\/span><\/h3>\n<h4><span style=\"color: #000000\"><span class=\"simcal-event-start simcal-event-start-date\" data-event-start=\"1797030059\" data-event-format=\"d.m.Y\" itemprop=\"startDate\" content=\"2026-12-12T00:00:59+01:00\">12.12.2026<\/span><\/span><br \/>\n<span style=\"color: #000000\"> <span class=\"simcal-event-address simcal-event-start-location\" itemprop=\"location\" itemscope itemtype=\"http:\/\/schema.org\/Place\"><meta itemprop=\"name\" content=\"Belegt\" \/><meta itemprop=\"address\" content=\"Belegt\" \/><\/span><\/span><\/h4>\n<hr>\n<p><span style=\"color: #000000\"><\/span><\/p>\n<p>&nbsp;<\/p><\/div>\n\t<\/li>\n<\/ul>\n\n<\/dd>\n\t<dt class=\"simcal-day-label\" style=\"border-bottom: 1px solid #bf3124;\" ><span style=\"background-color: #bf3124; color: #ffffff;\"><span class=\"simcal-date-format\" data-date-format=\"d.m.Y\">14.12.2026<\/span> <\/span><\/dt>\n<dd class=\"simcal-weekday-1 simcal-past simcal-day simcal-day-has-events simcal-day-has-1-events simcal-events-calendar-700\" data-events-count=\"1\">\n\t<ul class=\"simcal-events\">\n\t<li class=\"simcal-event simcal-event-recurring simcal-events-calendar-700\" style=\"\" itemscope itemtype=\"http:\/\/schema.org\/Event\" data-start=\"1797269400\">\n\t\t<div class=\"simcal-event-details\"><h3><span style=\"color: #000000\"><strong><span class=\"simcal-event-title\" itemprop=\"name\">Neustadt Chor - Chorprobe<\/span><\/strong><\/span><\/h3>\n<h4><span style=\"color: #000000\"><span class=\"simcal-event-start simcal-event-start-date\" data-event-start=\"1797269400\" data-event-format=\"d.m.Y\" itemprop=\"startDate\" content=\"2026-12-14T18:30:00+01:00\">14.12.2026<\/span>&nbsp;&nbsp;<span class=\"simcal-event-start simcal-event-start-time\" data-event-start=\"1797269400\" data-event-format=\"H:i\" itemprop=\"startDate\" content=\"2026-12-14T18:30:00+01:00\">18:30<\/span> - <span class=\"simcal-event-end simcal-event-end-time\" data-event-end=\"1797278400\" data-event-format=\"H:i\" itemprop=\"endDate\" content=\"2026-12-14T21:00:00+01:00\">21:00<\/span><\/span><br \/>\n<span style=\"color: #000000\"> <span class=\"simcal-event-address simcal-event-start-location\" itemprop=\"location\" itemscope itemtype=\"http:\/\/schema.org\/Place\"><meta itemprop=\"name\" content=\"Neustadt Chor - Chorprobe\" \/><meta itemprop=\"address\" content=\"Neustadt Chor - Chorprobe\" \/><\/span><\/span><\/h4>\n<hr>\n<p><span style=\"color: #000000\"><\/span><\/p>\n<p>&nbsp;<\/p><\/div>\n\t<\/li>\n<\/ul>\n\n<\/dd>\n\t<dt class=\"simcal-day-label\" style=\"border-bottom: 1px solid #bf3124;\" ><span style=\"background-color: #bf3124; color: #ffffff;\"><span class=\"simcal-date-format\" data-date-format=\"d.m.Y\">17.12.2026<\/span> <\/span><\/dt>\n<dd class=\"simcal-weekday-4 simcal-past simcal-day simcal-day-has-events simcal-day-has-1-events simcal-events-calendar-700\" data-events-count=\"1\">\n\t<ul class=\"simcal-events\">\n\t<li class=\"simcal-event simcal-event-recurring simcal-events-calendar-700\" style=\"\" itemscope itemtype=\"http:\/\/schema.org\/Event\" data-start=\"1797516000\">\n\t\t<div class=\"simcal-event-details\"><h3><span style=\"color: #000000\"><strong><span class=\"simcal-event-title\" itemprop=\"name\">Kaffee, Kuchen &amp; Kl\u00f6nschnack<\/span><\/strong><\/span><\/h3>\n<h4><span style=\"color: #000000\"><span class=\"simcal-event-start simcal-event-start-date\" data-event-start=\"1797516000\" data-event-format=\"d.m.Y\" itemprop=\"startDate\" content=\"2026-12-17T15:00:00+01:00\">17.12.2026<\/span>&nbsp;&nbsp;<span class=\"simcal-event-start simcal-event-start-time\" data-event-start=\"1797516000\" data-event-format=\"H:i\" itemprop=\"startDate\" content=\"2026-12-17T15:00:00+01:00\">15:00<\/span> - <span class=\"simcal-event-end simcal-event-end-time\" data-event-end=\"1797523200\" data-event-format=\"H:i\" itemprop=\"endDate\" content=\"2026-12-17T17:00:00+01:00\">17:00<\/span><\/span><br \/>\n<span style=\"color: #000000\"> <span class=\"simcal-event-address simcal-event-start-location\" itemprop=\"location\" itemscope itemtype=\"http:\/\/schema.org\/Place\"><meta itemprop=\"name\" content=\"Kaffee, Kuchen &amp; Kl\u00f6nschnack\" \/><meta itemprop=\"address\" content=\"Kaffee, Kuchen &amp; Kl\u00f6nschnack\" \/><\/span><\/span><\/h4>\n<hr>\n<p><span style=\"color: #000000\"><\/span><\/p>\n<p>&nbsp;<\/p><\/div>\n\t<\/li>\n<\/ul>\n\n<\/dd>\n\t<dt class=\"simcal-day-label\" style=\"border-bottom: 1px solid #bf3124;\" ><span style=\"background-color: #bf3124; color: #ffffff;\"><span class=\"simcal-date-format\" data-date-format=\"d.m.Y\">21.12.2026<\/span> <\/span><\/dt>\n<dd class=\"simcal-weekday-1 simcal-past simcal-day simcal-day-has-events simcal-day-has-1-events simcal-events-calendar-700\" data-events-count=\"1\">\n\t<ul class=\"simcal-events\">\n\t<li class=\"simcal-event simcal-event-recurring simcal-events-calendar-700\" style=\"\" itemscope itemtype=\"http:\/\/schema.org\/Event\" data-start=\"1797874200\">\n\t\t<div class=\"simcal-event-details\"><h3><span style=\"color: #000000\"><strong><span class=\"simcal-event-title\" itemprop=\"name\">Neustadt Chor - Chorprobe<\/span><\/strong><\/span><\/h3>\n<h4><span style=\"color: #000000\"><span class=\"simcal-event-start simcal-event-start-date\" data-event-start=\"1797874200\" data-event-format=\"d.m.Y\" itemprop=\"startDate\" content=\"2026-12-21T18:30:00+01:00\">21.12.2026<\/span>&nbsp;&nbsp;<span class=\"simcal-event-start simcal-event-start-time\" data-event-start=\"1797874200\" data-event-format=\"H:i\" itemprop=\"startDate\" content=\"2026-12-21T18:30:00+01:00\">18:30<\/span> - <span class=\"simcal-event-end simcal-event-end-time\" data-event-end=\"1797883200\" data-event-format=\"H:i\" itemprop=\"endDate\" content=\"2026-12-21T21:00:00+01:00\">21:00<\/span><\/span><br \/>\n<span style=\"color: #000000\"> <span class=\"simcal-event-address simcal-event-start-location\" itemprop=\"location\" itemscope itemtype=\"http:\/\/schema.org\/Place\"><meta itemprop=\"name\" content=\"Neustadt Chor - Chorprobe\" \/><meta itemprop=\"address\" content=\"Neustadt Chor - Chorprobe\" \/><\/span><\/span><\/h4>\n<hr>\n<p><span style=\"color: #000000\"><\/span><\/p>\n<p>&nbsp;<\/p><\/div>\n\t<\/li>\n<\/ul>\n\n<\/dd>\n\t<dt class=\"simcal-day-label\" style=\"border-bottom: 1px solid #bf3124;\" ><span style=\"background-color: #bf3124; color: #ffffff;\"><span class=\"simcal-date-format\" data-date-format=\"d.m.Y\">22.12.2026<\/span> <\/span><\/dt>\n<dd class=\"simcal-weekday-2 simcal-past simcal-day simcal-day-has-events simcal-day-has-1-events simcal-events-calendar-700\" data-events-count=\"1\">\n\t<ul class=\"simcal-events\">\n\t<li class=\"simcal-event simcal-events-calendar-700\" style=\"\" itemscope itemtype=\"http:\/\/schema.org\/Event\" data-start=\"1797894059\">\n\t\t<div class=\"simcal-event-details\"><h3><span style=\"color: #000000\"><strong><span class=\"simcal-event-title\" itemprop=\"name\">Belegt<\/span><\/strong><\/span><\/h3>\n<h4><span style=\"color: #000000\"><span class=\"simcal-event-start simcal-event-start-date\" data-event-start=\"1797894059\" data-event-format=\"d.m.Y\" itemprop=\"startDate\" content=\"2026-12-22T00:00:59+01:00\">22.12.2026<\/span><\/span><br \/>\n<span style=\"color: #000000\"> <span class=\"simcal-event-address simcal-event-start-location\" itemprop=\"location\" itemscope itemtype=\"http:\/\/schema.org\/Place\"><meta itemprop=\"name\" content=\"Belegt\" \/><meta itemprop=\"address\" content=\"Belegt\" \/><\/span><\/span><\/h4>\n<hr>\n<p><span style=\"color: #000000\"><\/span><\/p>\n<p>&nbsp;<\/p><\/div>\n\t<\/li>\n<\/ul>\n\n<\/dd>\n\t<dt class=\"simcal-day-label\" style=\"border-bottom: 1px solid #bf3124;\" ><span style=\"background-color: #bf3124; color: #ffffff;\"><span class=\"simcal-date-format\" data-date-format=\"d.m.Y\">27.12.2026<\/span> <\/span><\/dt>\n<dd class=\"simcal-weekday-0 simcal-past simcal-day simcal-day-has-events simcal-day-has-1-events simcal-events-calendar-700\" data-events-count=\"1\">\n\t<ul class=\"simcal-events\">\n\t<li class=\"simcal-event simcal-events-calendar-700\" style=\"\" itemscope itemtype=\"http:\/\/schema.org\/Event\" data-start=\"1798326059\">\n\t\t<div class=\"simcal-event-details\"><h3><span style=\"color: #000000\"><strong><span class=\"simcal-event-title\" itemprop=\"name\">Belegt<\/span><\/strong><\/span><\/h3>\n<h4><span style=\"color: #000000\"><span class=\"simcal-event-start simcal-event-start-date\" data-event-start=\"1798326059\" data-event-format=\"d.m.Y\" itemprop=\"startDate\" content=\"2026-12-27T00:00:59+01:00\">27.12.2026<\/span><\/span><br \/>\n<span style=\"color: #000000\"> <span class=\"simcal-event-address simcal-event-start-location\" itemprop=\"location\" itemscope itemtype=\"http:\/\/schema.org\/Place\"><meta itemprop=\"name\" content=\"Belegt\" \/><meta itemprop=\"address\" content=\"Belegt\" \/><\/span><\/span><\/h4>\n<hr>\n<p><span style=\"color: #000000\"><\/span><\/p>\n<p>&nbsp;<\/p><\/div>\n\t<\/li>\n<\/ul>\n\n<\/dd>\n\t<dt class=\"simcal-day-label\" style=\"border-bottom: 1px solid #bf3124;\" ><span style=\"background-color: #bf3124; color: #ffffff;\"><span class=\"simcal-date-format\" data-date-format=\"d.m.Y\">28.12.2026<\/span> <\/span><\/dt>\n<dd class=\"simcal-weekday-1 simcal-past simcal-day simcal-day-has-events simcal-day-has-1-events simcal-events-calendar-700\" data-events-count=\"1\">\n\t<ul class=\"simcal-events\">\n\t<li class=\"simcal-event simcal-event-recurring simcal-events-calendar-700\" style=\"\" itemscope itemtype=\"http:\/\/schema.org\/Event\" data-start=\"1798479000\">\n\t\t<div class=\"simcal-event-details\"><h3><span style=\"color: #000000\"><strong><span class=\"simcal-event-title\" itemprop=\"name\">Neustadt Chor - Chorprobe<\/span><\/strong><\/span><\/h3>\n<h4><span style=\"color: #000000\"><span class=\"simcal-event-start simcal-event-start-date\" data-event-start=\"1798479000\" data-event-format=\"d.m.Y\" itemprop=\"startDate\" content=\"2026-12-28T18:30:00+01:00\">28.12.2026<\/span>&nbsp;&nbsp;<span class=\"simcal-event-start simcal-event-start-time\" data-event-start=\"1798479000\" data-event-format=\"H:i\" itemprop=\"startDate\" content=\"2026-12-28T18:30:00+01:00\">18:30<\/span> - <span class=\"simcal-event-end simcal-event-end-time\" data-event-end=\"1798488000\" data-event-format=\"H:i\" itemprop=\"endDate\" content=\"2026-12-28T21:00:00+01:00\">21:00<\/span><\/span><br \/>\n<span style=\"color: #000000\"> <span class=\"simcal-event-address simcal-event-start-location\" itemprop=\"location\" itemscope itemtype=\"http:\/\/schema.org\/Place\"><meta itemprop=\"name\" content=\"Neustadt Chor - Chorprobe\" \/><meta itemprop=\"address\" content=\"Neustadt Chor - Chorprobe\" \/><\/span><\/span><\/h4>\n<hr>\n<p><span style=\"color: #000000\"><\/span><\/p>\n<p>&nbsp;<\/p><\/div>\n\t<\/li>\n<\/ul>\n\n<\/dd>\n\t<dt class=\"simcal-day-label\" style=\"border-bottom: 1px solid #bf3124;\" ><span style=\"background-color: #bf3124; color: #ffffff;\"><span class=\"simcal-date-format\" data-date-format=\"d.m.Y\">29.12.2026<\/span> <\/span><\/dt>\n<dd class=\"simcal-weekday-2 simcal-past simcal-day simcal-day-has-events simcal-day-has-1-events simcal-events-calendar-700\" data-events-count=\"1\">\n\t<ul class=\"simcal-events\">\n\t<li class=\"simcal-event simcal-events-calendar-700\" style=\"\" itemscope itemtype=\"http:\/\/schema.org\/Event\" data-start=\"1798498859\">\n\t\t<div class=\"simcal-event-details\"><h3><span style=\"color: #000000\"><strong><span class=\"simcal-event-title\" itemprop=\"name\">Belegt<\/span><\/strong><\/span><\/h3>\n<h4><span style=\"color: #000000\"><span class=\"simcal-event-start simcal-event-start-date\" data-event-start=\"1798498859\" data-event-format=\"d.m.Y\" itemprop=\"startDate\" content=\"2026-12-29T00:00:59+01:00\">29.12.2026<\/span><\/span><br \/>\n<span style=\"color: #000000\"> <span class=\"simcal-event-address simcal-event-start-location\" itemprop=\"location\" itemscope itemtype=\"http:\/\/schema.org\/Place\"><meta itemprop=\"name\" content=\"Belegt\" \/><meta itemprop=\"address\" content=\"Belegt\" \/><\/span><\/span><\/h4>\n<hr>\n<p><span style=\"color: #000000\"><\/span><\/p>\n<p>&nbsp;<\/p><\/div>\n\t<\/li>\n<\/ul>\n\n<\/dd>\n\t<dt class=\"simcal-day-label\" style=\"border-bottom: 1px solid #bf3124;\" ><span style=\"background-color: #bf3124; color: #ffffff;\"><span class=\"simcal-date-format\" data-date-format=\"d.m.Y\">30.12.2026<\/span> <\/span><\/dt>\n<dd class=\"simcal-weekday-3 simcal-past simcal-day simcal-day-has-events simcal-day-has-1-events simcal-events-calendar-700\" data-events-count=\"1\">\n\t<ul class=\"simcal-events\">\n\t<li class=\"simcal-event simcal-event-recurring simcal-events-calendar-700\" style=\"\" itemscope itemtype=\"http:\/\/schema.org\/Event\" data-start=\"1798655400\">\n\t\t<div class=\"simcal-event-details\"><h3><span style=\"color: #000000\"><strong><span class=\"simcal-event-title\" itemprop=\"name\">Jazz in der M\u00fchle<\/span><\/strong><\/span><\/h3>\n<h4><span style=\"color: #000000\"><span class=\"simcal-event-start simcal-event-start-date\" data-event-start=\"1798655400\" data-event-format=\"d.m.Y\" itemprop=\"startDate\" content=\"2026-12-30T19:30:00+01:00\">30.12.2026<\/span>&nbsp;&nbsp;<span class=\"simcal-event-start simcal-event-start-time\" data-event-start=\"1798655400\" data-event-format=\"H:i\" itemprop=\"startDate\" content=\"2026-12-30T19:30:00+01:00\">19:30<\/span> - <span class=\"simcal-event-end simcal-event-end-time\" data-event-end=\"1798666200\" data-event-format=\"H:i\" itemprop=\"endDate\" content=\"2026-12-30T22:30:00+01:00\">22:30<\/span><\/span><br \/>\n<span style=\"color: #000000\"> <span class=\"simcal-event-address simcal-event-start-location\" itemprop=\"location\" itemscope itemtype=\"http:\/\/schema.org\/Place\"><meta itemprop=\"name\" content=\"Jazz in der M\u00fchle\" \/><meta itemprop=\"address\" content=\"Jazz in der M\u00fchle\" \/><\/span><\/span><\/h4>\n<hr>\n<p><span style=\"color: #000000\"><div class=\"simcal-event-description\" itemprop=\"description\"><p>Die M\u00f6glichkeit f\u00fcr alleJazzer der Region zusammen zu jammen! Weder das Alter noch das Instrumentspielen eine Rolle, auch nicht in welchem Jazz-Stil man sich zu Hause f\u00fchlt.Der Kontrabassist Kai Stemmler l\u00e4dt einen lokalen oder \u00fcberregional bekannten Solistenf\u00fcr das Opener-Set ein und stellt dazu eine Rhythmusgruppe zusammen. Danachk\u00f6nnen alle, die mindestens drei St\u00fccke vorstellen k\u00f6nnen, einsteigen oderselbst Sets anf\u00fchren. Am Ende gibt\u2019s als H\u00f6hepunkt einige Songs mit derGrundband und m\u00f6glichst vielen Musikern gemeinsam!<\/p>\n<p>Hinweis: Der Eintritt istfrei, der Hut geht rum. <\/p>\n<p>Vorverkauf oder einePlatzreservierung ist nicht m\u00f6glich.<\/p>\n<p>Weitere Termine (jeweilsletzter Mittwoch im Monat)\u00a0<\/p>\n<p>Veranstalter: Verein zurErhaltung der Bergm\u00fchle e.V. in Kooperation mit dem Verein Creakult e. V.<\/p>\n<p>Termine: 28. Januar 2026 \/25. Februar 2026 \/ 25. M\u00e4rz 2026 \/ <\/p>\n<p>\u00a0\u00a0\u00a0\u00a0\u00a0\u00a0\u00a0\u00a0\u00a0\u00a0\u00a0\u00a0\u00a0\u00a0\u00a0\u00a0 <b>29. April 2026<\/b> \/ 27.Mai 2026 \/ 24. Juni 2026 \/ 29. Juli 2026<\/p>\n<p>\u00a0 \u00a0 \u00a0 \u00a0 \u00a0 \u00a0 \u00a0 \u00a0 26. August 2026 \/ 30. September 2026 \/ 28. Oktober 2026<\/p>\n<p>\u00a0 \u00a0 \u00a0 \u00a0 \u00a0 \u00a0 \u00a0 \u00a0 25. November 2026 \/ 30. Dezember 2026\u00a0<\/p>\n<p><\/p>\n<\/div><\/span><\/p>\n<p>&nbsp;<\/p><\/div>\n\t<\/li>\n<\/ul>\n\n<\/dd>\n\t<dt class=\"simcal-day-label\" style=\"border-bottom: 1px solid #bf3124;\" ><span style=\"background-color: #bf3124; color: #ffffff;\"><span class=\"simcal-date-format\" data-date-format=\"d.m.Y\">04.01.2027<\/span> <\/span><\/dt>\n<dd class=\"simcal-weekday-1 simcal-past simcal-day simcal-day-has-events simcal-day-has-1-events simcal-events-calendar-700\" data-events-count=\"1\">\n\t<ul class=\"simcal-events\">\n\t<li class=\"simcal-event simcal-event-recurring simcal-events-calendar-700\" style=\"\" itemscope itemtype=\"http:\/\/schema.org\/Event\" data-start=\"1799083800\">\n\t\t<div class=\"simcal-event-details\"><h3><span style=\"color: #000000\"><strong><span class=\"simcal-event-title\" itemprop=\"name\">Neustadt Chor - Chorprobe<\/span><\/strong><\/span><\/h3>\n<h4><span style=\"color: #000000\"><span class=\"simcal-event-start simcal-event-start-date\" data-event-start=\"1799083800\" data-event-format=\"d.m.Y\" itemprop=\"startDate\" content=\"2027-01-04T18:30:00+01:00\">04.01.2027<\/span>&nbsp;&nbsp;<span class=\"simcal-event-start simcal-event-start-time\" data-event-start=\"1799083800\" data-event-format=\"H:i\" itemprop=\"startDate\" content=\"2027-01-04T18:30:00+01:00\">18:30<\/span> - <span class=\"simcal-event-end simcal-event-end-time\" data-event-end=\"1799092800\" data-event-format=\"H:i\" itemprop=\"endDate\" content=\"2027-01-04T21:00:00+01:00\">21:00<\/span><\/span><br \/>\n<span style=\"color: #000000\"> <span class=\"simcal-event-address simcal-event-start-location\" itemprop=\"location\" itemscope itemtype=\"http:\/\/schema.org\/Place\"><meta itemprop=\"name\" content=\"Neustadt Chor - Chorprobe\" \/><meta itemprop=\"address\" content=\"Neustadt Chor - Chorprobe\" \/><\/span><\/span><\/h4>\n<hr>\n<p><span style=\"color: #000000\"><\/span><\/p>\n<p>&nbsp;<\/p><\/div>\n\t<\/li>\n<\/ul>\n\n<\/dd>\n\t<dt class=\"simcal-day-label\" style=\"border-bottom: 1px solid #bf3124;\" ><span style=\"background-color: #bf3124; color: #ffffff;\"><span class=\"simcal-date-format\" data-date-format=\"d.m.Y\">07.01.2027<\/span> <\/span><\/dt>\n<dd class=\"simcal-weekday-4 simcal-past simcal-day simcal-day-has-events simcal-day-has-1-events simcal-events-calendar-700\" data-events-count=\"1\">\n\t<ul class=\"simcal-events\">\n\t<li class=\"simcal-event simcal-event-recurring simcal-events-calendar-700\" style=\"\" itemscope itemtype=\"http:\/\/schema.org\/Event\" data-start=\"1799330400\">\n\t\t<div class=\"simcal-event-details\"><h3><span style=\"color: #000000\"><strong><span class=\"simcal-event-title\" itemprop=\"name\">Kaffee, Kuchen &amp; Kl\u00f6nschnack<\/span><\/strong><\/span><\/h3>\n<h4><span style=\"color: #000000\"><span class=\"simcal-event-start simcal-event-start-date\" data-event-start=\"1799330400\" data-event-format=\"d.m.Y\" itemprop=\"startDate\" content=\"2027-01-07T15:00:00+01:00\">07.01.2027<\/span>&nbsp;&nbsp;<span class=\"simcal-event-start simcal-event-start-time\" data-event-start=\"1799330400\" data-event-format=\"H:i\" itemprop=\"startDate\" content=\"2027-01-07T15:00:00+01:00\">15:00<\/span> - <span class=\"simcal-event-end simcal-event-end-time\" data-event-end=\"1799337600\" data-event-format=\"H:i\" itemprop=\"endDate\" content=\"2027-01-07T17:00:00+01:00\">17:00<\/span><\/span><br \/>\n<span style=\"color: #000000\"> <span class=\"simcal-event-address simcal-event-start-location\" itemprop=\"location\" itemscope itemtype=\"http:\/\/schema.org\/Place\"><meta itemprop=\"name\" content=\"Kaffee, Kuchen &amp; Kl\u00f6nschnack\" \/><meta itemprop=\"address\" content=\"Kaffee, Kuchen &amp; Kl\u00f6nschnack\" \/><\/span><\/span><\/h4>\n<hr>\n<p><span style=\"color: #000000\"><\/span><\/p>\n<p>&nbsp;<\/p><\/div>\n\t<\/li>\n<\/ul>\n\n<\/dd>\n\t<dt class=\"simcal-day-label\" style=\"border-bottom: 1px solid #bf3124;\" ><span style=\"background-color: #bf3124; color: #ffffff;\"><span class=\"simcal-date-format\" data-date-format=\"d.m.Y\">11.01.2027<\/span> <\/span><\/dt>\n<dd class=\"simcal-weekday-1 simcal-past simcal-day simcal-day-has-events simcal-day-has-1-events simcal-events-calendar-700\" data-events-count=\"1\">\n\t<ul class=\"simcal-events\">\n\t<li class=\"simcal-event simcal-event-recurring simcal-events-calendar-700\" style=\"\" itemscope itemtype=\"http:\/\/schema.org\/Event\" data-start=\"1799688600\">\n\t\t<div class=\"simcal-event-details\"><h3><span style=\"color: #000000\"><strong><span class=\"simcal-event-title\" itemprop=\"name\">Neustadt Chor - Chorprobe<\/span><\/strong><\/span><\/h3>\n<h4><span style=\"color: #000000\"><span class=\"simcal-event-start simcal-event-start-date\" data-event-start=\"1799688600\" data-event-format=\"d.m.Y\" itemprop=\"startDate\" content=\"2027-01-11T18:30:00+01:00\">11.01.2027<\/span>&nbsp;&nbsp;<span class=\"simcal-event-start simcal-event-start-time\" data-event-start=\"1799688600\" data-event-format=\"H:i\" itemprop=\"startDate\" content=\"2027-01-11T18:30:00+01:00\">18:30<\/span> - <span class=\"simcal-event-end simcal-event-end-time\" data-event-end=\"1799697600\" data-event-format=\"H:i\" itemprop=\"endDate\" content=\"2027-01-11T21:00:00+01:00\">21:00<\/span><\/span><br \/>\n<span style=\"color: #000000\"> <span class=\"simcal-event-address simcal-event-start-location\" itemprop=\"location\" itemscope itemtype=\"http:\/\/schema.org\/Place\"><meta itemprop=\"name\" content=\"Neustadt Chor - Chorprobe\" \/><meta itemprop=\"address\" content=\"Neustadt Chor - Chorprobe\" \/><\/span><\/span><\/h4>\n<hr>\n<p><span style=\"color: #000000\"><\/span><\/p>\n<p>&nbsp;<\/p><\/div>\n\t<\/li>\n<\/ul>\n\n<\/dd>\n\t<dt class=\"simcal-day-label\" style=\"border-bottom: 1px solid #bf3124;\" ><span style=\"background-color: #bf3124; color: #ffffff;\"><span class=\"simcal-date-format\" data-date-format=\"d.m.Y\">13.01.2027<\/span> <\/span><\/dt>\n<dd class=\"simcal-weekday-3 simcal-past simcal-day simcal-day-has-events simcal-day-has-1-events simcal-events-calendar-700\" data-events-count=\"1\">\n\t<ul class=\"simcal-events\">\n\t<li class=\"simcal-event simcal-events-calendar-700\" style=\"\" itemscope itemtype=\"http:\/\/schema.org\/Event\" data-start=\"1799863200\">\n\t\t<div class=\"simcal-event-details\"><h3><span style=\"color: #000000\"><strong><span class=\"simcal-event-title\" itemprop=\"name\">M\u00fchlenflimmern<\/span><\/strong><\/span><\/h3>\n<h4><span style=\"color: #000000\"><span class=\"simcal-event-start simcal-event-start-date\" data-event-start=\"1799863200\" data-event-format=\"d.m.Y\" itemprop=\"startDate\" content=\"2027-01-13T19:00:00+01:00\">13.01.2027<\/span>&nbsp;&nbsp;<span class=\"simcal-event-start simcal-event-start-time\" data-event-start=\"1799863200\" data-event-format=\"H:i\" itemprop=\"startDate\" content=\"2027-01-13T19:00:00+01:00\">19:00<\/span> - <span class=\"simcal-event-end simcal-event-end-time\" data-event-end=\"1799874000\" data-event-format=\"H:i\" itemprop=\"endDate\" content=\"2027-01-13T22:00:00+01:00\">22:00<\/span><\/span><br \/>\n<span style=\"color: #000000\"> <span class=\"simcal-event-address simcal-event-start-location\" itemprop=\"location\" itemscope itemtype=\"http:\/\/schema.org\/Place\"><meta itemprop=\"name\" content=\"M\u00fchlenflimmern\" \/><meta itemprop=\"address\" content=\"M\u00fchlenflimmern\" \/><\/span><\/span><\/h4>\n<hr>\n<p><span style=\"color: #000000\"><\/span><\/p>\n<p>&nbsp;<\/p><\/div>\n\t<\/li>\n<\/ul>\n\n<\/dd>\n\t<dt class=\"simcal-day-label\" style=\"border-bottom: 1px solid #bf3124;\" ><span style=\"background-color: #bf3124; color: #ffffff;\"><span class=\"simcal-date-format\" data-date-format=\"d.m.Y\">15.01.2027<\/span> <\/span><\/dt>\n<dd class=\"simcal-weekday-5 simcal-past simcal-day simcal-day-has-events simcal-day-has-1-events simcal-events-calendar-700\" data-events-count=\"1\">\n\t<ul class=\"simcal-events\">\n\t<li class=\"simcal-event simcal-event-recurring simcal-events-calendar-700\" style=\"\" itemscope itemtype=\"http:\/\/schema.org\/Event\" data-start=\"1800039600\">\n\t\t<div class=\"simcal-event-details\"><h3><span style=\"color: #000000\"><strong><span class=\"simcal-event-title\" itemprop=\"name\">M\u00dcHLENGENUSS - Konzert<\/span><\/strong><\/span><\/h3>\n<h4><span style=\"color: #000000\"><span class=\"simcal-event-start simcal-event-start-date\" data-event-start=\"1800039600\" data-event-format=\"d.m.Y\" itemprop=\"startDate\" content=\"2027-01-15T20:00:00+01:00\">15.01.2027<\/span>&nbsp;&nbsp;<span class=\"simcal-event-start simcal-event-start-time\" data-event-start=\"1800039600\" data-event-format=\"H:i\" itemprop=\"startDate\" content=\"2027-01-15T20:00:00+01:00\">20:00<\/span> - <span class=\"simcal-event-end simcal-event-end-time\" data-event-end=\"1800048600\" data-event-format=\"H:i\" itemprop=\"endDate\" content=\"2027-01-15T22:30:00+01:00\">22:30<\/span><\/span><br \/>\n<span style=\"color: #000000\"> <span class=\"simcal-event-address simcal-event-start-location\" itemprop=\"location\" itemscope itemtype=\"http:\/\/schema.org\/Place\"><meta itemprop=\"name\" content=\"M\u00dcHLENGENUSS - Konzert\" \/><meta itemprop=\"address\" content=\"M\u00dcHLENGENUSS - Konzert\" \/><\/span><\/span><\/h4>\n<hr>\n<p><span style=\"color: #000000\"><\/span><\/p>\n<p>&nbsp;<\/p><\/div>\n\t<\/li>\n<\/ul>\n\n<\/dd>\n\t<dt class=\"simcal-day-label\" style=\"border-bottom: 1px solid #bf3124;\" ><span style=\"background-color: #bf3124; color: #ffffff;\"><span class=\"simcal-date-format\" data-date-format=\"d.m.Y\">18.01.2027<\/span> <\/span><\/dt>\n<dd class=\"simcal-weekday-1 simcal-past simcal-day simcal-day-has-events simcal-day-has-1-events simcal-events-calendar-700\" data-events-count=\"1\">\n\t<ul class=\"simcal-events\">\n\t<li class=\"simcal-event simcal-event-recurring simcal-events-calendar-700\" style=\"\" itemscope itemtype=\"http:\/\/schema.org\/Event\" data-start=\"1800293400\">\n\t\t<div class=\"simcal-event-details\"><h3><span style=\"color: #000000\"><strong><span class=\"simcal-event-title\" itemprop=\"name\">Neustadt Chor - Chorprobe<\/span><\/strong><\/span><\/h3>\n<h4><span style=\"color: #000000\"><span class=\"simcal-event-start simcal-event-start-date\" data-event-start=\"1800293400\" data-event-format=\"d.m.Y\" itemprop=\"startDate\" content=\"2027-01-18T18:30:00+01:00\">18.01.2027<\/span>&nbsp;&nbsp;<span class=\"simcal-event-start simcal-event-start-time\" data-event-start=\"1800293400\" data-event-format=\"H:i\" itemprop=\"startDate\" content=\"2027-01-18T18:30:00+01:00\">18:30<\/span> - <span class=\"simcal-event-end simcal-event-end-time\" data-event-end=\"1800302400\" data-event-format=\"H:i\" itemprop=\"endDate\" content=\"2027-01-18T21:00:00+01:00\">21:00<\/span><\/span><br \/>\n<span style=\"color: #000000\"> <span class=\"simcal-event-address simcal-event-start-location\" itemprop=\"location\" itemscope itemtype=\"http:\/\/schema.org\/Place\"><meta itemprop=\"name\" content=\"Neustadt Chor - Chorprobe\" \/><meta itemprop=\"address\" content=\"Neustadt Chor - Chorprobe\" \/><\/span><\/span><\/h4>\n<hr>\n<p><span style=\"color: #000000\"><\/span><\/p>\n<p>&nbsp;<\/p><\/div>\n\t<\/li>\n<\/ul>\n\n<\/dd>\n\t<dt class=\"simcal-day-label\" style=\"border-bottom: 1px solid #bf3124;\" ><span style=\"background-color: #bf3124; color: #ffffff;\"><span class=\"simcal-date-format\" data-date-format=\"d.m.Y\">21.01.2027<\/span> <\/span><\/dt>\n<dd class=\"simcal-weekday-4 simcal-past simcal-day simcal-day-has-events simcal-day-has-1-events simcal-events-calendar-700\" data-events-count=\"1\">\n\t<ul class=\"simcal-events\">\n\t<li class=\"simcal-event simcal-event-recurring simcal-events-calendar-700\" style=\"\" itemscope itemtype=\"http:\/\/schema.org\/Event\" data-start=\"1800540000\">\n\t\t<div class=\"simcal-event-details\"><h3><span style=\"color: #000000\"><strong><span class=\"simcal-event-title\" itemprop=\"name\">Kaffee, Kuchen &amp; Kl\u00f6nschnack<\/span><\/strong><\/span><\/h3>\n<h4><span style=\"color: #000000\"><span class=\"simcal-event-start simcal-event-start-date\" data-event-start=\"1800540000\" data-event-format=\"d.m.Y\" itemprop=\"startDate\" content=\"2027-01-21T15:00:00+01:00\">21.01.2027<\/span>&nbsp;&nbsp;<span class=\"simcal-event-start simcal-event-start-time\" data-event-start=\"1800540000\" data-event-format=\"H:i\" itemprop=\"startDate\" content=\"2027-01-21T15:00:00+01:00\">15:00<\/span> - <span class=\"simcal-event-end simcal-event-end-time\" data-event-end=\"1800547200\" data-event-format=\"H:i\" itemprop=\"endDate\" content=\"2027-01-21T17:00:00+01:00\">17:00<\/span><\/span><br \/>\n<span style=\"color: #000000\"> <span class=\"simcal-event-address simcal-event-start-location\" itemprop=\"location\" itemscope itemtype=\"http:\/\/schema.org\/Place\"><meta itemprop=\"name\" content=\"Kaffee, Kuchen &amp; Kl\u00f6nschnack\" \/><meta itemprop=\"address\" content=\"Kaffee, Kuchen &amp; Kl\u00f6nschnack\" \/><\/span><\/span><\/h4>\n<hr>\n<p><span style=\"color: #000000\"><\/span><\/p>\n<p>&nbsp;<\/p><\/div>\n\t<\/li>\n<\/ul>\n\n<\/dd>\n\t<dt class=\"simcal-day-label\" style=\"border-bottom: 1px solid #bf3124;\" ><span style=\"background-color: #bf3124; color: #ffffff;\"><span class=\"simcal-date-format\" data-date-format=\"d.m.Y\">25.01.2027<\/span> <\/span><\/dt>\n<dd class=\"simcal-weekday-1 simcal-past simcal-day simcal-day-has-events simcal-day-has-1-events simcal-events-calendar-700\" data-events-count=\"1\">\n\t<ul class=\"simcal-events\">\n\t<li class=\"simcal-event simcal-event-recurring simcal-events-calendar-700\" style=\"\" itemscope itemtype=\"http:\/\/schema.org\/Event\" data-start=\"1800898200\">\n\t\t<div class=\"simcal-event-details\"><h3><span style=\"color: #000000\"><strong><span class=\"simcal-event-title\" itemprop=\"name\">Neustadt Chor - Chorprobe<\/span><\/strong><\/span><\/h3>\n<h4><span style=\"color: #000000\"><span class=\"simcal-event-start simcal-event-start-date\" data-event-start=\"1800898200\" data-event-format=\"d.m.Y\" itemprop=\"startDate\" content=\"2027-01-25T18:30:00+01:00\">25.01.2027<\/span>&nbsp;&nbsp;<span class=\"simcal-event-start simcal-event-start-time\" data-event-start=\"1800898200\" data-event-format=\"H:i\" itemprop=\"startDate\" content=\"2027-01-25T18:30:00+01:00\">18:30<\/span> - <span class=\"simcal-event-end simcal-event-end-time\" data-event-end=\"1800907200\" data-event-format=\"H:i\" itemprop=\"endDate\" content=\"2027-01-25T21:00:00+01:00\">21:00<\/span><\/span><br \/>\n<span style=\"color: #000000\"> <span class=\"simcal-event-address simcal-event-start-location\" itemprop=\"location\" itemscope itemtype=\"http:\/\/schema.org\/Place\"><meta itemprop=\"name\" content=\"Neustadt Chor - Chorprobe\" \/><meta itemprop=\"address\" content=\"Neustadt Chor - Chorprobe\" \/><\/span><\/span><\/h4>\n<hr>\n<p><span style=\"color: #000000\"><\/span><\/p>\n<p>&nbsp;<\/p><\/div>\n\t<\/li>\n<\/ul>\n\n<\/dd>\n\t<dt class=\"simcal-day-label\" style=\"border-bottom: 1px solid #bf3124;\" ><span style=\"background-color: #bf3124; color: #ffffff;\"><span class=\"simcal-date-format\" data-date-format=\"d.m.Y\">27.01.2027<\/span> <\/span><\/dt>\n<dd class=\"simcal-weekday-3 simcal-past simcal-day simcal-day-has-events simcal-day-has-1-events simcal-events-calendar-700\" data-events-count=\"1\">\n\t<ul class=\"simcal-events\">\n\t<li class=\"simcal-event simcal-event-recurring simcal-events-calendar-700\" style=\"\" itemscope itemtype=\"http:\/\/schema.org\/Event\" data-start=\"1801074600\">\n\t\t<div class=\"simcal-event-details\"><h3><span style=\"color: #000000\"><strong><span class=\"simcal-event-title\" itemprop=\"name\">Jazz in der M\u00fchle<\/span><\/strong><\/span><\/h3>\n<h4><span style=\"color: #000000\"><span class=\"simcal-event-start simcal-event-start-date\" data-event-start=\"1801074600\" data-event-format=\"d.m.Y\" itemprop=\"startDate\" content=\"2027-01-27T19:30:00+01:00\">27.01.2027<\/span>&nbsp;&nbsp;<span class=\"simcal-event-start simcal-event-start-time\" data-event-start=\"1801074600\" data-event-format=\"H:i\" itemprop=\"startDate\" content=\"2027-01-27T19:30:00+01:00\">19:30<\/span> - <span class=\"simcal-event-end simcal-event-end-time\" data-event-end=\"1801085400\" data-event-format=\"H:i\" itemprop=\"endDate\" content=\"2027-01-27T22:30:00+01:00\">22:30<\/span><\/span><br \/>\n<span style=\"color: #000000\"> <span class=\"simcal-event-address simcal-event-start-location\" itemprop=\"location\" itemscope itemtype=\"http:\/\/schema.org\/Place\"><meta itemprop=\"name\" content=\"Jazz in der M\u00fchle\" \/><meta itemprop=\"address\" content=\"Jazz in der M\u00fchle\" \/><\/span><\/span><\/h4>\n<hr>\n<p><span style=\"color: #000000\"><div class=\"simcal-event-description\" itemprop=\"description\"><p><b>Jazz in der M\u00fchle\u00a0<\/b><\/p>\n<p>Die M\u00f6glichkeit f\u00fcr alle Jazzer der Region zusammen zu jammen!\u00a0Weder das Alter noch das Instrument spielen eine Rolle, auch nicht in welchem Jazz-Stil man sich zu Hause f\u00fchlt.\u00a0Der Kontrabassist Kai Stemmler l\u00e4dt einen lokalen oder \u00fcberregional bekannten Solisten f\u00fcr das Opener-Set ein und stellt dazu eine Rhythmusgruppe zusammen.\u00a0Danach k\u00f6nnen alle, die mindestens drei St\u00fccke vorstellen k\u00f6nnen, einsteigen oder selbst Sets anf\u00fchren.\u00a0Am Ende gibt\u2019s als H\u00f6hepunkt einige Songs mit der Grundband und m\u00f6glichst vielen Musikern gemeinsam!<\/p>\n<p>Hinweis: Der Eintritt ist frei, der Hut geht rum.\u00a0<\/p>\n<p>Vorverkauf oder eine Platzreservierung ist nicht m\u00f6glich.<\/p>\n<p>Weitere Termine (jeweils letzter Mittwoch im Monat): 24. April | 29. Mai | 26. Juni\u00a0\u00a0<\/p>\n<p>Veranstalter: Verein Creakult e.V. in Kooperation mit dem Verein zur Erhaltung der Bergm\u00fchle e.V.<\/p>\n<p><\/p>\n<\/div><\/span><\/p>\n<p>&nbsp;<\/p><\/div>\n\t<\/li>\n<\/ul>\n\n<\/dd>\n\t<dt class=\"simcal-day-label\" style=\"border-bottom: 1px solid #bf3124;\" ><span style=\"background-color: #bf3124; color: #ffffff;\"><span class=\"simcal-date-format\" data-date-format=\"d.m.Y\">01.02.2027<\/span> <\/span><\/dt>\n<dd class=\"simcal-weekday-1 simcal-past simcal-day simcal-day-has-events simcal-day-has-1-events simcal-events-calendar-700\" data-events-count=\"1\">\n\t<ul class=\"simcal-events\">\n\t<li class=\"simcal-event simcal-event-recurring simcal-events-calendar-700\" style=\"\" itemscope itemtype=\"http:\/\/schema.org\/Event\" data-start=\"1801503000\">\n\t\t<div class=\"simcal-event-details\"><h3><span style=\"color: #000000\"><strong><span class=\"simcal-event-title\" itemprop=\"name\">Neustadt Chor - Chorprobe<\/span><\/strong><\/span><\/h3>\n<h4><span style=\"color: #000000\"><span class=\"simcal-event-start simcal-event-start-date\" data-event-start=\"1801503000\" data-event-format=\"d.m.Y\" itemprop=\"startDate\" content=\"2027-02-01T18:30:00+01:00\">01.02.2027<\/span>&nbsp;&nbsp;<span class=\"simcal-event-start simcal-event-start-time\" data-event-start=\"1801503000\" data-event-format=\"H:i\" itemprop=\"startDate\" content=\"2027-02-01T18:30:00+01:00\">18:30<\/span> - <span class=\"simcal-event-end simcal-event-end-time\" data-event-end=\"1801512000\" data-event-format=\"H:i\" itemprop=\"endDate\" content=\"2027-02-01T21:00:00+01:00\">21:00<\/span><\/span><br \/>\n<span style=\"color: #000000\"> <span class=\"simcal-event-address simcal-event-start-location\" itemprop=\"location\" itemscope itemtype=\"http:\/\/schema.org\/Place\"><meta itemprop=\"name\" content=\"Neustadt Chor - Chorprobe\" \/><meta itemprop=\"address\" content=\"Neustadt Chor - Chorprobe\" \/><\/span><\/span><\/h4>\n<hr>\n<p><span style=\"color: #000000\"><\/span><\/p>\n<p>&nbsp;<\/p><\/div>\n\t<\/li>\n<\/ul>\n\n<\/dd>\n\t<dt class=\"simcal-day-label\" style=\"border-bottom: 1px solid #bf3124;\" ><span style=\"background-color: #bf3124; color: #ffffff;\"><span class=\"simcal-date-format\" data-date-format=\"d.m.Y\">04.02.2027<\/span> <\/span><\/dt>\n<dd class=\"simcal-weekday-4 simcal-past simcal-day simcal-day-has-events simcal-day-has-1-events simcal-events-calendar-700\" data-events-count=\"1\">\n\t<ul class=\"simcal-events\">\n\t<li class=\"simcal-event simcal-event-recurring simcal-events-calendar-700\" style=\"\" itemscope itemtype=\"http:\/\/schema.org\/Event\" data-start=\"1801749600\">\n\t\t<div class=\"simcal-event-details\"><h3><span style=\"color: #000000\"><strong><span class=\"simcal-event-title\" itemprop=\"name\">Kaffee, Kuchen &amp; Kl\u00f6nschnack<\/span><\/strong><\/span><\/h3>\n<h4><span style=\"color: #000000\"><span class=\"simcal-event-start simcal-event-start-date\" data-event-start=\"1801749600\" data-event-format=\"d.m.Y\" itemprop=\"startDate\" content=\"2027-02-04T15:00:00+01:00\">04.02.2027<\/span>&nbsp;&nbsp;<span class=\"simcal-event-start simcal-event-start-time\" data-event-start=\"1801749600\" data-event-format=\"H:i\" itemprop=\"startDate\" content=\"2027-02-04T15:00:00+01:00\">15:00<\/span> - <span class=\"simcal-event-end simcal-event-end-time\" data-event-end=\"1801756800\" data-event-format=\"H:i\" itemprop=\"endDate\" content=\"2027-02-04T17:00:00+01:00\">17:00<\/span><\/span><br \/>\n<span style=\"color: #000000\"> <span class=\"simcal-event-address simcal-event-start-location\" itemprop=\"location\" itemscope itemtype=\"http:\/\/schema.org\/Place\"><meta itemprop=\"name\" content=\"Kaffee, Kuchen &amp; Kl\u00f6nschnack\" \/><meta itemprop=\"address\" content=\"Kaffee, Kuchen &amp; Kl\u00f6nschnack\" \/><\/span><\/span><\/h4>\n<hr>\n<p><span style=\"color: #000000\"><\/span><\/p>\n<p>&nbsp;<\/p><\/div>\n\t<\/li>\n<\/ul>\n\n<\/dd>\n\t<dt class=\"simcal-day-label\" style=\"border-bottom: 1px solid #bf3124;\" ><span style=\"background-color: #bf3124; color: #ffffff;\"><span class=\"simcal-date-format\" data-date-format=\"d.m.Y\">05.02.2027<\/span> <\/span><\/dt>\n<dd class=\"simcal-weekday-5 simcal-past simcal-day simcal-day-has-events simcal-day-has-1-events simcal-events-calendar-700\" data-events-count=\"1\">\n\t<ul class=\"simcal-events\">\n\t<li class=\"simcal-event simcal-event-recurring simcal-events-calendar-700\" style=\"\" itemscope itemtype=\"http:\/\/schema.org\/Event\" data-start=\"1801854000\">\n\t\t<div class=\"simcal-event-details\"><h3><span style=\"color: #000000\"><strong><span class=\"simcal-event-title\" itemprop=\"name\">M\u00dcHLENGENUSS - Konzert<\/span><\/strong><\/span><\/h3>\n<h4><span style=\"color: #000000\"><span class=\"simcal-event-start simcal-event-start-date\" data-event-start=\"1801854000\" data-event-format=\"d.m.Y\" itemprop=\"startDate\" content=\"2027-02-05T20:00:00+01:00\">05.02.2027<\/span>&nbsp;&nbsp;<span class=\"simcal-event-start simcal-event-start-time\" data-event-start=\"1801854000\" data-event-format=\"H:i\" itemprop=\"startDate\" content=\"2027-02-05T20:00:00+01:00\">20:00<\/span> - <span class=\"simcal-event-end simcal-event-end-time\" data-event-end=\"1801863000\" data-event-format=\"H:i\" itemprop=\"endDate\" content=\"2027-02-05T22:30:00+01:00\">22:30<\/span><\/span><br \/>\n<span style=\"color: #000000\"> <span class=\"simcal-event-address simcal-event-start-location\" itemprop=\"location\" itemscope itemtype=\"http:\/\/schema.org\/Place\"><meta itemprop=\"name\" content=\"M\u00dcHLENGENUSS - Konzert\" \/><meta itemprop=\"address\" content=\"M\u00dcHLENGENUSS - Konzert\" \/><\/span><\/span><\/h4>\n<hr>\n<p><span style=\"color: #000000\"><\/span><\/p>\n<p>&nbsp;<\/p><\/div>\n\t<\/li>\n<\/ul>\n\n<\/dd>\n\t<dt class=\"simcal-day-label\" style=\"border-bottom: 1px solid #bf3124;\" ><span style=\"background-color: #bf3124; color: #ffffff;\"><span class=\"simcal-date-format\" data-date-format=\"d.m.Y\">08.02.2027<\/span> <\/span><\/dt>\n<dd class=\"simcal-weekday-1 simcal-past simcal-day simcal-day-has-events simcal-day-has-1-events simcal-events-calendar-700\" data-events-count=\"1\">\n\t<ul class=\"simcal-events\">\n\t<li class=\"simcal-event simcal-event-recurring simcal-events-calendar-700\" style=\"\" itemscope itemtype=\"http:\/\/schema.org\/Event\" data-start=\"1802107800\">\n\t\t<div class=\"simcal-event-details\"><h3><span style=\"color: #000000\"><strong><span class=\"simcal-event-title\" itemprop=\"name\">Neustadt Chor - Chorprobe<\/span><\/strong><\/span><\/h3>\n<h4><span style=\"color: #000000\"><span class=\"simcal-event-start simcal-event-start-date\" data-event-start=\"1802107800\" data-event-format=\"d.m.Y\" itemprop=\"startDate\" content=\"2027-02-08T18:30:00+01:00\">08.02.2027<\/span>&nbsp;&nbsp;<span class=\"simcal-event-start simcal-event-start-time\" data-event-start=\"1802107800\" data-event-format=\"H:i\" itemprop=\"startDate\" content=\"2027-02-08T18:30:00+01:00\">18:30<\/span> - <span class=\"simcal-event-end simcal-event-end-time\" data-event-end=\"1802116800\" data-event-format=\"H:i\" itemprop=\"endDate\" content=\"2027-02-08T21:00:00+01:00\">21:00<\/span><\/span><br \/>\n<span style=\"color: #000000\"> <span class=\"simcal-event-address simcal-event-start-location\" itemprop=\"location\" itemscope itemtype=\"http:\/\/schema.org\/Place\"><meta itemprop=\"name\" content=\"Neustadt Chor - Chorprobe\" \/><meta itemprop=\"address\" content=\"Neustadt Chor - Chorprobe\" \/><\/span><\/span><\/h4>\n<hr>\n<p><span style=\"color: #000000\"><\/span><\/p>\n<p>&nbsp;<\/p><\/div>\n\t<\/li>\n<\/ul>\n\n<\/dd>\n\t<dt class=\"simcal-day-label\" style=\"border-bottom: 1px solid #bf3124;\" ><span style=\"background-color: #bf3124; color: #ffffff;\"><span class=\"simcal-date-format\" data-date-format=\"d.m.Y\">10.02.2027<\/span> <\/span><\/dt>\n<dd class=\"simcal-weekday-3 simcal-past simcal-day simcal-day-has-events simcal-day-has-1-events simcal-events-calendar-700\" data-events-count=\"1\">\n\t<ul class=\"simcal-events\">\n\t<li class=\"simcal-event simcal-events-calendar-700\" style=\"\" itemscope itemtype=\"http:\/\/schema.org\/Event\" data-start=\"1802282400\">\n\t\t<div class=\"simcal-event-details\"><h3><span style=\"color: #000000\"><strong><span class=\"simcal-event-title\" itemprop=\"name\">M\u00fchlenflimmern<\/span><\/strong><\/span><\/h3>\n<h4><span style=\"color: #000000\"><span class=\"simcal-event-start simcal-event-start-date\" data-event-start=\"1802282400\" data-event-format=\"d.m.Y\" itemprop=\"startDate\" content=\"2027-02-10T19:00:00+01:00\">10.02.2027<\/span>&nbsp;&nbsp;<span class=\"simcal-event-start simcal-event-start-time\" data-event-start=\"1802282400\" data-event-format=\"H:i\" itemprop=\"startDate\" content=\"2027-02-10T19:00:00+01:00\">19:00<\/span> - <span class=\"simcal-event-end simcal-event-end-time\" data-event-end=\"1802293200\" data-event-format=\"H:i\" itemprop=\"endDate\" content=\"2027-02-10T22:00:00+01:00\">22:00<\/span><\/span><br \/>\n<span style=\"color: #000000\"> <span class=\"simcal-event-address simcal-event-start-location\" itemprop=\"location\" itemscope itemtype=\"http:\/\/schema.org\/Place\"><meta itemprop=\"name\" content=\"M\u00fchlenflimmern\" \/><meta itemprop=\"address\" content=\"M\u00fchlenflimmern\" \/><\/span><\/span><\/h4>\n<hr>\n<p><span style=\"color: #000000\"><\/span><\/p>\n<p>&nbsp;<\/p><\/div>\n\t<\/li>\n<\/ul>\n\n<\/dd>\n\t<dt class=\"simcal-day-label\" style=\"border-bottom: 1px solid #bf3124;\" ><span style=\"background-color: #bf3124; color: #ffffff;\"><span class=\"simcal-date-format\" data-date-format=\"d.m.Y\">13.02.2027<\/span> <\/span><\/dt>\n<dd class=\"simcal-weekday-6 simcal-past simcal-day simcal-day-has-events simcal-day-has-1-events simcal-events-calendar-700\" data-events-count=\"1\">\n\t<ul class=\"simcal-events\">\n\t<li class=\"simcal-event simcal-events-calendar-700\" style=\"\" itemscope itemtype=\"http:\/\/schema.org\/Event\" data-start=\"1802473259\">\n\t\t<div class=\"simcal-event-details\"><h3><span style=\"color: #000000\"><strong><span class=\"simcal-event-title\" itemprop=\"name\">Belegt<\/span><\/strong><\/span><\/h3>\n<h4><span style=\"color: #000000\"><span class=\"simcal-event-start simcal-event-start-date\" data-event-start=\"1802473259\" data-event-format=\"d.m.Y\" itemprop=\"startDate\" content=\"2027-02-13T00:00:59+01:00\">13.02.2027<\/span><\/span><br \/>\n<span style=\"color: #000000\"> <span class=\"simcal-event-address simcal-event-start-location\" itemprop=\"location\" itemscope itemtype=\"http:\/\/schema.org\/Place\"><meta itemprop=\"name\" content=\"Belegt\" \/><meta itemprop=\"address\" content=\"Belegt\" \/><\/span><\/span><\/h4>\n<hr>\n<p><span style=\"color: #000000\"><\/span><\/p>\n<p>&nbsp;<\/p><\/div>\n\t<\/li>\n<\/ul>\n\n<\/dd>\n\t<dt class=\"simcal-day-label\" style=\"border-bottom: 1px solid #bf3124;\" ><span style=\"background-color: #bf3124; color: #ffffff;\"><span class=\"simcal-date-format\" data-date-format=\"d.m.Y\">15.02.2027<\/span> <\/span><\/dt>\n<dd class=\"simcal-weekday-1 simcal-past simcal-day simcal-day-has-events simcal-day-has-1-events simcal-events-calendar-700\" data-events-count=\"1\">\n\t<ul class=\"simcal-events\">\n\t<li class=\"simcal-event simcal-event-recurring simcal-events-calendar-700\" style=\"\" itemscope itemtype=\"http:\/\/schema.org\/Event\" data-start=\"1802712600\">\n\t\t<div class=\"simcal-event-details\"><h3><span style=\"color: #000000\"><strong><span class=\"simcal-event-title\" itemprop=\"name\">Neustadt Chor - Chorprobe<\/span><\/strong><\/span><\/h3>\n<h4><span style=\"color: #000000\"><span class=\"simcal-event-start simcal-event-start-date\" data-event-start=\"1802712600\" data-event-format=\"d.m.Y\" itemprop=\"startDate\" content=\"2027-02-15T18:30:00+01:00\">15.02.2027<\/span>&nbsp;&nbsp;<span class=\"simcal-event-start simcal-event-start-time\" data-event-start=\"1802712600\" data-event-format=\"H:i\" itemprop=\"startDate\" content=\"2027-02-15T18:30:00+01:00\">18:30<\/span> - <span class=\"simcal-event-end simcal-event-end-time\" data-event-end=\"1802721600\" data-event-format=\"H:i\" itemprop=\"endDate\" content=\"2027-02-15T21:00:00+01:00\">21:00<\/span><\/span><br \/>\n<span style=\"color: #000000\"> <span class=\"simcal-event-address simcal-event-start-location\" itemprop=\"location\" itemscope itemtype=\"http:\/\/schema.org\/Place\"><meta itemprop=\"name\" content=\"Neustadt Chor - Chorprobe\" \/><meta itemprop=\"address\" content=\"Neustadt Chor - Chorprobe\" \/><\/span><\/span><\/h4>\n<hr>\n<p><span style=\"color: #000000\"><\/span><\/p>\n<p>&nbsp;<\/p><\/div>\n\t<\/li>\n<\/ul>\n\n<\/dd>\n\t<dt class=\"simcal-day-label\" style=\"border-bottom: 1px solid #bf3124;\" ><span style=\"background-color: #bf3124; color: #ffffff;\"><span class=\"simcal-date-format\" data-date-format=\"d.m.Y\">18.02.2027<\/span> <\/span><\/dt>\n<dd class=\"simcal-weekday-4 simcal-past simcal-day simcal-day-has-events simcal-day-has-1-events simcal-events-calendar-700\" data-events-count=\"1\">\n\t<ul class=\"simcal-events\">\n\t<li class=\"simcal-event simcal-event-recurring simcal-events-calendar-700\" style=\"\" itemscope itemtype=\"http:\/\/schema.org\/Event\" data-start=\"1802959200\">\n\t\t<div class=\"simcal-event-details\"><h3><span style=\"color: #000000\"><strong><span class=\"simcal-event-title\" itemprop=\"name\">Kaffee, Kuchen &amp; Kl\u00f6nschnack<\/span><\/strong><\/span><\/h3>\n<h4><span style=\"color: #000000\"><span class=\"simcal-event-start simcal-event-start-date\" data-event-start=\"1802959200\" data-event-format=\"d.m.Y\" itemprop=\"startDate\" content=\"2027-02-18T15:00:00+01:00\">18.02.2027<\/span>&nbsp;&nbsp;<span class=\"simcal-event-start simcal-event-start-time\" data-event-start=\"1802959200\" data-event-format=\"H:i\" itemprop=\"startDate\" content=\"2027-02-18T15:00:00+01:00\">15:00<\/span> - <span class=\"simcal-event-end simcal-event-end-time\" data-event-end=\"1802966400\" data-event-format=\"H:i\" itemprop=\"endDate\" content=\"2027-02-18T17:00:00+01:00\">17:00<\/span><\/span><br \/>\n<span style=\"color: #000000\"> <span class=\"simcal-event-address simcal-event-start-location\" itemprop=\"location\" itemscope itemtype=\"http:\/\/schema.org\/Place\"><meta itemprop=\"name\" content=\"Kaffee, Kuchen &amp; Kl\u00f6nschnack\" \/><meta itemprop=\"address\" content=\"Kaffee, Kuchen &amp; Kl\u00f6nschnack\" \/><\/span><\/span><\/h4>\n<hr>\n<p><span style=\"color: #000000\"><\/span><\/p>\n<p>&nbsp;<\/p><\/div>\n\t<\/li>\n<\/ul>\n\n<\/dd>\n\t<dt class=\"simcal-day-label\" style=\"border-bottom: 1px solid #bf3124;\" ><span style=\"background-color: #bf3124; color: #ffffff;\"><span class=\"simcal-date-format\" data-date-format=\"d.m.Y\">22.02.2027<\/span> <\/span><\/dt>\n<dd class=\"simcal-weekday-1 simcal-past simcal-day simcal-day-has-events simcal-day-has-1-events simcal-events-calendar-700\" data-events-count=\"1\">\n\t<ul class=\"simcal-events\">\n\t<li class=\"simcal-event simcal-event-recurring simcal-events-calendar-700\" style=\"\" itemscope itemtype=\"http:\/\/schema.org\/Event\" data-start=\"1803317400\">\n\t\t<div class=\"simcal-event-details\"><h3><span style=\"color: #000000\"><strong><span class=\"simcal-event-title\" itemprop=\"name\">Neustadt Chor - Chorprobe<\/span><\/strong><\/span><\/h3>\n<h4><span style=\"color: #000000\"><span class=\"simcal-event-start simcal-event-start-date\" data-event-start=\"1803317400\" data-event-format=\"d.m.Y\" itemprop=\"startDate\" content=\"2027-02-22T18:30:00+01:00\">22.02.2027<\/span>&nbsp;&nbsp;<span class=\"simcal-event-start simcal-event-start-time\" data-event-start=\"1803317400\" data-event-format=\"H:i\" itemprop=\"startDate\" content=\"2027-02-22T18:30:00+01:00\">18:30<\/span> - <span class=\"simcal-event-end simcal-event-end-time\" data-event-end=\"1803326400\" data-event-format=\"H:i\" itemprop=\"endDate\" content=\"2027-02-22T21:00:00+01:00\">21:00<\/span><\/span><br \/>\n<span style=\"color: #000000\"> <span class=\"simcal-event-address simcal-event-start-location\" itemprop=\"location\" itemscope itemtype=\"http:\/\/schema.org\/Place\"><meta itemprop=\"name\" content=\"Neustadt Chor - Chorprobe\" \/><meta itemprop=\"address\" content=\"Neustadt Chor - Chorprobe\" \/><\/span><\/span><\/h4>\n<hr>\n<p><span style=\"color: #000000\"><\/span><\/p>\n<p>&nbsp;<\/p><\/div>\n\t<\/li>\n<\/ul>\n\n<\/dd>\n\t<dt class=\"simcal-day-label\" style=\"border-bottom: 1px solid #bf3124;\" ><span style=\"background-color: #bf3124; color: #ffffff;\"><span class=\"simcal-date-format\" data-date-format=\"d.m.Y\">24.02.2027<\/span> <\/span><\/dt>\n<dd class=\"simcal-weekday-3 simcal-past simcal-day simcal-day-has-events simcal-day-has-1-events simcal-events-calendar-700\" data-events-count=\"1\">\n\t<ul class=\"simcal-events\">\n\t<li class=\"simcal-event simcal-event-recurring simcal-events-calendar-700\" style=\"\" itemscope itemtype=\"http:\/\/schema.org\/Event\" data-start=\"1803493800\">\n\t\t<div class=\"simcal-event-details\"><h3><span style=\"color: #000000\"><strong><span class=\"simcal-event-title\" itemprop=\"name\">Jazz in der M\u00fchle<\/span><\/strong><\/span><\/h3>\n<h4><span style=\"color: #000000\"><span class=\"simcal-event-start simcal-event-start-date\" data-event-start=\"1803493800\" data-event-format=\"d.m.Y\" itemprop=\"startDate\" content=\"2027-02-24T19:30:00+01:00\">24.02.2027<\/span>&nbsp;&nbsp;<span class=\"simcal-event-start simcal-event-start-time\" data-event-start=\"1803493800\" data-event-format=\"H:i\" itemprop=\"startDate\" content=\"2027-02-24T19:30:00+01:00\">19:30<\/span> - <span class=\"simcal-event-end simcal-event-end-time\" data-event-end=\"1803504600\" data-event-format=\"H:i\" itemprop=\"endDate\" content=\"2027-02-24T22:30:00+01:00\">22:30<\/span><\/span><br \/>\n<span style=\"color: #000000\"> <span class=\"simcal-event-address simcal-event-start-location\" itemprop=\"location\" itemscope itemtype=\"http:\/\/schema.org\/Place\"><meta itemprop=\"name\" content=\"Jazz in der M\u00fchle\" \/><meta itemprop=\"address\" content=\"Jazz in der M\u00fchle\" \/><\/span><\/span><\/h4>\n<hr>\n<p><span style=\"color: #000000\"><div class=\"simcal-event-description\" itemprop=\"description\"><p><b>Jazz in der M\u00fchle\u00a0<\/b><\/p>\n<p>Die M\u00f6glichkeit f\u00fcr alle Jazzer der Region zusammen zu jammen!\u00a0Weder das Alter noch das Instrument spielen eine Rolle, auch nicht in welchem Jazz-Stil man sich zu Hause f\u00fchlt.\u00a0Der Kontrabassist Kai Stemmler l\u00e4dt einen lokalen oder \u00fcberregional bekannten Solisten f\u00fcr das Opener-Set ein und stellt dazu eine Rhythmusgruppe zusammen.\u00a0Danach k\u00f6nnen alle, die mindestens drei St\u00fccke vorstellen k\u00f6nnen, einsteigen oder selbst Sets anf\u00fchren.\u00a0Am Ende gibt\u2019s als H\u00f6hepunkt einige Songs mit der Grundband und m\u00f6glichst vielen Musikern gemeinsam!<\/p>\n<p>Hinweis: Der Eintritt ist frei, der Hut geht rum.\u00a0<\/p>\n<p>Vorverkauf oder eine Platzreservierung ist nicht m\u00f6glich.<\/p>\n<p>Weitere Termine (jeweils letzter Mittwoch im Monat): 24. April | 29. Mai | 26. Juni\u00a0\u00a0<\/p>\n<p>Veranstalter: Verein Creakult e.V. in Kooperation mit dem Verein zur Erhaltung der Bergm\u00fchle e.V.<\/p>\n<p><\/p>\n<\/div><\/span><\/p>\n<p>&nbsp;<\/p><\/div>\n\t<\/li>\n<\/ul>\n\n<\/dd>\n\t<dt class=\"simcal-day-label\" style=\"border-bottom: 1px solid #bf3124;\" ><span style=\"background-color: #bf3124; color: #ffffff;\"><span class=\"simcal-date-format\" data-date-format=\"d.m.Y\">01.03.2027<\/span> <\/span><\/dt>\n<dd class=\"simcal-weekday-1 simcal-past simcal-day simcal-day-has-events simcal-day-has-1-events simcal-events-calendar-700\" data-events-count=\"1\">\n\t<ul class=\"simcal-events\">\n\t<li class=\"simcal-event simcal-event-recurring simcal-events-calendar-700\" style=\"\" itemscope itemtype=\"http:\/\/schema.org\/Event\" data-start=\"1803922200\">\n\t\t<div class=\"simcal-event-details\"><h3><span style=\"color: #000000\"><strong><span class=\"simcal-event-title\" itemprop=\"name\">Neustadt Chor - Chorprobe<\/span><\/strong><\/span><\/h3>\n<h4><span style=\"color: #000000\"><span class=\"simcal-event-start simcal-event-start-date\" data-event-start=\"1803922200\" data-event-format=\"d.m.Y\" itemprop=\"startDate\" content=\"2027-03-01T18:30:00+01:00\">01.03.2027<\/span>&nbsp;&nbsp;<span class=\"simcal-event-start simcal-event-start-time\" data-event-start=\"1803922200\" data-event-format=\"H:i\" itemprop=\"startDate\" content=\"2027-03-01T18:30:00+01:00\">18:30<\/span> - <span class=\"simcal-event-end simcal-event-end-time\" data-event-end=\"1803931200\" data-event-format=\"H:i\" itemprop=\"endDate\" content=\"2027-03-01T21:00:00+01:00\">21:00<\/span><\/span><br \/>\n<span style=\"color: #000000\"> <span class=\"simcal-event-address simcal-event-start-location\" itemprop=\"location\" itemscope itemtype=\"http:\/\/schema.org\/Place\"><meta itemprop=\"name\" content=\"Neustadt Chor - Chorprobe\" \/><meta itemprop=\"address\" content=\"Neustadt Chor - Chorprobe\" \/><\/span><\/span><\/h4>\n<hr>\n<p><span style=\"color: #000000\"><\/span><\/p>\n<p>&nbsp;<\/p><\/div>\n\t<\/li>\n<\/ul>\n\n<\/dd>\n\t<dt class=\"simcal-day-label\" style=\"border-bottom: 1px solid #bf3124;\" ><span style=\"background-color: #bf3124; color: #ffffff;\"><span class=\"simcal-date-format\" data-date-format=\"d.m.Y\">04.03.2027<\/span> <\/span><\/dt>\n<dd class=\"simcal-weekday-4 simcal-past simcal-day simcal-day-has-events simcal-day-has-1-events simcal-events-calendar-700\" data-events-count=\"1\">\n\t<ul class=\"simcal-events\">\n\t<li class=\"simcal-event simcal-event-recurring simcal-events-calendar-700\" style=\"\" itemscope itemtype=\"http:\/\/schema.org\/Event\" data-start=\"1804168800\">\n\t\t<div class=\"simcal-event-details\"><h3><span style=\"color: #000000\"><strong><span class=\"simcal-event-title\" itemprop=\"name\">Kaffee, Kuchen &amp; Kl\u00f6nschnack<\/span><\/strong><\/span><\/h3>\n<h4><span style=\"color: #000000\"><span class=\"simcal-event-start simcal-event-start-date\" data-event-start=\"1804168800\" data-event-format=\"d.m.Y\" itemprop=\"startDate\" content=\"2027-03-04T15:00:00+01:00\">04.03.2027<\/span>&nbsp;&nbsp;<span class=\"simcal-event-start simcal-event-start-time\" data-event-start=\"1804168800\" data-event-format=\"H:i\" itemprop=\"startDate\" content=\"2027-03-04T15:00:00+01:00\">15:00<\/span> - <span class=\"simcal-event-end simcal-event-end-time\" data-event-end=\"1804176000\" data-event-format=\"H:i\" itemprop=\"endDate\" content=\"2027-03-04T17:00:00+01:00\">17:00<\/span><\/span><br \/>\n<span style=\"color: #000000\"> <span class=\"simcal-event-address simcal-event-start-location\" itemprop=\"location\" itemscope itemtype=\"http:\/\/schema.org\/Place\"><meta itemprop=\"name\" content=\"Kaffee, Kuchen &amp; Kl\u00f6nschnack\" \/><meta itemprop=\"address\" content=\"Kaffee, Kuchen &amp; Kl\u00f6nschnack\" \/><\/span><\/span><\/h4>\n<hr>\n<p><span style=\"color: #000000\"><\/span><\/p>\n<p>&nbsp;<\/p><\/div>\n\t<\/li>\n<\/ul>\n\n<\/dd>\n\t<dt class=\"simcal-day-label\" style=\"border-bottom: 1px solid #bf3124;\" ><span style=\"background-color: #bf3124; color: #ffffff;\"><span class=\"simcal-date-format\" data-date-format=\"d.m.Y\">05.03.2027<\/span> <\/span><\/dt>\n<dd class=\"simcal-weekday-5 simcal-past simcal-day simcal-day-has-events simcal-day-has-1-events simcal-events-calendar-700\" data-events-count=\"1\">\n\t<ul class=\"simcal-events\">\n\t<li class=\"simcal-event simcal-event-recurring simcal-events-calendar-700\" style=\"\" itemscope itemtype=\"http:\/\/schema.org\/Event\" data-start=\"1804273200\">\n\t\t<div class=\"simcal-event-details\"><h3><span style=\"color: #000000\"><strong><span class=\"simcal-event-title\" itemprop=\"name\">M\u00dcHLENGENUSS - Konzert<\/span><\/strong><\/span><\/h3>\n<h4><span style=\"color: #000000\"><span class=\"simcal-event-start simcal-event-start-date\" data-event-start=\"1804273200\" data-event-format=\"d.m.Y\" itemprop=\"startDate\" content=\"2027-03-05T20:00:00+01:00\">05.03.2027<\/span>&nbsp;&nbsp;<span class=\"simcal-event-start simcal-event-start-time\" data-event-start=\"1804273200\" data-event-format=\"H:i\" itemprop=\"startDate\" content=\"2027-03-05T20:00:00+01:00\">20:00<\/span> - <span class=\"simcal-event-end simcal-event-end-time\" data-event-end=\"1804282200\" data-event-format=\"H:i\" itemprop=\"endDate\" content=\"2027-03-05T22:30:00+01:00\">22:30<\/span><\/span><br \/>\n<span style=\"color: #000000\"> <span class=\"simcal-event-address simcal-event-start-location\" itemprop=\"location\" itemscope itemtype=\"http:\/\/schema.org\/Place\"><meta itemprop=\"name\" content=\"M\u00dcHLENGENUSS - Konzert\" \/><meta itemprop=\"address\" content=\"M\u00dcHLENGENUSS - Konzert\" \/><\/span><\/span><\/h4>\n<hr>\n<p><span style=\"color: #000000\"><\/span><\/p>\n<p>&nbsp;<\/p><\/div>\n\t<\/li>\n<\/ul>\n\n<\/dd>\n\t<dt class=\"simcal-day-label\" style=\"border-bottom: 1px solid #bf3124;\" ><span style=\"background-color: #bf3124; color: #ffffff;\"><span class=\"simcal-date-format\" data-date-format=\"d.m.Y\">08.03.2027<\/span> <\/span><\/dt>\n<dd class=\"simcal-weekday-1 simcal-past simcal-day simcal-day-has-events simcal-day-has-1-events simcal-events-calendar-700\" data-events-count=\"1\">\n\t<ul class=\"simcal-events\">\n\t<li class=\"simcal-event simcal-event-recurring simcal-events-calendar-700\" style=\"\" itemscope itemtype=\"http:\/\/schema.org\/Event\" data-start=\"1804527000\">\n\t\t<div class=\"simcal-event-details\"><h3><span style=\"color: #000000\"><strong><span class=\"simcal-event-title\" itemprop=\"name\">Neustadt Chor - Chorprobe<\/span><\/strong><\/span><\/h3>\n<h4><span style=\"color: #000000\"><span class=\"simcal-event-start simcal-event-start-date\" data-event-start=\"1804527000\" data-event-format=\"d.m.Y\" itemprop=\"startDate\" content=\"2027-03-08T18:30:00+01:00\">08.03.2027<\/span>&nbsp;&nbsp;<span class=\"simcal-event-start simcal-event-start-time\" data-event-start=\"1804527000\" data-event-format=\"H:i\" itemprop=\"startDate\" content=\"2027-03-08T18:30:00+01:00\">18:30<\/span> - <span class=\"simcal-event-end simcal-event-end-time\" data-event-end=\"1804536000\" data-event-format=\"H:i\" itemprop=\"endDate\" content=\"2027-03-08T21:00:00+01:00\">21:00<\/span><\/span><br \/>\n<span style=\"color: #000000\"> <span class=\"simcal-event-address simcal-event-start-location\" itemprop=\"location\" itemscope itemtype=\"http:\/\/schema.org\/Place\"><meta itemprop=\"name\" content=\"Neustadt Chor - Chorprobe\" \/><meta itemprop=\"address\" content=\"Neustadt Chor - Chorprobe\" \/><\/span><\/span><\/h4>\n<hr>\n<p><span style=\"color: #000000\"><\/span><\/p>\n<p>&nbsp;<\/p><\/div>\n\t<\/li>\n<\/ul>\n\n<\/dd>\n\t<dt class=\"simcal-day-label\" style=\"border-bottom: 1px solid #bf3124;\" ><span style=\"background-color: #bf3124; color: #ffffff;\"><span class=\"simcal-date-format\" data-date-format=\"d.m.Y\">10.03.2027<\/span> <\/span><\/dt>\n<dd class=\"simcal-weekday-3 simcal-past simcal-day simcal-day-has-events simcal-day-has-1-events simcal-events-calendar-700\" data-events-count=\"1\">\n\t<ul class=\"simcal-events\">\n\t<li class=\"simcal-event simcal-events-calendar-700\" style=\"\" itemscope itemtype=\"http:\/\/schema.org\/Event\" data-start=\"1804701600\">\n\t\t<div class=\"simcal-event-details\"><h3><span style=\"color: #000000\"><strong><span class=\"simcal-event-title\" itemprop=\"name\">M\u00fchlenflimmern<\/span><\/strong><\/span><\/h3>\n<h4><span style=\"color: #000000\"><span class=\"simcal-event-start simcal-event-start-date\" data-event-start=\"1804701600\" data-event-format=\"d.m.Y\" itemprop=\"startDate\" content=\"2027-03-10T19:00:00+01:00\">10.03.2027<\/span>&nbsp;&nbsp;<span class=\"simcal-event-start simcal-event-start-time\" data-event-start=\"1804701600\" data-event-format=\"H:i\" itemprop=\"startDate\" content=\"2027-03-10T19:00:00+01:00\">19:00<\/span> - <span class=\"simcal-event-end simcal-event-end-time\" data-event-end=\"1804712400\" data-event-format=\"H:i\" itemprop=\"endDate\" content=\"2027-03-10T22:00:00+01:00\">22:00<\/span><\/span><br \/>\n<span style=\"color: #000000\"> <span class=\"simcal-event-address simcal-event-start-location\" itemprop=\"location\" itemscope itemtype=\"http:\/\/schema.org\/Place\"><meta itemprop=\"name\" content=\"M\u00fchlenflimmern\" \/><meta itemprop=\"address\" content=\"M\u00fchlenflimmern\" \/><\/span><\/span><\/h4>\n<hr>\n<p><span style=\"color: #000000\"><\/span><\/p>\n<p>&nbsp;<\/p><\/div>\n\t<\/li>\n<\/ul>\n\n<\/dd>\n\t<dt class=\"simcal-day-label\" style=\"border-bottom: 1px solid #bf3124;\" ><span style=\"background-color: #bf3124; color: #ffffff;\"><span class=\"simcal-date-format\" data-date-format=\"d.m.Y\">15.03.2027<\/span> <\/span><\/dt>\n<dd class=\"simcal-weekday-1 simcal-past simcal-day simcal-day-has-events simcal-day-has-1-events simcal-events-calendar-700\" data-events-count=\"1\">\n\t<ul class=\"simcal-events\">\n\t<li class=\"simcal-event simcal-event-recurring simcal-events-calendar-700\" style=\"\" itemscope itemtype=\"http:\/\/schema.org\/Event\" data-start=\"1805131800\">\n\t\t<div class=\"simcal-event-details\"><h3><span style=\"color: #000000\"><strong><span class=\"simcal-event-title\" itemprop=\"name\">Neustadt Chor - Chorprobe<\/span><\/strong><\/span><\/h3>\n<h4><span style=\"color: #000000\"><span class=\"simcal-event-start simcal-event-start-date\" data-event-start=\"1805131800\" data-event-format=\"d.m.Y\" itemprop=\"startDate\" content=\"2027-03-15T18:30:00+01:00\">15.03.2027<\/span>&nbsp;&nbsp;<span class=\"simcal-event-start simcal-event-start-time\" data-event-start=\"1805131800\" data-event-format=\"H:i\" itemprop=\"startDate\" content=\"2027-03-15T18:30:00+01:00\">18:30<\/span> - <span class=\"simcal-event-end simcal-event-end-time\" data-event-end=\"1805140800\" data-event-format=\"H:i\" itemprop=\"endDate\" content=\"2027-03-15T21:00:00+01:00\">21:00<\/span><\/span><br \/>\n<span style=\"color: #000000\"> <span class=\"simcal-event-address simcal-event-start-location\" itemprop=\"location\" itemscope itemtype=\"http:\/\/schema.org\/Place\"><meta itemprop=\"name\" content=\"Neustadt Chor - Chorprobe\" \/><meta itemprop=\"address\" content=\"Neustadt Chor - Chorprobe\" \/><\/span><\/span><\/h4>\n<hr>\n<p><span style=\"color: #000000\"><\/span><\/p>\n<p>&nbsp;<\/p><\/div>\n\t<\/li>\n<\/ul>\n\n<\/dd>\n\t<dt class=\"simcal-day-label\" style=\"border-bottom: 1px solid #bf3124;\" ><span style=\"background-color: #bf3124; color: #ffffff;\"><span class=\"simcal-date-format\" data-date-format=\"d.m.Y\">18.03.2027<\/span> <\/span><\/dt>\n<dd class=\"simcal-weekday-4 simcal-past simcal-day simcal-day-has-events simcal-day-has-1-events simcal-events-calendar-700\" data-events-count=\"1\">\n\t<ul class=\"simcal-events\">\n\t<li class=\"simcal-event simcal-event-recurring simcal-events-calendar-700\" style=\"\" itemscope itemtype=\"http:\/\/schema.org\/Event\" data-start=\"1805378400\">\n\t\t<div class=\"simcal-event-details\"><h3><span style=\"color: #000000\"><strong><span class=\"simcal-event-title\" itemprop=\"name\">Kaffee, Kuchen &amp; Kl\u00f6nschnack<\/span><\/strong><\/span><\/h3>\n<h4><span style=\"color: #000000\"><span class=\"simcal-event-start simcal-event-start-date\" data-event-start=\"1805378400\" data-event-format=\"d.m.Y\" itemprop=\"startDate\" content=\"2027-03-18T15:00:00+01:00\">18.03.2027<\/span>&nbsp;&nbsp;<span class=\"simcal-event-start simcal-event-start-time\" data-event-start=\"1805378400\" data-event-format=\"H:i\" itemprop=\"startDate\" content=\"2027-03-18T15:00:00+01:00\">15:00<\/span> - <span class=\"simcal-event-end simcal-event-end-time\" data-event-end=\"1805385600\" data-event-format=\"H:i\" itemprop=\"endDate\" content=\"2027-03-18T17:00:00+01:00\">17:00<\/span><\/span><br \/>\n<span style=\"color: #000000\"> <span class=\"simcal-event-address simcal-event-start-location\" itemprop=\"location\" itemscope itemtype=\"http:\/\/schema.org\/Place\"><meta itemprop=\"name\" content=\"Kaffee, Kuchen &amp; Kl\u00f6nschnack\" \/><meta itemprop=\"address\" content=\"Kaffee, Kuchen &amp; Kl\u00f6nschnack\" \/><\/span><\/span><\/h4>\n<hr>\n<p><span style=\"color: #000000\"><\/span><\/p>\n<p>&nbsp;<\/p><\/div>\n\t<\/li>\n<\/ul>\n\n<\/dd>\n\t<dt class=\"simcal-day-label\" style=\"border-bottom: 1px solid #bf3124;\" ><span style=\"background-color: #bf3124; color: #ffffff;\"><span class=\"simcal-date-format\" data-date-format=\"d.m.Y\">20.03.2027<\/span> <\/span><\/dt>\n<dd class=\"simcal-weekday-6 simcal-past simcal-day simcal-day-has-events simcal-day-has-1-events simcal-events-calendar-700\" data-events-count=\"1\">\n\t<ul class=\"simcal-events\">\n\t<li class=\"simcal-event simcal-events-calendar-700\" style=\"\" itemscope itemtype=\"http:\/\/schema.org\/Event\" data-start=\"1805497259\">\n\t\t<div class=\"simcal-event-details\"><h3><span style=\"color: #000000\"><strong><span class=\"simcal-event-title\" itemprop=\"name\">Belegt<\/span><\/strong><\/span><\/h3>\n<h4><span style=\"color: #000000\"><span class=\"simcal-event-start simcal-event-start-date\" data-event-start=\"1805497259\" data-event-format=\"d.m.Y\" itemprop=\"startDate\" content=\"2027-03-20T00:00:59+01:00\">20.03.2027<\/span><\/span><br \/>\n<span style=\"color: #000000\"> <span class=\"simcal-event-address simcal-event-start-location\" itemprop=\"location\" itemscope itemtype=\"http:\/\/schema.org\/Place\"><meta itemprop=\"name\" content=\"Belegt\" \/><meta itemprop=\"address\" content=\"Belegt\" \/><\/span><\/span><\/h4>\n<hr>\n<p><span style=\"color: #000000\"><\/span><\/p>\n<p>&nbsp;<\/p><\/div>\n\t<\/li>\n<\/ul>\n\n<\/dd>\n\t<dt class=\"simcal-day-label\" style=\"border-bottom: 1px solid #bf3124;\" ><span style=\"background-color: #bf3124; color: #ffffff;\"><span class=\"simcal-date-format\" data-date-format=\"d.m.Y\">22.03.2027<\/span> <\/span><\/dt>\n<dd class=\"simcal-weekday-1 simcal-past simcal-day simcal-day-has-events simcal-day-has-1-events simcal-events-calendar-700\" data-events-count=\"1\">\n\t<ul class=\"simcal-events\">\n\t<li class=\"simcal-event simcal-event-recurring simcal-events-calendar-700\" style=\"\" itemscope itemtype=\"http:\/\/schema.org\/Event\" data-start=\"1805736600\">\n\t\t<div class=\"simcal-event-details\"><h3><span style=\"color: #000000\"><strong><span class=\"simcal-event-title\" itemprop=\"name\">Neustadt Chor - Chorprobe<\/span><\/strong><\/span><\/h3>\n<h4><span style=\"color: #000000\"><span class=\"simcal-event-start simcal-event-start-date\" data-event-start=\"1805736600\" data-event-format=\"d.m.Y\" itemprop=\"startDate\" content=\"2027-03-22T18:30:00+01:00\">22.03.2027<\/span>&nbsp;&nbsp;<span class=\"simcal-event-start simcal-event-start-time\" data-event-start=\"1805736600\" data-event-format=\"H:i\" itemprop=\"startDate\" content=\"2027-03-22T18:30:00+01:00\">18:30<\/span> - <span class=\"simcal-event-end simcal-event-end-time\" data-event-end=\"1805745600\" data-event-format=\"H:i\" itemprop=\"endDate\" content=\"2027-03-22T21:00:00+01:00\">21:00<\/span><\/span><br \/>\n<span style=\"color: #000000\"> <span class=\"simcal-event-address simcal-event-start-location\" itemprop=\"location\" itemscope itemtype=\"http:\/\/schema.org\/Place\"><meta itemprop=\"name\" content=\"Neustadt Chor - Chorprobe\" \/><meta itemprop=\"address\" content=\"Neustadt Chor - Chorprobe\" \/><\/span><\/span><\/h4>\n<hr>\n<p><span style=\"color: #000000\"><\/span><\/p>\n<p>&nbsp;<\/p><\/div>\n\t<\/li>\n<\/ul>\n\n<\/dd>\n\t<dt class=\"simcal-day-label\" style=\"border-bottom: 1px solid #bf3124;\" ><span style=\"background-color: #bf3124; color: #ffffff;\"><span class=\"simcal-date-format\" data-date-format=\"d.m.Y\">29.03.2027<\/span> <\/span><\/dt>\n<dd class=\"simcal-weekday-1 simcal-past simcal-day simcal-day-has-events simcal-day-has-1-events simcal-events-calendar-700\" data-events-count=\"1\">\n\t<ul class=\"simcal-events\">\n\t<li class=\"simcal-event simcal-event-recurring simcal-events-calendar-700\" style=\"\" itemscope itemtype=\"http:\/\/schema.org\/Event\" data-start=\"1806337800\">\n\t\t<div class=\"simcal-event-details\"><h3><span style=\"color: #000000\"><strong><span class=\"simcal-event-title\" itemprop=\"name\">Neustadt Chor - Chorprobe<\/span><\/strong><\/span><\/h3>\n<h4><span style=\"color: #000000\"><span class=\"simcal-event-start simcal-event-start-date\" data-event-start=\"1806337800\" data-event-format=\"d.m.Y\" itemprop=\"startDate\" content=\"2027-03-29T18:30:00+02:00\">29.03.2027<\/span>&nbsp;&nbsp;<span class=\"simcal-event-start simcal-event-start-time\" data-event-start=\"1806337800\" data-event-format=\"H:i\" itemprop=\"startDate\" content=\"2027-03-29T18:30:00+02:00\">18:30<\/span> - <span class=\"simcal-event-end simcal-event-end-time\" data-event-end=\"1806346800\" data-event-format=\"H:i\" itemprop=\"endDate\" content=\"2027-03-29T21:00:00+02:00\">21:00<\/span><\/span><br \/>\n<span style=\"color: #000000\"> <span class=\"simcal-event-address simcal-event-start-location\" itemprop=\"location\" itemscope itemtype=\"http:\/\/schema.org\/Place\"><meta itemprop=\"name\" content=\"Neustadt Chor - Chorprobe\" \/><meta itemprop=\"address\" content=\"Neustadt Chor - Chorprobe\" \/><\/span><\/span><\/h4>\n<hr>\n<p><span style=\"color: #000000\"><\/span><\/p>\n<p>&nbsp;<\/p><\/div>\n\t<\/li>\n<\/ul>\n\n<\/dd>\n\t<dt class=\"simcal-day-label\" style=\"border-bottom: 1px solid #bf3124;\" ><span style=\"background-color: #bf3124; color: #ffffff;\"><span class=\"simcal-date-format\" data-date-format=\"d.m.Y\">31.03.2027<\/span> <\/span><\/dt>\n<dd class=\"simcal-weekday-3 simcal-past simcal-day simcal-day-has-events simcal-day-has-1-events simcal-events-calendar-700\" data-events-count=\"1\">\n\t<ul class=\"simcal-events\">\n\t<li class=\"simcal-event simcal-event-recurring simcal-events-calendar-700\" style=\"\" itemscope itemtype=\"http:\/\/schema.org\/Event\" data-start=\"1806514200\">\n\t\t<div class=\"simcal-event-details\"><h3><span style=\"color: #000000\"><strong><span class=\"simcal-event-title\" itemprop=\"name\">Jazz in der M\u00fchle<\/span><\/strong><\/span><\/h3>\n<h4><span style=\"color: #000000\"><span class=\"simcal-event-start simcal-event-start-date\" data-event-start=\"1806514200\" data-event-format=\"d.m.Y\" itemprop=\"startDate\" content=\"2027-03-31T19:30:00+02:00\">31.03.2027<\/span>&nbsp;&nbsp;<span class=\"simcal-event-start simcal-event-start-time\" data-event-start=\"1806514200\" data-event-format=\"H:i\" itemprop=\"startDate\" content=\"2027-03-31T19:30:00+02:00\">19:30<\/span> - <span class=\"simcal-event-end simcal-event-end-time\" data-event-end=\"1806525000\" data-event-format=\"H:i\" itemprop=\"endDate\" content=\"2027-03-31T22:30:00+02:00\">22:30<\/span><\/span><br \/>\n<span style=\"color: #000000\"> <span class=\"simcal-event-address simcal-event-start-location\" itemprop=\"location\" itemscope itemtype=\"http:\/\/schema.org\/Place\"><meta itemprop=\"name\" content=\"Jazz in der M\u00fchle\" \/><meta itemprop=\"address\" content=\"Jazz in der M\u00fchle\" \/><\/span><\/span><\/h4>\n<hr>\n<p><span style=\"color: #000000\"><div class=\"simcal-event-description\" itemprop=\"description\"><p><b>Jazz in der M\u00fchle\u00a0<\/b><\/p>\n<p>Die M\u00f6glichkeit f\u00fcr alle Jazzer der Region zusammen zu jammen!\u00a0Weder das Alter noch das Instrument spielen eine Rolle, auch nicht in welchem Jazz-Stil man sich zu Hause f\u00fchlt.\u00a0Der Kontrabassist Kai Stemmler l\u00e4dt einen lokalen oder \u00fcberregional bekannten Solisten f\u00fcr das Opener-Set ein und stellt dazu eine Rhythmusgruppe zusammen.\u00a0Danach k\u00f6nnen alle, die mindestens drei St\u00fccke vorstellen k\u00f6nnen, einsteigen oder selbst Sets anf\u00fchren.\u00a0Am Ende gibt\u2019s als H\u00f6hepunkt einige Songs mit der Grundband und m\u00f6glichst vielen Musikern gemeinsam!<\/p>\n<p>Hinweis: Der Eintritt ist frei, der Hut geht rum.\u00a0<\/p>\n<p>Vorverkauf oder eine Platzreservierung ist nicht m\u00f6glich.<\/p>\n<p>Weitere Termine (jeweils letzter Mittwoch im Monat): 24. April | 29. Mai | 26. Juni\u00a0\u00a0<\/p>\n<p>Veranstalter: Verein Creakult e.V. in Kooperation mit dem Verein zur Erhaltung der Bergm\u00fchle e.V.<\/p>\n<p><\/p>\n<\/div><\/span><\/p>\n<p>&nbsp;<\/p><\/div>\n\t<\/li>\n<\/ul>\n\n<\/dd>\n\t<dt class=\"simcal-day-label\" style=\"border-bottom: 1px solid #bf3124;\" ><span style=\"background-color: #bf3124; color: #ffffff;\"><span class=\"simcal-date-format\" data-date-format=\"d.m.Y\">01.04.2027<\/span> <\/span><\/dt>\n<dd class=\"simcal-weekday-4 simcal-past simcal-day simcal-day-has-events simcal-day-has-1-events simcal-events-calendar-700\" data-events-count=\"1\">\n\t<ul class=\"simcal-events\">\n\t<li class=\"simcal-event simcal-event-recurring simcal-events-calendar-700\" style=\"\" itemscope itemtype=\"http:\/\/schema.org\/Event\" data-start=\"1806584400\">\n\t\t<div class=\"simcal-event-details\"><h3><span style=\"color: #000000\"><strong><span class=\"simcal-event-title\" itemprop=\"name\">Kaffee, Kuchen &amp; Kl\u00f6nschnack<\/span><\/strong><\/span><\/h3>\n<h4><span style=\"color: #000000\"><span class=\"simcal-event-start simcal-event-start-date\" data-event-start=\"1806584400\" data-event-format=\"d.m.Y\" itemprop=\"startDate\" content=\"2027-04-01T15:00:00+02:00\">01.04.2027<\/span>&nbsp;&nbsp;<span class=\"simcal-event-start simcal-event-start-time\" data-event-start=\"1806584400\" data-event-format=\"H:i\" itemprop=\"startDate\" content=\"2027-04-01T15:00:00+02:00\">15:00<\/span> - <span class=\"simcal-event-end simcal-event-end-time\" data-event-end=\"1806591600\" data-event-format=\"H:i\" itemprop=\"endDate\" content=\"2027-04-01T17:00:00+02:00\">17:00<\/span><\/span><br \/>\n<span style=\"color: #000000\"> <span class=\"simcal-event-address simcal-event-start-location\" itemprop=\"location\" itemscope itemtype=\"http:\/\/schema.org\/Place\"><meta itemprop=\"name\" content=\"Kaffee, Kuchen &amp; Kl\u00f6nschnack\" \/><meta itemprop=\"address\" content=\"Kaffee, Kuchen &amp; Kl\u00f6nschnack\" \/><\/span><\/span><\/h4>\n<hr>\n<p><span style=\"color: #000000\"><\/span><\/p>\n<p>&nbsp;<\/p><\/div>\n\t<\/li>\n<\/ul>\n\n<\/dd>\n\t<dt class=\"simcal-day-label\" style=\"border-bottom: 1px solid #bf3124;\" ><span style=\"background-color: #bf3124; color: #ffffff;\"><span class=\"simcal-date-format\" data-date-format=\"d.m.Y\">02.04.2027<\/span> <\/span><\/dt>\n<dd class=\"simcal-weekday-5 simcal-past simcal-day simcal-day-has-events simcal-day-has-1-events simcal-events-calendar-700\" data-events-count=\"1\">\n\t<ul class=\"simcal-events\">\n\t<li class=\"simcal-event simcal-event-recurring simcal-events-calendar-700\" style=\"\" itemscope itemtype=\"http:\/\/schema.org\/Event\" data-start=\"1806688800\">\n\t\t<div class=\"simcal-event-details\"><h3><span style=\"color: #000000\"><strong><span class=\"simcal-event-title\" itemprop=\"name\">M\u00dcHLENGENUSS - Konzert<\/span><\/strong><\/span><\/h3>\n<h4><span style=\"color: #000000\"><span class=\"simcal-event-start simcal-event-start-date\" data-event-start=\"1806688800\" data-event-format=\"d.m.Y\" itemprop=\"startDate\" content=\"2027-04-02T20:00:00+02:00\">02.04.2027<\/span>&nbsp;&nbsp;<span class=\"simcal-event-start simcal-event-start-time\" data-event-start=\"1806688800\" data-event-format=\"H:i\" itemprop=\"startDate\" content=\"2027-04-02T20:00:00+02:00\">20:00<\/span> - <span class=\"simcal-event-end simcal-event-end-time\" data-event-end=\"1806697800\" data-event-format=\"H:i\" itemprop=\"endDate\" content=\"2027-04-02T22:30:00+02:00\">22:30<\/span><\/span><br \/>\n<span style=\"color: #000000\"> <span class=\"simcal-event-address simcal-event-start-location\" itemprop=\"location\" itemscope itemtype=\"http:\/\/schema.org\/Place\"><meta itemprop=\"name\" content=\"M\u00dcHLENGENUSS - Konzert\" \/><meta itemprop=\"address\" content=\"M\u00dcHLENGENUSS - Konzert\" \/><\/span><\/span><\/h4>\n<hr>\n<p><span style=\"color: #000000\"><\/span><\/p>\n<p>&nbsp;<\/p><\/div>\n\t<\/li>\n<\/ul>\n\n<\/dd>\n\t<dt class=\"simcal-day-label\" style=\"border-bottom: 1px solid #bf3124;\" ><span style=\"background-color: #bf3124; color: #ffffff;\"><span class=\"simcal-date-format\" data-date-format=\"d.m.Y\">05.04.2027<\/span> <\/span><\/dt>\n<dd class=\"simcal-weekday-1 simcal-past simcal-day simcal-day-has-events simcal-day-has-1-events simcal-events-calendar-700\" data-events-count=\"1\">\n\t<ul class=\"simcal-events\">\n\t<li class=\"simcal-event simcal-event-recurring simcal-events-calendar-700\" style=\"\" itemscope itemtype=\"http:\/\/schema.org\/Event\" data-start=\"1806942600\">\n\t\t<div class=\"simcal-event-details\"><h3><span style=\"color: #000000\"><strong><span class=\"simcal-event-title\" itemprop=\"name\">Neustadt Chor - Chorprobe<\/span><\/strong><\/span><\/h3>\n<h4><span style=\"color: #000000\"><span class=\"simcal-event-start simcal-event-start-date\" data-event-start=\"1806942600\" data-event-format=\"d.m.Y\" itemprop=\"startDate\" content=\"2027-04-05T18:30:00+02:00\">05.04.2027<\/span>&nbsp;&nbsp;<span class=\"simcal-event-start simcal-event-start-time\" data-event-start=\"1806942600\" data-event-format=\"H:i\" itemprop=\"startDate\" content=\"2027-04-05T18:30:00+02:00\">18:30<\/span> - <span class=\"simcal-event-end simcal-event-end-time\" data-event-end=\"1806951600\" data-event-format=\"H:i\" itemprop=\"endDate\" content=\"2027-04-05T21:00:00+02:00\">21:00<\/span><\/span><br \/>\n<span style=\"color: #000000\"> <span class=\"simcal-event-address simcal-event-start-location\" itemprop=\"location\" itemscope itemtype=\"http:\/\/schema.org\/Place\"><meta itemprop=\"name\" content=\"Neustadt Chor - Chorprobe\" \/><meta itemprop=\"address\" content=\"Neustadt Chor - Chorprobe\" \/><\/span><\/span><\/h4>\n<hr>\n<p><span style=\"color: #000000\"><\/span><\/p>\n<p>&nbsp;<\/p><\/div>\n\t<\/li>\n<\/ul>\n\n<\/dd>\n\t<dt class=\"simcal-day-label\" style=\"border-bottom: 1px solid #bf3124;\" ><span style=\"background-color: #bf3124; color: #ffffff;\"><span class=\"simcal-date-format\" data-date-format=\"d.m.Y\">11.04.2027<\/span> <\/span><\/dt>\n<dd class=\"simcal-weekday-0 simcal-past simcal-day simcal-day-has-events simcal-day-has-1-events simcal-events-calendar-700\" data-events-count=\"1\">\n\t<ul class=\"simcal-events\">\n\t<li class=\"simcal-event simcal-events-calendar-700\" style=\"\" itemscope itemtype=\"http:\/\/schema.org\/Event\" data-start=\"1807394459\">\n\t\t<div class=\"simcal-event-details\"><h3><span style=\"color: #000000\"><strong><span class=\"simcal-event-title\" itemprop=\"name\">Belegt<\/span><\/strong><\/span><\/h3>\n<h4><span style=\"color: #000000\"><span class=\"simcal-event-start simcal-event-start-date\" data-event-start=\"1807394459\" data-event-format=\"d.m.Y\" itemprop=\"startDate\" content=\"2027-04-11T00:00:59+02:00\">11.04.2027<\/span><\/span><br \/>\n<span style=\"color: #000000\"> <span class=\"simcal-event-address simcal-event-start-location\" itemprop=\"location\" itemscope itemtype=\"http:\/\/schema.org\/Place\"><meta itemprop=\"name\" content=\"Belegt\" \/><meta itemprop=\"address\" content=\"Belegt\" \/><\/span><\/span><\/h4>\n<hr>\n<p><span style=\"color: #000000\"><\/span><\/p>\n<p>&nbsp;<\/p><\/div>\n\t<\/li>\n<\/ul>\n\n<\/dd>\n\t<dt class=\"simcal-day-label\" style=\"border-bottom: 1px solid #bf3124;\" ><span style=\"background-color: #bf3124; color: #ffffff;\"><span class=\"simcal-date-format\" data-date-format=\"d.m.Y\">12.04.2027<\/span> <\/span><\/dt>\n<dd class=\"simcal-weekday-1 simcal-past simcal-day simcal-day-has-events simcal-day-has-1-events simcal-events-calendar-700\" data-events-count=\"1\">\n\t<ul class=\"simcal-events\">\n\t<li class=\"simcal-event simcal-event-recurring simcal-events-calendar-700\" style=\"\" itemscope itemtype=\"http:\/\/schema.org\/Event\" data-start=\"1807547400\">\n\t\t<div class=\"simcal-event-details\"><h3><span style=\"color: #000000\"><strong><span class=\"simcal-event-title\" itemprop=\"name\">Neustadt Chor - Chorprobe<\/span><\/strong><\/span><\/h3>\n<h4><span style=\"color: #000000\"><span class=\"simcal-event-start simcal-event-start-date\" data-event-start=\"1807547400\" data-event-format=\"d.m.Y\" itemprop=\"startDate\" content=\"2027-04-12T18:30:00+02:00\">12.04.2027<\/span>&nbsp;&nbsp;<span class=\"simcal-event-start simcal-event-start-time\" data-event-start=\"1807547400\" data-event-format=\"H:i\" itemprop=\"startDate\" content=\"2027-04-12T18:30:00+02:00\">18:30<\/span> - <span class=\"simcal-event-end simcal-event-end-time\" data-event-end=\"1807556400\" data-event-format=\"H:i\" itemprop=\"endDate\" content=\"2027-04-12T21:00:00+02:00\">21:00<\/span><\/span><br \/>\n<span style=\"color: #000000\"> <span class=\"simcal-event-address simcal-event-start-location\" itemprop=\"location\" itemscope itemtype=\"http:\/\/schema.org\/Place\"><meta itemprop=\"name\" content=\"Neustadt Chor - Chorprobe\" \/><meta itemprop=\"address\" content=\"Neustadt Chor - Chorprobe\" \/><\/span><\/span><\/h4>\n<hr>\n<p><span style=\"color: #000000\"><\/span><\/p>\n<p>&nbsp;<\/p><\/div>\n\t<\/li>\n<\/ul>\n\n<\/dd>\n\t<dt class=\"simcal-day-label\" style=\"border-bottom: 1px solid #bf3124;\" ><span style=\"background-color: #bf3124; color: #ffffff;\"><span class=\"simcal-date-format\" data-date-format=\"d.m.Y\">15.04.2027<\/span> <\/span><\/dt>\n<dd class=\"simcal-weekday-4 simcal-past simcal-day simcal-day-has-events simcal-day-has-1-events simcal-events-calendar-700\" data-events-count=\"1\">\n\t<ul class=\"simcal-events\">\n\t<li class=\"simcal-event simcal-event-recurring simcal-events-calendar-700\" style=\"\" itemscope itemtype=\"http:\/\/schema.org\/Event\" data-start=\"1807794000\">\n\t\t<div class=\"simcal-event-details\"><h3><span style=\"color: #000000\"><strong><span class=\"simcal-event-title\" itemprop=\"name\">Kaffee, Kuchen &amp; Kl\u00f6nschnack<\/span><\/strong><\/span><\/h3>\n<h4><span style=\"color: #000000\"><span class=\"simcal-event-start simcal-event-start-date\" data-event-start=\"1807794000\" data-event-format=\"d.m.Y\" itemprop=\"startDate\" content=\"2027-04-15T15:00:00+02:00\">15.04.2027<\/span>&nbsp;&nbsp;<span class=\"simcal-event-start simcal-event-start-time\" data-event-start=\"1807794000\" data-event-format=\"H:i\" itemprop=\"startDate\" content=\"2027-04-15T15:00:00+02:00\">15:00<\/span> - <span class=\"simcal-event-end simcal-event-end-time\" data-event-end=\"1807801200\" data-event-format=\"H:i\" itemprop=\"endDate\" content=\"2027-04-15T17:00:00+02:00\">17:00<\/span><\/span><br \/>\n<span style=\"color: #000000\"> <span class=\"simcal-event-address simcal-event-start-location\" itemprop=\"location\" itemscope itemtype=\"http:\/\/schema.org\/Place\"><meta itemprop=\"name\" content=\"Kaffee, Kuchen &amp; Kl\u00f6nschnack\" \/><meta itemprop=\"address\" content=\"Kaffee, Kuchen &amp; Kl\u00f6nschnack\" \/><\/span><\/span><\/h4>\n<hr>\n<p><span style=\"color: #000000\"><\/span><\/p>\n<p>&nbsp;<\/p><\/div>\n\t<\/li>\n<\/ul>\n\n<\/dd>\n\t<dt class=\"simcal-day-label\" style=\"border-bottom: 1px solid #bf3124;\" ><span style=\"background-color: #bf3124; color: #ffffff;\"><span class=\"simcal-date-format\" data-date-format=\"d.m.Y\">17.04.2027<\/span> <\/span><\/dt>\n<dd class=\"simcal-weekday-6 simcal-past simcal-day simcal-day-has-events simcal-day-has-1-events simcal-events-calendar-700\" data-events-count=\"1\">\n\t<ul class=\"simcal-events\">\n\t<li class=\"simcal-event simcal-events-calendar-700\" style=\"\" itemscope itemtype=\"http:\/\/schema.org\/Event\" data-start=\"1807912859\">\n\t\t<div class=\"simcal-event-details\"><h3><span style=\"color: #000000\"><strong><span class=\"simcal-event-title\" itemprop=\"name\">Belegt<\/span><\/strong><\/span><\/h3>\n<h4><span style=\"color: #000000\"><span class=\"simcal-event-start simcal-event-start-date\" data-event-start=\"1807912859\" data-event-format=\"d.m.Y\" itemprop=\"startDate\" content=\"2027-04-17T00:00:59+02:00\">17.04.2027<\/span><\/span><br \/>\n<span style=\"color: #000000\"> <span class=\"simcal-event-address simcal-event-start-location\" itemprop=\"location\" itemscope itemtype=\"http:\/\/schema.org\/Place\"><meta itemprop=\"name\" content=\"Belegt\" \/><meta itemprop=\"address\" content=\"Belegt\" \/><\/span><\/span><\/h4>\n<hr>\n<p><span style=\"color: #000000\"><\/span><\/p>\n<p>&nbsp;<\/p><\/div>\n\t<\/li>\n<\/ul>\n\n<\/dd>\n\t<dt class=\"simcal-day-label\" style=\"border-bottom: 1px solid #bf3124;\" ><span style=\"background-color: #bf3124; color: #ffffff;\"><span class=\"simcal-date-format\" data-date-format=\"d.m.Y\">19.04.2027<\/span> <\/span><\/dt>\n<dd class=\"simcal-weekday-1 simcal-past simcal-day simcal-day-has-events simcal-day-has-1-events simcal-events-calendar-700\" data-events-count=\"1\">\n\t<ul class=\"simcal-events\">\n\t<li class=\"simcal-event simcal-event-recurring simcal-events-calendar-700\" style=\"\" itemscope itemtype=\"http:\/\/schema.org\/Event\" data-start=\"1808152200\">\n\t\t<div class=\"simcal-event-details\"><h3><span style=\"color: #000000\"><strong><span class=\"simcal-event-title\" itemprop=\"name\">Neustadt Chor - Chorprobe<\/span><\/strong><\/span><\/h3>\n<h4><span style=\"color: #000000\"><span class=\"simcal-event-start simcal-event-start-date\" data-event-start=\"1808152200\" data-event-format=\"d.m.Y\" itemprop=\"startDate\" content=\"2027-04-19T18:30:00+02:00\">19.04.2027<\/span>&nbsp;&nbsp;<span class=\"simcal-event-start simcal-event-start-time\" data-event-start=\"1808152200\" data-event-format=\"H:i\" itemprop=\"startDate\" content=\"2027-04-19T18:30:00+02:00\">18:30<\/span> - <span class=\"simcal-event-end simcal-event-end-time\" data-event-end=\"1808161200\" data-event-format=\"H:i\" itemprop=\"endDate\" content=\"2027-04-19T21:00:00+02:00\">21:00<\/span><\/span><br \/>\n<span style=\"color: #000000\"> <span class=\"simcal-event-address simcal-event-start-location\" itemprop=\"location\" itemscope itemtype=\"http:\/\/schema.org\/Place\"><meta itemprop=\"name\" content=\"Neustadt Chor - Chorprobe\" \/><meta itemprop=\"address\" content=\"Neustadt Chor - Chorprobe\" \/><\/span><\/span><\/h4>\n<hr>\n<p><span style=\"color: #000000\"><\/span><\/p>\n<p>&nbsp;<\/p><\/div>\n\t<\/li>\n<\/ul>\n\n<\/dd>\n\t<dt class=\"simcal-day-label\" style=\"border-bottom: 1px solid #bf3124;\" ><span style=\"background-color: #bf3124; color: #ffffff;\"><span class=\"simcal-date-format\" data-date-format=\"d.m.Y\">24.04.2027<\/span> <\/span><\/dt>\n<dd class=\"simcal-weekday-6 simcal-past simcal-day simcal-day-has-events simcal-day-has-1-events simcal-events-calendar-700\" data-events-count=\"1\">\n\t<ul class=\"simcal-events\">\n\t<li class=\"simcal-event simcal-events-calendar-700\" style=\"\" itemscope itemtype=\"http:\/\/schema.org\/Event\" data-start=\"1808517659\">\n\t\t<div class=\"simcal-event-details\"><h3><span style=\"color: #000000\"><strong><span class=\"simcal-event-title\" itemprop=\"name\">Belegt<\/span><\/strong><\/span><\/h3>\n<h4><span style=\"color: #000000\"><span class=\"simcal-event-start simcal-event-start-date\" data-event-start=\"1808517659\" data-event-format=\"d.m.Y\" itemprop=\"startDate\" content=\"2027-04-24T00:00:59+02:00\">24.04.2027<\/span><\/span><br \/>\n<span style=\"color: #000000\"> <span class=\"simcal-event-address simcal-event-start-location\" itemprop=\"location\" itemscope itemtype=\"http:\/\/schema.org\/Place\"><meta itemprop=\"name\" content=\"Belegt\" \/><meta itemprop=\"address\" content=\"Belegt\" \/><\/span><\/span><\/h4>\n<hr>\n<p><span style=\"color: #000000\"><\/span><\/p>\n<p>&nbsp;<\/p><\/div>\n\t<\/li>\n<\/ul>\n\n<\/dd>\n\t<dt class=\"simcal-day-label\" style=\"border-bottom: 1px solid #bf3124;\" ><span style=\"background-color: #bf3124; color: #ffffff;\"><span class=\"simcal-date-format\" data-date-format=\"d.m.Y\">26.04.2027<\/span> <\/span><\/dt>\n<dd class=\"simcal-weekday-1 simcal-past simcal-day simcal-day-has-events simcal-day-has-1-events simcal-events-calendar-700\" data-events-count=\"1\">\n\t<ul class=\"simcal-events\">\n\t<li class=\"simcal-event simcal-event-recurring simcal-events-calendar-700\" style=\"\" itemscope itemtype=\"http:\/\/schema.org\/Event\" data-start=\"1808757000\">\n\t\t<div class=\"simcal-event-details\"><h3><span style=\"color: #000000\"><strong><span class=\"simcal-event-title\" itemprop=\"name\">Neustadt Chor - Chorprobe<\/span><\/strong><\/span><\/h3>\n<h4><span style=\"color: #000000\"><span class=\"simcal-event-start simcal-event-start-date\" data-event-start=\"1808757000\" data-event-format=\"d.m.Y\" itemprop=\"startDate\" content=\"2027-04-26T18:30:00+02:00\">26.04.2027<\/span>&nbsp;&nbsp;<span class=\"simcal-event-start simcal-event-start-time\" data-event-start=\"1808757000\" data-event-format=\"H:i\" itemprop=\"startDate\" content=\"2027-04-26T18:30:00+02:00\">18:30<\/span> - <span class=\"simcal-event-end simcal-event-end-time\" data-event-end=\"1808766000\" data-event-format=\"H:i\" itemprop=\"endDate\" content=\"2027-04-26T21:00:00+02:00\">21:00<\/span><\/span><br \/>\n<span style=\"color: #000000\"> <span class=\"simcal-event-address simcal-event-start-location\" itemprop=\"location\" itemscope itemtype=\"http:\/\/schema.org\/Place\"><meta itemprop=\"name\" content=\"Neustadt Chor - Chorprobe\" \/><meta itemprop=\"address\" content=\"Neustadt Chor - Chorprobe\" \/><\/span><\/span><\/h4>\n<hr>\n<p><span style=\"color: #000000\"><\/span><\/p>\n<p>&nbsp;<\/p><\/div>\n\t<\/li>\n<\/ul>\n\n<\/dd>\n\t<dt class=\"simcal-day-label\" style=\"border-bottom: 1px solid #bf3124;\" ><span style=\"background-color: #bf3124; color: #ffffff;\"><span class=\"simcal-date-format\" data-date-format=\"d.m.Y\">28.04.2027<\/span> <\/span><\/dt>\n<dd class=\"simcal-weekday-3 simcal-past simcal-day simcal-day-has-events simcal-day-has-1-events simcal-events-calendar-700\" data-events-count=\"1\">\n\t<ul class=\"simcal-events\">\n\t<li class=\"simcal-event simcal-event-recurring simcal-events-calendar-700\" style=\"\" itemscope itemtype=\"http:\/\/schema.org\/Event\" data-start=\"1808933400\">\n\t\t<div class=\"simcal-event-details\"><h3><span style=\"color: #000000\"><strong><span class=\"simcal-event-title\" itemprop=\"name\">Jazz in der M\u00fchle<\/span><\/strong><\/span><\/h3>\n<h4><span style=\"color: #000000\"><span class=\"simcal-event-start simcal-event-start-date\" data-event-start=\"1808933400\" data-event-format=\"d.m.Y\" itemprop=\"startDate\" content=\"2027-04-28T19:30:00+02:00\">28.04.2027<\/span>&nbsp;&nbsp;<span class=\"simcal-event-start simcal-event-start-time\" data-event-start=\"1808933400\" data-event-format=\"H:i\" itemprop=\"startDate\" content=\"2027-04-28T19:30:00+02:00\">19:30<\/span> - <span class=\"simcal-event-end simcal-event-end-time\" data-event-end=\"1808944200\" data-event-format=\"H:i\" itemprop=\"endDate\" content=\"2027-04-28T22:30:00+02:00\">22:30<\/span><\/span><br \/>\n<span style=\"color: #000000\"> <span class=\"simcal-event-address simcal-event-start-location\" itemprop=\"location\" itemscope itemtype=\"http:\/\/schema.org\/Place\"><meta itemprop=\"name\" content=\"Jazz in der M\u00fchle\" \/><meta itemprop=\"address\" content=\"Jazz in der M\u00fchle\" \/><\/span><\/span><\/h4>\n<hr>\n<p><span style=\"color: #000000\"><div class=\"simcal-event-description\" itemprop=\"description\"><p><b>Jazz in der M\u00fchle\u00a0<\/b><\/p>\n<p>Die M\u00f6glichkeit f\u00fcr alle Jazzer der Region zusammen zu jammen!\u00a0Weder das Alter noch das Instrument spielen eine Rolle, auch nicht in welchem Jazz-Stil man sich zu Hause f\u00fchlt.\u00a0Der Kontrabassist Kai Stemmler l\u00e4dt einen lokalen oder \u00fcberregional bekannten Solisten f\u00fcr das Opener-Set ein und stellt dazu eine Rhythmusgruppe zusammen.\u00a0Danach k\u00f6nnen alle, die mindestens drei St\u00fccke vorstellen k\u00f6nnen, einsteigen oder selbst Sets anf\u00fchren.\u00a0Am Ende gibt\u2019s als H\u00f6hepunkt einige Songs mit der Grundband und m\u00f6glichst vielen Musikern gemeinsam!<\/p>\n<p>Hinweis: Der Eintritt ist frei, der Hut geht rum.\u00a0<\/p>\n<p>Vorverkauf oder eine Platzreservierung ist nicht m\u00f6glich.<\/p>\n<p>Weitere Termine (jeweils letzter Mittwoch im Monat): 24. April | 29. Mai | 26. Juni\u00a0\u00a0<\/p>\n<p>Veranstalter: Verein Creakult e.V. in Kooperation mit dem Verein zur Erhaltung der Bergm\u00fchle e.V.<\/p>\n<p><\/p>\n<\/div><\/span><\/p>\n<p>&nbsp;<\/p><\/div>\n\t<\/li>\n<\/ul>\n\n<\/dd>\n<\/dl><div class=\"simcal-ajax-loader simcal-spinner-top\" style=\"display: none;\"><i class=\"simcal-icon-spinner simcal-icon-spin\"><\/i><\/div><\/div><\/div>\n","protected":false},"excerpt":{"rendered":"","protected":false},"author":2,"featured_media":0,"parent":0,"menu_order":0,"comment_status":"closed","ping_status":"closed","template":"","meta":{"ngg_post_thumbnail":0,"footnotes":""},"blocksy_meta":{"styles_descriptor":{"styles":{"desktop":"","tablet":"","mobile":""},"google_fonts":[],"version":5}},"featured_image_urls":{"full":"","thumbnail":"","medium":"","medium_large":"","large":"","1536x1536":"","2048x2048":"","woocommerce_thumbnail":"","woocommerce_single":"","woocommerce_gallery_thumbnail":""},"post_excerpt_stackable":"<p>30.04.2026 Fr\u00fchjahrs-Jazztage in der M\u00fchle &#8211; Absage des am 30. April geplanten Konzerts 30.04.2026&nbsp;&nbsp;20:00 &#8211; 22:00 Leider hat die Band\u00a0\u00bbFlamingos of Birdland\u00ab\u00a0 kurzfristig den Konzerttermin absagen m\u00fcssen.\u00a0 Wir bedauern dies sehr und hoffen Sie jedoch bei den beiden folgenden Jazz-Konzertterminen am 01. Mai\u00a0 und am 2. Mai 2026 im Speicherhaus der Bergm\u00fchle begr\u00fc\u00dfen zu d\u00fcrfen.\u00a0 &nbsp; 01.05.2026 Fr\u00fchjahrs-Jazztage in der M\u00fchle 01.05.2026&nbsp;&nbsp;20:00 &#8211; 22:00 Baltic Jazz Breeze Jazz, Fusion &amp; Rare Grooves Das Quintett BALTIC JAZZ BREEZE bestehend aus Robert Amend (sax), Stephan Reinhold (git), Hans-Martin R\u00fcffer (p), Torsten Raav (b)und Reinhard Ott (dr) hat sich 2023 im Raum Schleswig-Flensburg&hellip;<\/p>\n","category_list":"","author_info":{"name":"Webmaster","url":"https:\/\/bergmuehle-flensburg.com\/?author=2"},"comments_num":"0 comments","_links":{"self":[{"href":"https:\/\/bergmuehle-flensburg.com\/index.php?rest_route=\/wp\/v2\/pages\/510"}],"collection":[{"href":"https:\/\/bergmuehle-flensburg.com\/index.php?rest_route=\/wp\/v2\/pages"}],"about":[{"href":"https:\/\/bergmuehle-flensburg.com\/index.php?rest_route=\/wp\/v2\/types\/page"}],"author":[{"embeddable":true,"href":"https:\/\/bergmuehle-flensburg.com\/index.php?rest_route=\/wp\/v2\/users\/2"}],"replies":[{"embeddable":true,"href":"https:\/\/bergmuehle-flensburg.com\/index.php?rest_route=%2Fwp%2Fv2%2Fcomments&post=510"}],"version-history":[{"count":26,"href":"https:\/\/bergmuehle-flensburg.com\/index.php?rest_route=\/wp\/v2\/pages\/510\/revisions"}],"predecessor-version":[{"id":1444,"href":"https:\/\/bergmuehle-flensburg.com\/index.php?rest_route=\/wp\/v2\/pages\/510\/revisions\/1444"}],"wp:attachment":[{"href":"https:\/\/bergmuehle-flensburg.com\/index.php?rest_route=%2Fwp%2Fv2%2Fmedia&parent=510"}],"curies":[{"name":"wp","href":"https:\/\/api.w.org\/{rel}","templated":true}]}}